{"id":83354,"date":"2026-01-13T14:51:35","date_gmt":"2026-01-13T13:51:35","guid":{"rendered":"https:\/\/labreva.com\/villa-sul-lago-di-garda\/"},"modified":"2026-01-29T18:26:04","modified_gmt":"2026-01-29T17:26:04","slug":"villa-sul-lago-di-garda","status":"publish","type":"page","link":"https:\/\/labreva.com\/it\/villa-sul-lago-di-garda\/","title":{"rendered":"Villa sul Lago di Garda"},"content":{"rendered":"\t\t<div data-elementor-type=\"wp-page\" data-elementor-id=\"83354\" class=\"elementor elementor-83354 elementor-79317\" data-elementor-post-type=\"page\">\n\t\t\t\t<div class=\"elementor-element elementor-element-348f2a9 e-flex e-con-boxed e-con e-parent\" data-id=\"348f2a9\" data-element_type=\"container\" data-e-type=\"container\">\n\t\t\t\t\t<div class=\"e-con-inner\">\n\t\t<div class=\"elementor-element elementor-element-c81201a e-con-full e-flex e-con e-child\" data-id=\"c81201a\" data-element_type=\"container\" data-e-type=\"container\">\n\t\t\t\t<div class=\"elementor-element elementor-element-00bcd73 elementor-widget elementor-widget-image\" data-id=\"00bcd73\" data-element_type=\"widget\" data-e-type=\"widget\" data-widget_type=\"image.default\">\n\t\t\t\t\t\t\t\t\t\t\t\t\t\t\t<img fetchpriority=\"high\" decoding=\"async\" width=\"1920\" height=\"1280\" src=\"https:\/\/labreva.com\/wp-content\/uploads\/2026\/01\/landscape-7901065_1920.jpg\" class=\"attachment-large size-large wp-image-80187\" alt=\"\" srcset=\"https:\/\/labreva.com\/wp-content\/uploads\/2026\/01\/landscape-7901065_1920.jpg 1920w, https:\/\/labreva.com\/wp-content\/uploads\/2026\/01\/landscape-7901065_1920-768x512.jpg 768w, https:\/\/labreva.com\/wp-content\/uploads\/2026\/01\/landscape-7901065_1920-1536x1024.jpg 1536w\" sizes=\"(max-width: 1920px) 100vw, 1920px\" \/>\t\t\t\t\t\t\t\t\t\t\t\t\t\t\t<\/div>\n\t\t\t\t<\/div>\n\t\t\t\t\t<\/div>\n\t\t\t\t<\/div>\n\t\t<div class=\"elementor-element elementor-element-48a5dae4 e-flex e-con-boxed e-con e-child\" data-id=\"48a5dae4\" data-element_type=\"container\" data-e-type=\"container\">\n\t\t\t\t\t<div class=\"e-con-inner\">\n\t\t\t\t<div class=\"elementor-element elementor-element-2552c576 elementor-widget elementor-widget-heading\" data-id=\"2552c576\" data-element_type=\"widget\" data-e-type=\"widget\" data-widget_type=\"heading.default\">\n\t\t\t\t\t<div class=\"elementor-heading-title elementor-size-default\">esclusivo - lussuoso - da sogno<\/div>\t\t\t\t<\/div>\n\t\t\t\t<div class=\"elementor-element elementor-element-74021e47 elementor-widget elementor-widget-heading\" data-id=\"74021e47\" data-element_type=\"widget\" data-e-type=\"widget\" data-widget_type=\"heading.default\">\n\t\t\t\t\t<div class=\"elementor-heading-title elementor-size-default\">Villa sul Lago di Garda<\/div>\t\t\t\t<\/div>\n\t\t\t\t<div class=\"elementor-element elementor-element-7f309f8c elementor-widget__width-initial elementor-widget-mobile__width-inherit make-text-mobile-sm elementor-widget elementor-widget-text-editor\" data-id=\"7f309f8c\" data-element_type=\"widget\" data-e-type=\"widget\" data-widget_type=\"text-editor.default\">\n\t\t\t\t\t\t\t\t\t<p>Una vacanza al Lago di Garda \u00e8 il sogno di molti viaggiatori \u2013 e una villa con piscina privata rende questa esperienza ancora pi\u00f9 indimenticabile. Il Lago di Garda, incastonato tra le Alpi e il pittoresco paesaggio del Nord Italia, offre uno scenario che unisce lusso e bellezze naturali. Qui troverete la combinazione perfetta di relax, avventura e divertimento. <\/p>\t\t\t\t\t\t\t\t<\/div>\n\t\t\t\t\t<\/div>\n\t\t\t\t<\/div>\n\t\t<div class=\"elementor-element elementor-element-75fa544e e-con-full e-flex e-con e-parent\" data-id=\"75fa544e\" data-element_type=\"container\" data-e-type=\"container\">\n\t\t\t\t<div class=\"elementor-element elementor-element-7fec6c88 elementor-widget elementor-widget-shortcode\" data-id=\"7fec6c88\" data-element_type=\"widget\" data-e-type=\"widget\" data-widget_type=\"shortcode.default\">\n\t\t\t\t\t\t\t<div class=\"elementor-shortcode\"><main id=\"main\" class=\"main-search site-main\" role=\"main\">\n    <div class=\"left-side-content-wrapper\">\n        <div class=\"sticky-search-wrapper\">\n            <div class=\"searchform-wrapper\">\n                <div class=\"searchform-small-wrapper\">\n                    <a class=\"beon-accessibility-link\" href=\"#beon-search-result\">\n                        Vai direttamente all'elenco dei risultati                    <\/a>\n                    <form id=\"searchform\" method=\"get\" action=\"https:\/\/labreva.com\/it\/cerca-prenota\/\" class=\"clearfix searchpage-searchform\" autocomplete=\"off\" role=\"search\" title=\"Ricerca principale\"> \n                        <div class=\"form-group wrap-range\">\n                            <button id=\"range\" class=\"dateInput\" type=\"button\">\n                                <span class=\"icon-wrapper\">\n                                    <img \n                                        alt=\"Calendario\"\n                                        height=\"18\" \n                                        width=\"20\" \n                                        src=\"https:\/\/labreva.com\/wp-content\/themes\/labreva-new-theme\/assets\/images\/calendar_today.svg\"\n                                        loading=\"eager\"\n                                        decoding=\"async\"\n                                    >\n                                <\/span>\n                                <div class=\"from-date-wrapper\">periodo di viaggio<\/div>\n                                <div class=\"till-date-wrapper\"><\/div>\n                            <\/button>\n                            <dialog id=\"calender-wrapper\" class=\"beon-search-popup\" role=\"dialog\" aria-modal=\"false\" closedby=\"any\">\n                                <button id=\"calendar-popup-close\" type=\"button\">\n                                    <img loading=\"lazy\" \n                                        alt=\"chiudi popup\"\n                                        height=\"12\" \n                                        width=\"12\" \n                                        src=\"https:\/\/labreva.com\/wp-content\/themes\/labreva-new-theme\/assets\/images\/close.svg\"\n                                        loading=\"lazy\"\n                                        decoding=\"async\"\n                                    >\n                                <\/button>\n                                <div class=\"beon-search-popup-main\">\n                                    <div id=\"litepicker-wrapper\"><\/div>\n                                    <div id=\"nights-wrapper\">\n                                        <div id=\"calcNights\" class=\"calc-nights\">\n                                            <div class=\"nights_min-wrapper nightselect-wrapper\">\n                                                <select id=\"nights_min\" name=\"nights_min\" tabindex=\"0\">\n                                                    <option value=\"0\"><\/option>\n                                                <\/select>\n                                            <\/div>\n                                            <div class=\"nights_max-wrapper nightselect-wrapper\">\n                                                <select id=\"nights_max\" name=\"nights_max\" tabindex=\"0\">\n                                                    <option value=\"0\"><\/option>\n                                                <\/select>\n                                            <\/div>\n                                        <\/div>\n                                        <button id=\"calender_select\" type=\"button\">\n                                            Conferma dati                                            <img loading=\"lazy\"\n                                                alt=\"Conferma del calendario\"\n                                                height=\"12\"\n                                                width=\"12\"\n                                                src=\"https:\/\/labreva.com\/wp-content\/themes\/labreva-new-theme\/assets\/images\/arrow_right.svg\"\n                                                loading=\"lazy\"\n                                                decoding=\"async\"\n                                            >\n                                        <\/button>\n                                    <\/div>\n                                <\/div>\n                            <\/dialog>\n                            <input type=\"hidden\" id=\"from\" value=\"\" \n                                placeholder=\"da\" autocomplete=\"off\" name=\"from\">\n                            <input type=\"hidden\" id=\"till\" value=\"\" \n                                placeholder=\"A\" autocomplete=\"off\" name=\"till\">\n                        <\/div>\n                        <div class=\"form-group wrap-guests\">\n                            <span class=\"icon-wrapper\">\n                                <img \n                                    alt=\"Bagagli\"\n                                    height=\"18\" \n                                    width=\"20\" \n                                    src=\"https:\/\/labreva.com\/wp-content\/themes\/labreva-new-theme\/assets\/images\/luggage.svg\"\n                                    loading=\"eager\"\n                                    decoding=\"async\"\n                                >\n                            <\/span>\n                            <button type=\"button\" id=\"guests\">Ospiti<\/button>\n                            <dialog class=\"toggleGuests beon-search-popup\" role=\"dialog\" aria-modal=\"false\" closedby=\"any\">\n                                <button type=\"button\" id=\"guest-popup-close\">\n                                    <img loading=\"lazy\" \n                                        alt=\"chiudi popup\"\n                                        height=\"12\" \n                                        width=\"12\" \n                                        src=\"https:\/\/labreva.com\/wp-content\/themes\/labreva-new-theme\/assets\/images\/close.svg\"\n                                        loading=\"lazy\"\n                                        decoding=\"async\"\n                                    >\n                                <\/button>\n                                <div class=\"beon-search-popup-main\">\n                                    <div class=\"beon-search-popup-headline\">\n                                        <img loading=\"lazy\" \n                                            alt=\"Bagagli\"\n                                            height=\"23\" \n                                            width=\"23\" \n                                            src=\"https:\/\/labreva.com\/wp-content\/themes\/labreva-new-theme\/assets\/images\/luggage.svg\"\n                                            loading=\"lazy\"\n                                            decoding=\"async\"\n                                        >\n                                        Ospiti                                    <\/div>\n                                    <hr class=\"beon-search-hr\">\n                                    <div class=\"beon-search-adults\">\n                                        <input type=\"hidden\" id=\"adults\" name=\"adults\" autocomplete=\"off\" value=\"2\" step=\"1\" min=\"0\" max=\"10\" readonly>\n                                        <div class=\"beon-search-label\">Adulti<\/div>\n                                        <div class=\"beon-search-guest-input-group\">\n                                            <button class=\"dec\" type=\"button\" data-name=\"adults\">\n                                                <img loading=\"lazy\" \n                                                    alt=\"Rimuovi adulto\"\n                                                    height=\"13\" \n                                                    width=\"13\" \n                                                    src=\"https:\/\/labreva.com\/wp-content\/themes\/labreva-new-theme\/assets\/images\/minus.svg\"\n                                                    loading=\"lazy\"\n                                                    decoding=\"async\"\n                                                >\n                                            <\/button>\n                                            <label for=\"adults\">\n                                                <span>2<\/span>\n                                            <\/label>\n                                            <button class=\"inc\" type=\"button\" data-name=\"adults\">\n                                                <img loading=\"lazy\" \n                                                    alt=\"Aggiungi adulto\"\n                                                    height=\"13\" \n                                                    width=\"13\" \n                                                    src=\"https:\/\/labreva.com\/wp-content\/themes\/labreva-new-theme\/assets\/images\/plus.svg\"\n                                                    loading=\"lazy\"\n                                                    decoding=\"async\"\n                                                >\n                                            <\/button>\n                                        <\/div>\n                                    <\/div>\n                                    <div class=\"beon-search-children\">\n                                        <input type=\"hidden\" id=\"children\" name=\"children\" autocomplete=\"off\" value=\"0\" step=\"1\" min=\"0\" max=\"4\" readonly>\n                                        <div class=\"beon-search-label\">Bambini<\/div>\n                                        <div class=\"beon-search-guest-input-group\">\n                                            <button class=\"dec\" type=\"button\" data-name=\"children\">\n                                                <img loading=\"lazy\" \n                                                    alt=\"Rimuovi bambino\"\n                                                    height=\"13\" \n                                                    width=\"13\" \n                                                    src=\"https:\/\/labreva.com\/wp-content\/themes\/labreva-new-theme\/assets\/images\/minus.svg\"\n                                                    loading=\"lazy\"\n                                                    decoding=\"async\"\n                                                >\n                                                <\/button>\n                                            <label for=\"children\">\n                                                <span>0<\/span>\n                                            <\/label>\n                                            <button class=\"inc\" type=\"button\" data-name=\"children\">\n                                                <img loading=\"lazy\" \n                                                    alt=\"Aggiungi bambino\"\n                                                    height=\"13\" \n                                                    width=\"13\" \n                                                    src=\"https:\/\/labreva.com\/wp-content\/themes\/labreva-new-theme\/assets\/images\/plus.svg\"\n                                                    loading=\"lazy\"\n                                                    decoding=\"async\"\n                                                >\n                                            <\/button>\n                                        <\/div>\n                                    <\/div>\n                                    <div class=\"beon-search-babys\">\n                                        <input type=\"hidden\" id=\"babys\" name=\"babys\" autocomplete=\"off\" value=\"0\" step=\"1\" min=\"0\" max=\"4\" readonly>\n                                        <div class=\"beon-search-label\">Neonati<\/div>\n                                        <div class=\"beon-search-guest-input-group\">\n                                            <button class=\"dec\" type=\"button\" data-name=\"babys\">\n                                                <img loading=\"lazy\" \n                                                    alt=\"Rimuovi neonato\"\n                                                    height=\"13\" \n                                                    width=\"13\" \n                                                    src=\"https:\/\/labreva.com\/wp-content\/themes\/labreva-new-theme\/assets\/images\/minus.svg\"\n                                                    loading=\"lazy\"\n                                                    decoding=\"async\"\n                                                >\n                                            <\/button>\n                                            <label for=\"babys\">\n                                                <span>0<\/span>\n                                            <\/label>\n                                            <button class=\"inc\" type=\"button\" data-name=\"babys\">\n                                                <img loading=\"lazy\" \n                                                    alt=\"Aggiungi neonato\"\n                                                    height=\"13\" \n                                                    width=\"13\" \n                                                    src=\"https:\/\/labreva.com\/wp-content\/themes\/labreva-new-theme\/assets\/images\/plus.svg\"\n                                                    loading=\"lazy\"\n                                                    decoding=\"async\"\n                                                >\n                                            <\/button>\n                                        <\/div>\n                                    <\/div>\n                                                                        <div class=\"beon-search-pets\">\n                                        <input type=\"hidden\" id=\"petsCount\" name=\"petsCount\" autocomplete=\"off\" value=\"0\" step=\"1\" min=\"0\" max=\"4\" readonly>\n                                        <div class=\"beon-search-label\">Cani<\/div>\n                                        <div class=\"beon-search-guest-input-group\">\n                                            <div class=\"beon-search-switch\" tabindex=\"0\">\n                                                <input type=\"checkbox\" id=\"petsSwitch\" data-name=\"petsCount\" hidden>\n                                                <span class=\"beon-search-slider\"><\/span>\n                                            <\/div>\n                                            <label for=\"petsSwitch\">\n                                                <span>\n                                                No                                                <\/span>\n                                            <\/label>\n                                        <\/div>\n                                    <\/div>\n                                                                        <div class=\"guest-footer\">\n                                        <button type=\"button\" id=\"calcGuests\">Applica                                            <img loading=\"lazy\"\n                                                alt=\"Conferma ospiti\"\n                                                height=\"12\"\n                                                width=\"12\"\n                                                src=\"https:\/\/labreva.com\/wp-content\/themes\/labreva-new-theme\/assets\/images\/arrow_right.svg\"\n                                                loading=\"lazy\"\n                                                decoding=\"async\"\n                                            >\n                                        <\/button>\n                                    <\/div>\n                                <\/div>\n                            <\/dialog>\n                        <\/div>\n                                                <button type=\"submit\" class=\"button_btn\" value=\"cerca\">\n                            cerca                            <img\n                                alt=\"conferma ricerca\"\n                                height=\"12\"\n                                width=\"12\"\n                                src=\"https:\/\/labreva.com\/wp-content\/themes\/labreva-new-theme\/assets\/images\/arrow_right.svg\"\n                                loading=\"eager\"\n                                decoding=\"async\"\n                            >\n                        <\/button>\n                    <\/form>\n                <\/div>\n                <button type=\"button\" class=\"filter-button\" id=\"show_allfilter\">\n                    <img\n                        alt=\"Apri filtri\"\n                        height=\"12\"\n                        width=\"12\"\n                        src=\"https:\/\/labreva.com\/wp-content\/themes\/labreva-new-theme\/assets\/images\/tune.svg\"\n                        loading=\"eager\"\n                        decoding=\"async\"\n                    >\n                    Filtri  \n                <\/button>\n                <div class=\"direct-name-search\">\n                    <div id=\"dropdown_search_units\"><select placeholder=\"Objektname\"><option value=\"\"><\/option><option value=\"https:\/\/labreva.com\/it\/casa-vacanza\/acero-rosso\/\">Acero Rosso<\/option><option value=\"https:\/\/labreva.com\/it\/casa-vacanza\/adriano-aquarama\/\">Adriano Aquarama<\/option><option value=\"https:\/\/labreva.com\/it\/casa-vacanza\/adriano-ariston\/\">Adriano Ariston<\/option><option value=\"https:\/\/labreva.com\/it\/casa-vacanza\/adriano-corsaro\/\">Adriano Corsaro<\/option><option value=\"https:\/\/labreva.com\/it\/casa-vacanza\/adriano-rivale\/\">Adriano Rivale<\/option><option value=\"https:\/\/labreva.com\/it\/casa-vacanza\/adriano-tritone\/\">Adriano Tritone<\/option><option value=\"https:\/\/labreva.com\/it\/casa-vacanza\/alpina\/\">Alpina<\/option><option value=\"https:\/\/labreva.com\/it\/casa-vacanza\/ambra-villa\/\">Ambra Villa<\/option><option value=\"https:\/\/labreva.com\/it\/casa-vacanza\/andrea-vista-lago\/\">Andrea Vista Lago<\/option><option value=\"https:\/\/labreva.com\/it\/casa-vacanza\/annas-lodge\/\">Anna\u00b4s Lodge<\/option><option value=\"https:\/\/labreva.com\/it\/casa-vacanza\/argentina\/\">Argentina<\/option><option value=\"https:\/\/labreva.com\/it\/casa-vacanza\/augusta\/\">Augusta<\/option><option value=\"https:\/\/labreva.com\/it\/casa-vacanza\/bassotta\/\">Bassotta<\/option><option value=\"https:\/\/labreva.com\/it\/casa-vacanza\/beata-rose\/\">Beata Rose<\/option><option value=\"https:\/\/labreva.com\/it\/casa-vacanza\/bella-cecilia\/\">Bella Cecilia<\/option><option value=\"https:\/\/labreva.com\/it\/casa-vacanza\/bellavista-a\/\">Bellavista A<\/option><option value=\"https:\/\/labreva.com\/it\/casa-vacanza\/bellavista-b\/\">Bellavista B<\/option><option value=\"https:\/\/labreva.com\/it\/casa-vacanza\/bellavista-i\/\">Bellavista I<\/option><option value=\"https:\/\/labreva.com\/it\/casa-vacanza\/bellavista-ii\/\">Bellavista II<\/option><option value=\"https:\/\/labreva.com\/it\/casa-vacanza\/bergoase-sabbio-spa-cima-motta\/\">Bergoase Sabbio SPA Cima Motta<\/option><option value=\"https:\/\/labreva.com\/it\/casa-vacanza\/bergoase-sabbio-spa-lago-lagozzuolo\/\">Bergoase Sabbio SPA Lago Lagozzuolo<\/option><option value=\"https:\/\/labreva.com\/it\/casa-vacanza\/bergoase-sabbio-spa-lago-palu\/\">Bergoase Sabbio SPA Lago Pal\u00f9<\/option><option value=\"https:\/\/labreva.com\/it\/casa-vacanza\/bergoase-sabbio-spa-lago-pirola\/\">Bergoase Sabbio SPA Lago Pirola<\/option><option value=\"https:\/\/labreva.com\/it\/casa-vacanza\/bergoase-sabbio-spa-piz-scerscen\/\">Bergoase Sabbio SPA Piz Scerscen<\/option><option value=\"https:\/\/labreva.com\/it\/casa-vacanza\/bergoase-sabbio-spa-pizzo-cassandra\/\">Bergoase Sabbio SPA Pizzo Cassandra<\/option><option value=\"https:\/\/labreva.com\/it\/casa-vacanza\/bergoase-sabbio-spa-pizzo-malenco\/\">Bergoase Sabbio SPA Pizzo Malenco<\/option><option value=\"https:\/\/labreva.com\/it\/casa-vacanza\/borgo-antico\/\">Borgo Antico<\/option><option value=\"https:\/\/labreva.com\/it\/casa-vacanza\/borgo-erbiola-ciclamino\/\">Borgo Erbiola Ciclamino<\/option><option value=\"https:\/\/labreva.com\/it\/casa-vacanza\/borgo-erbiola-erica\/\">Borgo Erbiola Erica<\/option><option value=\"https:\/\/labreva.com\/it\/casa-vacanza\/borgo-erbiola-giglio\/\">Borgo Erbiola Giglio<\/option><option value=\"https:\/\/labreva.com\/it\/casa-vacanza\/borgo-erbiola-margherita\/\">Borgo Erbiola Margherita<\/option><option value=\"https:\/\/labreva.com\/it\/casa-vacanza\/borgo-erbiola-mimosa\/\">Borgo Erbiola Mimosa<\/option><option value=\"https:\/\/labreva.com\/it\/casa-vacanza\/borgo-erbiola-rosa\/\">Borgo Erbiola Rosa<\/option><option value=\"https:\/\/labreva.com\/it\/casa-vacanza\/borgo-erbiola-tulipano\/\">Borgo Erbiola Tulipano<\/option><option value=\"https:\/\/labreva.com\/it\/casa-vacanza\/borgo-erbiola-viola\/\">Borgo Erbiola Viola<\/option><option value=\"https:\/\/labreva.com\/it\/casa-vacanza\/cadel-gasperin\/\">Ca&#8217;del Gasperin<\/option><option value=\"https:\/\/labreva.com\/it\/casa-vacanza\/caninett\/\">Caninett<\/option><option value=\"https:\/\/labreva.com\/it\/casa-vacanza\/carlo-a\/\">Carlo A<\/option><option value=\"https:\/\/labreva.com\/it\/casa-vacanza\/carlo-b\/\">Carlo B<\/option><option value=\"https:\/\/labreva.com\/it\/casa-vacanza\/carlo-c\/\">Carlo C<\/option><option value=\"https:\/\/labreva.com\/it\/casa-vacanza\/casa-i-laghee-breva\/\">Casa I Laghee Breva<\/option><option value=\"https:\/\/labreva.com\/it\/casa-vacanza\/casa-i-laghee-tivano\/\">Casa I Laghee Tivano<\/option><option value=\"https:\/\/labreva.com\/it\/casa-vacanza\/casa-papepp-giallo-maccale\/\">Casa PaPepp Giallo Maccale<\/option><option value=\"https:\/\/labreva.com\/it\/casa-vacanza\/casa-papepp-rosa\/\">Casa PaPepp Rosa<\/option><option value=\"https:\/\/labreva.com\/it\/casa-vacanza\/castagneto\/\">Castagneto<\/option><option value=\"https:\/\/labreva.com\/it\/casa-vacanza\/inganna-sp-ferienchalet\/\">Chalet Inganna<\/option><option value=\"https:\/\/labreva.com\/it\/casa-vacanza\/chalet-nest\/\">Chalet Nest<\/option><option value=\"https:\/\/labreva.com\/it\/casa-vacanza\/collina-arancia\/\">Collina Arancia<\/option><option value=\"https:\/\/labreva.com\/it\/casa-vacanza\/collina-bosana\/\">Collina Bosana<\/option><option value=\"https:\/\/labreva.com\/it\/casa-vacanza\/collina-carolea\/\">Collina Carolea<\/option><option value=\"https:\/\/labreva.com\/it\/casa-vacanza\/collina-castagna\/\">Collina Castagna<\/option><option value=\"https:\/\/labreva.com\/it\/casa-vacanza\/collina-coratina\/\">Collina Coratina<\/option><option value=\"https:\/\/labreva.com\/it\/casa-vacanza\/collina-fragola\/\">Collina Fragola<\/option><option value=\"https:\/\/labreva.com\/it\/casa-vacanza\/collina-frantoio\/\">Collina Frantoio<\/option><option value=\"https:\/\/labreva.com\/it\/casa-vacanza\/collina-girasole\/\">Collina Girasole<\/option><option value=\"https:\/\/labreva.com\/it\/casa-vacanza\/collina-leccino\/\">Collina Leccino<\/option><option value=\"https:\/\/labreva.com\/it\/casa-vacanza\/collina-limone\/\">Collina Limone<\/option><option value=\"https:\/\/labreva.com\/it\/casa-vacanza\/collina-magnolia\/\">Collina Magnolia<\/option><option value=\"https:\/\/labreva.com\/it\/casa-vacanza\/collina-mandorla\/\">Collina Mandorla<\/option><option value=\"https:\/\/labreva.com\/it\/casa-vacanza\/collina-margherita\/\">Collina Margherita<\/option><option value=\"https:\/\/labreva.com\/it\/casa-vacanza\/collina-maurino\/\">Collina Maurino<\/option><option value=\"https:\/\/labreva.com\/it\/casa-vacanza\/collina-mela\/\">Collina Mela<\/option><option value=\"https:\/\/labreva.com\/it\/casa-vacanza\/collina-mirtillo\/\">Collina Mirtillo<\/option><option value=\"https:\/\/labreva.com\/it\/casa-vacanza\/collina-nocciola\/\">Collina Nocciola<\/option><option value=\"https:\/\/labreva.com\/it\/casa-vacanza\/collina-orchidea-ferienhaus\/\">Collina Orchidea &#8211; Ferienhaus<\/option><option value=\"https:\/\/labreva.com\/it\/casa-vacanza\/collina-pera\/\">Collina Pera<\/option><option value=\"https:\/\/labreva.com\/it\/casa-vacanza\/corallo-sardegna\/\">Corallo Sardegna<\/option><option value=\"https:\/\/labreva.com\/it\/casa-vacanza\/cozy-nature\/\">Cozy Nature<\/option><option value=\"https:\/\/labreva.com\/it\/casa-vacanza\/dascio-residence-armonia\/\">Dascio Residence Armonia<\/option><option value=\"https:\/\/labreva.com\/it\/casa-vacanza\/dascio-residence-dolce\/\">Dascio Residence Dolce<\/option><option value=\"https:\/\/labreva.com\/it\/casa-vacanza\/dascio-residence-emotion\/\">Dascio Residence Emotion<\/option><option value=\"https:\/\/labreva.com\/it\/casa-vacanza\/dascio-residence-oasi\/\">Dascio Residence Oasi<\/option><option value=\"https:\/\/labreva.com\/it\/casa-vacanza\/dascio-residence-paradise\/\">Dascio Residence Paradise<\/option><option value=\"https:\/\/labreva.com\/it\/casa-vacanza\/dascio-residence-salute\/\">Dascio Residence Salute<\/option><option value=\"https:\/\/labreva.com\/it\/casa-vacanza\/dascio-residence-silence\/\">Dascio Residence Silence<\/option><option value=\"https:\/\/labreva.com\/it\/casa-vacanza\/dascio-residence-vita\/\">Dascio Residence Vita<\/option><option value=\"https:\/\/labreva.com\/it\/casa-vacanza\/domus-felix\/\">Domus Felix<\/option><option value=\"https:\/\/labreva.com\/it\/casa-vacanza\/domus-olea\/\">Domus Olea<\/option><option value=\"https:\/\/labreva.com\/it\/casa-vacanza\/ely\/\">Ely<\/option><option value=\"https:\/\/labreva.com\/it\/casa-vacanza\/fiori\/\">Fiori<\/option><option value=\"https:\/\/labreva.com\/it\/casa-vacanza\/fontanedo\/\">Fontanedo<\/option><option value=\"https:\/\/labreva.com\/it\/casa-vacanza\/fortuna\/\">Fortuna<\/option><option value=\"https:\/\/labreva.com\/it\/casa-vacanza\/frasca\/\">Frasca<\/option><option value=\"https:\/\/labreva.com\/it\/casa-vacanza\/gelsomino\/\">Gelsomino<\/option><option value=\"https:\/\/labreva.com\/it\/casa-vacanza\/giardino-del-convento\/\">Giardino del Convento<\/option><option value=\"https:\/\/labreva.com\/it\/casa-vacanza\/giardino-di-maria-papavero\/\">Giardino di Maria Papavero<\/option><option value=\"https:\/\/labreva.com\/it\/casa-vacanza\/giardino-di-maria-tulipano\/\">Giardino di Maria Tulipano<\/option><option value=\"https:\/\/labreva.com\/it\/casa-vacanza\/giardinolago-arancio\/\">GiardinoLago Arancio<\/option><option value=\"https:\/\/labreva.com\/it\/casa-vacanza\/giardinolago-azzurro\/\">GiardinoLago Azzurro<\/option><option value=\"https:\/\/labreva.com\/it\/casa-vacanza\/giardinolago-bianco\/\">GiardinoLago Bianco<\/option><option value=\"https:\/\/labreva.com\/it\/casa-vacanza\/giardinolago-rosa\/\">GiardinoLago Rosa<\/option><option value=\"https:\/\/labreva.com\/it\/casa-vacanza\/giardinolago-rosso\/\">GiardinoLago Rosso<\/option><option value=\"https:\/\/labreva.com\/it\/casa-vacanza\/girasole-land-ferienhaus\/\">Girasole Land Ferienhaus<\/option><option value=\"https:\/\/labreva.com\/it\/casa-vacanza\/giulia\/\">Giulia<\/option><option value=\"https:\/\/labreva.com\/it\/casa-vacanza\/hotel-lumin-spa-doppelzimmer\/\">Hotel Lumin SPA Doppelzimmer<\/option><option value=\"https:\/\/labreva.com\/it\/casa-vacanza\/hotel-lumin-spa-doppelzimmer-seeblick\/\">Hotel Lumin SPA Doppelzimmer Seeblick<\/option><option value=\"https:\/\/labreva.com\/it\/casa-vacanza\/iris-ferienhaus\/\">Iris Ferienhaus<\/option><option value=\"https:\/\/labreva.com\/it\/casa-vacanza\/jacqueline\/\">Jacqueline<\/option><option value=\"https:\/\/labreva.com\/it\/casa-vacanza\/lago-lodge-claudia\/\">Lago Lodge Claudia<\/option><option value=\"https:\/\/labreva.com\/it\/casa-vacanza\/leonardo-panorama\/\">Leonardo Panorama<\/option><option value=\"https:\/\/labreva.com\/it\/casa-vacanza\/leonardo-rustico\/\">Leonardo Rustico<\/option><option value=\"https:\/\/labreva.com\/it\/casa-vacanza\/lorenzo-panorama\/\">Lorenzo Panorama<\/option><option value=\"https:\/\/labreva.com\/it\/casa-vacanza\/maranina\/\">Maranina<\/option><option value=\"https:\/\/labreva.com\/it\/casa-vacanza\/marie\/\">Marie<\/option><option value=\"https:\/\/labreva.com\/it\/casa-vacanza\/matteo\/\">Matteo<\/option><option value=\"https:\/\/labreva.com\/it\/casa-vacanza\/maurizio\/\">Maurizio<\/option><option value=\"https:\/\/labreva.com\/it\/casa-vacanza\/mimosa-i\/\">Mimosa I<\/option><option value=\"https:\/\/labreva.com\/it\/casa-vacanza\/mimosa-ii\/\">Mimosa II<\/option><option value=\"https:\/\/labreva.com\/it\/casa-vacanza\/moretta\/\">Moretta<\/option><option value=\"https:\/\/labreva.com\/it\/casa-vacanza\/music-art\/\">Music &amp; Art<\/option><option value=\"https:\/\/labreva.com\/it\/casa-vacanza\/nido-alla-riva-cigno\/\">Nido alla Riva Cigno<\/option><option value=\"https:\/\/labreva.com\/it\/casa-vacanza\/nido-alla-riva-falco\/\">Nido alla Riva Falco<\/option><option value=\"https:\/\/labreva.com\/it\/casa-vacanza\/nido-alla-riva-rondine\/\">Nido alla Riva Rondine<\/option><option value=\"https:\/\/labreva.com\/it\/casa-vacanza\/nido-sul-lago-bellano\/\">Nido sul Lago Balcone<\/option><option value=\"https:\/\/labreva.com\/it\/casa-vacanza\/nido-sul-lago-mariangela\/\">Nido sul Lago Mariangela<\/option><option value=\"https:\/\/labreva.com\/it\/casa-vacanza\/nido-sul-lago-veronica\/\">Nido sul Lago Veronica<\/option><option value=\"https:\/\/labreva.com\/it\/casa-vacanza\/nonna-delfina-bellavista\/\">Nonna Delfina Bellavista<\/option><option value=\"https:\/\/labreva.com\/it\/casa-vacanza\/nonna-delfina-panorama\/\">Nonna Delfina Panorama<\/option><option value=\"https:\/\/labreva.com\/it\/casa-vacanza\/nonna-delfina-terrazza\/\">Nonna Delfina Terrazza<\/option><option value=\"https:\/\/labreva.com\/it\/casa-vacanza\/oasi-mera\/\">Oasi Mera<\/option><option value=\"https:\/\/labreva.com\/it\/casa-vacanza\/oasi-natura\/\">Oasi Natura<\/option><option value=\"https:\/\/labreva.com\/it\/casa-vacanza\/oasi-ulivi\/\">Oasi Ulivi<\/option><option value=\"https:\/\/labreva.com\/it\/casa-vacanza\/olive\/\">Olive<\/option><option value=\"https:\/\/labreva.com\/it\/casa-vacanza\/ortensia-bianco\/\">Ortensia Bianco<\/option><option value=\"https:\/\/labreva.com\/it\/casa-vacanza\/ortensia-blu\/\">Ortensia Blu<\/option><option value=\"https:\/\/labreva.com\/it\/casa-vacanza\/ortensia-viola\/\">Ortensia Viola<\/option><option value=\"https:\/\/labreva.com\/it\/casa-vacanza\/panorama-felice\/\">Panorama Felice<\/option><option value=\"https:\/\/labreva.com\/it\/casa-vacanza\/panorama-mera\/\">Panorama Mera<\/option><option value=\"https:\/\/labreva.com\/it\/casa-vacanza\/paola\/\">Paola<\/option><option value=\"https:\/\/labreva.com\/it\/casa-vacanza\/paradiso\/\">Paradiso<\/option><option value=\"https:\/\/labreva.com\/it\/casa-vacanza\/paradiso-luna\/\">Paradiso Luna<\/option><option value=\"https:\/\/labreva.com\/it\/casa-vacanza\/paradiso-sole\/\">Paradiso Sole<\/option><option value=\"https:\/\/labreva.com\/it\/casa-vacanza\/paradiso-boschetto-strand-bungalow-mit-pool\/\">Paradiso-Boschetto Strand Bungalow mit Pool<\/option><option value=\"https:\/\/labreva.com\/it\/casa-vacanza\/pianellina\/\">Pianellina<\/option><option value=\"https:\/\/labreva.com\/it\/casa-vacanza\/pianoforte-giardino\/\">Pianoforte Giardino<\/option><option value=\"https:\/\/labreva.com\/it\/casa-vacanza\/pianoforte-panorama\/\">Pianoforte Panorama<\/option><option value=\"https:\/\/labreva.com\/it\/casa-vacanza\/poira-jessi\/\">Poira Jessi<\/option><option value=\"https:\/\/labreva.com\/it\/casa-vacanza\/poira-vero\/\">Poira Vero<\/option><option value=\"https:\/\/labreva.com\/it\/casa-vacanza\/pretore-romantico-loft-openspace\/\">Pretore Romantico Loft Openspace<\/option><option value=\"https:\/\/labreva.com\/it\/casa-vacanza\/pretore-rustico-ferienhaus\/\">Pretore Rustico-Ferienhaus<\/option><option value=\"https:\/\/labreva.com\/it\/casa-vacanza\/quattro-stagioni-autumn\/\">Quattro Stagioni Autumn<\/option><option value=\"https:\/\/labreva.com\/it\/casa-vacanza\/quattro-stagioni-spring\/\">Quattro Stagioni Spring<\/option><option value=\"https:\/\/labreva.com\/it\/casa-vacanza\/quattro-stagioni-summer\/\">Quattro Stagioni Summer<\/option><option value=\"https:\/\/labreva.com\/it\/casa-vacanza\/quattro-stagioni-winter\/\">Quattro Stagioni Winter<\/option><option value=\"https:\/\/labreva.com\/it\/casa-vacanza\/residence-le-gemme-del-lario-bellagio\/\">Residence Le Gemme del Lario Bellagio<\/option><option value=\"https:\/\/labreva.com\/it\/casa-vacanza\/residence-le-gemme-del-lario-como\/\">Residence Le Gemme del Lario Como<\/option><option value=\"https:\/\/labreva.com\/it\/casa-vacanza\/residence-le-gemme-del-lario-domaso\/\">Residence Le Gemme del Lario Domaso<\/option><option value=\"https:\/\/labreva.com\/it\/casa-vacanza\/residence-le-gemme-del-lario-menaggio\/\">Residence Le Gemme del Lario Menaggio<\/option><option value=\"https:\/\/labreva.com\/it\/casa-vacanza\/residence-le-gemme-del-lario-tremezzo\/\">Residence Le Gemme del Lario Tremezzo<\/option><option value=\"https:\/\/labreva.com\/it\/casa-vacanza\/residence-le-gemme-del-lario-varenna\/\">Residence Le Gemme del Lario Varenna<\/option><option value=\"https:\/\/labreva.com\/it\/casa-vacanza\/rio-bo-stella-ferienwohnung-spa\/\">Rio Bo Stella Ferienwohnung SPA<\/option><option value=\"https:\/\/labreva.com\/it\/casa-vacanza\/riva-pianello-ferienwohnung-am-see\/\">Riva Pianello Ferienwohnung am See<\/option><option value=\"https:\/\/labreva.com\/it\/casa-vacanza\/riva-pianello-rustico\/\">Riva Pianello Rustico<\/option><option value=\"https:\/\/labreva.com\/it\/casa-vacanza\/rose-gialla-firsia\/\">Rose Gialla Firsia<\/option><option value=\"https:\/\/labreva.com\/it\/casa-vacanza\/rose-gialla-pastella\/\">Rose Gialla Pastella<\/option><option value=\"https:\/\/labreva.com\/it\/casa-vacanza\/rose-rossa-florentina\/\">Rose Rossa Florentina<\/option><option value=\"https:\/\/labreva.com\/it\/casa-vacanza\/rose-rossa-larissa\/\">Rose Rossa Larissa<\/option><option value=\"https:\/\/labreva.com\/it\/casa-vacanza\/rose-rossa-roselina-ferienwohnung-mit-terrasse-og\/\">Rose Rossa Roselina Ferienwohnung mit Terrasse (OG)<\/option><option value=\"https:\/\/labreva.com\/it\/casa-vacanza\/rustico-ai-ronchi\/\">Rustico ai Ronchi<\/option><option value=\"https:\/\/labreva.com\/it\/casa-vacanza\/rustico-antico\/\">Rustico Antico<\/option><option value=\"https:\/\/labreva.com\/it\/casa-vacanza\/rustico-bella-vita-bungalow\/\">Rustico Bella Vita Bungalow<\/option><option value=\"https:\/\/labreva.com\/it\/casa-vacanza\/rustico-bersai\/\">Rustico Bersai<\/option><option value=\"https:\/\/labreva.com\/it\/casa-vacanza\/rustico-chalet-masun-spa\/\">Rustico Chalet Masun SPA<\/option><option value=\"https:\/\/labreva.com\/it\/casa-vacanza\/rustico-ciabott\/\">Rustico Ciabott<\/option><option value=\"https:\/\/labreva.com\/it\/casa-vacanza\/rustico-dolce-vita\/\">Rustico Dolce Vita<\/option><option value=\"https:\/\/labreva.com\/it\/casa-vacanza\/rustico-giuly-prada\/\">Rustico Giuly Prada<\/option><option value=\"https:\/\/labreva.com\/it\/casa-vacanza\/rustico-primlac-spa\/\">Rustico Primlac SPA<\/option><option value=\"https:\/\/labreva.com\/it\/casa-vacanza\/rustico-ulivi\/\">Rustico Ulivi<\/option><option value=\"https:\/\/labreva.com\/it\/casa-vacanza\/sale-pepe\/\">Sale &amp; Pepe<\/option><option value=\"https:\/\/labreva.com\/it\/casa-vacanza\/san-giuseppe\/\">San Giuseppe<\/option><option value=\"https:\/\/labreva.com\/it\/casa-vacanza\/san-giusto-ferienwohnung-eg\/\">San Giusto Ferienwohnung  (EG)<\/option><option value=\"https:\/\/labreva.com\/it\/casa-vacanza\/secret-lodge\/\">Secret Lodge<\/option><option value=\"https:\/\/labreva.com\/it\/casa-vacanza\/simone-spa\/\">Simone<\/option><option value=\"https:\/\/labreva.com\/it\/casa-vacanza\/sole-1\/\">Sole 1<\/option><option value=\"https:\/\/labreva.com\/it\/casa-vacanza\/sole-2\/\">Sole 2<\/option><option value=\"https:\/\/labreva.com\/it\/casa-vacanza\/sole-3\/\">Sole 3<\/option><option value=\"https:\/\/labreva.com\/it\/casa-vacanza\/sole-4\/\">Sole 4<\/option><option value=\"https:\/\/labreva.com\/it\/casa-vacanza\/sonia-musica-aperol\/\">Sonia Musica Aperol<\/option><option value=\"https:\/\/labreva.com\/it\/casa-vacanza\/sonia-raphael\/\">Sonia Raphael<\/option><option value=\"https:\/\/labreva.com\/it\/casa-vacanza\/sunrise-lodge\/\">Sunrise Lodge<\/option><option value=\"https:\/\/labreva.com\/it\/casa-vacanza\/tenuta-il-sogno-ferienwohnung-bianco\/\">Tenuta il Sogno Ferienwohnung Bianco<\/option><option value=\"https:\/\/labreva.com\/it\/casa-vacanza\/tenuta-il-sogno-ferienwohnung-nero\/\">Tenuta il Sogno Ferienwohnung Nero<\/option><option value=\"https:\/\/labreva.com\/it\/casa-vacanza\/torre-ferienwohnung-mit-garten\/\">Torre Ferienwohnung mit Garten<\/option><option value=\"https:\/\/labreva.com\/it\/casa-vacanza\/torretta\/\">Torretta<\/option><option value=\"https:\/\/labreva.com\/it\/casa-vacanza\/tre-terre-ferienhaus\/\">Tre Terre Ferienhaus<\/option><option value=\"https:\/\/labreva.com\/it\/casa-vacanza\/turchese\/\">Turchese<\/option><option value=\"https:\/\/labreva.com\/it\/casa-vacanza\/ulivo\/\">Ulivo<\/option><option value=\"https:\/\/labreva.com\/it\/casa-vacanza\/vela-panorama\/\">Vela Panorama<\/option><option value=\"https:\/\/labreva.com\/it\/casa-vacanza\/vento-blu\/\">Vento Blu<\/option><option value=\"https:\/\/labreva.com\/it\/casa-vacanza\/vento-breva\/\">Vento Breva<\/option><option value=\"https:\/\/labreva.com\/it\/casa-vacanza\/vento-tivano\/\">Vento Tivano<\/option><option value=\"https:\/\/labreva.com\/it\/casa-vacanza\/verde\/\">Verde<\/option><option value=\"https:\/\/labreva.com\/it\/casa-vacanza\/villa-almana\/\">Villa Almana<\/option><option value=\"https:\/\/labreva.com\/it\/casa-vacanza\/villa-angela\/\">Villa Angela<\/option><option value=\"https:\/\/labreva.com\/it\/casa-vacanza\/villa-archi\/\">Villa Archi<\/option><option value=\"https:\/\/labreva.com\/it\/casa-vacanza\/villa-camilla-de-luxe\/\">Villa Camilla De Luxe<\/option><option value=\"https:\/\/labreva.com\/it\/casa-vacanza\/villa-dolce\/\">Villa Dolce<\/option><option value=\"https:\/\/labreva.com\/it\/casa-vacanza\/villa-kunterbunt-appartment-i-giardino\/\">Villa Kunterbunt Appartment I Giardino<\/option><option value=\"https:\/\/labreva.com\/it\/casa-vacanza\/villa-kunterbunt-appartment-ii-panorama\/\">Villa Kunterbunt Appartment II Panorama<\/option><option value=\"https:\/\/labreva.com\/it\/casa-vacanza\/villa-meridiana-de-luxe\/\">Villa Meridiana De Luxe<\/option><option value=\"https:\/\/labreva.com\/it\/casa-vacanza\/villa-rivetta\/\">Villa Rivetta<\/option><option value=\"https:\/\/labreva.com\/it\/casa-vacanza\/villa-rustica\/\">Villa Rustica<\/option><option value=\"https:\/\/labreva.com\/it\/casa-vacanza\/villa-sasso-spa\/\">Villa Sasso SPA<\/option><option value=\"https:\/\/labreva.com\/it\/casa-vacanza\/villa-selve-de-luxe\/\">Villa Selve de Luxe<\/option><option value=\"https:\/\/labreva.com\/it\/casa-vacanza\/villa-tarca\/\">Villa Tarca<\/option><option value=\"https:\/\/labreva.com\/it\/casa-vacanza\/villa-tenuta-la-splendida-antica\/\">Villa Tenuta La Splendida Antica<\/option><option value=\"https:\/\/labreva.com\/it\/casa-vacanza\/vista-paradiso\/\">Vista Paradiso<\/option><option value=\"https:\/\/labreva.com\/it\/casa-vacanza\/vistalago\/\">Vistalago<\/option><\/select><\/div>                <\/div>\n                <dialog id=\"filter-popup\" class=\"beon-search-popup\" role=\"dialog\" aria-modal=\"false\" closedby=\"any\">\n                    <button type=\"button\" id=\"filter-popup-close\">\n                        <img loading=\"lazy\" \n                            alt=\"chiudi popup\"\n                            height=\"12\" \n                            width=\"12\" \n                            src=\"https:\/\/labreva.com\/wp-content\/themes\/labreva-new-theme\/assets\/images\/close.svg\"\n                            loading=\"lazy\"\n                            decoding=\"async\"\n                        >\n                    <\/button>\n                    <div class=\"beon-search-popup-main\">\n                        <div class=\"beon-search-popup-headline\">\n                            <img loading=\"lazy\" \n                                alt=\"cursore\"\n                                height=\"20\" \n                                width=\"20\" \n                                src=\"https:\/\/labreva.com\/wp-content\/themes\/labreva-new-theme\/assets\/images\/tune.svg\"\n                                loading=\"lazy\"\n                                decoding=\"async\"\n                            >\n                            Filtri                        <\/div>\n                        <hr class=\"beon-search-hr\">                            \n                        <div class=\"beon-search-filter-section-wrapper beon-search-popup-content\">\n                            <div class=\"beon-search-filter-section\">\n                                <h3>Generale<\/h3>\n                                <div class=\"beon-search-dropdown-filter-wrapper\">\n                                    <div class=\"beon-dropdown-filter\"><select class=\"beon-select2\" name=\"type\" form=\"searchform\"><option value=\"\">Tipo di propriet\u00e0<\/option><option value=\"HOUSE\" >Casa<\/option><option value=\"FLAT\" >Appartamento<\/option><\/select><\/div><div class=\"beon-dropdown-filter\"><select class=\"beon-select2\" name=\"bedrooms\" form=\"searchform\"><option value=\"\">Camere da letto<\/option><option value=\"1\" >1 Camera da letto <\/option><option value=\"10\" >10 Camera da letto <\/option><option value=\"2\" >2 Camera da letto <\/option><option value=\"3\" >3 Camera da letto <\/option><option value=\"4\" >4 Camera da letto <\/option><option value=\"5\" >5 Camera da letto <\/option><option value=\"6\" >6 Camera da letto <\/option><option value=\"7\" >7 Camera da letto <\/option><option value=\"8\" >8 Camera da letto <\/option><\/select><\/div><div class=\"beon-dropdown-filter\"><select class=\"beon-select2\" name=\"bathrooms\" form=\"searchform\"><option value=\"\">Bagni<\/option><option value=\"1\" >1 Bagno <\/option><option value=\"10\" >10 Bagno <\/option><option value=\"2\" >2 Bagno <\/option><option value=\"3\" >3 Bagno <\/option><option value=\"4\" >4 Bagno <\/option><option value=\"5\" >5 Bagno <\/option><option value=\"6\" >6 Bagno <\/option><option value=\"7\" >7 Bagno <\/option><\/select><\/div>                                <\/div>\n                            <\/div>\n                            <div class=\"beon-search-filter-section\">\n                                <h3>Filtri popolari<\/h3>\n                                <div class=\"beon-search-filter-wrapper\">\n                                <div class=\"input-wrapper checkbox-wrapper beon-checkbox-disabled\">\n\t\t\t<label for=\"loc_beach\">Sulla spiaggia<span class=\"checkbox-count\">0<\/span><input disabled type=\"checkbox\" id=\"loc_beach\" name=\"loc_beach\" form=\"searchform\"><span class=\"checkmark\"><\/span><\/label>\n\t\t<\/div><div class=\"input-wrapper checkbox-wrapper beon-checkbox-disabled\">\n\t\t\t<label for=\"beachdistance_filter\">Vicino alla spiaggia (fino a 300 m)<span class=\"checkbox-count\">0<\/span><input disabled type=\"checkbox\" id=\"beachdistance_filter\" name=\"beachdistance_filter\" form=\"searchform\"><span class=\"checkmark\"><\/span><\/label>\n\t\t<\/div><div class=\"input-wrapper checkbox-wrapper\">\n\t\t\t<label for=\"balcony\">Balcone<span class=\"checkbox-count\">1<\/span><input type=\"checkbox\" id=\"balcony\" name=\"balcony\" form=\"searchform\" tabindex=\"0\"><span class=\"checkmark\"><\/span><\/label>\n\t\t<\/div><div class=\"input-wrapper checkbox-wrapper\">\n\t\t\t<label for=\"wifi\">Wi-Fi<span class=\"checkbox-count\">2<\/span><input type=\"checkbox\" id=\"wifi\" name=\"wifi\" form=\"searchform\" tabindex=\"0\"><span class=\"checkmark\"><\/span><\/label>\n\t\t<\/div><div class=\"input-wrapper checkbox-wrapper\">\n\t\t\t<label for=\"ac\">Aria condizionata<span class=\"checkbox-count\">2<\/span><input type=\"checkbox\" id=\"ac\" name=\"ac\" form=\"searchform\" tabindex=\"0\"><span class=\"checkmark\"><\/span><\/label>\n\t\t<\/div><div class=\"input-wrapper checkbox-wrapper beon-checkbox-disabled\">\n\t\t\t<label for=\"tennisCourt\">Campo da tennis<span class=\"checkbox-count\">0<\/span><input disabled type=\"checkbox\" id=\"tennisCourt\" name=\"tennisCourt\" form=\"searchform\"><span class=\"checkmark\"><\/span><\/label>\n\t\t<\/div><div class=\"input-wrapper checkbox-wrapper\">\n\t\t\t<label for=\"pets\">Animali domestici ammessi<span class=\"checkbox-count\">2<\/span><input type=\"checkbox\" id=\"pets\" name=\"pets\" form=\"searchform\" tabindex=\"0\"><span class=\"checkmark\"><\/span><\/label>\n\t\t<\/div><div class=\"input-wrapper checkbox-wrapper beon-checkbox-disabled\">\n\t\t\t<label for=\"pool4kids\">Piscina per bambini<span class=\"checkbox-count\">0<\/span><input disabled type=\"checkbox\" id=\"pool4kids\" name=\"pool4kids\" form=\"searchform\"><span class=\"checkmark\"><\/span><\/label>\n\t\t<\/div><div class=\"input-wrapper checkbox-wrapper\">\n\t\t\t<label for=\"pool\">Piscina all'aperto<span class=\"checkbox-count\">2<\/span><input type=\"checkbox\" id=\"pool\" name=\"pool\" form=\"searchform\" tabindex=\"0\"><span class=\"checkmark\"><\/span><\/label>\n\t\t<\/div><div class=\"input-wrapper checkbox-wrapper\">\n\t\t\t<label for=\"outdoorShower\">Doccia esterna<span class=\"checkbox-count\">1<\/span><input type=\"checkbox\" id=\"outdoorShower\" name=\"outdoorShower\" form=\"searchform\" tabindex=\"0\"><span class=\"checkmark\"><\/span><\/label>\n\t\t<\/div><div class=\"input-wrapper checkbox-wrapper\">\n\t\t\t<label for=\"lakeview\">Vista lago<span class=\"checkbox-count\">2<\/span><input type=\"checkbox\" id=\"lakeview\" name=\"lakeview\" form=\"searchform\" tabindex=\"0\"><span class=\"checkmark\"><\/span><\/label>\n\t\t<\/div><div class=\"input-wrapper checkbox-wrapper\">\n\t\t\t<label for=\"sauna\">Sauna<span class=\"checkbox-count\">1<\/span><input type=\"checkbox\" id=\"sauna\" name=\"sauna\" form=\"searchform\" tabindex=\"0\"><span class=\"checkmark\"><\/span><\/label>\n\t\t<\/div><div class=\"input-wrapper checkbox-wrapper\">\n\t\t\t<label for=\"privateparking\">Parcheggio privato<span class=\"checkbox-count\">2<\/span><input type=\"checkbox\" id=\"privateparking\" name=\"privateparking\" form=\"searchform\" tabindex=\"0\"><span class=\"checkmark\"><\/span><\/label>\n\t\t<\/div>                                <\/div>\n                            <\/div>\n                            <div class=\"beon-search-filter-section\">\n                                <h3>altri filtri<\/h3>\n                                <div class=\"beon-search-filter-wrapper\">\n                                <div class=\"input-wrapper checkbox-wrapper beon-checkbox-disabled\">\n\t\t\t<label for=\"playground\">Parco giochi<span class=\"checkbox-count\">0<\/span><input disabled type=\"checkbox\" id=\"playground\" name=\"playground\" form=\"searchform\"><span class=\"checkmark\"><\/span><\/label>\n\t\t<\/div><div class=\"input-wrapper checkbox-wrapper\">\n\t\t\t<label for=\"bbq\">Barbecue<span class=\"checkbox-count\">2<\/span><input type=\"checkbox\" id=\"bbq\" name=\"bbq\" form=\"searchform\" tabindex=\"0\"><span class=\"checkmark\"><\/span><\/label>\n\t\t<\/div><div class=\"input-wrapper checkbox-wrapper\">\n\t\t\t<label for=\"garden\">Giardino<span class=\"checkbox-count\">2<\/span><input type=\"checkbox\" id=\"garden\" name=\"garden\" form=\"searchform\" tabindex=\"0\"><span class=\"checkmark\"><\/span><\/label>\n\t\t<\/div><div class=\"input-wrapper checkbox-wrapper\">\n\t\t\t<label for=\"terrace\">Terrazza<span class=\"checkbox-count\">2<\/span><input type=\"checkbox\" id=\"terrace\" name=\"terrace\" form=\"searchform\" tabindex=\"0\"><span class=\"checkmark\"><\/span><\/label>\n\t\t<\/div><div class=\"input-wrapper checkbox-wrapper\">\n\t\t\t<label for=\"fireside\">\tCamino \/ Stufa<span class=\"checkbox-count\">2<\/span><input type=\"checkbox\" id=\"fireside\" name=\"fireside\" form=\"searchform\" tabindex=\"0\"><span class=\"checkmark\"><\/span><\/label>\n\t\t<\/div><div class=\"input-wrapper checkbox-wrapper\">\n\t\t\t<label for=\"bicycles\">Biciclette<span class=\"checkbox-count\">2<\/span><input type=\"checkbox\" id=\"bicycles\" name=\"bicycles\" form=\"searchform\" tabindex=\"0\"><span class=\"checkmark\"><\/span><\/label>\n\t\t<\/div><div class=\"input-wrapper checkbox-wrapper\">\n\t\t\t<label for=\"Bergpanorama\">Vista montagna<span class=\"checkbox-count\">2<\/span><input type=\"checkbox\" id=\"Bergpanorama\" name=\"Bergpanorama\" form=\"searchform\" tabindex=\"0\"><span class=\"checkmark\"><\/span><\/label>\n\t\t<\/div><div class=\"input-wrapper checkbox-wrapper beon-checkbox-disabled\">\n\t\t\t<label for=\"Surfdepot am See\">Deposito surf sul lago<span class=\"checkbox-count\">0<\/span><input disabled type=\"checkbox\" id=\"Surfdepot am See\" name=\"Surfdepot am See\" form=\"searchform\"><span class=\"checkmark\"><\/span><\/label>\n\t\t<\/div><div class=\"input-wrapper checkbox-wrapper beon-checkbox-disabled\">\n\t\t\t<label for=\"auto_lade\">Ricarica auto elettrica presso la struttura<span class=\"checkbox-count\">0<\/span><input disabled type=\"checkbox\" id=\"auto_lade\" name=\"auto_lade\" form=\"searchform\"><span class=\"checkmark\"><\/span><\/label>\n\t\t<\/div><div class=\"input-wrapper checkbox-wrapper beon-checkbox-disabled\">\n\t\t\t<label for=\"electoauto\">Stazione di ricarica per auto elettriche nel raggio di 500m<span class=\"checkbox-count\">0<\/span><input disabled type=\"checkbox\" id=\"electoauto\" name=\"electoauto\" form=\"searchform\"><span class=\"checkmark\"><\/span><\/label>\n\t\t<\/div><div class=\"input-wrapper checkbox-wrapper beon-checkbox-disabled\">\n\t\t\t<label for=\"last_minute\">Last Minute<span class=\"checkbox-count\">0<\/span><input disabled type=\"checkbox\" id=\"last_minute\" name=\"last_minute\" form=\"searchform\"><span class=\"checkmark\"><\/span><\/label>\n\t\t<\/div><div class=\"input-wrapper checkbox-wrapper beon-checkbox-disabled\">\n\t\t\t<label for=\"highlights\">Punti salienti<span class=\"checkbox-count\">0<\/span><input disabled type=\"checkbox\" id=\"highlights\" name=\"highlights\" form=\"searchform\"><span class=\"checkmark\"><\/span><\/label>\n\t\t<\/div><input type=\"hidden\" id=\"gardasee_villen\" name=\"gardasee_villen\" value=\"on\" form=\"searchform\">                                <\/div>\n                            <\/div>\n                        <\/div>\n                        <button type=\"button\" id=\"selectFilters\">Applica filtri                            <img loading=\"lazy\"\n                                alt=\"Conferma filtri\"\n                                height=\"12\"\n                                width=\"12\"\n                                src=\"https:\/\/labreva.com\/wp-content\/themes\/labreva-new-theme\/assets\/images\/arrow_right.svg\"\n                                loading=\"lazy\"\n                                decoding=\"async\"\n                            >\n                        <\/button>\n                    <\/div>\n                <\/dialog>\n            <\/div>\n        <\/div>\n        <div class=\"left-side-content\">\n            <div class=\"overview\">\n                                                <h1 class=\"search-title\">\n                    La tua ricerca                <\/h1>\n                                <h2 class=\"search-subtitle\">\n                    2 alloggio al<br>prenota miglior prezzo.                <\/h2>\n                                <p class=\"search-description-text\">\n                    Scoprite la nostra vasta selezione di appartamenti per vacanze, case vacanze e rustici intorno al Lago di Como e nel Nord Italia. Che sia con piscina, direttamente sul lago o in mezzo alla natura idilliaca \u2013 con LABREVA troverete l'alloggio perfetto per giorni di vacanza rilassanti e indimenticabili. Prenotate ora e godetevi giorni riposanti in una delle regioni pi\u00f9 belle d'Italia.                <\/p>\n                                <button type=\"button\" class=\"beon-map-button\" id=\"openMapPopup\">\n                    <img loading=\"lazy\"\n                        alt=\"Mappa\"\n                        height=\"15\"\n                        width=\"15\"\n                        src=\"https:\/\/labreva.com\/wp-content\/themes\/labreva-new-theme\/assets\/images\/map.svg\"\n                        loading=\"lazy\"\n                        decoding=\"async\"\n                    >\n                    Mostra mappa                <\/button>\n                <div class=\"filter-order-wrapper\">\n                    <div class=\"active-filter\">\n                        <div class=\"parameter-wrapper\">\n                                    <div class=\"parameter-label\">2 Adulti<\/div>\n                                    <a href=\"https:\/\/labreva.com\/it\/suchenbuchen\/?from&till&nights_min=0&nights_max=0&children=0&babys=0&petsCount=0&order=random&gardasee_villen=on\" class=\"parameter-close\">\n                                        <img loading=\"lazy\" \n                                            alt=\"Rimuovi numero adulti\"\n                                            height=\"11\" \n                                            width=\"11\" \n                                            src=\"https:\/\/labreva.com\/wp-content\/themes\/labreva-new-theme\/assets\/images\/close.svg\"\n                                            loading=\"lazy\"\n                                            decoding=\"async\"\n                                        >\n                                    <\/a>\n                                <\/div><div class=\"parameter-wrapper\">\n                                                <div class=\"parameter-label\">Ville sul Lago di Garda<\/div>\n                                                <a href=\"https:\/\/labreva.com\/it\/suchenbuchen\/?from&till&nights_min=0&nights_max=0&adults=2&children=0&babys=0&petsCount=0&order=random\" class=\"parameter-close\">\n                                                    <img loading=\"lazy\" \n                                                        alt=\"Rimuovi filtro: Ville sul Lago di Garda\"\n                                                        height=\"11\" \n                                                        width=\"11\" \n                                                        src=\"https:\/\/labreva.com\/wp-content\/themes\/labreva-new-theme\/assets\/images\/close.svg\"\n                                                        loading=\"lazy\"\n                                                        decoding=\"async\"\n                                                    >\n                                                <\/a>\n                                            <\/div>                    <\/div>\n                    <div class=\"sort-wrapper\">\n                        <select class=\"beon-auto-submit beon-select2\" name=\"order\" id=\"order\" form=\"searchform\">\n                            <option value=\"random\" selected >Casuale<\/option><option value=\"price\" >Prezzo crescente<\/option><option value=\"-price\" >Prezzo decrescente<\/option><option value=\"rating\" >Migliori recensioni<\/option>                        <\/select>\n                    <\/div>\n                <\/div>\n            <\/div>\n            <hr>\n                        <div class=\"unit-wrapper\" id=\"beon-search-result\">\n                <div class=\"unitcontent-wrapper\">\n\t\t<div class=\"image-wrapper\">\n\t\t<a href=\"https:\/\/labreva.com\/it\/casa-vacanza\/villa-tenuta-la-splendida-antica\/?adults=2\">\n\t\t\t<div id=\"slider\" class=\"flexslider\">\n\t\t\t\t<div class=\"highlight-marker-wrapper\">\n\t\t\t\t\t\t\t\t\t\t\t\t\t\t\t\t\t\t\t<\/div>\n\t\t\t\t<ul class=\"slides\">\n\t\t\t\t\t\t\t\t\t\t\t<li>\n\t\t\t\t\t\t\t<img \n\t\t\t\t\t\t\t\tclass=\"lazy\" \n\t\t\t\t\t\t\t\tsrc=\"\"\n\t\t\t\t\t\t\t\theight=\"210\"\n\t\t\t\t\t\t\t\tdata-src=\"https:\/\/labreva.com\/wp-content\/uploads\/2025\/11\/mf7649241-768x511.jpg\" \n\t\t\t\t\t\t\t\talt=\"\" \n\t\t\t\t\t\t\t\tloading=\"lazy\"\n\t\t\t\t\t\t\t\tdecoding=\"async\"\n\t\t\t\t\t\t\t>\n\t\t\t\t\t\t<\/li>\n\t\t\t\t\t\t\t\t\t\t\t<li>\n\t\t\t\t\t\t\t<img \n\t\t\t\t\t\t\t\tclass=\"lazy\" \n\t\t\t\t\t\t\t\tsrc=\"\"\n\t\t\t\t\t\t\t\theight=\"210\"\n\t\t\t\t\t\t\t\tdata-src=\"https:\/\/labreva.com\/wp-content\/uploads\/2025\/11\/mf7649240-768x511.jpg\" \n\t\t\t\t\t\t\t\talt=\"\" \n\t\t\t\t\t\t\t\tloading=\"lazy\"\n\t\t\t\t\t\t\t\tdecoding=\"async\"\n\t\t\t\t\t\t\t>\n\t\t\t\t\t\t<\/li>\n\t\t\t\t\t\t\t\t\t\t\t<li>\n\t\t\t\t\t\t\t<img \n\t\t\t\t\t\t\t\tclass=\"lazy\" \n\t\t\t\t\t\t\t\tsrc=\"\"\n\t\t\t\t\t\t\t\theight=\"210\"\n\t\t\t\t\t\t\t\tdata-src=\"https:\/\/labreva.com\/wp-content\/uploads\/2025\/11\/mf7649242-768x511.jpg\" \n\t\t\t\t\t\t\t\talt=\"\" \n\t\t\t\t\t\t\t\tloading=\"lazy\"\n\t\t\t\t\t\t\t\tdecoding=\"async\"\n\t\t\t\t\t\t\t>\n\t\t\t\t\t\t<\/li>\n\t\t\t\t\t\t\t\t\t\t\t<li>\n\t\t\t\t\t\t\t<img \n\t\t\t\t\t\t\t\tclass=\"lazy\" \n\t\t\t\t\t\t\t\tsrc=\"\"\n\t\t\t\t\t\t\t\theight=\"210\"\n\t\t\t\t\t\t\t\tdata-src=\"https:\/\/labreva.com\/wp-content\/uploads\/2025\/11\/mf7649243-768x429.jpg\" \n\t\t\t\t\t\t\t\talt=\"\" \n\t\t\t\t\t\t\t\tloading=\"lazy\"\n\t\t\t\t\t\t\t\tdecoding=\"async\"\n\t\t\t\t\t\t\t>\n\t\t\t\t\t\t<\/li>\n\t\t\t\t\t\t\t\t\t\t\t<li>\n\t\t\t\t\t\t\t<img \n\t\t\t\t\t\t\t\tclass=\"lazy\" \n\t\t\t\t\t\t\t\tsrc=\"\"\n\t\t\t\t\t\t\t\theight=\"210\"\n\t\t\t\t\t\t\t\tdata-src=\"https:\/\/labreva.com\/wp-content\/uploads\/2025\/11\/mf7649244-768x353.jpg\" \n\t\t\t\t\t\t\t\talt=\"\" \n\t\t\t\t\t\t\t\tloading=\"lazy\"\n\t\t\t\t\t\t\t\tdecoding=\"async\"\n\t\t\t\t\t\t\t>\n\t\t\t\t\t\t<\/li>\n\t\t\t\t\t\t\t\t\t<\/ul>\n\t\t\t<\/div>\n\t\t<\/a>\n\t<\/div>\n\t\t<div class=\"info-wrapper\">\n\t\t<div>\n\t\t\t<div class=\"info-header\">\n\t\t\t\t<div class=\"unit-region\">\n\t\t\t\t\t<img \n\t\t\t\t\t\talt=\"indicatore di posizione\"\n\t\t\t\t\t\theight=\"20\" \n\t\t\t\t\t\twidth=\"20\" \n\t\t\t\t\t\tsrc=\"https:\/\/labreva.com\/wp-content\/themes\/labreva-new-theme\/assets\/images\/location_on.svg\"\n\t\t\t\t\t\tloading=\"lazy\"\n\t\t\t\t\t\tdecoding=\"async\"\n\t\t\t\t\t>\n\t\t\t\t\t<p>Toscolano Maderno<\/p>\n\t\t\t\t<\/div>\n\t\t\t\t<div class=\"unit-favorite\">\n\t\t\t\t\t<button class=\"simplefavorite-button\" data-postid=\"85505\" data-siteid=\"1\" data-groupid=\"1\" data-favoritecount=\"0\" style=\"\"><img decoding=\"async\" class=\"simplefavorite-image\" alt=\"Cuore non preferito\" src=\"https:\/\/labreva.com\/wp-content\/themes\/labreva-new-theme\/assets\/images\/favorite.svg\"><span class=\"simplefavorite-text\">Aggiungi ai preferiti<\/span><\/button>\t\t\t\t<\/div>\n\t\t\t<\/div>\n\t\t\t<div class=\"info-body\">\n\t\t\t\t<h3 class=\"unit-title\">\n\t\t\t\t\t<a href=\"https:\/\/labreva.com\/it\/casa-vacanza\/villa-tenuta-la-splendida-antica\/?adults=2\">\n\t\t\t\t\t\tVilla Tenuta La Splendida Antica<\/a>\n\t\t\t\t<\/h3>\n\t\t\t\t<div class=\"properties-wrapper\">\n\t\t\t\t\t<p>10 ospiti<\/p>\n\t\t\t\t\t\t\t\t\t\t<p>4 camera da letto<\/p>\n\t\t\t\t\t\t\t\t\t\t<p>310 m\u00b2<\/p>\n\t\t\t\t<\/div>\n\t\t\t\t<div class=\"highlights-wrapper\">\n\t\t\t\t\t<div class=\"single-highlight\">Animali domestici<\/div><div class=\"single-highlight\">piscina<\/div><div class=\"single-highlight\">Giardino<\/div>\t\t\t\t<\/div>\n\t\t\t\t<!-- Alternatives -->\n\t\t\t\t\t\t\t<\/div>\n\t\t<\/div>\n\t\t<div class=\"info-footer\">\n\t\t\t<div class=\"default-layout-wrapper\">\n\t\t\t\t<div class=\"rating-wrapper\">\n\t\t\t\t\t\t\t\t\t<div class=\"rating-box\">\n\t\t\t\t\t\t5\t\t\t\t\t<\/div>\n\t\t\t\t\t<div class=\"rating-details\">\n\t\t\t\t\t\t<p class=\"rating-text\">\n\t\t\t\t\t\t\tEccezionale\t\t\t\t\t\t<\/p>\n\t\t\t\t\t\t<p class=\"rating-count\">\n\t\t\t\t\t\t\t2 recensione\t\t\t\t\t\t<\/p>\n\t\t\t\t\t<\/div>\n\t\t\t\t\t\t\t\t<\/div>\n\t\t\t\t\t\t\t<div class=\"no-price-wrapper\">\n\t\t\t\t\t<a href=\"https:\/\/labreva.com\/it\/casa-vacanza\/villa-tenuta-la-splendida-antica\/?adults=2\" class=\"no-price-button\">\n\t\t\t\t\t\t<img\n\t\t\t\t\t\t\talt=\"visualizza alloggio\"\n\t\t\t\t\t\t\theight=\"12\"\n\t\t\t\t\t\t\twidth=\"12\"\n\t\t\t\t\t\t\tsrc=\"https:\/\/labreva.com\/wp-content\/themes\/labreva-new-theme\/assets\/images\/arrow_right.svg\"\n\t\t\t\t\t\t\tloading=\"lazy\"\n\t\t\t\t\t\t\tdecoding=\"async\"\n\t\t\t\t\t\t>\n\t\t\t\t\t<\/a>\n\t\t\t\t<\/div>\n\t\t\t\t\t\t<\/div>\n\t\t\t<div class=\"price-wrapper\">\n\t\t\t\t\t\t\t<\/div>\n\t\t<\/div>\n\t<\/div>\n<\/div>\n<div class=\"unitcontent-wrapper\">\n\t\t<div class=\"image-wrapper\">\n\t\t<a href=\"https:\/\/labreva.com\/it\/casa-vacanza\/villa-selve-de-luxe\/?adults=2\">\n\t\t\t<div id=\"slider\" class=\"flexslider\">\n\t\t\t\t<div class=\"highlight-marker-wrapper\">\n\t\t\t\t\t\t\t\t\t\t\t\t\t\t\t\t\t\t\t<\/div>\n\t\t\t\t<ul class=\"slides\">\n\t\t\t\t\t\t\t\t\t\t\t<li>\n\t\t\t\t\t\t\t<img \n\t\t\t\t\t\t\t\tclass=\"lazy\" \n\t\t\t\t\t\t\t\tsrc=\"\"\n\t\t\t\t\t\t\t\theight=\"210\"\n\t\t\t\t\t\t\t\tdata-src=\"https:\/\/labreva.com\/wp-content\/uploads\/2025\/11\/mf7650320.jpg\" \n\t\t\t\t\t\t\t\talt=\"\" \n\t\t\t\t\t\t\t\tloading=\"lazy\"\n\t\t\t\t\t\t\t\tdecoding=\"async\"\n\t\t\t\t\t\t\t>\n\t\t\t\t\t\t<\/li>\n\t\t\t\t\t\t\t\t\t\t\t<li>\n\t\t\t\t\t\t\t<img \n\t\t\t\t\t\t\t\tclass=\"lazy\" \n\t\t\t\t\t\t\t\tsrc=\"\"\n\t\t\t\t\t\t\t\theight=\"210\"\n\t\t\t\t\t\t\t\tdata-src=\"https:\/\/labreva.com\/wp-content\/uploads\/2025\/11\/mf7650321.jpg\" \n\t\t\t\t\t\t\t\talt=\"\" \n\t\t\t\t\t\t\t\tloading=\"lazy\"\n\t\t\t\t\t\t\t\tdecoding=\"async\"\n\t\t\t\t\t\t\t>\n\t\t\t\t\t\t<\/li>\n\t\t\t\t\t\t\t\t\t\t\t<li>\n\t\t\t\t\t\t\t<img \n\t\t\t\t\t\t\t\tclass=\"lazy\" \n\t\t\t\t\t\t\t\tsrc=\"\"\n\t\t\t\t\t\t\t\theight=\"210\"\n\t\t\t\t\t\t\t\tdata-src=\"https:\/\/labreva.com\/wp-content\/uploads\/2025\/11\/mf7650323.jpg\" \n\t\t\t\t\t\t\t\talt=\"\" \n\t\t\t\t\t\t\t\tloading=\"lazy\"\n\t\t\t\t\t\t\t\tdecoding=\"async\"\n\t\t\t\t\t\t\t>\n\t\t\t\t\t\t<\/li>\n\t\t\t\t\t\t\t\t\t\t\t<li>\n\t\t\t\t\t\t\t<img \n\t\t\t\t\t\t\t\tclass=\"lazy\" \n\t\t\t\t\t\t\t\tsrc=\"\"\n\t\t\t\t\t\t\t\theight=\"210\"\n\t\t\t\t\t\t\t\tdata-src=\"https:\/\/labreva.com\/wp-content\/uploads\/2025\/11\/mf7650322.jpg\" \n\t\t\t\t\t\t\t\talt=\"\" \n\t\t\t\t\t\t\t\tloading=\"lazy\"\n\t\t\t\t\t\t\t\tdecoding=\"async\"\n\t\t\t\t\t\t\t>\n\t\t\t\t\t\t<\/li>\n\t\t\t\t\t\t\t\t\t\t\t<li>\n\t\t\t\t\t\t\t<img \n\t\t\t\t\t\t\t\tclass=\"lazy\" \n\t\t\t\t\t\t\t\tsrc=\"\"\n\t\t\t\t\t\t\t\theight=\"210\"\n\t\t\t\t\t\t\t\tdata-src=\"https:\/\/labreva.com\/wp-content\/uploads\/2025\/11\/mf7650324.jpg\" \n\t\t\t\t\t\t\t\talt=\"\" \n\t\t\t\t\t\t\t\tloading=\"lazy\"\n\t\t\t\t\t\t\t\tdecoding=\"async\"\n\t\t\t\t\t\t\t>\n\t\t\t\t\t\t<\/li>\n\t\t\t\t\t\t\t\t\t<\/ul>\n\t\t\t<\/div>\n\t\t<\/a>\n\t<\/div>\n\t\t<div class=\"info-wrapper\">\n\t\t<div>\n\t\t\t<div class=\"info-header\">\n\t\t\t\t<div class=\"unit-region\">\n\t\t\t\t\t<img \n\t\t\t\t\t\talt=\"indicatore di posizione\"\n\t\t\t\t\t\theight=\"20\" \n\t\t\t\t\t\twidth=\"20\" \n\t\t\t\t\t\tsrc=\"https:\/\/labreva.com\/wp-content\/themes\/labreva-new-theme\/assets\/images\/location_on.svg\"\n\t\t\t\t\t\tloading=\"lazy\"\n\t\t\t\t\t\tdecoding=\"async\"\n\t\t\t\t\t>\n\t\t\t\t\t<p>Toscolano Maderno<\/p>\n\t\t\t\t<\/div>\n\t\t\t\t<div class=\"unit-favorite\">\n\t\t\t\t\t<button class=\"simplefavorite-button\" data-postid=\"85492\" data-siteid=\"1\" data-groupid=\"1\" data-favoritecount=\"0\" style=\"\"><img decoding=\"async\" class=\"simplefavorite-image\" alt=\"Cuore non preferito\" src=\"https:\/\/labreva.com\/wp-content\/themes\/labreva-new-theme\/assets\/images\/favorite.svg\"><span class=\"simplefavorite-text\">Aggiungi ai preferiti<\/span><\/button>\t\t\t\t<\/div>\n\t\t\t<\/div>\n\t\t\t<div class=\"info-body\">\n\t\t\t\t<h3 class=\"unit-title\">\n\t\t\t\t\t<a href=\"https:\/\/labreva.com\/it\/casa-vacanza\/villa-selve-de-luxe\/?adults=2\">\n\t\t\t\t\t\tVilla Selve de Luxe<\/a>\n\t\t\t\t<\/h3>\n\t\t\t\t<div class=\"properties-wrapper\">\n\t\t\t\t\t<p>8 ospiti<\/p>\n\t\t\t\t\t\t\t\t\t\t<p>3 camera da letto<\/p>\n\t\t\t\t\t\t\t\t\t\t<p>350 m\u00b2<\/p>\n\t\t\t\t<\/div>\n\t\t\t\t<div class=\"highlights-wrapper\">\n\t\t\t\t\t<div class=\"single-highlight\">Animali domestici<\/div><div class=\"single-highlight\">piscina<\/div><div class=\"single-highlight\">Giardino<\/div>\t\t\t\t<\/div>\n\t\t\t\t<!-- Alternatives -->\n\t\t\t\t\t\t\t<\/div>\n\t\t<\/div>\n\t\t<div class=\"info-footer\">\n\t\t\t<div class=\"default-layout-wrapper\">\n\t\t\t\t<div class=\"rating-wrapper\">\n\t\t\t\t\t\t\t\t\t<div class=\"rating-box\">\n\t\t\t\t\t\t4.9\t\t\t\t\t<\/div>\n\t\t\t\t\t<div class=\"rating-details\">\n\t\t\t\t\t\t<p class=\"rating-text\">\n\t\t\t\t\t\t\tEccezionale\t\t\t\t\t\t<\/p>\n\t\t\t\t\t\t<p class=\"rating-count\">\n\t\t\t\t\t\t\t2 recensione\t\t\t\t\t\t<\/p>\n\t\t\t\t\t<\/div>\n\t\t\t\t\t\t\t\t<\/div>\n\t\t\t\t\t\t\t<div class=\"no-price-wrapper\">\n\t\t\t\t\t<a href=\"https:\/\/labreva.com\/it\/casa-vacanza\/villa-selve-de-luxe\/?adults=2\" class=\"no-price-button\">\n\t\t\t\t\t\t<img\n\t\t\t\t\t\t\talt=\"visualizza alloggio\"\n\t\t\t\t\t\t\theight=\"12\"\n\t\t\t\t\t\t\twidth=\"12\"\n\t\t\t\t\t\t\tsrc=\"https:\/\/labreva.com\/wp-content\/themes\/labreva-new-theme\/assets\/images\/arrow_right.svg\"\n\t\t\t\t\t\t\tloading=\"lazy\"\n\t\t\t\t\t\t\tdecoding=\"async\"\n\t\t\t\t\t\t>\n\t\t\t\t\t<\/a>\n\t\t\t\t<\/div>\n\t\t\t\t\t\t<\/div>\n\t\t\t<div class=\"price-wrapper\">\n\t\t\t\t\t\t\t<\/div>\n\t\t<\/div>\n\t<\/div>\n<\/div>\n            <\/div>\n            <div class=\"pagination-wrapper\">\n                        <\/div>\n                    <\/div>\n    <\/div>\n    <div class=\"right-side-content-wrapper\">\n        <div class=\"map-container\" id=\"beon-search-map\">\n            \n<beon-maps-element\n        id=\"map\"\n                map_blocker        map_settings=eyJtYXBfcHJvdmlkZXIiOiJnb29nbGVtYXBzIiwiZ29vZ2xlX21hcHNfYXBpX2tleSI6IkFJemFTeUR2b0QzSEZ1bW1DMjRhS1M5bU1iWE53ZjlPVjJRcXNyNCIsImN1c3RvbV9tYXJrZXJfaWNvbiI6eyJpY29uVXJsIjoiaHR0cHM6XC9cL2xhYnJldmEuY29tXC93cC1jb250ZW50XC9wbHVnaW5zXC9sYWJyZXZhLW5ldy1zZXR0aW5nc1wvYXNzZXRzXC9pbWFnZXNcL2ZuX2hvdXNlLnN2ZyIsImljb25TaXplIjpbMzAsMzBdLCJwb3B1cEFuY2hvciI6WzAsLTE2XX0sImN1c3RvbV9jbHVzdGVyX2ljb24iOiJodHRwczpcL1wvbGFicmV2YS5jb21cL3dwLWNvbnRlbnRcL3BsdWdpbnNcL2xhYnJldmEtbmV3LXNldHRpbmdzXC9hc3NldHNcL2ltYWdlc1wvY2x1c3Rlcl9mbi5zdmciLCJtYXBfbWFya2VycyI6W3siaWQiOjg1NTA1LCJsYXQiOjQ1LjY0OTE0MDAwMDIsImxvbmciOjEwLjYxMjk4MDg0NjYsInRvb2x0aXAiOiI8ZGl2IGNsYXNzPVwiaW5mb3dpbmRvdy13cmFwcGVyXCI+XG5cdDxhIGhyZWY9XCJodHRwczpcL1wvbGFicmV2YS5jb21cL2l0XC9jYXNhLXZhY2FuemFcL3ZpbGxhLXRlbnV0YS1sYS1zcGxlbmRpZGEtYW50aWNhXC9cIiB0YXJnZXQ9XCJfYmxhbmtcIj5cblx0XHQ8aW1nIHdpZHRoPVwiMTIwMFwiIGhlaWdodD1cIjc5OVwiIHNyYz1cImh0dHBzOlwvXC9sYWJyZXZhLmNvbVwvd3AtY29udGVudFwvdXBsb2Fkc1wvMjAyNVwvMTFcL21mNzY0OTI0MS5qcGdcIiBjbGFzcz1cIm1hcC10b29sdGlwLWltYWdlIHdwLXBvc3QtaW1hZ2VcIiBhbHQ9XCJcIiBzcmNzZXQ9XCJodHRwczpcL1wvbGFicmV2YS5jb21cL3dwLWNvbnRlbnRcL3VwbG9hZHNcLzIwMjVcLzExXC9tZjc2NDkyNDEuanBnIDEyMDB3LCBodHRwczpcL1wvbGFicmV2YS5jb21cL3dwLWNvbnRlbnRcL3VwbG9hZHNcLzIwMjVcLzExXC9tZjc2NDkyNDEtNzY4eDUxMS5qcGcgNzY4d1wiIHNpemVzPVwiKG1heC13aWR0aDogMTIwMHB4KSAxMDB2dywgMTIwMHB4XCIgXC8+XHRcdDxkaXYgY2xhc3M9XCJpbmZvLXdyYXBwZXJcIj5cblx0XHRcdDxoMz5WaWxsYSBUZW51dGEgTGEgU3BsZW5kaWRhIEFudGljYTxcL2gzPlxuXHRcdFx0PGRpdiBjbGFzcz1cImhpZ2hsaWdodHMtd3JhcHBlclwiPlxuXHRcdFx0XHQ8IS0tICAtLT5cblx0XHRcdFx0PGRpdiBjbGFzcz1cImhpZ2hsaWdodCBzaW5nbGUtaGlnaGxpZ2h0XCI+MTAgT3NwaXRpPFwvZGl2Plx0XHRcdFx0PGRpdiBjbGFzcz1cImhpZ2hsaWdodCBzaW5nbGUtaGlnaGxpZ2h0XCI+NCBjYW1lcmEgZGEgbGV0dG88XC9kaXY+XHRcdFx0XHQ8ZGl2IGNsYXNzPVwiaGlnaGxpZ2h0IHNpbmdsZS1oaWdobGlnaHRcIj4zMTAgbVx1MDBiMjxcL2Rpdj5cdFx0XHQ8XC9kaXY+XG5cdFx0PFwvZGl2PlxuXHQ8XC9hPlxuPFwvZGl2PlxuIn0seyJpZCI6ODU0OTIsImxhdCI6NDUuNjQ5MjYsImxvbmciOjEwLjYxMzQxLCJ0b29sdGlwIjoiPGRpdiBjbGFzcz1cImluZm93aW5kb3ctd3JhcHBlclwiPlxuXHQ8YSBocmVmPVwiaHR0cHM6XC9cL2xhYnJldmEuY29tXC9pdFwvY2FzYS12YWNhbnphXC92aWxsYS1zZWx2ZS1kZS1sdXhlXC9cIiB0YXJnZXQ9XCJfYmxhbmtcIj5cblx0XHQ8aW1nIHdpZHRoPVwiNzAwXCIgaGVpZ2h0PVwiNTI1XCIgc3JjPVwiaHR0cHM6XC9cL2xhYnJldmEuY29tXC93cC1jb250ZW50XC91cGxvYWRzXC8yMDI1XC8xMVwvbWY3NjUwMzIwLmpwZ1wiIGNsYXNzPVwibWFwLXRvb2x0aXAtaW1hZ2Ugd3AtcG9zdC1pbWFnZVwiIGFsdD1cIlwiIFwvPlx0XHQ8ZGl2IGNsYXNzPVwiaW5mby13cmFwcGVyXCI+XG5cdFx0XHQ8aDM+VmlsbGEgU2VsdmUgZGUgTHV4ZTxcL2gzPlxuXHRcdFx0PGRpdiBjbGFzcz1cImhpZ2hsaWdodHMtd3JhcHBlclwiPlxuXHRcdFx0XHQ8IS0tICAtLT5cblx0XHRcdFx0PGRpdiBjbGFzcz1cImhpZ2hsaWdodCBzaW5nbGUtaGlnaGxpZ2h0XCI+OCBPc3BpdGk8XC9kaXY+XHRcdFx0XHQ8ZGl2IGNsYXNzPVwiaGlnaGxpZ2h0IHNpbmdsZS1oaWdobGlnaHRcIj4zIGNhbWVyYSBkYSBsZXR0bzxcL2Rpdj5cdFx0XHRcdDxkaXYgY2xhc3M9XCJoaWdobGlnaHQgc2luZ2xlLWhpZ2hsaWdodFwiPjM1MCBtXHUwMGIyPFwvZGl2Plx0XHRcdDxcL2Rpdj5cblx0XHQ8XC9kaXY+XG5cdDxcL2E+XG48XC9kaXY+XG4ifV19><\/beon-maps-element>\n        <\/div>\n    <\/div>\n    <dialog id=\"map-wrapper\" class=\"beon-search-popup\" role=\"dialog\" aria-modal=\"false\" closedby=\"any\">\n        <button id=\"map-popup-close\" type=\"button\">\n            <img loading=\"lazy\" \n                alt=\"chiudi popup\"\n                height=\"12\" \n                width=\"12\" \n                src=\"https:\/\/labreva.com\/wp-content\/themes\/labreva-new-theme\/assets\/images\/close.svg\"\n                loading=\"lazy\"\n                decoding=\"async\"\n            >\n        <\/button>\n        <div class=\"beon-search-popup-main\" id=\"beon-search-popup-map-wrapper\">\n            <div class=\"beon-search-popup-headline\">\n                <img loading=\"lazy\" \n                    alt=\"Mappa\"\n                    height=\"20\" \n                    width=\"20\" \n                    src=\"https:\/\/labreva.com\/wp-content\/themes\/labreva-new-theme\/assets\/images\/map.svg\"\n                    loading=\"lazy\"\n                    decoding=\"async\"\n                >\n                Mappa            <\/div>\n            <hr class=\"beon-search-hr\">\n            <div class=\"beon-search-popup-content\"><\/div>\n        <\/div>\n    <\/dialog>\n<\/main>\n<\/div>\n\t\t\t\t\t\t<\/div>\n\t\t\t\t<\/div>\n\t\t<div class=\"elementor-element elementor-element-44fe61b e-flex e-con-boxed e-con e-parent\" data-id=\"44fe61b\" data-element_type=\"container\" data-e-type=\"container\">\n\t\t\t\t\t<div class=\"e-con-inner\">\n\t\t<div class=\"elementor-element elementor-element-6e814041 e-con-full e-flex e-con e-child\" data-id=\"6e814041\" data-element_type=\"container\" data-e-type=\"container\">\n\t\t<div class=\"elementor-element elementor-element-3e5b9c1f e-con-full e-flex e-con e-child\" data-id=\"3e5b9c1f\" data-element_type=\"container\" data-e-type=\"container\" data-settings=\"{&quot;background_background&quot;:&quot;classic&quot;}\">\n\t\t\t\t<\/div>\n\t\t<div class=\"elementor-element elementor-element-3ac4248c e-con-full e-flex e-con e-child\" data-id=\"3ac4248c\" data-element_type=\"container\" data-e-type=\"container\">\n\t\t\t\t<div class=\"elementor-element elementor-element-33aeae2 elementor-widget elementor-widget-heading\" data-id=\"33aeae2\" data-element_type=\"widget\" data-e-type=\"widget\" data-widget_type=\"heading.default\">\n\t\t\t\t\t<h2 class=\"elementor-heading-title elementor-size-default\">La vostra oasi privata di relax<\/h2>\t\t\t\t<\/div>\n\t\t\t\t<div class=\"elementor-element elementor-element-7e3e16dc elementor-widget__width-inherit elementor-widget-tablet__width-inherit elementor-widget elementor-widget-text-editor\" data-id=\"7e3e16dc\" data-element_type=\"widget\" data-e-type=\"widget\" data-widget_type=\"text-editor.default\">\n\t\t\t\t\t\t\t\t\t<p>Immaginate di iniziare la giornata con una colazione sulla terrazza della vostra esclusiva villa sul Lago di Garda, circondati da uliveti mediterranei e con una vista mozzafiato sul lago. Dopodich\u00e9 potrete godervi la tranquillit\u00e0 della vostra piscina privata \u2013 senza confusione, completamente in privato. Che vogliate fare qualche vasca, rilassarvi con un libro su una sdraio o tuffarvi in famiglia \u2013 la scelta \u00e8 tutta vostra. La vostra villa non offre solo un luogo di relax, ma anche un rifugio di lusso che vi garantisce la massima libert\u00e0.   <\/p>\t\t\t\t\t\t\t\t<\/div>\n\t\t\t\t<\/div>\n\t\t\t\t<\/div>\n\t\t<div class=\"elementor-element elementor-element-2c2d807f e-con-full e-flex e-con e-child\" data-id=\"2c2d807f\" data-element_type=\"container\" data-e-type=\"container\">\n\t\t\t\t<div class=\"elementor-element elementor-element-48d7ee7d elementor-widget elementor-widget-spacer\" data-id=\"48d7ee7d\" data-element_type=\"widget\" data-e-type=\"widget\" data-widget_type=\"spacer.default\">\n\t\t\t\t\t\t\t<div class=\"elementor-spacer\">\n\t\t\t<div class=\"elementor-spacer-inner\"><\/div>\n\t\t<\/div>\n\t\t\t\t\t\t<\/div>\n\t\t\t\t<\/div>\n\t\t<div class=\"elementor-element elementor-element-565f58c6 e-con-full e-flex e-con e-child\" data-id=\"565f58c6\" data-element_type=\"container\" data-e-type=\"container\">\n\t\t<div class=\"elementor-element elementor-element-19fc468 e-con-full e-flex e-con e-child\" data-id=\"19fc468\" data-element_type=\"container\" data-e-type=\"container\" data-settings=\"{&quot;background_background&quot;:&quot;classic&quot;}\">\n\t\t\t\t<\/div>\n\t\t<div class=\"elementor-element elementor-element-b8b3fca e-con-full e-flex e-con e-child\" data-id=\"b8b3fca\" data-element_type=\"container\" data-e-type=\"container\">\n\t\t\t\t<div class=\"elementor-element elementor-element-65f4acc3 elementor-widget elementor-widget-heading\" data-id=\"65f4acc3\" data-element_type=\"widget\" data-e-type=\"widget\" data-widget_type=\"heading.default\">\n\t\t\t\t\t<h2 class=\"elementor-heading-title elementor-size-default\">Perfetto per ogni esigenza<\/h2>\t\t\t\t<\/div>\n\t\t\t\t<div class=\"elementor-element elementor-element-3bb6a411 elementor-widget-tablet__width-inherit elementor-widget elementor-widget-text-editor\" data-id=\"3bb6a411\" data-element_type=\"widget\" data-e-type=\"widget\" data-widget_type=\"text-editor.default\">\n\t\t\t\t\t\t\t\t\t<p>Le <strong>ville sul Lago di Garda<\/strong> offrono tutto ci\u00f2 che il cuore desidera: ampi spazi abitativi, arredamenti eleganti e spesso anche extra lussuosi come vasca idromassaggio, sauna o una cucina moderna. Sono ideali per gruppi numerosi e famiglie che cercano di trascorrere del tempo prezioso insieme, o per amici che vogliono vivere una vacanza indimenticabile. Con la flessibilit\u00e0 di organizzare la propria giornata come si desidera, la vostra villa diventer\u00e0 il punto di partenza perfetto per escursioni o semplicemente per trascorrere giornate rilassanti in piscina.  <\/p>\t\t\t\t\t\t\t\t<\/div>\n\t\t\t\t<\/div>\n\t\t\t\t<\/div>\n\t\t<div class=\"elementor-element elementor-element-9fccff8 e-con-full e-flex e-con e-child\" data-id=\"9fccff8\" data-element_type=\"container\" data-e-type=\"container\">\n\t\t<div class=\"elementor-element elementor-element-18255fd e-con-full e-flex e-con e-child\" data-id=\"18255fd\" data-element_type=\"container\" data-e-type=\"container\" data-settings=\"{&quot;background_background&quot;:&quot;classic&quot;}\">\n\t\t\t\t<\/div>\n\t\t<div class=\"elementor-element elementor-element-d5e28ea e-con-full e-flex e-con e-child\" data-id=\"d5e28ea\" data-element_type=\"container\" data-e-type=\"container\">\n\t\t\t\t<div class=\"elementor-element elementor-element-ae0c58c elementor-widget elementor-widget-heading\" data-id=\"ae0c58c\" data-element_type=\"widget\" data-e-type=\"widget\" data-widget_type=\"heading.default\">\n\t\t\t\t\t<h2 class=\"elementor-heading-title elementor-size-default\">Vacanza attiva incontra il piacere<\/h2>\t\t\t\t<\/div>\n\t\t\t\t<div class=\"elementor-element elementor-element-27b6e05 elementor-widget__width-inherit elementor-widget-tablet__width-inherit elementor-widget elementor-widget-text-editor\" data-id=\"27b6e05\" data-element_type=\"widget\" data-e-type=\"widget\" data-widget_type=\"text-editor.default\">\n\t\t\t\t\t\t\t\t\t<p>Il Lago di Garda attira non solo per la sua bellezza paesaggistica, ma anche per la sua impressionante variet\u00e0 di attivit\u00e0. Esplorate incantevoli localit\u00e0 come Sirmione, nota per le sue terme e l&#8217;imponente Castello Scaligero, o Riva del Garda, dove gli appassionati di attivit\u00e0 all&#8217;aperto possono divertirsi con escursioni e sport acquatici. Bardolino e Lazise invitano a momenti di piacere con le loro romantiche vie e i ristoranti di prim&#8217;ordine. Provate le specialit\u00e0 regionali come il pesce fresco, la pasta fatta in casa e i famosi vini della zona.   <\/p><p>Per gli amanti della natura, le montagne circostanti e gli uliveti offrono innumerevoli percorsi escursionistici e ciclabili con viste mozzafiato. I golfisti possono perfezionare il loro gioco su campi eccellenti, mentre gli appassionati di sport acquatici possono esplorare il lago con barche a vela, kayak o tavole da stand-up paddle. E dopo una giornata ricca di emozioni, vi attende il vostro alloggio di lusso, dove potrete ripercorrere con relax tutte le esperienze vissute.  <\/p>\t\t\t\t\t\t\t\t<\/div>\n\t\t\t\t<\/div>\n\t\t\t\t<\/div>\n\t\t<div class=\"elementor-element elementor-element-03d4e1a e-con-full e-flex e-con e-child\" data-id=\"03d4e1a\" data-element_type=\"container\" data-e-type=\"container\">\n\t\t\t\t<div class=\"elementor-element elementor-element-2c32b03 elementor-widget elementor-widget-spacer\" data-id=\"2c32b03\" data-element_type=\"widget\" data-e-type=\"widget\" data-widget_type=\"spacer.default\">\n\t\t\t\t\t\t\t<div class=\"elementor-spacer\">\n\t\t\t<div class=\"elementor-spacer-inner\"><\/div>\n\t\t<\/div>\n\t\t\t\t\t\t<\/div>\n\t\t\t\t<\/div>\n\t\t<div class=\"elementor-element elementor-element-5f714b9 e-con-full e-flex e-con e-child\" data-id=\"5f714b9\" data-element_type=\"container\" data-e-type=\"container\">\n\t\t<div class=\"elementor-element elementor-element-8cb862c e-con-full e-flex e-con e-child\" data-id=\"8cb862c\" data-element_type=\"container\" data-e-type=\"container\" data-settings=\"{&quot;background_background&quot;:&quot;classic&quot;}\">\n\t\t\t\t<\/div>\n\t\t<div class=\"elementor-element elementor-element-fc2f0c5 e-con-full e-flex e-con e-child\" data-id=\"fc2f0c5\" data-element_type=\"container\" data-e-type=\"container\">\n\t\t\t\t<div class=\"elementor-element elementor-element-bec0919 elementor-widget elementor-widget-heading\" data-id=\"bec0919\" data-element_type=\"widget\" data-e-type=\"widget\" data-widget_type=\"heading.default\">\n\t\t\t\t\t<h2 class=\"elementor-heading-title elementor-size-default\">Perch\u00e9 una villa al Lago di Garda?<\/h2>\t\t\t\t<\/div>\n\t\t\t\t<div class=\"elementor-element elementor-element-a95c43d elementor-widget-tablet__width-inherit elementor-widget elementor-widget-text-editor\" data-id=\"a95c43d\" data-element_type=\"widget\" data-e-type=\"widget\" data-widget_type=\"text-editor.default\">\n\t\t\t\t\t\t\t\t\t<ul><li>Massima privacy: nessuna folla, solo voi e i vostri cari. Godetevi ore di tranquillit\u00e0 nella vostra oasi privata. <\/li><li><strong>Comfort e libert\u00e0: <\/strong>Organizza la tua giornata esattamente come desideri \u2013 che sia una colazione rilassante sulla terrazza, un tuffo in piscina o una serata tranquilla con vista sul lago.<\/li><li><strong>Atmosfera esclusiva: <\/strong>Una villa di lusso sul Lago di Garda offre non solo dotazioni di prima classe, ma anche una sensazione di unicit\u00e0. Ogni villa \u00e8 un rifugio che garantisce momenti indimenticabili. <\/li><\/ul><p>Una vacanza in una villa con piscina privata sul Lago di Garda \u00e8 pi\u00f9 di un semplice viaggio \u2013 \u00e8 un&#8217;esperienza di alto livello. Immaginate di svegliarvi al mattino con la vista sulle acque scintillanti, iniziare la giornata con un bagno rinfrescante in piscina e concludere la sera gustando un bicchiere di vino al tramonto. Il Lago di Garda unisce il fascino mediterraneo, una natura impressionante e attrazioni culturali che rendono ogni soggiorno unico. Immergetevi in un mondo che combina alla perfezione lusso, relax e la gioia di vivere italiana.   <\/p><p>Prenotate la villa dei vostri sogni e lasciatevi incantare dalla bellezza senza pari, dalla gioia di vivere italiana e dal lusso del Lago di Garda!<\/p>\t\t\t\t\t\t\t\t<\/div>\n\t\t\t\t<\/div>\n\t\t\t\t<\/div>\n\t\t\t\t\t<\/div>\n\t\t\t\t<\/div>\n\t\t\t\t<\/div>\n\t\t","protected":false},"excerpt":{"rendered":"<p>esclusivo &#8211; lussuoso &#8211; da sogno Una vacanza al Lago di Garda \u00e8 il sogno di molti viaggiatori \u2013 e una villa con piscina privata rende questa esperienza ancora pi\u00f9 indimenticabile. Il Lago di Garda, incastonato tra le Alpi e il pittoresco paesaggio del Nord Italia, offre uno scenario che unisce lusso e bellezze naturali. [&hellip;]<\/p>\n","protected":false},"author":1,"featured_media":80187,"parent":0,"menu_order":0,"comment_status":"closed","ping_status":"closed","template":"","meta":{"_acf_changed":false,"footnotes":""},"seitenart":[77],"class_list":["post-83354","page","type-page","status-publish","has-post-thumbnail","hentry","seitenart-landing-page-custom-template"],"acf":[],"yoast_head":"<!-- This site is optimized with the Yoast SEO plugin v27.3 - https:\/\/yoast.com\/product\/yoast-seo-wordpress\/ -->\n<title>Villa sul Lago di Garda - LABREVA - Feriendomizile am Comer See<\/title>\n<meta name=\"description\" content=\"Una vacanza al Lago di Garda \u00e8 il sogno di molti viaggiatori \u2013 e una villa con piscina privata rende questa esperienza ancora pi\u00f9 indimenticabile.\" \/>\n<meta name=\"robots\" content=\"index, follow, max-snippet:-1, max-image-preview:large, max-video-preview:-1\" \/>\n<link rel=\"canonical\" href=\"https:\/\/labreva.com\/it\/villa-sul-lago-di-garda\/\" \/>\n<meta property=\"og:locale\" content=\"it_IT\" \/>\n<meta property=\"og:type\" content=\"article\" \/>\n<meta property=\"og:title\" content=\"Villa sul Lago di Garda - LABREVA - Feriendomizile am Comer See\" \/>\n<meta property=\"og:description\" content=\"Una vacanza al Lago di Garda \u00e8 il sogno di molti viaggiatori \u2013 e una villa con piscina privata rende questa esperienza ancora pi\u00f9 indimenticabile.\" \/>\n<meta property=\"og:url\" content=\"https:\/\/labreva.com\/it\/villa-sul-lago-di-garda\/\" \/>\n<meta property=\"og:site_name\" content=\"LABREVA - Feriendomizile am Comer See\" \/>\n<meta property=\"article:modified_time\" content=\"2026-01-29T17:26:04+00:00\" \/>\n<meta property=\"og:image\" content=\"https:\/\/labreva.com\/wp-content\/uploads\/2026\/01\/landscape-7901065_1920.jpg\" \/>\n\t<meta property=\"og:image:width\" content=\"1920\" \/>\n\t<meta property=\"og:image:height\" content=\"1280\" \/>\n\t<meta property=\"og:image:type\" content=\"image\/jpeg\" \/>\n<meta name=\"twitter:card\" content=\"summary_large_image\" \/>\n<meta name=\"twitter:label1\" content=\"Tempo di lettura stimato\" \/>\n\t<meta name=\"twitter:data1\" content=\"3 minuti\" \/>\n<script type=\"application\/ld+json\" class=\"yoast-schema-graph\">{\"@context\":\"https:\\\/\\\/schema.org\",\"@graph\":[{\"@type\":\"WebPage\",\"@id\":\"https:\\\/\\\/labreva.com\\\/it\\\/villa-sul-lago-di-garda\\\/\",\"url\":\"https:\\\/\\\/labreva.com\\\/it\\\/villa-sul-lago-di-garda\\\/\",\"name\":\"Villa sul Lago di Garda - LABREVA - Feriendomizile am Comer See\",\"isPartOf\":{\"@id\":\"https:\\\/\\\/labreva.com\\\/it\\\/#website\"},\"primaryImageOfPage\":{\"@id\":\"https:\\\/\\\/labreva.com\\\/it\\\/villa-sul-lago-di-garda\\\/#primaryimage\"},\"image\":{\"@id\":\"https:\\\/\\\/labreva.com\\\/it\\\/villa-sul-lago-di-garda\\\/#primaryimage\"},\"thumbnailUrl\":\"https:\\\/\\\/labreva.com\\\/wp-content\\\/uploads\\\/2026\\\/01\\\/landscape-7901065_1920.jpg\",\"datePublished\":\"2026-01-13T13:51:35+00:00\",\"dateModified\":\"2026-01-29T17:26:04+00:00\",\"description\":\"Una vacanza al Lago di Garda \u00e8 il sogno di molti viaggiatori \u2013 e una villa con piscina privata rende questa esperienza ancora pi\u00f9 indimenticabile.\",\"breadcrumb\":{\"@id\":\"https:\\\/\\\/labreva.com\\\/it\\\/villa-sul-lago-di-garda\\\/#breadcrumb\"},\"inLanguage\":\"it-IT\",\"potentialAction\":[{\"@type\":\"ReadAction\",\"target\":[\"https:\\\/\\\/labreva.com\\\/it\\\/villa-sul-lago-di-garda\\\/\"]}]},{\"@type\":\"ImageObject\",\"inLanguage\":\"it-IT\",\"@id\":\"https:\\\/\\\/labreva.com\\\/it\\\/villa-sul-lago-di-garda\\\/#primaryimage\",\"url\":\"https:\\\/\\\/labreva.com\\\/wp-content\\\/uploads\\\/2026\\\/01\\\/landscape-7901065_1920.jpg\",\"contentUrl\":\"https:\\\/\\\/labreva.com\\\/wp-content\\\/uploads\\\/2026\\\/01\\\/landscape-7901065_1920.jpg\",\"width\":1920,\"height\":1280},{\"@type\":\"BreadcrumbList\",\"@id\":\"https:\\\/\\\/labreva.com\\\/it\\\/villa-sul-lago-di-garda\\\/#breadcrumb\",\"itemListElement\":[{\"@type\":\"ListItem\",\"position\":1,\"name\":\"Startseite\",\"item\":\"https:\\\/\\\/labreva.com\\\/it\\\/\"},{\"@type\":\"ListItem\",\"position\":2,\"name\":\"Villa sul Lago di Garda\"}]},{\"@type\":\"WebSite\",\"@id\":\"https:\\\/\\\/labreva.com\\\/it\\\/#website\",\"url\":\"https:\\\/\\\/labreva.com\\\/it\\\/\",\"name\":\"LABREVA - Feriendomizile am Comer See\",\"description\":\"\",\"publisher\":{\"@id\":\"https:\\\/\\\/labreva.com\\\/it\\\/#organization\"},\"potentialAction\":[{\"@type\":\"SearchAction\",\"target\":{\"@type\":\"EntryPoint\",\"urlTemplate\":\"https:\\\/\\\/labreva.com\\\/it\\\/?s={search_term_string}\"},\"query-input\":{\"@type\":\"PropertyValueSpecification\",\"valueRequired\":true,\"valueName\":\"search_term_string\"}}],\"inLanguage\":\"it-IT\"},{\"@type\":\"Organization\",\"@id\":\"https:\\\/\\\/labreva.com\\\/it\\\/#organization\",\"name\":\"LABREVA - Feriendomizile am Comer See\",\"url\":\"https:\\\/\\\/labreva.com\\\/it\\\/\",\"logo\":{\"@type\":\"ImageObject\",\"inLanguage\":\"it-IT\",\"@id\":\"https:\\\/\\\/labreva.com\\\/it\\\/#\\\/schema\\\/logo\\\/image\\\/\",\"url\":\"https:\\\/\\\/labreva.com\\\/wp-content\\\/uploads\\\/2025\\\/11\\\/Labreva_Logo_RGB_5.svg\",\"contentUrl\":\"https:\\\/\\\/labreva.com\\\/wp-content\\\/uploads\\\/2025\\\/11\\\/Labreva_Logo_RGB_5.svg\",\"caption\":\"LABREVA - Feriendomizile am Comer See\"},\"image\":{\"@id\":\"https:\\\/\\\/labreva.com\\\/it\\\/#\\\/schema\\\/logo\\\/image\\\/\"}}]}<\/script>\n<!-- \/ Yoast SEO plugin. -->","yoast_head_json":{"title":"Villa sul Lago di Garda - LABREVA - Feriendomizile am Comer See","description":"Una vacanza al Lago di Garda \u00e8 il sogno di molti viaggiatori \u2013 e una villa con piscina privata rende questa esperienza ancora pi\u00f9 indimenticabile.","robots":{"index":"index","follow":"follow","max-snippet":"max-snippet:-1","max-image-preview":"max-image-preview:large","max-video-preview":"max-video-preview:-1"},"canonical":"https:\/\/labreva.com\/it\/villa-sul-lago-di-garda\/","og_locale":"it_IT","og_type":"article","og_title":"Villa sul Lago di Garda - LABREVA - Feriendomizile am Comer See","og_description":"Una vacanza al Lago di Garda \u00e8 il sogno di molti viaggiatori \u2013 e una villa con piscina privata rende questa esperienza ancora pi\u00f9 indimenticabile.","og_url":"https:\/\/labreva.com\/it\/villa-sul-lago-di-garda\/","og_site_name":"LABREVA - Feriendomizile am Comer See","article_modified_time":"2026-01-29T17:26:04+00:00","og_image":[{"width":1920,"height":1280,"url":"https:\/\/labreva.com\/wp-content\/uploads\/2026\/01\/landscape-7901065_1920.jpg","type":"image\/jpeg"}],"twitter_card":"summary_large_image","twitter_misc":{"Tempo di lettura stimato":"3 minuti"},"schema":{"@context":"https:\/\/schema.org","@graph":[{"@type":"WebPage","@id":"https:\/\/labreva.com\/it\/villa-sul-lago-di-garda\/","url":"https:\/\/labreva.com\/it\/villa-sul-lago-di-garda\/","name":"Villa sul Lago di Garda - LABREVA - Feriendomizile am Comer See","isPartOf":{"@id":"https:\/\/labreva.com\/it\/#website"},"primaryImageOfPage":{"@id":"https:\/\/labreva.com\/it\/villa-sul-lago-di-garda\/#primaryimage"},"image":{"@id":"https:\/\/labreva.com\/it\/villa-sul-lago-di-garda\/#primaryimage"},"thumbnailUrl":"https:\/\/labreva.com\/wp-content\/uploads\/2026\/01\/landscape-7901065_1920.jpg","datePublished":"2026-01-13T13:51:35+00:00","dateModified":"2026-01-29T17:26:04+00:00","description":"Una vacanza al Lago di Garda \u00e8 il sogno di molti viaggiatori \u2013 e una villa con piscina privata rende questa esperienza ancora pi\u00f9 indimenticabile.","breadcrumb":{"@id":"https:\/\/labreva.com\/it\/villa-sul-lago-di-garda\/#breadcrumb"},"inLanguage":"it-IT","potentialAction":[{"@type":"ReadAction","target":["https:\/\/labreva.com\/it\/villa-sul-lago-di-garda\/"]}]},{"@type":"ImageObject","inLanguage":"it-IT","@id":"https:\/\/labreva.com\/it\/villa-sul-lago-di-garda\/#primaryimage","url":"https:\/\/labreva.com\/wp-content\/uploads\/2026\/01\/landscape-7901065_1920.jpg","contentUrl":"https:\/\/labreva.com\/wp-content\/uploads\/2026\/01\/landscape-7901065_1920.jpg","width":1920,"height":1280},{"@type":"BreadcrumbList","@id":"https:\/\/labreva.com\/it\/villa-sul-lago-di-garda\/#breadcrumb","itemListElement":[{"@type":"ListItem","position":1,"name":"Startseite","item":"https:\/\/labreva.com\/it\/"},{"@type":"ListItem","position":2,"name":"Villa sul Lago di Garda"}]},{"@type":"WebSite","@id":"https:\/\/labreva.com\/it\/#website","url":"https:\/\/labreva.com\/it\/","name":"LABREVA - Feriendomizile am Comer See","description":"","publisher":{"@id":"https:\/\/labreva.com\/it\/#organization"},"potentialAction":[{"@type":"SearchAction","target":{"@type":"EntryPoint","urlTemplate":"https:\/\/labreva.com\/it\/?s={search_term_string}"},"query-input":{"@type":"PropertyValueSpecification","valueRequired":true,"valueName":"search_term_string"}}],"inLanguage":"it-IT"},{"@type":"Organization","@id":"https:\/\/labreva.com\/it\/#organization","name":"LABREVA - Feriendomizile am Comer See","url":"https:\/\/labreva.com\/it\/","logo":{"@type":"ImageObject","inLanguage":"it-IT","@id":"https:\/\/labreva.com\/it\/#\/schema\/logo\/image\/","url":"https:\/\/labreva.com\/wp-content\/uploads\/2025\/11\/Labreva_Logo_RGB_5.svg","contentUrl":"https:\/\/labreva.com\/wp-content\/uploads\/2025\/11\/Labreva_Logo_RGB_5.svg","caption":"LABREVA - Feriendomizile am Comer See"},"image":{"@id":"https:\/\/labreva.com\/it\/#\/schema\/logo\/image\/"}}]}},"_links":{"self":[{"href":"https:\/\/labreva.com\/it\/wp-json\/wp\/v2\/pages\/83354","targetHints":{"allow":["GET"]}}],"collection":[{"href":"https:\/\/labreva.com\/it\/wp-json\/wp\/v2\/pages"}],"about":[{"href":"https:\/\/labreva.com\/it\/wp-json\/wp\/v2\/types\/page"}],"author":[{"embeddable":true,"href":"https:\/\/labreva.com\/it\/wp-json\/wp\/v2\/users\/1"}],"replies":[{"embeddable":true,"href":"https:\/\/labreva.com\/it\/wp-json\/wp\/v2\/comments?post=83354"}],"version-history":[{"count":1,"href":"https:\/\/labreva.com\/it\/wp-json\/wp\/v2\/pages\/83354\/revisions"}],"predecessor-version":[{"id":83355,"href":"https:\/\/labreva.com\/it\/wp-json\/wp\/v2\/pages\/83354\/revisions\/83355"}],"wp:featuredmedia":[{"embeddable":true,"href":"https:\/\/labreva.com\/it\/wp-json\/wp\/v2\/media\/80187"}],"wp:attachment":[{"href":"https:\/\/labreva.com\/it\/wp-json\/wp\/v2\/media?parent=83354"}],"wp:term":[{"taxonomy":"seitenart","embeddable":true,"href":"https:\/\/labreva.com\/it\/wp-json\/wp\/v2\/seitenart?post=83354"}],"curies":[{"name":"wp","href":"https:\/\/api.w.org\/{rel}","templated":true}]}}