{"id":83255,"date":"2026-01-13T15:02:50","date_gmt":"2026-01-13T14:02:50","guid":{"rendered":"https:\/\/labreva.com\/vacanze-sportive-attivita-sul-lago-di-como\/"},"modified":"2026-01-29T17:22:45","modified_gmt":"2026-01-29T16:22:45","slug":"vacanze-sportive-attivita-sul-lago-di-como","status":"publish","type":"page","link":"https:\/\/labreva.com\/it\/vacanze-sportive-attivita-sul-lago-di-como\/","title":{"rendered":"Vacanze sportive \u2013 Attivit\u00e0 sul Lago di Como"},"content":{"rendered":"\t\t<div data-elementor-type=\"wp-page\" data-elementor-id=\"83255\" class=\"elementor elementor-83255 elementor-79304\" data-elementor-post-type=\"page\">\n\t\t\t\t<div class=\"elementor-element elementor-element-348f2a9 e-flex e-con-boxed e-con e-parent\" data-id=\"348f2a9\" data-element_type=\"container\" data-e-type=\"container\">\n\t\t\t\t\t<div class=\"e-con-inner\">\n\t\t<div class=\"elementor-element elementor-element-c81201a e-con-full e-flex e-con e-child\" data-id=\"c81201a\" data-element_type=\"container\" data-e-type=\"container\">\n\t\t\t\t<div class=\"elementor-element elementor-element-00bcd73 elementor-widget elementor-widget-image\" data-id=\"00bcd73\" data-element_type=\"widget\" data-e-type=\"widget\" data-widget_type=\"image.default\">\n\t\t\t\t\t\t\t\t\t\t\t\t\t\t\t<img fetchpriority=\"high\" decoding=\"async\" width=\"1024\" height=\"683\" src=\"https:\/\/labreva.com\/wp-content\/uploads\/2026\/01\/kite-surfing-8674654_1920-1024x683-1.jpg\" class=\"attachment-large size-large wp-image-79550\" alt=\"\" srcset=\"https:\/\/labreva.com\/wp-content\/uploads\/2026\/01\/kite-surfing-8674654_1920-1024x683-1.jpg 1024w, https:\/\/labreva.com\/wp-content\/uploads\/2026\/01\/kite-surfing-8674654_1920-1024x683-1-768x512.jpg 768w\" sizes=\"(max-width: 1024px) 100vw, 1024px\" \/>\t\t\t\t\t\t\t\t\t\t\t\t\t\t\t<\/div>\n\t\t\t\t<\/div>\n\t\t\t\t\t<\/div>\n\t\t\t\t<\/div>\n\t\t<div class=\"elementor-element elementor-element-48a5dae4 e-con-full e-flex e-con e-child\" data-id=\"48a5dae4\" data-element_type=\"container\" data-e-type=\"container\">\n\t\t\t\t<div class=\"elementor-element elementor-element-74021e47 elementor-widget elementor-widget-heading\" data-id=\"74021e47\" data-element_type=\"widget\" data-e-type=\"widget\" data-widget_type=\"heading.default\">\n\t\t\t\t\t<h1 class=\"elementor-heading-title elementor-size-default\">Vacanze sportive \u2013 Attivit\u00e0 sul Lago di Como<\/h1>\t\t\t\t<\/div>\n\t\t\t\t<div class=\"elementor-element elementor-element-7f309f8c elementor-widget__width-initial elementor-widget-mobile__width-inherit make-text-mobile-sm elementor-widget elementor-widget-text-editor\" data-id=\"7f309f8c\" data-element_type=\"widget\" data-e-type=\"widget\" data-widget_type=\"text-editor.default\">\n\t\t\t\t\t\t\t\t\t<p class=\"lazyloaded\">La regione del Lago di Como \u00e8 un paradiso per gli amanti delle vacanze attive e la variet\u00e0 delle possibilit\u00e0 offerte \u00e8 molto apprezzata dagli appassionati di sport. Chi vuole praticare sport durante le vacanze, al Lago di Como ha a disposizione un&#8217;ampia gamma di attivit\u00e0 sportive. Gli appassionati di sport acquatici troveranno condizioni di vento ideali soprattutto nella parte settentrionale del lago, dove sono presenti numerose scuole di sport acquatici e surf e noleggi. Le zone intorno a Colico, Dervio, Domaso e Gravedona sono particolarmente consigliate per il <a href=\"https:\/\/labreva.com\/it\/idee-per-le-vacanze\/surf-sul-lago-di-como\/\">windsurf, il kitesurf<\/a>, la vela e altro ancora. <\/p><p class=\"nitro-offscreen\">Anche gli <a href=\"https:\/\/labreva.com\/it\/idee-per-le-vacanze\/escursionismo-sul-lago-di-como\/\">escursionisti<\/a> traggono pieno vantaggio dalla posizione tra le montagne, sia che si tratti di passeggiate leggere o di camminate nei dintorni del vostro appartamento vacanze. Anche le escursioni in montagna sul Lago di Como o persino l&#8217;arrampicata sono molto richieste e ci sono numerosi percorsi popolari. <\/p><p class=\"nitro-offscreen\">Molto popolare \u00e8 anche il Lago di Como tra i <a href=\"https:\/\/labreva.com\/it\/idee-per-le-vacanze\/mountain-bike-sul-lago-di-como\/\">ciclisti e i mountain biker<\/a>, perch\u00e9 ci sono percorsi in bicicletta per tutta la famiglia fino a giri in bici da corsa intorno al Lago di Como.<\/p><p class=\"nitro-offscreen\">Ma anche altri sport sono possibili durante una vacanza attiva sul Lago di Como: che si tratti di golf, equitazione, nuoto, canottaggio o tennis, le possibilit\u00e0 sono molteplici.<\/p><p class=\"nitro-offscreen\">Ogni sport in s\u00e9 \u00e8 un sogno e una raccomandazione assoluta grazie allo scenario mozzafiato tra il lago e le montagne.<\/p>\t\t\t\t\t\t\t\t<\/div>\n\t\t\t\t<\/div>\n\t\t<div class=\"elementor-element elementor-element-44fe61b e-flex e-con-boxed e-con e-parent\" data-id=\"44fe61b\" data-element_type=\"container\" data-e-type=\"container\">\n\t\t\t\t\t<div class=\"e-con-inner\">\n\t\t<div class=\"elementor-element elementor-element-5816e10 e-con-full e-flex e-con e-child\" data-id=\"5816e10\" data-element_type=\"container\" data-e-type=\"container\">\n\t\t\t\t<div class=\"elementor-element elementor-element-de40bea elementor-widget elementor-widget-heading\" data-id=\"de40bea\" data-element_type=\"widget\" data-e-type=\"widget\" data-widget_type=\"heading.default\">\n\t\t\t\t\t<h2 class=\"elementor-heading-title elementor-size-default\">Gli sport pi\u00f9 popolari per una vacanza attiva sul Lago di Como<\/h2>\t\t\t\t<\/div>\n\t\t\t\t<\/div>\n\t\t<div class=\"elementor-element elementor-element-6e814041 e-con-full e-flex e-con e-child\" data-id=\"6e814041\" data-element_type=\"container\" data-e-type=\"container\">\n\t\t<div class=\"elementor-element elementor-element-3e5b9c1f e-con-full e-flex e-con e-child\" data-id=\"3e5b9c1f\" data-element_type=\"container\" data-e-type=\"container\" data-settings=\"{&quot;background_background&quot;:&quot;classic&quot;}\">\n\t\t\t\t<\/div>\n\t\t<div class=\"elementor-element elementor-element-3ac4248c e-con-full e-flex e-con e-child\" data-id=\"3ac4248c\" data-element_type=\"container\" data-e-type=\"container\">\n\t\t\t\t<div class=\"elementor-element elementor-element-33aeae2 elementor-widget elementor-widget-heading\" data-id=\"33aeae2\" data-element_type=\"widget\" data-e-type=\"widget\" data-widget_type=\"heading.default\">\n\t\t\t\t\t<h2 class=\"elementor-heading-title elementor-size-default\">Escursionismo sul Lago di Como\n<\/h2>\t\t\t\t<\/div>\n\t\t\t\t<div class=\"elementor-element elementor-element-410565b4 elementor-widget elementor-widget-text-editor\" data-id=\"410565b4\" data-element_type=\"widget\" data-e-type=\"widget\" data-widget_type=\"text-editor.default\">\n\t\t\t\t\t\t\t\t\t<div class=\"elementor-element elementor-element-6801acb elementor-widget elementor-widget-text-editor\" data-id=\"6801acb\" data-element_type=\"widget\" data-widget_type=\"text-editor.default\"><div class=\"elementor-widget-container\"><p>Il Lago di Como \u00e8 un&#8217;area escursionistica varia e paesaggisticamente meravigliosa. LABREVA offre numerose sistemazioni in posizione ideale come punto di partenza per escursioni. Inoltre, potrete godere di una splendida vista panoramica sul lago e sulle montagne. <\/p><p>Poich\u00e9 il Lago di Como \u00e8 immerso in un gigantesco paesaggio montano, la regione offre escursioni per tutti i livelli: dai sentieri facili e passeggiate pianeggianti, ad esempio nella riserva naturale Pian di Spagna o lungo i percorsi sul lago, a escursioni pi\u00f9 brevi, adatte anche ai bambini piccoli, come quelle a Como collegate alla funivia o nella gola di Nesso, fino a trekking con numerosi percorsi di montagna con dislivelli considerevoli.<\/p><\/div><\/div>\t\t\t\t\t\t\t\t<\/div>\n\t\t\t\t<\/div>\n\t\t\t\t<\/div>\n\t\t<div class=\"elementor-element elementor-element-2c2d807f e-con-full e-flex e-con e-child\" data-id=\"2c2d807f\" data-element_type=\"container\" data-e-type=\"container\">\n\t\t\t\t<div class=\"elementor-element elementor-element-48d7ee7d elementor-widget elementor-widget-spacer\" data-id=\"48d7ee7d\" data-element_type=\"widget\" data-e-type=\"widget\" data-widget_type=\"spacer.default\">\n\t\t\t\t\t\t\t<div class=\"elementor-spacer\">\n\t\t\t<div class=\"elementor-spacer-inner\"><\/div>\n\t\t<\/div>\n\t\t\t\t\t\t<\/div>\n\t\t<div class=\"elementor-element elementor-element-d45dc e-con-full e-flex e-con e-child\" data-id=\"d45dc\" data-element_type=\"container\" data-e-type=\"container\">\n\t\t<div class=\"elementor-element elementor-element-629c4c4c e-con-full e-flex e-con e-child\" data-id=\"629c4c4c\" data-element_type=\"container\" data-e-type=\"container\" data-settings=\"{&quot;background_background&quot;:&quot;classic&quot;}\">\n\t\t\t\t<\/div>\n\t\t<div class=\"elementor-element elementor-element-ff48c1d e-con-full e-flex e-con e-child\" data-id=\"ff48c1d\" data-element_type=\"container\" data-e-type=\"container\">\n\t\t\t\t<div class=\"elementor-element elementor-element-6c999296 elementor-widget elementor-widget-heading\" data-id=\"6c999296\" data-element_type=\"widget\" data-e-type=\"widget\" data-widget_type=\"heading.default\">\n\t\t\t\t\t<h2 class=\"elementor-heading-title elementor-size-default\">Andare in bicicletta al Lago di Como<\/h2>\t\t\t\t<\/div>\n\t\t\t\t<div class=\"elementor-element elementor-element-149d10d elementor-widget elementor-widget-text-editor\" data-id=\"149d10d\" data-element_type=\"widget\" data-e-type=\"widget\" data-widget_type=\"text-editor.default\">\n\t\t\t\t\t\t\t\t\t<div class=\"elementor-element elementor-element-6801acb elementor-widget elementor-widget-text-editor\" data-id=\"6801acb\" data-element_type=\"widget\" data-widget_type=\"text-editor.default\"><div class=\"elementor-widget-container\"><p>Il Lago di Como \u00e8 un paradiso per mountain bike e bici da turismo e offre una vasta gamma di itinerari ciclistici di diversi livelli di difficolt\u00e0, sia per le famiglie con bambini che per i ciclisti pi\u00f9 esperti. Godetevi splendide viste e paesaggi mentre pedalate sul Lago di Como. <\/p><p>Molte delle nostre case vacanze offrono city bike o semplici mountain bike. Ideale se durante le vacanze volete lasciare semplicemente l&#8217;auto e andare in bicicletta sul Lago di Como, per raggiungere la spiaggia pi\u00f9 vicina o anche per fare shopping o andare al ristorante. Ma anche gli appassionati di mountain bike o ciclismo su strada troveranno splendidi percorsi sul Lago di Como e nei dintorni.  <\/p><\/div><\/div><div class=\"elementor-element elementor-element-af1d88b elementor-widget elementor-widget-button\" data-id=\"af1d88b\" data-element_type=\"widget\" data-widget_type=\"button.default\"><div class=\"elementor-widget-container\"><div class=\"elementor-button-wrapper\"> <\/div><\/div><\/div>\t\t\t\t\t\t\t\t<\/div>\n\t\t\t\t<\/div>\n\t\t\t\t<\/div>\n\t\t<div class=\"elementor-element elementor-element-ed03b20 e-con-full e-flex e-con e-child\" data-id=\"ed03b20\" data-element_type=\"container\" data-e-type=\"container\">\n\t\t\t\t<div class=\"elementor-element elementor-element-a8edea2 elementor-widget elementor-widget-spacer\" data-id=\"a8edea2\" data-element_type=\"widget\" data-e-type=\"widget\" data-widget_type=\"spacer.default\">\n\t\t\t\t\t\t\t<div class=\"elementor-spacer\">\n\t\t\t<div class=\"elementor-spacer-inner\"><\/div>\n\t\t<\/div>\n\t\t\t\t\t\t<\/div>\n\t\t\t\t<\/div>\n\t\t\t\t<\/div>\n\t\t<div class=\"elementor-element elementor-element-673cc7c e-con-full e-flex e-con e-child\" data-id=\"673cc7c\" data-element_type=\"container\" data-e-type=\"container\">\n\t\t<div class=\"elementor-element elementor-element-f0dac31 e-con-full e-flex e-con e-child\" data-id=\"f0dac31\" data-element_type=\"container\" data-e-type=\"container\" data-settings=\"{&quot;background_background&quot;:&quot;classic&quot;}\">\n\t\t\t\t<\/div>\n\t\t<div class=\"elementor-element elementor-element-01de372 e-con-full e-flex e-con e-child\" data-id=\"01de372\" data-element_type=\"container\" data-e-type=\"container\">\n\t\t\t\t<div class=\"elementor-element elementor-element-fa4ddf1 elementor-widget elementor-widget-heading\" data-id=\"fa4ddf1\" data-element_type=\"widget\" data-e-type=\"widget\" data-widget_type=\"heading.default\">\n\t\t\t\t\t<h2 class=\"elementor-heading-title elementor-size-default\">Surf sul lago di Como<\/h2>\t\t\t\t<\/div>\n\t\t\t\t<div class=\"elementor-element elementor-element-7d0f9e2 elementor-widget elementor-widget-text-editor\" data-id=\"7d0f9e2\" data-element_type=\"widget\" data-e-type=\"widget\" data-widget_type=\"text-editor.default\">\n\t\t\t\t\t\t\t\t\t<div class=\"elementor-element elementor-element-6801acb elementor-widget elementor-widget-text-editor\" data-id=\"6801acb\" data-element_type=\"widget\" data-widget_type=\"text-editor.default\"><div class=\"elementor-widget-container\"><p>Il Lago di Como \u00e8 molto apprezzato per il <a href=\"https:\/\/labreva.com\/it\/idee-per-le-vacanze\/surf-sul-lago-di-como\/\">windsurf<\/a> grazie ai suoi venti. In particolare, la parte settentrionale del lago con i venti costanti del pomeriggio, la \u201cBreva\u201d e il \u201cTivano\u201d, \u00e8 molto amata dagli sportivi acquatici per il kitesurf e il windsurf sul Lago di Como. Molte delle nostre case vacanza si trovano vicino al lago o direttamente sulle sue sponde, rappresentando un punto di partenza ideale per il windsurf sul Lago di Como. Soprattutto nella parte settentrionale del lago ci sono numerose scuole di surf e noleggi. Se desiderate portare le vostre tavole da surf per fare windsurf sul Lago di Como, ci sono case vacanza con depositi per surf direttamente sul lago.    <\/p><\/div><\/div>\t\t\t\t\t\t\t\t<\/div>\n\t\t\t\t<\/div>\n\t\t\t\t<\/div>\n\t\t\t\t\t<\/div>\n\t\t\t\t<\/div>\n\t\t<div class=\"elementor-element elementor-element-58050ab e-flex e-con-boxed e-con e-parent\" data-id=\"58050ab\" data-element_type=\"container\" data-e-type=\"container\">\n\t\t\t\t\t<div class=\"e-con-inner\">\n\t\t\t\t<div class=\"elementor-element elementor-element-a3bd25b elementor-widget elementor-widget-spacer\" data-id=\"a3bd25b\" data-element_type=\"widget\" data-e-type=\"widget\" data-widget_type=\"spacer.default\">\n\t\t\t\t\t\t\t<div class=\"elementor-spacer\">\n\t\t\t<div class=\"elementor-spacer-inner\"><\/div>\n\t\t<\/div>\n\t\t\t\t\t\t<\/div>\n\t\t\t\t\t<\/div>\n\t\t\t\t<\/div>\n\t\t<div class=\"elementor-element elementor-element-2108fb8 e-flex e-con-boxed e-con e-parent\" data-id=\"2108fb8\" data-element_type=\"container\" data-e-type=\"container\">\n\t\t\t\t\t<div class=\"e-con-inner\">\n\t\t\t\t<div class=\"elementor-element elementor-element-57c3953 elementor-widget elementor-widget-heading\" data-id=\"57c3953\" data-element_type=\"widget\" data-e-type=\"widget\" data-widget_type=\"heading.default\">\n\t\t\t\t\t<h2 class=\"elementor-heading-title elementor-size-default\">Prenota ora una vacanza attiva sul Lago di Como<\/h2>\t\t\t\t<\/div>\n\t\t\t\t<div class=\"elementor-element elementor-element-d35fd94 elementor-widget elementor-widget-text-editor\" data-id=\"d35fd94\" data-element_type=\"widget\" data-e-type=\"widget\" data-widget_type=\"text-editor.default\">\n\t\t\t\t\t\t\t\t\t<p>Su Labreva troverete alloggi per la vostra vacanza attiva sul Lago di Como: che si tratti di case vacanza direttamente sul lago con deposito surf o vicino a una scuola di surf con noleggio surf, rustici in cima alla montagna come punto di partenza ideale per escursioni sul Lago di Como o appartamenti con biciclette o addirittura officina per biciclette.<\/p><p> <\/p><p>Ci basta comunicarci i vostri desideri per le vacanze e troveremo una casa vacanze.<\/p>\t\t\t\t\t\t\t\t<\/div>\n\t\t\t\t\t<\/div>\n\t\t\t\t<\/div>\n\t\t<div class=\"elementor-element elementor-element-7704002a e-flex e-con-boxed e-con e-parent\" data-id=\"7704002a\" data-element_type=\"container\" data-e-type=\"container\">\n\t\t\t\t\t<div class=\"e-con-inner\">\n\t\t\t\t<div class=\"elementor-element elementor-element-29612017 elementor-widget elementor-widget-spacer\" data-id=\"29612017\" data-element_type=\"widget\" data-e-type=\"widget\" data-widget_type=\"spacer.default\">\n\t\t\t\t\t\t\t<div class=\"elementor-spacer\">\n\t\t\t<div class=\"elementor-spacer-inner\"><\/div>\n\t\t<\/div>\n\t\t\t\t\t\t<\/div>\n\t\t\t\t\t<\/div>\n\t\t\t\t<\/div>\n\t\t\t\t<\/div>\n\t\t","protected":false},"excerpt":{"rendered":"<p>La regione del Lago di Como \u00e8 un paradiso per gli amanti delle vacanze attive e la variet\u00e0 delle possibilit\u00e0 offerte \u00e8 molto apprezzata dagli appassionati di sport. Chi vuole praticare sport durante le vacanze, al Lago di Como ha a disposizione un&#8217;ampia gamma di attivit\u00e0 sportive. Gli appassionati di sport acquatici troveranno condizioni di [&hellip;]<\/p>\n","protected":false},"author":1,"featured_media":79542,"parent":0,"menu_order":0,"comment_status":"closed","ping_status":"closed","template":"","meta":{"_acf_changed":false,"footnotes":""},"seitenart":[77],"class_list":["post-83255","page","type-page","status-publish","has-post-thumbnail","hentry","seitenart-landing-page-custom-template"],"acf":[],"yoast_head":"<!-- This site is optimized with the Yoast SEO plugin v27.3 - https:\/\/yoast.com\/product\/yoast-seo-wordpress\/ -->\n<title>Vacanze sportive \u2013 Attivit\u00e0 sul Lago di Como - LABREVA - Feriendomizile am Comer See<\/title>\n<meta name=\"description\" content=\"Chi vuole praticare sport durante le vacanze, al Lago di Como ha a disposizione un&#039;ampia gamma di attivit\u00e0 sportive.\" \/>\n<meta name=\"robots\" content=\"index, follow, max-snippet:-1, max-image-preview:large, max-video-preview:-1\" \/>\n<link rel=\"canonical\" href=\"https:\/\/labreva.com\/it\/vacanze-sportive-attivita-sul-lago-di-como\/\" \/>\n<meta property=\"og:locale\" content=\"it_IT\" \/>\n<meta property=\"og:type\" content=\"article\" \/>\n<meta property=\"og:title\" content=\"Vacanze sportive \u2013 Attivit\u00e0 sul Lago di Como - LABREVA - Feriendomizile am Comer See\" \/>\n<meta property=\"og:description\" content=\"Chi vuole praticare sport durante le vacanze, al Lago di Como ha a disposizione un&#039;ampia gamma di attivit\u00e0 sportive.\" \/>\n<meta property=\"og:url\" content=\"https:\/\/labreva.com\/it\/vacanze-sportive-attivita-sul-lago-di-como\/\" \/>\n<meta property=\"og:site_name\" content=\"LABREVA - Feriendomizile am Comer See\" \/>\n<meta property=\"article:modified_time\" content=\"2026-01-29T16:22:45+00:00\" \/>\n<meta property=\"og:image\" content=\"https:\/\/labreva.com\/wp-content\/uploads\/2026\/01\/Headerbild-Ort-Colico-scaled-1.jpg\" \/>\n\t<meta property=\"og:image:width\" content=\"2560\" \/>\n\t<meta property=\"og:image:height\" content=\"1919\" \/>\n\t<meta property=\"og:image:type\" content=\"image\/jpeg\" \/>\n<meta name=\"twitter:card\" content=\"summary_large_image\" \/>\n<meta name=\"twitter:label1\" content=\"Tempo di lettura stimato\" \/>\n\t<meta name=\"twitter:data1\" content=\"3 minuti\" \/>\n<script type=\"application\/ld+json\" class=\"yoast-schema-graph\">{\"@context\":\"https:\\\/\\\/schema.org\",\"@graph\":[{\"@type\":\"WebPage\",\"@id\":\"https:\\\/\\\/labreva.com\\\/it\\\/vacanze-sportive-attivita-sul-lago-di-como\\\/\",\"url\":\"https:\\\/\\\/labreva.com\\\/it\\\/vacanze-sportive-attivita-sul-lago-di-como\\\/\",\"name\":\"Vacanze sportive \u2013 Attivit\u00e0 sul Lago di Como - LABREVA - Feriendomizile am Comer See\",\"isPartOf\":{\"@id\":\"https:\\\/\\\/labreva.com\\\/it\\\/#website\"},\"primaryImageOfPage\":{\"@id\":\"https:\\\/\\\/labreva.com\\\/it\\\/vacanze-sportive-attivita-sul-lago-di-como\\\/#primaryimage\"},\"image\":{\"@id\":\"https:\\\/\\\/labreva.com\\\/it\\\/vacanze-sportive-attivita-sul-lago-di-como\\\/#primaryimage\"},\"thumbnailUrl\":\"https:\\\/\\\/labreva.com\\\/wp-content\\\/uploads\\\/2026\\\/01\\\/Headerbild-Ort-Colico-scaled-1.jpg\",\"datePublished\":\"2026-01-13T14:02:50+00:00\",\"dateModified\":\"2026-01-29T16:22:45+00:00\",\"description\":\"Chi vuole praticare sport durante le vacanze, al Lago di Como ha a disposizione un'ampia gamma di attivit\u00e0 sportive.\",\"breadcrumb\":{\"@id\":\"https:\\\/\\\/labreva.com\\\/it\\\/vacanze-sportive-attivita-sul-lago-di-como\\\/#breadcrumb\"},\"inLanguage\":\"it-IT\",\"potentialAction\":[{\"@type\":\"ReadAction\",\"target\":[\"https:\\\/\\\/labreva.com\\\/it\\\/vacanze-sportive-attivita-sul-lago-di-como\\\/\"]}]},{\"@type\":\"ImageObject\",\"inLanguage\":\"it-IT\",\"@id\":\"https:\\\/\\\/labreva.com\\\/it\\\/vacanze-sportive-attivita-sul-lago-di-como\\\/#primaryimage\",\"url\":\"https:\\\/\\\/labreva.com\\\/wp-content\\\/uploads\\\/2026\\\/01\\\/Headerbild-Ort-Colico-scaled-1.jpg\",\"contentUrl\":\"https:\\\/\\\/labreva.com\\\/wp-content\\\/uploads\\\/2026\\\/01\\\/Headerbild-Ort-Colico-scaled-1.jpg\",\"width\":2560,\"height\":1919},{\"@type\":\"BreadcrumbList\",\"@id\":\"https:\\\/\\\/labreva.com\\\/it\\\/vacanze-sportive-attivita-sul-lago-di-como\\\/#breadcrumb\",\"itemListElement\":[{\"@type\":\"ListItem\",\"position\":1,\"name\":\"Startseite\",\"item\":\"https:\\\/\\\/labreva.com\\\/it\\\/\"},{\"@type\":\"ListItem\",\"position\":2,\"name\":\"Vacanze sportive \u2013 Attivit\u00e0 sul Lago di Como\"}]},{\"@type\":\"WebSite\",\"@id\":\"https:\\\/\\\/labreva.com\\\/it\\\/#website\",\"url\":\"https:\\\/\\\/labreva.com\\\/it\\\/\",\"name\":\"LABREVA - Feriendomizile am Comer See\",\"description\":\"\",\"publisher\":{\"@id\":\"https:\\\/\\\/labreva.com\\\/it\\\/#organization\"},\"potentialAction\":[{\"@type\":\"SearchAction\",\"target\":{\"@type\":\"EntryPoint\",\"urlTemplate\":\"https:\\\/\\\/labreva.com\\\/it\\\/?s={search_term_string}\"},\"query-input\":{\"@type\":\"PropertyValueSpecification\",\"valueRequired\":true,\"valueName\":\"search_term_string\"}}],\"inLanguage\":\"it-IT\"},{\"@type\":\"Organization\",\"@id\":\"https:\\\/\\\/labreva.com\\\/it\\\/#organization\",\"name\":\"LABREVA - Feriendomizile am Comer See\",\"url\":\"https:\\\/\\\/labreva.com\\\/it\\\/\",\"logo\":{\"@type\":\"ImageObject\",\"inLanguage\":\"it-IT\",\"@id\":\"https:\\\/\\\/labreva.com\\\/it\\\/#\\\/schema\\\/logo\\\/image\\\/\",\"url\":\"https:\\\/\\\/labreva.com\\\/wp-content\\\/uploads\\\/2025\\\/11\\\/Labreva_Logo_RGB_5.svg\",\"contentUrl\":\"https:\\\/\\\/labreva.com\\\/wp-content\\\/uploads\\\/2025\\\/11\\\/Labreva_Logo_RGB_5.svg\",\"caption\":\"LABREVA - Feriendomizile am Comer See\"},\"image\":{\"@id\":\"https:\\\/\\\/labreva.com\\\/it\\\/#\\\/schema\\\/logo\\\/image\\\/\"}}]}<\/script>\n<!-- \/ Yoast SEO plugin. -->","yoast_head_json":{"title":"Vacanze sportive \u2013 Attivit\u00e0 sul Lago di Como - LABREVA - Feriendomizile am Comer See","description":"Chi vuole praticare sport durante le vacanze, al Lago di Como ha a disposizione un'ampia gamma di attivit\u00e0 sportive.","robots":{"index":"index","follow":"follow","max-snippet":"max-snippet:-1","max-image-preview":"max-image-preview:large","max-video-preview":"max-video-preview:-1"},"canonical":"https:\/\/labreva.com\/it\/vacanze-sportive-attivita-sul-lago-di-como\/","og_locale":"it_IT","og_type":"article","og_title":"Vacanze sportive \u2013 Attivit\u00e0 sul Lago di Como - LABREVA - Feriendomizile am Comer See","og_description":"Chi vuole praticare sport durante le vacanze, al Lago di Como ha a disposizione un'ampia gamma di attivit\u00e0 sportive.","og_url":"https:\/\/labreva.com\/it\/vacanze-sportive-attivita-sul-lago-di-como\/","og_site_name":"LABREVA - Feriendomizile am Comer See","article_modified_time":"2026-01-29T16:22:45+00:00","og_image":[{"width":2560,"height":1919,"url":"https:\/\/labreva.com\/wp-content\/uploads\/2026\/01\/Headerbild-Ort-Colico-scaled-1.jpg","type":"image\/jpeg"}],"twitter_card":"summary_large_image","twitter_misc":{"Tempo di lettura stimato":"3 minuti"},"schema":{"@context":"https:\/\/schema.org","@graph":[{"@type":"WebPage","@id":"https:\/\/labreva.com\/it\/vacanze-sportive-attivita-sul-lago-di-como\/","url":"https:\/\/labreva.com\/it\/vacanze-sportive-attivita-sul-lago-di-como\/","name":"Vacanze sportive \u2013 Attivit\u00e0 sul Lago di Como - LABREVA - Feriendomizile am Comer See","isPartOf":{"@id":"https:\/\/labreva.com\/it\/#website"},"primaryImageOfPage":{"@id":"https:\/\/labreva.com\/it\/vacanze-sportive-attivita-sul-lago-di-como\/#primaryimage"},"image":{"@id":"https:\/\/labreva.com\/it\/vacanze-sportive-attivita-sul-lago-di-como\/#primaryimage"},"thumbnailUrl":"https:\/\/labreva.com\/wp-content\/uploads\/2026\/01\/Headerbild-Ort-Colico-scaled-1.jpg","datePublished":"2026-01-13T14:02:50+00:00","dateModified":"2026-01-29T16:22:45+00:00","description":"Chi vuole praticare sport durante le vacanze, al Lago di Como ha a disposizione un'ampia gamma di attivit\u00e0 sportive.","breadcrumb":{"@id":"https:\/\/labreva.com\/it\/vacanze-sportive-attivita-sul-lago-di-como\/#breadcrumb"},"inLanguage":"it-IT","potentialAction":[{"@type":"ReadAction","target":["https:\/\/labreva.com\/it\/vacanze-sportive-attivita-sul-lago-di-como\/"]}]},{"@type":"ImageObject","inLanguage":"it-IT","@id":"https:\/\/labreva.com\/it\/vacanze-sportive-attivita-sul-lago-di-como\/#primaryimage","url":"https:\/\/labreva.com\/wp-content\/uploads\/2026\/01\/Headerbild-Ort-Colico-scaled-1.jpg","contentUrl":"https:\/\/labreva.com\/wp-content\/uploads\/2026\/01\/Headerbild-Ort-Colico-scaled-1.jpg","width":2560,"height":1919},{"@type":"BreadcrumbList","@id":"https:\/\/labreva.com\/it\/vacanze-sportive-attivita-sul-lago-di-como\/#breadcrumb","itemListElement":[{"@type":"ListItem","position":1,"name":"Startseite","item":"https:\/\/labreva.com\/it\/"},{"@type":"ListItem","position":2,"name":"Vacanze sportive \u2013 Attivit\u00e0 sul Lago di Como"}]},{"@type":"WebSite","@id":"https:\/\/labreva.com\/it\/#website","url":"https:\/\/labreva.com\/it\/","name":"LABREVA - Feriendomizile am Comer See","description":"","publisher":{"@id":"https:\/\/labreva.com\/it\/#organization"},"potentialAction":[{"@type":"SearchAction","target":{"@type":"EntryPoint","urlTemplate":"https:\/\/labreva.com\/it\/?s={search_term_string}"},"query-input":{"@type":"PropertyValueSpecification","valueRequired":true,"valueName":"search_term_string"}}],"inLanguage":"it-IT"},{"@type":"Organization","@id":"https:\/\/labreva.com\/it\/#organization","name":"LABREVA - Feriendomizile am Comer See","url":"https:\/\/labreva.com\/it\/","logo":{"@type":"ImageObject","inLanguage":"it-IT","@id":"https:\/\/labreva.com\/it\/#\/schema\/logo\/image\/","url":"https:\/\/labreva.com\/wp-content\/uploads\/2025\/11\/Labreva_Logo_RGB_5.svg","contentUrl":"https:\/\/labreva.com\/wp-content\/uploads\/2025\/11\/Labreva_Logo_RGB_5.svg","caption":"LABREVA - Feriendomizile am Comer See"},"image":{"@id":"https:\/\/labreva.com\/it\/#\/schema\/logo\/image\/"}}]}},"_links":{"self":[{"href":"https:\/\/labreva.com\/it\/wp-json\/wp\/v2\/pages\/83255","targetHints":{"allow":["GET"]}}],"collection":[{"href":"https:\/\/labreva.com\/it\/wp-json\/wp\/v2\/pages"}],"about":[{"href":"https:\/\/labreva.com\/it\/wp-json\/wp\/v2\/types\/page"}],"author":[{"embeddable":true,"href":"https:\/\/labreva.com\/it\/wp-json\/wp\/v2\/users\/1"}],"replies":[{"embeddable":true,"href":"https:\/\/labreva.com\/it\/wp-json\/wp\/v2\/comments?post=83255"}],"version-history":[{"count":1,"href":"https:\/\/labreva.com\/it\/wp-json\/wp\/v2\/pages\/83255\/revisions"}],"predecessor-version":[{"id":83256,"href":"https:\/\/labreva.com\/it\/wp-json\/wp\/v2\/pages\/83255\/revisions\/83256"}],"wp:featuredmedia":[{"embeddable":true,"href":"https:\/\/labreva.com\/it\/wp-json\/wp\/v2\/media\/79542"}],"wp:attachment":[{"href":"https:\/\/labreva.com\/it\/wp-json\/wp\/v2\/media?parent=83255"}],"wp:term":[{"taxonomy":"seitenart","embeddable":true,"href":"https:\/\/labreva.com\/it\/wp-json\/wp\/v2\/seitenart?post=83255"}],"curies":[{"name":"wp","href":"https:\/\/api.w.org\/{rel}","templated":true}]}}