{"id":84054,"date":"2025-12-04T16:24:16","date_gmt":"2025-12-04T15:24:16","guid":{"rendered":"https:\/\/labreva.com\/urlaubsorte-am-comer-see\/san-siro-und-umgebung\/"},"modified":"2026-01-30T17:40:32","modified_gmt":"2026-01-30T16:40:32","slug":"san-siro-e-dintorni","status":"publish","type":"content-urlaubsort","link":"https:\/\/labreva.com\/it\/villaggi-turistici-sul-lago-di-como\/san-siro-e-dintorni\/","title":{"rendered":"San Siro e dintorni"},"content":{"rendered":"\t\t<div data-elementor-type=\"wp-post\" data-elementor-id=\"84054\" class=\"elementor elementor-84054 elementor-76823\" data-elementor-post-type=\"content-urlaubsort\">\n\t\t\t\t<div class=\"elementor-element elementor-element-f1dd05c e-flex e-con-boxed e-con e-parent\" data-id=\"f1dd05c\" data-element_type=\"container\" data-e-type=\"container\">\n\t\t\t\t\t<div class=\"e-con-inner\">\n\t\t\t\t\t<\/div>\n\t\t\t\t<\/div>\n\t\t<div class=\"elementor-element elementor-element-2a0727b2 e-flex e-con-boxed e-con e-parent\" data-id=\"2a0727b2\" data-element_type=\"container\" data-e-type=\"container\">\n\t\t\t\t\t<div class=\"e-con-inner\">\n\t\t<div class=\"elementor-element elementor-element-f7af092 e-con-full beon-carousel-h-fix e-flex e-con e-child\" data-id=\"f7af092\" data-element_type=\"container\" data-e-type=\"container\" data-settings=\"{&quot;background_background&quot;:&quot;classic&quot;}\">\n\t\t\t\t<div class=\"elementor-element elementor-element-83ea83b elementor-pagination-position-inside elementor-widget elementor-widget-image-carousel\" data-id=\"83ea83b\" data-element_type=\"widget\" data-e-type=\"widget\" data-settings=\"{&quot;slides_to_show&quot;:&quot;1&quot;,&quot;navigation&quot;:&quot;dots&quot;,&quot;infinite&quot;:&quot;yes&quot;,&quot;effect&quot;:&quot;slide&quot;,&quot;speed&quot;:500}\" data-widget_type=\"image-carousel.default\">\n\t\t\t\t\t\t\t<div class=\"elementor-image-carousel-wrapper swiper\" role=\"region\" aria-roledescription=\"carousel\" aria-label=\"Content Carousel first\" dir=\"ltr\">\n\t\t\t<div class=\"elementor-image-carousel swiper-wrapper\" aria-live=\"polite\">\n\t\t\t\t\t\t\t\t<div class=\"swiper-slide\" role=\"group\" aria-roledescription=\"slide\" aria-label=\"1 di 7\"><figure class=\"swiper-slide-inner\"><img decoding=\"async\" class=\"swiper-slide-image\" src=\"https:\/\/labreva.com\/wp-content\/uploads\/2025\/12\/IMG_0035-768x576.jpg\" alt=\"IMG_0035\" \/><\/figure><\/div><div class=\"swiper-slide\" role=\"group\" aria-roledescription=\"slide\" aria-label=\"2 di 7\"><figure class=\"swiper-slide-inner\"><img decoding=\"async\" class=\"swiper-slide-image\" src=\"https:\/\/labreva.com\/wp-content\/uploads\/2025\/12\/IMG_0504-768x576.jpg\" alt=\"IMG_0504\" \/><\/figure><\/div><div class=\"swiper-slide\" role=\"group\" aria-roledescription=\"slide\" aria-label=\"3 di 7\"><figure class=\"swiper-slide-inner\"><img decoding=\"async\" class=\"swiper-slide-image\" src=\"https:\/\/labreva.com\/wp-content\/uploads\/2025\/12\/17.-Pianello-Surfen-768x576.jpg\" alt=\"17.-Pianello-Surfen\" \/><\/figure><\/div><div class=\"swiper-slide\" role=\"group\" aria-roledescription=\"slide\" aria-label=\"4 di 7\"><figure class=\"swiper-slide-inner\"><img decoding=\"async\" class=\"swiper-slide-image\" src=\"https:\/\/labreva.com\/wp-content\/uploads\/2025\/12\/15.-Pianello-Strand-768x576.jpg\" alt=\"15.-Pianello-Strand\" \/><\/figure><\/div><div class=\"swiper-slide\" role=\"group\" aria-roledescription=\"slide\" aria-label=\"5 di 7\"><figure class=\"swiper-slide-inner\"><img decoding=\"async\" class=\"swiper-slide-image\" src=\"https:\/\/labreva.com\/wp-content\/uploads\/2025\/12\/IMG_0754-768x586.jpg\" alt=\"IMG_0754\" \/><\/figure><\/div><div class=\"swiper-slide\" role=\"group\" aria-roledescription=\"slide\" aria-label=\"6 di 7\"><figure class=\"swiper-slide-inner\"><img decoding=\"async\" class=\"swiper-slide-image\" src=\"https:\/\/labreva.com\/wp-content\/uploads\/2025\/12\/23.-Bucht-768x576.jpg\" alt=\"23.-Bucht\" \/><\/figure><\/div><div class=\"swiper-slide\" role=\"group\" aria-roledescription=\"slide\" aria-label=\"7 di 7\"><figure class=\"swiper-slide-inner\"><img decoding=\"async\" class=\"swiper-slide-image\" src=\"https:\/\/labreva.com\/wp-content\/uploads\/2025\/12\/9.-Pianello-Hafen-768x574.jpg\" alt=\"9.-Pianello-Hafen\" \/><\/figure><\/div>\t\t\t<\/div>\n\t\t\t\t\t\t\t\n\t\t\t\t\t\t\t\t\t<div class=\"swiper-pagination\"><\/div>\n\t\t\t\t\t\t\t\t\t<\/div>\n\t\t\t\t\t\t<\/div>\n\t\t\t\t<\/div>\n\t\t<div class=\"elementor-element elementor-element-fa65d7 e-con-full e-flex e-con e-child\" data-id=\"fa65d7\" data-element_type=\"container\" data-e-type=\"container\">\n\t\t\t\t<div class=\"elementor-element elementor-element-5ed59a24 elementor-widget elementor-widget-heading\" data-id=\"5ed59a24\" data-element_type=\"widget\" data-e-type=\"widget\" data-widget_type=\"heading.default\">\n\t\t\t\t\t<h2 class=\"elementor-heading-title elementor-size-default\">Pianello del Lario<\/h2>\t\t\t\t<\/div>\n\t\t\t\t<div class=\"elementor-element elementor-element-17e1492f elementor-widget elementor-widget-text-editor\" data-id=\"17e1492f\" data-element_type=\"widget\" data-e-type=\"widget\" data-widget_type=\"text-editor.default\">\n\t\t\t\t\t\t\t\t\t<p>Pianello del Lario \u00e8 un piccolo paese allungato sulla sponda occidentale del Lago di Como. Il comune, che conta circa 1.000 abitanti, appartiene alla provincia di Como e si trova a circa 35 chilometri a nord-est del capoluogo di provincia. <\/p><p>I ristoranti tipici, le trattorie e gli agriturismi di montagna (fattorie con camere per gli ospiti) si trovano in parte direttamente sul Lago di Como, sul lungolago. Pianello del Lario ha un piccolo porto per barche a vela e a motore sul Lago di Como ed \u00e8 un luogo piuttosto tranquillo grazie alla tangenziale sotterranea. Un piccolo supermercato e un panificio garantiscono l&#8217;approvvigionamento di generi di prima necessit\u00e0. Si consiglia una visita alla chiesa di San Martino, situata direttamente sul Lago di Como.   <\/p><p>Il molo offre possibilit\u00e0 di escursioni verso sud, ad esempio a Menaggio, Varenna, o verso nord, ad esempio all&#8217;Abbazia di Piona.<\/p>\t\t\t\t\t\t\t\t<\/div>\n\t\t\t\t<\/div>\n\t\t\t\t\t<\/div>\n\t\t\t\t<\/div>\n\t\t<div class=\"elementor-element elementor-element-2fd26b10 e-flex e-con-boxed e-con e-parent\" data-id=\"2fd26b10\" data-element_type=\"container\" data-e-type=\"container\">\n\t\t\t\t\t<div class=\"e-con-inner\">\n\t\t\t\t<div class=\"elementor-element elementor-element-32cd1251 elementor-widget elementor-widget-spacer\" data-id=\"32cd1251\" data-element_type=\"widget\" data-e-type=\"widget\" data-widget_type=\"spacer.default\">\n\t\t\t\t\t\t\t<div class=\"elementor-spacer\">\n\t\t\t<div class=\"elementor-spacer-inner\"><\/div>\n\t\t<\/div>\n\t\t\t\t\t\t<\/div>\n\t\t\t\t\t<\/div>\n\t\t\t\t<\/div>\n\t\t<div class=\"elementor-element elementor-element-24a2411e e-flex e-con-boxed e-con e-parent\" data-id=\"24a2411e\" data-element_type=\"container\" data-e-type=\"container\">\n\t\t\t\t\t<div class=\"e-con-inner\">\n\t\t<div class=\"elementor-element elementor-element-2696003 e-con-full beon-carousel-h-fix e-flex e-con e-child\" data-id=\"2696003\" data-element_type=\"container\" data-e-type=\"container\" data-settings=\"{&quot;background_background&quot;:&quot;classic&quot;}\">\n\t\t\t\t<div class=\"elementor-element elementor-element-76450f5 elementor-pagination-position-inside elementor-widget elementor-widget-image-carousel\" data-id=\"76450f5\" data-element_type=\"widget\" data-e-type=\"widget\" data-settings=\"{&quot;slides_to_show&quot;:&quot;1&quot;,&quot;navigation&quot;:&quot;dots&quot;,&quot;infinite&quot;:&quot;yes&quot;,&quot;effect&quot;:&quot;slide&quot;,&quot;speed&quot;:500}\" data-widget_type=\"image-carousel.default\">\n\t\t\t\t\t\t\t<div class=\"elementor-image-carousel-wrapper swiper\" role=\"region\" aria-roledescription=\"carousel\" aria-label=\"Content Carousel sec\" dir=\"ltr\">\n\t\t\t<div class=\"elementor-image-carousel swiper-wrapper\" aria-live=\"polite\">\n\t\t\t\t\t\t\t\t<div class=\"swiper-slide\" role=\"group\" aria-roledescription=\"slide\" aria-label=\"1 di 7\"><figure class=\"swiper-slide-inner\"><img decoding=\"async\" class=\"swiper-slide-image\" src=\"https:\/\/labreva.com\/wp-content\/uploads\/2025\/12\/Villa-Gaeta-768x576.jpg\" alt=\"Villa-Gaeta\" \/><\/figure><\/div><div class=\"swiper-slide\" role=\"group\" aria-roledescription=\"slide\" aria-label=\"2 di 7\"><figure class=\"swiper-slide-inner\"><img decoding=\"async\" class=\"swiper-slide-image\" src=\"https:\/\/labreva.com\/wp-content\/uploads\/2025\/12\/23.-Bucht-1-768x576.jpg\" alt=\"23.-Bucht (1)\" \/><\/figure><\/div><div class=\"swiper-slide\" role=\"group\" aria-roledescription=\"slide\" aria-label=\"3 di 7\"><figure class=\"swiper-slide-inner\"><img decoding=\"async\" class=\"swiper-slide-image\" src=\"https:\/\/labreva.com\/wp-content\/uploads\/2025\/12\/P1110520-2-768x576.jpg\" alt=\"P1110520-2\" \/><\/figure><\/div><div class=\"swiper-slide\" role=\"group\" aria-roledescription=\"slide\" aria-label=\"4 di 7\"><figure class=\"swiper-slide-inner\"><img decoding=\"async\" class=\"swiper-slide-image\" src=\"https:\/\/labreva.com\/wp-content\/uploads\/2025\/12\/1.-Cremia-Rezzonico-Pianello-768x512.jpg\" alt=\"1.-Cremia-Rezzonico-Pianello\" \/><\/figure><\/div><div class=\"swiper-slide\" role=\"group\" aria-roledescription=\"slide\" aria-label=\"5 di 7\"><figure class=\"swiper-slide-inner\"><img decoding=\"async\" class=\"swiper-slide-image\" src=\"https:\/\/labreva.com\/wp-content\/uploads\/2025\/12\/iStock-515824824-768x512.jpg\" alt=\"iStock-515824824\" \/><\/figure><\/div><div class=\"swiper-slide\" role=\"group\" aria-roledescription=\"slide\" aria-label=\"6 di 7\"><figure class=\"swiper-slide-inner\"><img decoding=\"async\" class=\"swiper-slide-image\" src=\"https:\/\/labreva.com\/wp-content\/uploads\/2025\/12\/3.-Rezzonico-bei-Nacht-2-768x576.jpg\" alt=\"3.-Rezzonico-bei-Nacht-2\" \/><\/figure><\/div><div class=\"swiper-slide\" role=\"group\" aria-roledescription=\"slide\" aria-label=\"7 di 7\"><figure class=\"swiper-slide-inner\"><img decoding=\"async\" class=\"swiper-slide-image\" src=\"https:\/\/labreva.com\/wp-content\/uploads\/2025\/12\/shutterstock_646328473-768x576.jpg\" alt=\"shutterstock_646328473\" \/><\/figure><\/div>\t\t\t<\/div>\n\t\t\t\t\t\t\t\n\t\t\t\t\t\t\t\t\t<div class=\"swiper-pagination\"><\/div>\n\t\t\t\t\t\t\t\t\t<\/div>\n\t\t\t\t\t\t<\/div>\n\t\t\t\t<\/div>\n\t\t<div class=\"elementor-element elementor-element-21bb69b1 e-con-full e-flex e-con e-child\" data-id=\"21bb69b1\" data-element_type=\"container\" data-e-type=\"container\">\n\t\t\t\t<div class=\"elementor-element elementor-element-4a1eaf70 elementor-widget elementor-widget-heading\" data-id=\"4a1eaf70\" data-element_type=\"widget\" data-e-type=\"widget\" data-widget_type=\"heading.default\">\n\t\t\t\t\t<h2 class=\"elementor-heading-title elementor-size-default\">San Siro<\/h2>\t\t\t\t<\/div>\n\t\t\t\t<div class=\"elementor-element elementor-element-4f36a7bd elementor-widget elementor-widget-text-editor\" data-id=\"4f36a7bd\" data-element_type=\"widget\" data-e-type=\"widget\" data-widget_type=\"text-editor.default\">\n\t\t\t\t\t\t\t\t\t<p>San Siro \u00e8 costituito dai piccoli e romantici villaggi lacustri di Santa Maria Rezzonico, Santa Maria e Acquaseria e si trova sulla sponda superiore del lago, ai piedi del Monte Bregagno. I villaggi lacustri sono collegati quasi interamente da un sentiero panoramico lungo la riva, ideale per passeggiate, jogging e ciclismo. Lungo il percorso si trovano numerosi punti di ristoro, chioschi e strutture sportive.  <\/p><p>Il Castello di Rezzonico, risalente al XIII secolo, gode di una posizione da sogno e circonda un terreno di oltre 2.000 m\u00b2 che si estende fino alla riva del lago. Purtroppo il castello non \u00e8 visitabile, poich\u00e9 \u00e8 di propriet\u00e0 privata. Tuttavia, sotto il castello si trova una spiaggia rocciosa balneabile che pu\u00f2 essere utilizzata.  <\/p>\t\t\t\t\t\t\t\t<\/div>\n\t\t\t\t<\/div>\n\t\t\t\t\t<\/div>\n\t\t\t\t<\/div>\n\t\t<div class=\"elementor-element elementor-element-774efba0 e-flex e-con-boxed e-con e-parent\" data-id=\"774efba0\" data-element_type=\"container\" data-e-type=\"container\">\n\t\t\t\t\t<div class=\"e-con-inner\">\n\t\t\t\t<div class=\"elementor-element elementor-element-4a9faf54 elementor-widget-divider--view-line_icon elementor-view-default elementor-widget-divider--element-align-center elementor-widget elementor-widget-divider\" data-id=\"4a9faf54\" data-element_type=\"widget\" data-e-type=\"widget\" data-widget_type=\"divider.default\">\n\t\t\t\t\t\t\t<div class=\"elementor-divider\">\n\t\t\t<span class=\"elementor-divider-separator\">\n\t\t\t\t\t\t\t<div class=\"elementor-icon elementor-divider__element\">\n\t\t\t\t\t<svg xmlns=\"http:\/\/www.w3.org\/2000\/svg\" id=\"Layer_1\" data-name=\"Layer 1\" width=\"100mm\" height=\"100mm\" viewBox=\"0 0 283.46 283.46\"><path d=\"M98.47,75.4c2.81,54.59-13.86,120.57-39.93,158.25,24.97-11.13,50.58-19.4,76.2-24.59,3.46-62.36-20-109.15-36.28-133.66Z\" fill=\"#f9db8d\"><\/path><path d=\"M99.79,49.82c15.99,19.13,55.53,74.95,52.35,156.19,38.34-5.67,65.28-2.56,72.78-1.45-11.56-43.04-67.12-123.15-125.13-154.74Z\" fill=\"#1f305a\"><\/path><\/svg><\/div>\n\t\t\t\t\t\t<\/span>\n\t\t<\/div>\n\t\t\t\t\t\t<\/div>\n\t\t\t\t\t<\/div>\n\t\t\t\t<\/div>\n\t\t<div class=\"elementor-element elementor-element-32bff8d7 e-flex e-con-boxed e-con e-parent\" data-id=\"32bff8d7\" data-element_type=\"container\" data-e-type=\"container\">\n\t\t\t\t\t<div class=\"e-con-inner\">\n\t\t\t\t<div class=\"elementor-element elementor-element-e32e3d5 elementor-widget elementor-widget-heading\" data-id=\"e32e3d5\" data-element_type=\"widget\" data-e-type=\"widget\" data-widget_type=\"heading.default\">\n\t\t\t\t\t<h2 class=\"elementor-heading-title elementor-size-default\">Attivit\u00e0 e attrazioni a San Siro e dintorni<\/h2>\t\t\t\t<\/div>\n\t\t\t\t<div class=\"elementor-element elementor-element-5c0dffb9 elementor-widget elementor-widget-n-accordion\" data-id=\"5c0dffb9\" data-element_type=\"widget\" data-e-type=\"widget\" data-settings=\"{&quot;n_accordion_animation_duration&quot;:{&quot;unit&quot;:&quot;ms&quot;,&quot;size&quot;:300,&quot;sizes&quot;:[]},&quot;default_state&quot;:&quot;expanded&quot;,&quot;max_items_expended&quot;:&quot;one&quot;}\" data-widget_type=\"nested-accordion.default\">\n\t\t\t\t\t\t\t<div class=\"e-n-accordion\" aria-label=\"Accordion. Open links with Enter or Space, close with Escape, and navigate with Arrow Keys\">\n\t\t\t\t\t\t<details id=\"e-n-accordion-item-1540\" class=\"e-n-accordion-item\" open>\n\t\t\t\t<summary class=\"e-n-accordion-item-title\" data-accordion-index=\"1\" tabindex=\"0\" aria-expanded=\"true\" aria-controls=\"e-n-accordion-item-1540\" >\n\t\t\t\t\t<span class='e-n-accordion-item-title-header'><div class=\"e-n-accordion-item-title-text\"> Collegamenti stradali <\/div><\/span>\n\t\t\t\t\t\t\t<span class='e-n-accordion-item-title-icon'>\n\t\t\t<span class='e-opened' ><svg xmlns=\"http:\/\/www.w3.org\/2000\/svg\" width=\"36\" height=\"36\" viewBox=\"0 0 36 36\" fill=\"none\"><circle cx=\"18\" cy=\"18\" r=\"18\" transform=\"rotate(90 18 18)\" fill=\"#1F305A\"><\/circle><path d=\"M23 19.29L17.5445 14L12.43 19.29\" stroke=\"white\" stroke-width=\"1.5\"><\/path><\/svg><\/span>\n\t\t\t<span class='e-closed'><svg xmlns=\"http:\/\/www.w3.org\/2000\/svg\" width=\"36\" height=\"36\" viewBox=\"0 0 36 36\" fill=\"none\"><circle cx=\"18\" cy=\"18\" r=\"18\" transform=\"matrix(0 -1 -1 0 36 36)\" fill=\"#1F305A\"><\/circle><path d=\"M23 16.71L17.5445 22L12.43 16.71\" stroke=\"white\" stroke-width=\"1.5\"><\/path><\/svg><\/span>\n\t\t<\/span>\n\n\t\t\t\t\t\t<\/summary>\n\t\t\t\t<div role=\"region\" aria-labelledby=\"e-n-accordion-item-1540\" class=\"elementor-element elementor-element-4e90cfa1 e-con-full e-flex e-con e-child\" data-id=\"4e90cfa1\" data-element_type=\"container\" data-e-type=\"container\">\n\t\t\t\t<div class=\"elementor-element elementor-element-63a875ac elementor-widget elementor-widget-text-editor\" data-id=\"63a875ac\" data-element_type=\"widget\" data-e-type=\"widget\" data-widget_type=\"text-editor.default\">\n\t\t\t\t\t\t\t\t\t<p><strong>In auto:<\/strong><\/p><ul><li>Nei villaggi di montagna: parcheggi collettivi nel centro del paese<\/li><li>Cadenabbia, Como o Lugano: mete popolari per gite in auto e tour giornalieri a Milano<\/li><\/ul><p><strong>In nave:<\/strong><\/p><ul><li>Attracchi per imbarcazioni a San Vito e Pianello con possibilit\u00e0 di escursioni verso sud, ad esempio a Menaggio, Varenna, o verso nord, ad esempio all&#8217;Abbazia di Piona.<\/li><li>Da Menaggio partono collegamenti regolari in battello per Como, Bellagio e Varenna.<\/li><\/ul><p><strong>In autobus:<\/strong><\/p><ul><li>Sulla sponda occidentale circola regolarmente l&#8217;autobus pubblico con fermate in tutti i paesi e le citt\u00e0.<\/li><\/ul>\t\t\t\t\t\t\t\t<\/div>\n\t\t\t\t<\/div>\n\t\t\t\t\t<\/details>\n\t\t\t\t\t\t<details id=\"e-n-accordion-item-1541\" class=\"e-n-accordion-item\" >\n\t\t\t\t<summary class=\"e-n-accordion-item-title\" data-accordion-index=\"2\" tabindex=\"-1\" aria-expanded=\"false\" aria-controls=\"e-n-accordion-item-1541\" >\n\t\t\t\t\t<span class='e-n-accordion-item-title-header'><div class=\"e-n-accordion-item-title-text\"> Possibilit\u00e0 di nuoto, spiagge e piscine <\/div><\/span>\n\t\t\t\t\t\t\t<span class='e-n-accordion-item-title-icon'>\n\t\t\t<span class='e-opened' ><svg xmlns=\"http:\/\/www.w3.org\/2000\/svg\" width=\"36\" height=\"36\" viewBox=\"0 0 36 36\" fill=\"none\"><circle cx=\"18\" cy=\"18\" r=\"18\" transform=\"rotate(90 18 18)\" fill=\"#1F305A\"><\/circle><path d=\"M23 19.29L17.5445 14L12.43 19.29\" stroke=\"white\" stroke-width=\"1.5\"><\/path><\/svg><\/span>\n\t\t\t<span class='e-closed'><svg xmlns=\"http:\/\/www.w3.org\/2000\/svg\" width=\"36\" height=\"36\" viewBox=\"0 0 36 36\" fill=\"none\"><circle cx=\"18\" cy=\"18\" r=\"18\" transform=\"matrix(0 -1 -1 0 36 36)\" fill=\"#1F305A\"><\/circle><path d=\"M23 16.71L17.5445 22L12.43 16.71\" stroke=\"white\" stroke-width=\"1.5\"><\/path><\/svg><\/span>\n\t\t<\/span>\n\n\t\t\t\t\t\t<\/summary>\n\t\t\t\t<div role=\"region\" aria-labelledby=\"e-n-accordion-item-1541\" class=\"elementor-element elementor-element-79a97ecc e-con-full e-flex e-con e-child\" data-id=\"79a97ecc\" data-element_type=\"container\" data-e-type=\"container\">\n\t\t\t\t<div class=\"elementor-element elementor-element-1b0864d4 elementor-widget elementor-widget-text-editor\" data-id=\"1b0864d4\" data-element_type=\"widget\" data-e-type=\"widget\" data-widget_type=\"text-editor.default\">\n\t\t\t\t\t\t\t\t\t<ul><li>Splendide baie e spiagge da Pianello a San Vito, ideali per praticare ogni tipo di sport acquatico.<\/li><li>Piccole spiagge pianeggianti, in parte sabbiose, a Rezzonico.<\/li><\/ul>\t\t\t\t\t\t\t\t<\/div>\n\t\t\t\t<\/div>\n\t\t\t\t\t<\/details>\n\t\t\t\t\t\t<details id=\"e-n-accordion-item-1542\" class=\"e-n-accordion-item\" >\n\t\t\t\t<summary class=\"e-n-accordion-item-title\" data-accordion-index=\"3\" tabindex=\"-1\" aria-expanded=\"false\" aria-controls=\"e-n-accordion-item-1542\" >\n\t\t\t\t\t<span class='e-n-accordion-item-title-header'><div class=\"e-n-accordion-item-title-text\"> Sport <\/div><\/span>\n\t\t\t\t\t\t\t<span class='e-n-accordion-item-title-icon'>\n\t\t\t<span class='e-opened' ><svg xmlns=\"http:\/\/www.w3.org\/2000\/svg\" width=\"36\" height=\"36\" viewBox=\"0 0 36 36\" fill=\"none\"><circle cx=\"18\" cy=\"18\" r=\"18\" transform=\"rotate(90 18 18)\" fill=\"#1F305A\"><\/circle><path d=\"M23 19.29L17.5445 14L12.43 19.29\" stroke=\"white\" stroke-width=\"1.5\"><\/path><\/svg><\/span>\n\t\t\t<span class='e-closed'><svg xmlns=\"http:\/\/www.w3.org\/2000\/svg\" width=\"36\" height=\"36\" viewBox=\"0 0 36 36\" fill=\"none\"><circle cx=\"18\" cy=\"18\" r=\"18\" transform=\"matrix(0 -1 -1 0 36 36)\" fill=\"#1F305A\"><\/circle><path d=\"M23 16.71L17.5445 22L12.43 16.71\" stroke=\"white\" stroke-width=\"1.5\"><\/path><\/svg><\/span>\n\t\t<\/span>\n\n\t\t\t\t\t\t<\/summary>\n\t\t\t\t<div role=\"region\" aria-labelledby=\"e-n-accordion-item-1542\" class=\"elementor-element elementor-element-85f8f5b e-con-full e-flex e-con e-child\" data-id=\"85f8f5b\" data-element_type=\"container\" data-e-type=\"container\">\n\t\t\t\t<div class=\"elementor-element elementor-element-c1d4157 elementor-widget elementor-widget-text-editor\" data-id=\"c1d4157\" data-element_type=\"widget\" data-e-type=\"widget\" data-widget_type=\"text-editor.default\">\n\t\t\t\t\t\t\t\t\t<ul><li><p><strong>Giocare a golf a San Siro:<\/strong><\/p><ul><li><ul><li>Prossimo campo da golf \u201cMenaggio e Caddenabbia\u201d a sud sopra Menaggio<\/li><li>Altri 5 posti nel sud, vicino a Como e Lugano, e nel nord, a Sondrio\/Valtellina.<\/li><\/ul><\/li><\/ul><p><strong>Vela, surf e kitesurf:<\/strong><\/p><ul><li><ul><li>Splendide baie e spiagge a San Vito: l&#8217;ideale per praticare ogni tipo di sport acquatico<\/li><li>Scuola di surf a Pianello<\/li><\/ul><\/li><\/ul><p><strong>Tennis:<\/strong><\/p><ul><li><ul><li>Pianello vicino alla chiesa (Bar Sport per prenotazioni)<\/li><\/ul><\/li><\/ul><p><strong>Mountain bike, bici da corsa e bici elettrica<\/strong><\/p><ul><li><ul><li>Numerose possibilit\u00e0 di escursioni in mountain bike nelle montagne circostanti<\/li><li>Lungolago con ottime opportunit\u00e0 per andare in bicicletta, fare jogging e passeggiare lungo il lago<\/li><\/ul><\/li><\/ul><p><strong>Escursionismo, camminata, alpinismo e arrampicata:<\/strong><\/p><ul><li><ul><li>Idilliaca passeggiata lungolago da Sorico a Cremia con circa 18 km di percorso direttamente lungo la riva del lago con caff\u00e8, bar e ristoranti.<\/li><li>Numerose escursioni in montagna con splendida vista panoramica sulle montagne circostanti<\/li><li>Belle passeggiate ed escursioni nei dintorni, ad esempio lungo l&#8217;Antica Strada Regina da Rezzonico ad Acquaseria, poi proseguendo attraverso il Sasso Rancio fino a Nobiallo.<\/li><\/ul><\/li><\/ul><\/li><\/ul>\t\t\t\t\t\t\t\t<\/div>\n\t\t\t\t<\/div>\n\t\t\t\t\t<\/details>\n\t\t\t\t\t\t<details id=\"e-n-accordion-item-1543\" class=\"e-n-accordion-item\" >\n\t\t\t\t<summary class=\"e-n-accordion-item-title\" data-accordion-index=\"4\" tabindex=\"-1\" aria-expanded=\"false\" aria-controls=\"e-n-accordion-item-1543\" >\n\t\t\t\t\t<span class='e-n-accordion-item-title-header'><div class=\"e-n-accordion-item-title-text\"> Cultura, eventi e intrattenimento <\/div><\/span>\n\t\t\t\t\t\t\t<span class='e-n-accordion-item-title-icon'>\n\t\t\t<span class='e-opened' ><svg xmlns=\"http:\/\/www.w3.org\/2000\/svg\" width=\"36\" height=\"36\" viewBox=\"0 0 36 36\" fill=\"none\"><circle cx=\"18\" cy=\"18\" r=\"18\" transform=\"rotate(90 18 18)\" fill=\"#1F305A\"><\/circle><path d=\"M23 19.29L17.5445 14L12.43 19.29\" stroke=\"white\" stroke-width=\"1.5\"><\/path><\/svg><\/span>\n\t\t\t<span class='e-closed'><svg xmlns=\"http:\/\/www.w3.org\/2000\/svg\" width=\"36\" height=\"36\" viewBox=\"0 0 36 36\" fill=\"none\"><circle cx=\"18\" cy=\"18\" r=\"18\" transform=\"matrix(0 -1 -1 0 36 36)\" fill=\"#1F305A\"><\/circle><path d=\"M23 16.71L17.5445 22L12.43 16.71\" stroke=\"white\" stroke-width=\"1.5\"><\/path><\/svg><\/span>\n\t\t<\/span>\n\n\t\t\t\t\t\t<\/summary>\n\t\t\t\t<div role=\"region\" aria-labelledby=\"e-n-accordion-item-1543\" class=\"elementor-element elementor-element-e68861d e-con-full e-flex e-con e-child\" data-id=\"e68861d\" data-element_type=\"container\" data-e-type=\"container\">\n\t\t\t\t<div class=\"elementor-element elementor-element-887e65b elementor-widget elementor-widget-text-editor\" data-id=\"887e65b\" data-element_type=\"widget\" data-e-type=\"widget\" data-widget_type=\"text-editor.default\">\n\t\t\t\t\t\t\t\t\t<ul><li>Vita notturna nei paesi vicini Menaggio, Dongo e Gravedona<\/li><li>Vernissage, concerti e feste tutto l&#8217;anno a Menaggio<\/li><\/ul>\t\t\t\t\t\t\t\t<\/div>\n\t\t\t\t<\/div>\n\t\t\t\t\t<\/details>\n\t\t\t\t\t\t<details id=\"e-n-accordion-item-1544\" class=\"e-n-accordion-item\" >\n\t\t\t\t<summary class=\"e-n-accordion-item-title\" data-accordion-index=\"5\" tabindex=\"-1\" aria-expanded=\"false\" aria-controls=\"e-n-accordion-item-1544\" >\n\t\t\t\t\t<span class='e-n-accordion-item-title-header'><div class=\"e-n-accordion-item-title-text\"> Mercati <\/div><\/span>\n\t\t\t\t\t\t\t<span class='e-n-accordion-item-title-icon'>\n\t\t\t<span class='e-opened' ><svg xmlns=\"http:\/\/www.w3.org\/2000\/svg\" width=\"36\" height=\"36\" viewBox=\"0 0 36 36\" fill=\"none\"><circle cx=\"18\" cy=\"18\" r=\"18\" transform=\"rotate(90 18 18)\" fill=\"#1F305A\"><\/circle><path d=\"M23 19.29L17.5445 14L12.43 19.29\" stroke=\"white\" stroke-width=\"1.5\"><\/path><\/svg><\/span>\n\t\t\t<span class='e-closed'><svg xmlns=\"http:\/\/www.w3.org\/2000\/svg\" width=\"36\" height=\"36\" viewBox=\"0 0 36 36\" fill=\"none\"><circle cx=\"18\" cy=\"18\" r=\"18\" transform=\"matrix(0 -1 -1 0 36 36)\" fill=\"#1F305A\"><\/circle><path d=\"M23 16.71L17.5445 22L12.43 16.71\" stroke=\"white\" stroke-width=\"1.5\"><\/path><\/svg><\/span>\n\t\t<\/span>\n\n\t\t\t\t\t\t<\/summary>\n\t\t\t\t<div role=\"region\" aria-labelledby=\"e-n-accordion-item-1544\" class=\"elementor-element elementor-element-cd85a6e e-con-full e-flex e-con e-child\" data-id=\"cd85a6e\" data-element_type=\"container\" data-e-type=\"container\">\n\t\t\t\t<div class=\"elementor-element elementor-element-bd36a42 elementor-widget elementor-widget-text-editor\" data-id=\"bd36a42\" data-element_type=\"widget\" data-e-type=\"widget\" data-widget_type=\"text-editor.default\">\n\t\t\t\t\t\t\t\t\t<ul><li>Piccolo mercato settimanale il mercoled\u00ec a Pianello e Rezzonico 2 volte al mese nel grande parcheggio del paese<\/li><li>Mercati settimanali sempre in giorni diversi nei paesi vicini<\/li><\/ul>\t\t\t\t\t\t\t\t<\/div>\n\t\t\t\t<\/div>\n\t\t\t\t\t<\/details>\n\t\t\t\t\t\t<details id=\"e-n-accordion-item-1545\" class=\"e-n-accordion-item\" >\n\t\t\t\t<summary class=\"e-n-accordion-item-title\" data-accordion-index=\"6\" tabindex=\"-1\" aria-expanded=\"false\" aria-controls=\"e-n-accordion-item-1545\" >\n\t\t\t\t\t<span class='e-n-accordion-item-title-header'><div class=\"e-n-accordion-item-title-text\"> Shopping e gastronomia <\/div><\/span>\n\t\t\t\t\t\t\t<span class='e-n-accordion-item-title-icon'>\n\t\t\t<span class='e-opened' ><svg xmlns=\"http:\/\/www.w3.org\/2000\/svg\" width=\"36\" height=\"36\" viewBox=\"0 0 36 36\" fill=\"none\"><circle cx=\"18\" cy=\"18\" r=\"18\" transform=\"rotate(90 18 18)\" fill=\"#1F305A\"><\/circle><path d=\"M23 19.29L17.5445 14L12.43 19.29\" stroke=\"white\" stroke-width=\"1.5\"><\/path><\/svg><\/span>\n\t\t\t<span class='e-closed'><svg xmlns=\"http:\/\/www.w3.org\/2000\/svg\" width=\"36\" height=\"36\" viewBox=\"0 0 36 36\" fill=\"none\"><circle cx=\"18\" cy=\"18\" r=\"18\" transform=\"matrix(0 -1 -1 0 36 36)\" fill=\"#1F305A\"><\/circle><path d=\"M23 16.71L17.5445 22L12.43 16.71\" stroke=\"white\" stroke-width=\"1.5\"><\/path><\/svg><\/span>\n\t\t<\/span>\n\n\t\t\t\t\t\t<\/summary>\n\t\t\t\t<div role=\"region\" aria-labelledby=\"e-n-accordion-item-1545\" class=\"elementor-element elementor-element-228a601 e-con-full e-flex e-con e-child\" data-id=\"228a601\" data-element_type=\"container\" data-e-type=\"container\">\n\t\t\t\t<div class=\"elementor-element elementor-element-534220e elementor-widget elementor-widget-text-editor\" data-id=\"534220e\" data-element_type=\"widget\" data-e-type=\"widget\" data-widget_type=\"text-editor.default\">\n\t\t\t\t\t\t\t\t\t<ul><li>Lungo la passeggiata sul lungomare si trovano diversi ristoranti e bar, alcuni dei quali offrono attivit\u00e0 sportive e ricreative.<\/li><li>Cremia: parrucchiere e piccolo negozio di alimentari<\/li><li>Pianello: supermercato a Pianello all&#8217;uscita del paese in direzione Musso e nel centro di Pianello, dove si possono trovare anche deliziosi dolci e un rinomato panificio.<\/li><li>Possibilit\u00e0 di fare acquisti nelle localit\u00e0 non lontane di Menaggio o Dongo.<\/li><\/ul>\t\t\t\t\t\t\t\t<\/div>\n\t\t\t\t<\/div>\n\t\t\t\t\t<\/details>\n\t\t\t\t\t\t<details id=\"e-n-accordion-item-1546\" class=\"e-n-accordion-item\" >\n\t\t\t\t<summary class=\"e-n-accordion-item-title\" data-accordion-index=\"7\" tabindex=\"-1\" aria-expanded=\"false\" aria-controls=\"e-n-accordion-item-1546\" >\n\t\t\t\t\t<span class='e-n-accordion-item-title-header'><div class=\"e-n-accordion-item-title-text\"> Attrazioni invernali a Como <\/div><\/span>\n\t\t\t\t\t\t\t<span class='e-n-accordion-item-title-icon'>\n\t\t\t<span class='e-opened' ><svg xmlns=\"http:\/\/www.w3.org\/2000\/svg\" width=\"36\" height=\"36\" viewBox=\"0 0 36 36\" fill=\"none\"><circle cx=\"18\" cy=\"18\" r=\"18\" transform=\"rotate(90 18 18)\" fill=\"#1F305A\"><\/circle><path d=\"M23 19.29L17.5445 14L12.43 19.29\" stroke=\"white\" stroke-width=\"1.5\"><\/path><\/svg><\/span>\n\t\t\t<span class='e-closed'><svg xmlns=\"http:\/\/www.w3.org\/2000\/svg\" width=\"36\" height=\"36\" viewBox=\"0 0 36 36\" fill=\"none\"><circle cx=\"18\" cy=\"18\" r=\"18\" transform=\"matrix(0 -1 -1 0 36 36)\" fill=\"#1F305A\"><\/circle><path d=\"M23 16.71L17.5445 22L12.43 16.71\" stroke=\"white\" stroke-width=\"1.5\"><\/path><\/svg><\/span>\n\t\t<\/span>\n\n\t\t\t\t\t\t<\/summary>\n\t\t\t\t<div role=\"region\" aria-labelledby=\"e-n-accordion-item-1546\" class=\"elementor-element elementor-element-defc577 e-con-full e-flex e-con e-child\" data-id=\"defc577\" data-element_type=\"container\" data-e-type=\"container\">\n\t\t\t\t<div class=\"elementor-element elementor-element-b30785b elementor-widget elementor-widget-text-editor\" data-id=\"b30785b\" data-element_type=\"widget\" data-e-type=\"widget\" data-widget_type=\"text-editor.default\">\n\t\t\t\t\t\t\t\t\t<ul><li>Sci alpino \/ sci di fondo nordico \/ pattinaggio su ghiaccio \/ bocce su ghiaccio in affascinanti localit\u00e0 sciistiche a 50-100 km di distanza (St. Moritz (CH), Bormio, Teglio, Madesimo)<\/li><li>Sci alpinismo ed escursioni con le ciaspole sul monte Bregagno (2.107 m)<\/li><li>Mercatini di Natale ed esposizioni di presepi<\/li><\/ul>\t\t\t\t\t\t\t\t<\/div>\n\t\t\t\t<\/div>\n\t\t\t\t\t<\/details>\n\t\t\t\t\t<\/div>\n\t\t\t\t\t\t<\/div>\n\t\t\t\t\t<\/div>\n\t\t\t\t<\/div>\n\t\t<div class=\"elementor-element elementor-element-83ddfee e-flex e-con-boxed e-con e-parent\" data-id=\"83ddfee\" data-element_type=\"container\" data-e-type=\"container\">\n\t\t\t\t\t<div class=\"e-con-inner\">\n\t\t\t\t\t<\/div>\n\t\t\t\t<\/div>\n\t\t\t\t<\/div>\n\t\t","protected":false},"excerpt":{"rendered":"<p>Un pittoresco sentiero lungo la riva collega le localit\u00e0 della costa occidentale. Con poche interruzioni, da Sorico sulla punta del lago \u00e8 possibile passeggiare, fare jogging o andare comodamente in bicicletta per circa 18 km lungo la riva del lago, passando per Gera Lario, Domaso, Gravedona, Dongo, Musso e Pianello fino a Cremia. <\/p>\n","protected":false},"featured_media":81278,"template":"","meta":{"_acf_changed":false},"seitenart":[37],"class_list":["post-84054","content-urlaubsort","type-content-urlaubsort","status-publish","has-post-thumbnail","hentry","seitenart-content-page-without-slider"],"acf":[],"yoast_head":"<!-- This site is optimized with the Yoast SEO plugin v27.3 - https:\/\/yoast.com\/product\/yoast-seo-wordpress\/ -->\n<title>San Siro e dintorni - LABREVA - Feriendomizile am Comer See<\/title>\n<meta name=\"robots\" content=\"index, follow, max-snippet:-1, max-image-preview:large, max-video-preview:-1\" \/>\n<link rel=\"canonical\" href=\"https:\/\/labreva.com\/it\/villaggi-turistici-sul-lago-di-como\/san-siro-e-dintorni\/\" \/>\n<meta property=\"og:locale\" content=\"it_IT\" \/>\n<meta property=\"og:type\" content=\"article\" \/>\n<meta property=\"og:title\" content=\"San Siro e dintorni - LABREVA - Feriendomizile am Comer See\" \/>\n<meta property=\"og:description\" content=\"Un pittoresco sentiero lungo la riva collega le localit\u00e0 della costa occidentale. Con poche interruzioni, da Sorico sulla punta del lago \u00e8 possibile passeggiare, fare jogging o andare comodamente in bicicletta per circa 18 km lungo la riva del lago, passando per Gera Lario, Domaso, Gravedona, Dongo, Musso e Pianello fino a Cremia.\" \/>\n<meta property=\"og:url\" content=\"https:\/\/labreva.com\/it\/villaggi-turistici-sul-lago-di-como\/san-siro-e-dintorni\/\" \/>\n<meta property=\"og:site_name\" content=\"LABREVA - Feriendomizile am Comer See\" \/>\n<meta property=\"article:modified_time\" content=\"2026-01-30T16:40:32+00:00\" \/>\n<meta property=\"og:image\" content=\"https:\/\/labreva.com\/wp-content\/uploads\/2025\/12\/K640_2.-Cremia-Rezzonio-Pianello-1-1024x682-1.jpg\" \/>\n\t<meta property=\"og:image:width\" content=\"721\" \/>\n\t<meta property=\"og:image:height\" content=\"480\" \/>\n\t<meta property=\"og:image:type\" content=\"image\/jpeg\" \/>\n<meta name=\"twitter:card\" content=\"summary_large_image\" \/>\n<meta name=\"twitter:label1\" content=\"Tempo di lettura stimato\" \/>\n\t<meta name=\"twitter:data1\" content=\"6 minuti\" \/>\n<script type=\"application\/ld+json\" class=\"yoast-schema-graph\">{\"@context\":\"https:\\\/\\\/schema.org\",\"@graph\":[{\"@type\":\"WebPage\",\"@id\":\"https:\\\/\\\/labreva.com\\\/it\\\/villaggi-turistici-sul-lago-di-como\\\/san-siro-e-dintorni\\\/\",\"url\":\"https:\\\/\\\/labreva.com\\\/it\\\/villaggi-turistici-sul-lago-di-como\\\/san-siro-e-dintorni\\\/\",\"name\":\"San Siro e dintorni - LABREVA - Feriendomizile am Comer See\",\"isPartOf\":{\"@id\":\"https:\\\/\\\/labreva.com\\\/it\\\/#website\"},\"primaryImageOfPage\":{\"@id\":\"https:\\\/\\\/labreva.com\\\/it\\\/villaggi-turistici-sul-lago-di-como\\\/san-siro-e-dintorni\\\/#primaryimage\"},\"image\":{\"@id\":\"https:\\\/\\\/labreva.com\\\/it\\\/villaggi-turistici-sul-lago-di-como\\\/san-siro-e-dintorni\\\/#primaryimage\"},\"thumbnailUrl\":\"https:\\\/\\\/labreva.com\\\/wp-content\\\/uploads\\\/2025\\\/12\\\/K640_2.-Cremia-Rezzonio-Pianello-1-1024x682-1.jpg\",\"datePublished\":\"2025-12-04T15:24:16+00:00\",\"dateModified\":\"2026-01-30T16:40:32+00:00\",\"breadcrumb\":{\"@id\":\"https:\\\/\\\/labreva.com\\\/it\\\/villaggi-turistici-sul-lago-di-como\\\/san-siro-e-dintorni\\\/#breadcrumb\"},\"inLanguage\":\"it-IT\",\"potentialAction\":[{\"@type\":\"ReadAction\",\"target\":[\"https:\\\/\\\/labreva.com\\\/it\\\/villaggi-turistici-sul-lago-di-como\\\/san-siro-e-dintorni\\\/\"]}]},{\"@type\":\"ImageObject\",\"inLanguage\":\"it-IT\",\"@id\":\"https:\\\/\\\/labreva.com\\\/it\\\/villaggi-turistici-sul-lago-di-como\\\/san-siro-e-dintorni\\\/#primaryimage\",\"url\":\"https:\\\/\\\/labreva.com\\\/wp-content\\\/uploads\\\/2025\\\/12\\\/K640_2.-Cremia-Rezzonio-Pianello-1-1024x682-1.jpg\",\"contentUrl\":\"https:\\\/\\\/labreva.com\\\/wp-content\\\/uploads\\\/2025\\\/12\\\/K640_2.-Cremia-Rezzonio-Pianello-1-1024x682-1.jpg\",\"width\":721,\"height\":480},{\"@type\":\"BreadcrumbList\",\"@id\":\"https:\\\/\\\/labreva.com\\\/it\\\/villaggi-turistici-sul-lago-di-como\\\/san-siro-e-dintorni\\\/#breadcrumb\",\"itemListElement\":[{\"@type\":\"ListItem\",\"position\":1,\"name\":\"Startseite\",\"item\":\"https:\\\/\\\/labreva.com\\\/it\\\/\"},{\"@type\":\"ListItem\",\"position\":2,\"name\":\"San Siro e dintorni\"}]},{\"@type\":\"WebSite\",\"@id\":\"https:\\\/\\\/labreva.com\\\/it\\\/#website\",\"url\":\"https:\\\/\\\/labreva.com\\\/it\\\/\",\"name\":\"LABREVA - Feriendomizile am Comer See\",\"description\":\"\",\"publisher\":{\"@id\":\"https:\\\/\\\/labreva.com\\\/it\\\/#organization\"},\"potentialAction\":[{\"@type\":\"SearchAction\",\"target\":{\"@type\":\"EntryPoint\",\"urlTemplate\":\"https:\\\/\\\/labreva.com\\\/it\\\/?s={search_term_string}\"},\"query-input\":{\"@type\":\"PropertyValueSpecification\",\"valueRequired\":true,\"valueName\":\"search_term_string\"}}],\"inLanguage\":\"it-IT\"},{\"@type\":\"Organization\",\"@id\":\"https:\\\/\\\/labreva.com\\\/it\\\/#organization\",\"name\":\"LABREVA - Feriendomizile am Comer See\",\"url\":\"https:\\\/\\\/labreva.com\\\/it\\\/\",\"logo\":{\"@type\":\"ImageObject\",\"inLanguage\":\"it-IT\",\"@id\":\"https:\\\/\\\/labreva.com\\\/it\\\/#\\\/schema\\\/logo\\\/image\\\/\",\"url\":\"https:\\\/\\\/labreva.com\\\/wp-content\\\/uploads\\\/2025\\\/11\\\/Labreva_Logo_RGB_5.svg\",\"contentUrl\":\"https:\\\/\\\/labreva.com\\\/wp-content\\\/uploads\\\/2025\\\/11\\\/Labreva_Logo_RGB_5.svg\",\"caption\":\"LABREVA - Feriendomizile am Comer See\"},\"image\":{\"@id\":\"https:\\\/\\\/labreva.com\\\/it\\\/#\\\/schema\\\/logo\\\/image\\\/\"}}]}<\/script>\n<!-- \/ Yoast SEO plugin. -->","yoast_head_json":{"title":"San Siro e dintorni - LABREVA - Feriendomizile am Comer See","robots":{"index":"index","follow":"follow","max-snippet":"max-snippet:-1","max-image-preview":"max-image-preview:large","max-video-preview":"max-video-preview:-1"},"canonical":"https:\/\/labreva.com\/it\/villaggi-turistici-sul-lago-di-como\/san-siro-e-dintorni\/","og_locale":"it_IT","og_type":"article","og_title":"San Siro e dintorni - LABREVA - Feriendomizile am Comer See","og_description":"Un pittoresco sentiero lungo la riva collega le localit\u00e0 della costa occidentale. Con poche interruzioni, da Sorico sulla punta del lago \u00e8 possibile passeggiare, fare jogging o andare comodamente in bicicletta per circa 18 km lungo la riva del lago, passando per Gera Lario, Domaso, Gravedona, Dongo, Musso e Pianello fino a Cremia.","og_url":"https:\/\/labreva.com\/it\/villaggi-turistici-sul-lago-di-como\/san-siro-e-dintorni\/","og_site_name":"LABREVA - Feriendomizile am Comer See","article_modified_time":"2026-01-30T16:40:32+00:00","og_image":[{"width":721,"height":480,"url":"https:\/\/labreva.com\/wp-content\/uploads\/2025\/12\/K640_2.-Cremia-Rezzonio-Pianello-1-1024x682-1.jpg","type":"image\/jpeg"}],"twitter_card":"summary_large_image","twitter_misc":{"Tempo di lettura stimato":"6 minuti"},"schema":{"@context":"https:\/\/schema.org","@graph":[{"@type":"WebPage","@id":"https:\/\/labreva.com\/it\/villaggi-turistici-sul-lago-di-como\/san-siro-e-dintorni\/","url":"https:\/\/labreva.com\/it\/villaggi-turistici-sul-lago-di-como\/san-siro-e-dintorni\/","name":"San Siro e dintorni - LABREVA - Feriendomizile am Comer See","isPartOf":{"@id":"https:\/\/labreva.com\/it\/#website"},"primaryImageOfPage":{"@id":"https:\/\/labreva.com\/it\/villaggi-turistici-sul-lago-di-como\/san-siro-e-dintorni\/#primaryimage"},"image":{"@id":"https:\/\/labreva.com\/it\/villaggi-turistici-sul-lago-di-como\/san-siro-e-dintorni\/#primaryimage"},"thumbnailUrl":"https:\/\/labreva.com\/wp-content\/uploads\/2025\/12\/K640_2.-Cremia-Rezzonio-Pianello-1-1024x682-1.jpg","datePublished":"2025-12-04T15:24:16+00:00","dateModified":"2026-01-30T16:40:32+00:00","breadcrumb":{"@id":"https:\/\/labreva.com\/it\/villaggi-turistici-sul-lago-di-como\/san-siro-e-dintorni\/#breadcrumb"},"inLanguage":"it-IT","potentialAction":[{"@type":"ReadAction","target":["https:\/\/labreva.com\/it\/villaggi-turistici-sul-lago-di-como\/san-siro-e-dintorni\/"]}]},{"@type":"ImageObject","inLanguage":"it-IT","@id":"https:\/\/labreva.com\/it\/villaggi-turistici-sul-lago-di-como\/san-siro-e-dintorni\/#primaryimage","url":"https:\/\/labreva.com\/wp-content\/uploads\/2025\/12\/K640_2.-Cremia-Rezzonio-Pianello-1-1024x682-1.jpg","contentUrl":"https:\/\/labreva.com\/wp-content\/uploads\/2025\/12\/K640_2.-Cremia-Rezzonio-Pianello-1-1024x682-1.jpg","width":721,"height":480},{"@type":"BreadcrumbList","@id":"https:\/\/labreva.com\/it\/villaggi-turistici-sul-lago-di-como\/san-siro-e-dintorni\/#breadcrumb","itemListElement":[{"@type":"ListItem","position":1,"name":"Startseite","item":"https:\/\/labreva.com\/it\/"},{"@type":"ListItem","position":2,"name":"San Siro e dintorni"}]},{"@type":"WebSite","@id":"https:\/\/labreva.com\/it\/#website","url":"https:\/\/labreva.com\/it\/","name":"LABREVA - Feriendomizile am Comer See","description":"","publisher":{"@id":"https:\/\/labreva.com\/it\/#organization"},"potentialAction":[{"@type":"SearchAction","target":{"@type":"EntryPoint","urlTemplate":"https:\/\/labreva.com\/it\/?s={search_term_string}"},"query-input":{"@type":"PropertyValueSpecification","valueRequired":true,"valueName":"search_term_string"}}],"inLanguage":"it-IT"},{"@type":"Organization","@id":"https:\/\/labreva.com\/it\/#organization","name":"LABREVA - Feriendomizile am Comer See","url":"https:\/\/labreva.com\/it\/","logo":{"@type":"ImageObject","inLanguage":"it-IT","@id":"https:\/\/labreva.com\/it\/#\/schema\/logo\/image\/","url":"https:\/\/labreva.com\/wp-content\/uploads\/2025\/11\/Labreva_Logo_RGB_5.svg","contentUrl":"https:\/\/labreva.com\/wp-content\/uploads\/2025\/11\/Labreva_Logo_RGB_5.svg","caption":"LABREVA - Feriendomizile am Comer See"},"image":{"@id":"https:\/\/labreva.com\/it\/#\/schema\/logo\/image\/"}}]}},"_links":{"self":[{"href":"https:\/\/labreva.com\/it\/wp-json\/wp\/v2\/content-urlaubsort\/84054","targetHints":{"allow":["GET"]}}],"collection":[{"href":"https:\/\/labreva.com\/it\/wp-json\/wp\/v2\/content-urlaubsort"}],"about":[{"href":"https:\/\/labreva.com\/it\/wp-json\/wp\/v2\/types\/content-urlaubsort"}],"version-history":[{"count":3,"href":"https:\/\/labreva.com\/it\/wp-json\/wp\/v2\/content-urlaubsort\/84054\/revisions"}],"predecessor-version":[{"id":84057,"href":"https:\/\/labreva.com\/it\/wp-json\/wp\/v2\/content-urlaubsort\/84054\/revisions\/84057"}],"wp:featuredmedia":[{"embeddable":true,"href":"https:\/\/labreva.com\/it\/wp-json\/wp\/v2\/media\/81278"}],"wp:attachment":[{"href":"https:\/\/labreva.com\/it\/wp-json\/wp\/v2\/media?parent=84054"}],"wp:term":[{"taxonomy":"seitenart","embeddable":true,"href":"https:\/\/labreva.com\/it\/wp-json\/wp\/v2\/seitenart?post=84054"}],"curies":[{"name":"wp","href":"https:\/\/api.w.org\/{rel}","templated":true}]}}