{"id":83667,"date":"2025-12-12T12:23:37","date_gmt":"2025-12-12T11:23:37","guid":{"rendered":"https:\/\/labreva.com\/urlaubsideen\/escursionismo-sul-lago-di-como\/"},"modified":"2026-01-30T16:14:44","modified_gmt":"2026-01-30T15:14:44","slug":"escursionismo-sul-lago-di-como","status":"publish","type":"content-urlaubsidee","link":"https:\/\/labreva.com\/it\/idee-per-le-vacanze\/escursionismo-sul-lago-di-como\/","title":{"rendered":"Escursionismo sul Lago di Como"},"content":{"rendered":"\t\t<div data-elementor-type=\"wp-post\" data-elementor-id=\"83667\" class=\"elementor elementor-83667 elementor-77949\" data-elementor-post-type=\"content-urlaubsidee\">\n\t\t\t\t<div class=\"elementor-element elementor-element-420d9756 e-con-full e-flex e-con e-child\" data-id=\"420d9756\" data-element_type=\"container\" data-e-type=\"container\">\n\t\t\t\t<div class=\"elementor-element elementor-element-68e860e3 elementor-widget elementor-widget-heading\" data-id=\"68e860e3\" data-element_type=\"widget\" data-e-type=\"widget\" data-widget_type=\"heading.default\">\n\t\t\t\t\t<div class=\"elementor-heading-title elementor-size-default\">Idee per le vacanze<\/div>\t\t\t\t<\/div>\n\t\t\t\t<div class=\"elementor-element elementor-element-67ca6d83 elementor-widget elementor-widget-heading\" data-id=\"67ca6d83\" data-element_type=\"widget\" data-e-type=\"widget\" data-widget_type=\"heading.default\">\n\t\t\t\t\t<h1 class=\"elementor-heading-title elementor-size-default\">Escursionismo sul Lago di Como<\/h1>\t\t\t\t<\/div>\n\t\t\t\t<div class=\"elementor-element elementor-element-188313ba elementor-widget__width-initial elementor-widget-mobile__width-inherit make-text-mobile-sm elementor-widget elementor-widget-text-editor\" data-id=\"188313ba\" data-element_type=\"widget\" data-e-type=\"widget\" data-widget_type=\"text-editor.default\">\n\t\t\t\t\t\t\t\t\t<div class=\"elementor-element elementor-element-111613e1 elementor-widget elementor-widget-text-editor\" data-id=\"111613e1\" data-element_type=\"widget\" data-widget_type=\"text-editor.default\"><div class=\"elementor-widget-container\"><p>Il Lago di Como \u00e8 un&#8217;area escursionistica varia e paesaggisticamente meravigliosa. Il pittoresco lago e molte delle nostre case vacanza sono il punto di partenza ideale per escursioni di ogni tipo. Sarete ricompensati da una splendida vista panoramica sul lago e sulle montagne. Che si tratti di facili escursioni intorno al lago per tutta la famiglia, di impegnative escursioni in montagna sul Lago di Como o di trekking, qui ce n&#8217;\u00e8 per tutti i gusti. <\/p><\/div><\/div><div class=\"elementor-element elementor-element-70d6321 elementor-widget elementor-widget-text-editor\" data-id=\"70d6321\" data-element_type=\"widget\" data-widget_type=\"text-editor.default\"><div class=\"elementor-widget-container\"><p><strong>Numerose possibilit\u00e0 di escursioni fino a 2600 m di altitudine<br>Escursioni per ogni livello<br>Sentieri e passeggiate facili, ideali anche per escursioni con bambini sul Lago di Como<br>Escursioni impegnative<\/strong><\/p><\/div><\/div>\t\t\t\t\t\t\t\t<\/div>\n\t\t\t\t<\/div>\n\t\t<div class=\"elementor-element elementor-element-5a3fb50 e-flex e-con-boxed e-con e-parent\" data-id=\"5a3fb50\" data-element_type=\"container\" data-e-type=\"container\">\n\t\t\t\t\t<div class=\"e-con-inner\">\n\t\t\t\t<div class=\"elementor-element elementor-element-80f031a elementor-widget elementor-widget-spacer\" data-id=\"80f031a\" data-element_type=\"widget\" data-e-type=\"widget\" data-widget_type=\"spacer.default\">\n\t\t\t\t\t\t\t<div class=\"elementor-spacer\">\n\t\t\t<div class=\"elementor-spacer-inner\"><\/div>\n\t\t<\/div>\n\t\t\t\t\t\t<\/div>\n\t\t\t\t\t<\/div>\n\t\t\t\t<\/div>\n\t\t<div class=\"elementor-element elementor-element-5e642d8 e-flex e-con-boxed e-con e-parent\" data-id=\"5e642d8\" data-element_type=\"container\" data-e-type=\"container\">\n\t\t\t\t\t<div class=\"e-con-inner\">\n\t\t<div class=\"elementor-element elementor-element-8958fd5 e-con-full e-flex e-con e-child\" data-id=\"8958fd5\" data-element_type=\"container\" data-e-type=\"container\">\n\t\t\t\t<div class=\"elementor-element elementor-element-186b42a elementor-widget elementor-widget-heading\" data-id=\"186b42a\" data-element_type=\"widget\" data-e-type=\"widget\" data-widget_type=\"heading.default\">\n\t\t\t\t\t<h2 class=\"elementor-heading-title elementor-size-default\">Abbiamo raccolto le nostre escursioni pi\u00f9 popolari sul Lago di Como per ogni livello:<br><\/h2>\t\t\t\t<\/div>\n\t\t\t\t<div class=\"elementor-element elementor-element-178f5fa elementor-widget elementor-widget-text-editor\" data-id=\"178f5fa\" data-element_type=\"widget\" data-e-type=\"widget\" data-widget_type=\"text-editor.default\">\n\t\t\t\t\t\t\t\t\t<h3>Percorsi di trekking e passeggiate sul Lago di Como<\/h3>\n<div class=\"elementor-element elementor-element-284be5ab elementor-widget elementor-widget-text-editor\" data-id=\"284be5ab\" data-element_type=\"widget\" data-widget_type=\"text-editor.default\">\n<div class=\"elementor-widget-container\">\n<p>I sentieri per le passeggiate e le escursioni pianeggianti si trovano in tutto il lago. Lungo i lungolaghi, attraverso vari villaggi, lungo il lago, o nella natura attraverso la riserva naturale di Pian di Spagna, lungo il fiume Adda o nelle valli.<br> <\/p>\n<p> <\/p>\n<\/div>\n<p><strong>1.PONTE DEL PASSO \u2013 Passeggiata nella riserva naturale <\/strong><\/p>\n<p>Il punto di partenza \u00e8 il ponte del Passo. Via Dascio, il sentiero segue il fiume Mera verso il Lago di Mezzola attraversando ampie zone della riserva naturale. Il percorso prosegue fino al punto panoramico \u201cSasso\u201d, da cui si pu\u00f2 vedere l\u2019intera area protetta. Bellissimo tratto di strada dove \u00e8 possibile osservare da vicino la natura e la fauna locale.<br>   <\/p>\n<\/div>\n<div class=\"elementor-element elementor-element-a1d95d6 elementor-widget elementor-widget-text-editor\" data-id=\"a1d95d6\" data-element_type=\"widget\" data-widget_type=\"text-editor.default\">\n<div class=\"elementor-widget-container\">\n<div class=\"elementor-element elementor-element-b019353 elementor-widget elementor-widget-text-editor\" data-id=\"b019353\" data-element_type=\"widget\" data-widget_type=\"text-editor.default\">\n<div class=\"elementor-widget-container\">\n<p><strong>2.TRIVIO DI FUENTES \u2013 Passeggiata nella riserva naturale di Pian di Spagnia<\/strong><br>Si parte dietro il passaggio a livello in direzione di Pian di Spagnia. Il percorso si snoda su sentieri sterrati attraverso la parte sud-orientale dell\u2019area protetta e lungo le sponde del fiume Adda. Anche in questo caso si pu\u00f2 vedere molto della natura locale.  <\/p>\n<\/div>\n<\/div>\n<div class=\"elementor-element elementor-element-605f931 elementor-widget elementor-widget-text-editor\" data-id=\"605f931\" data-element_type=\"widget\" data-widget_type=\"text-editor.default\">\n<div class=\"elementor-widget-container\">\n<p><strong>3. Passeggiata alla storica chiesa di San Fedelino<\/strong><br>Il posto migliore per parcheggiare l\u2019auto \u00e8 la chiesa diroccata di San Giovanni all\u2019Archetto e seguire il sentiero segnalato. Prati, campi e boschi seguono il corso del fiume Mera passando per gli affioramenti rocciosi del Monte Berlinghera. La meta \u00e8 la millenaria chiesa di San Fedelino, uno dei pi\u00f9 importanti esempi di architettura romanica dell\u2019alto Lario.  <\/p>\n<\/div>\n<\/div>\n<div class=\"elementor-element elementor-element-ace28af elementor-widget elementor-widget-text-editor\" data-id=\"ace28af\" data-element_type=\"widget\" data-widget_type=\"text-editor.default\">\n<div class=\"elementor-widget-container\">\n<p><strong>4. Via dei Terrazzamenti<\/strong><br>Non lontano dal Lago di Como, questo tour vi porta lungo i villaggi e i vigneti di Tirano fino a Morbegno, attraversando la Valtellina. Un grande percorso a piedi con un impressionante scenario naturale e montano e molti edifici storici. <\/p>\n<\/div>\n<\/div>\n<div class=\"elementor-element elementor-element-25dba13 elementor-widget elementor-widget-text-editor\" data-id=\"25dba13\" data-element_type=\"widget\" data-widget_type=\"text-editor.default\">\n<div class=\"elementor-widget-container\">\n<p><strong>5. Passeggiata alle Torri di Fontanedo vicino a Colico<\/strong><br>Partenza dalla frazione di Colico Villatico. Seguire Via Fontanedo fino a un rustico ristorante di montagna (Ristaurante Robustello, Via Chiaro) \u2013 in alternativa si pu\u00f2 parcheggiare qui prima. Qui si segue il sentiero, seguendo le indicazioni, passando accanto a vecchi ruderi in pietra tipicamente italiani, prati e campi, e sempre con una grande vista sul lago. In cima si possono visitare le rovine dell\u2019antico castello e la torre ancora ben conservata, mentre le panchine da picnic invitano a soffermarsi. La via del ritorno \u00e8 la stessa o un sentiero pi\u00f9 piccolo e in parte pi\u00f9 ripido (di nuovo si arriva al Ristaurante). Suggerimento per l\u2019alloggio: il Residence Sole, il Residence Bellavista, Vela e Leonardo sono punti di partenza ideali. Si pu\u00f2 partire direttamente dal proprio domicilio.     <\/p>\n<\/div>\n<\/div>\n<\/div>\n<\/div>\t\t\t\t\t\t\t\t<\/div>\n\t\t\t\t<\/div>\n\t\t\t\t\t<\/div>\n\t\t\t\t<\/div>\n\t\t<div class=\"elementor-element elementor-element-5c6e6d5 e-flex e-con-boxed e-con e-parent\" data-id=\"5c6e6d5\" data-element_type=\"container\" data-e-type=\"container\">\n\t\t\t\t\t<div class=\"e-con-inner\">\n\t\t\t\t<div class=\"elementor-element elementor-element-8ae0a87 elementor-widget elementor-widget-spacer\" data-id=\"8ae0a87\" data-element_type=\"widget\" data-e-type=\"widget\" data-widget_type=\"spacer.default\">\n\t\t\t\t\t\t\t<div class=\"elementor-spacer\">\n\t\t\t<div class=\"elementor-spacer-inner\"><\/div>\n\t\t<\/div>\n\t\t\t\t\t\t<\/div>\n\t\t\t\t\t<\/div>\n\t\t\t\t<\/div>\n\t\t<div class=\"elementor-element elementor-element-df74e84 e-flex e-con-boxed e-con e-parent\" data-id=\"df74e84\" data-element_type=\"container\" data-e-type=\"container\">\n\t\t\t\t\t<div class=\"e-con-inner\">\n\t\t<div class=\"elementor-element elementor-element-cb91488 e-con-full e-flex e-con e-child\" data-id=\"cb91488\" data-element_type=\"container\" data-e-type=\"container\">\n\t\t\t\t<div class=\"elementor-element elementor-element-0380942 elementor-widget elementor-widget-heading\" data-id=\"0380942\" data-element_type=\"widget\" data-e-type=\"widget\" data-widget_type=\"heading.default\">\n\t\t\t\t\t<h2 class=\"elementor-heading-title elementor-size-default\">Facili passeggiate ed escursioni per famiglie con bambini sul Lago di Como\n<\/h2>\t\t\t\t<\/div>\n\t\t\t\t<div class=\"elementor-element elementor-element-51b9f73 elementor-widget elementor-widget-text-editor\" data-id=\"51b9f73\" data-element_type=\"widget\" data-e-type=\"widget\" data-widget_type=\"text-editor.default\">\n\t\t\t\t\t\t\t\t\t<div class=\"elementor-element elementor-element-8318ae0 elementor-widget elementor-widget-text-editor\" data-id=\"8318ae0\" data-element_type=\"widget\" data-widget_type=\"text-editor.default\">\n<div class=\"elementor-widget-container\">\n<p>Sul Lago di Como ci sono diverse funivie ad Aregno, Como e ai Piani d\u2019Erna. Risparmiatevi la salita o la discesa. Inoltre, \u00e8 possibile effettuare escursioni pi\u00f9 o meno lunghe dalla rispettiva stazione di montagna. Altre possibilit\u00e0 sono le escursioni nelle valli, al faro di Voltiano o alle gole di Nesso o Bellano. Tutti i suggerimenti sono adatti anche alle famiglie<a href=\"https:\/\/labreva.com\/it\/idee-per-le-vacanze\/lago-di-como-con-bambini\/\"> con bambini.<\/a><br>     <\/p>\n<\/div>\n<\/div>\n<div class=\"elementor-element elementor-element-116dac3 elementor-widget elementor-widget-text-editor\" data-id=\"116dac3\" data-element_type=\"widget\" data-widget_type=\"text-editor.default\">\n<div class=\"elementor-widget-container\">\n<p><strong>1.Pianello del Lario<\/strong><br>Questa facile escursione sul Lago di Como parte dalla piazza della chiesa di Sant\u2019Anna presso Pianello del Lario, sulla sponda occidentale del lago. Il percorso circolare attraversa un bosco ombroso e passa accanto a un recinto di cervi. Da l\u00ec il sentiero prosegue verso Colceno, passando accanto a tipiche cascine antiche. Attraversando un bosco di castagni, si raggiunge il sentiero del Giubileo; qui si scende nuovamente verso Sant\u2019Anna.   <\/p>\n<\/div>\n<\/div>\n<div class=\"elementor-element elementor-element-343fb48 elementor-widget elementor-widget-text-editor\" data-id=\"343fb48\" data-element_type=\"widget\" data-widget_type=\"text-editor.default\">\n<div class=\"elementor-widget-container\">\n<p><strong>2. Percorso circolare Como<\/strong><br>Questa escursione inizia a Gravedona presso Palazzo Gallio e attraversa vecchi borghi idilliaci, prati e boschi fino a Stazzona. Qui \u00e8 possibile visitare la chiesa parrocchiale di San Giuliano. Si prosegue lungo un sentiero panoramico verso Dongo, sempre con vista sul Lago di Como. Da qui, passando per Mossanzonico, lungo la sponda occidentale, si torna a Gravedona.   <\/p>\n<\/div>\n<\/div>\n<div class=\"elementor-element elementor-element-8184f8b elementor-widget elementor-widget-text-editor\" data-id=\"8184f8b\" data-element_type=\"widget\" data-widget_type=\"text-editor.default\">\n<div class=\"elementor-widget-container\">\n<p>3. La Strada Regina- Escursione nella Gola di Bellano<br>L\u2019antica via commerciale, un tempo utilizzata da contadini e mercanti per trasportare le merci da nord a sud, \u00e8 oggi un sentiero escursionistico popolare e attraente sul Lago di Como. Il percorso si snoda in diverse tappe lungo la riva occidentale. Luoghi storici come l\u2019Abbazia di Piona presso Colico o la cascata dell\u2019Orrido di Bellano. L\u2019escursione attraverso la gola di Bellano, con la sua spettacolare cascata, non \u00e8 solo avventurosa per tutta la famiglia, ma offre anche un fresco cambiamento nelle giornate pi\u00f9 calde.   <\/p>\n<\/div>\n<\/div>\n<div class=\"elementor-element elementor-element-5da4970 elementor-widget elementor-widget-text-editor\" data-id=\"5da4970\" data-element_type=\"widget\" data-widget_type=\"text-editor.default\">\n<div class=\"elementor-widget-container\">\n<p><strong>4. San Bartolomeo al Monte Berlinghera<\/strong><br>Il punto di partenza di questa escursione sul Lago di Como, adatta a famiglie e bambini, \u00e8 la piccola cappella di San Bartolomeo. Si raggiunge la vetta del Monte Berlinghera attraverso bellissimi sentieri di ghiaia, boschi e verdi pascoli alpini. In cima sarete ricompensati con una splendida vista panoramica sul lago e sulle montagne.  <\/p>\n<\/div>\n<\/div>\n<div class=\"elementor-element elementor-element-ca8b419 elementor-widget elementor-widget-text-editor\" data-id=\"ca8b419\" data-element_type=\"widget\" data-widget_type=\"text-editor.default\">\n<div class=\"elementor-widget-container\">\n<p><strong>5. Escursione in montagna per bambini sul Lago di Como al Rifugio Mottafoiada<\/strong><br>Si parte da Garzeno a ovest di Stazzona. Camminate lungo i sentieri dei boschi e dei prati verso il percorso a corde alte del Parco Avventura Lago di Como, dove vale la pena di fare la prima sosta. Proseguire fino al rifugio Mottafoiada. Dopo una sosta di ristoro, si ritorna a Garzeno.    <\/p>\n<\/div>\n<\/div>\t\t\t\t\t\t\t\t<\/div>\n\t\t\t\t<\/div>\n\t\t\t\t\t<\/div>\n\t\t\t\t<\/div>\n\t\t<div class=\"elementor-element elementor-element-8b88223 e-flex e-con-boxed e-con e-parent\" data-id=\"8b88223\" data-element_type=\"container\" data-e-type=\"container\">\n\t\t\t\t\t<div class=\"e-con-inner\">\n\t\t\t\t<div class=\"elementor-element elementor-element-e74e6f3 elementor-widget elementor-widget-spacer\" data-id=\"e74e6f3\" data-element_type=\"widget\" data-e-type=\"widget\" data-widget_type=\"spacer.default\">\n\t\t\t\t\t\t\t<div class=\"elementor-spacer\">\n\t\t\t<div class=\"elementor-spacer-inner\"><\/div>\n\t\t<\/div>\n\t\t\t\t\t\t<\/div>\n\t\t\t\t\t<\/div>\n\t\t\t\t<\/div>\n\t\t<div class=\"elementor-element elementor-element-5f4352c e-flex e-con-boxed e-con e-parent\" data-id=\"5f4352c\" data-element_type=\"container\" data-e-type=\"container\">\n\t\t\t\t\t<div class=\"e-con-inner\">\n\t\t<div class=\"elementor-element elementor-element-5fdf4a6 e-con-full e-flex e-con e-child\" data-id=\"5fdf4a6\" data-element_type=\"container\" data-e-type=\"container\">\n\t\t\t\t<div class=\"elementor-element elementor-element-d74e9fa elementor-widget elementor-widget-heading\" data-id=\"d74e9fa\" data-element_type=\"widget\" data-e-type=\"widget\" data-widget_type=\"heading.default\">\n\t\t\t\t\t<h2 class=\"elementor-heading-title elementor-size-default\">Hinweis<\/h2>\t\t\t\t<\/div>\n\t\t\t\t<div class=\"elementor-element elementor-element-bf4ef06 elementor-widget elementor-widget-text-editor\" data-id=\"bf4ef06\" data-element_type=\"widget\" data-e-type=\"widget\" data-widget_type=\"text-editor.default\">\n\t\t\t\t\t\t\t\t\t<div class=\"elementor-element elementor-element-8318ae0 elementor-widget elementor-widget-text-editor\" data-id=\"8318ae0\" data-element_type=\"widget\" data-widget_type=\"text-editor.default\">\n<div class=\"elementor-widget-container\">\n<p>Le possibilit\u00e0 di escursioni intorno al Lago di Como sono praticamente infinite. Sia che si tratti di gite tranquille intorno al lago o di escursioni in montagna, quasi tutti hanno il loro tornaconto. Vi ricordiamo che qui abbiamo raccolto solo consigli e suggerimenti al meglio delle nostre conoscenze. Vi invitiamo a informarvi in anticipo sull\u2019itinerario escursionistico che intendete intraprendere. Si consiglia un abbigliamento funzionale e, soprattutto per i sentieri ad alta quota, una guida alpina ed escursionistica o mappe adeguate.   <\/p>\n<p>Guida alpina ed escursionistica del Lago di Como Raccomandazione: Lago di Como: Valchiavenna, Bregaglia e basso Veltin (Rother Wanderf\u00fchrer)<\/p>\n<\/div>\n<\/div>\t\t\t\t\t\t\t\t<\/div>\n\t\t\t\t<\/div>\n\t\t\t\t\t<\/div>\n\t\t\t\t<\/div>\n\t\t<div class=\"elementor-element elementor-element-1ea15d0 e-flex e-con-boxed e-con e-parent\" data-id=\"1ea15d0\" data-element_type=\"container\" data-e-type=\"container\">\n\t\t\t\t\t<div class=\"e-con-inner\">\n\t\t\t\t<div class=\"elementor-element elementor-element-69d526a elementor-widget elementor-widget-spacer\" data-id=\"69d526a\" data-element_type=\"widget\" data-e-type=\"widget\" data-widget_type=\"spacer.default\">\n\t\t\t\t\t\t\t<div class=\"elementor-spacer\">\n\t\t\t<div class=\"elementor-spacer-inner\"><\/div>\n\t\t<\/div>\n\t\t\t\t\t\t<\/div>\n\t\t\t\t\t<\/div>\n\t\t\t\t<\/div>\n\t\t<div class=\"elementor-element elementor-element-072ac18 e-flex e-con-boxed e-con e-parent\" data-id=\"072ac18\" data-element_type=\"container\" data-e-type=\"container\">\n\t\t\t\t\t<div class=\"e-con-inner\">\n\t\t<div class=\"elementor-element elementor-element-b76ea23 e-con-full e-flex e-con e-child\" data-id=\"b76ea23\" data-element_type=\"container\" data-e-type=\"container\">\n\t\t\t\t<div class=\"elementor-element elementor-element-faf4309 elementor-widget elementor-widget-heading\" data-id=\"faf4309\" data-element_type=\"widget\" data-e-type=\"widget\" data-widget_type=\"heading.default\">\n\t\t\t\t\t<h2 class=\"elementor-heading-title elementor-size-default\">Suggerimento per le vacanze\n<\/h2>\t\t\t\t<\/div>\n\t\t\t\t<div class=\"elementor-element elementor-element-f647f97 elementor-widget elementor-widget-text-editor\" data-id=\"f647f97\" data-element_type=\"widget\" data-e-type=\"widget\" data-widget_type=\"text-editor.default\">\n\t\t\t\t\t\t\t\t\t<div class=\"elementor-element elementor-element-8318ae0 elementor-widget elementor-widget-text-editor\" data-id=\"8318ae0\" data-element_type=\"widget\" data-widget_type=\"text-editor.default\">\n<div class=\"elementor-widget-container\">\n<p>A LABREVA ci sono molti alloggi in una posizione ideale come punto di partenza per un\u2019escursione in montagna sul Lago di Como.<br>\u2026Chiedeteci! La nostra esperta di escursioni sul Lago di Como Maria Albers ha molti consigli per voi e sar\u00e0 lieta di aiutarvi a trovare un alloggio adatto a voi. <\/p>\n<\/div>\n<\/div>\t\t\t\t\t\t\t\t<\/div>\n\t\t\t\t<\/div>\n\t\t\t\t\t<\/div>\n\t\t\t\t<\/div>\n\t\t<div class=\"elementor-element elementor-element-3486a20 e-flex e-con-boxed e-con e-parent\" data-id=\"3486a20\" data-element_type=\"container\" data-e-type=\"container\">\n\t\t\t\t\t<div class=\"e-con-inner\">\n\t\t\t\t<div class=\"elementor-element elementor-element-8a7c774 elementor-widget elementor-widget-spacer\" data-id=\"8a7c774\" data-element_type=\"widget\" data-e-type=\"widget\" data-widget_type=\"spacer.default\">\n\t\t\t\t\t\t\t<div class=\"elementor-spacer\">\n\t\t\t<div class=\"elementor-spacer-inner\"><\/div>\n\t\t<\/div>\n\t\t\t\t\t\t<\/div>\n\t\t\t\t\t<\/div>\n\t\t\t\t<\/div>\n\t\t<div class=\"elementor-element elementor-element-1674185 e-flex e-con-boxed e-con e-parent\" data-id=\"1674185\" data-element_type=\"container\" data-e-type=\"container\">\n\t\t\t\t\t<div class=\"e-con-inner\">\n\t\t<div class=\"elementor-element elementor-element-44c7e56e e-con-full e-flex e-con e-child\" data-id=\"44c7e56e\" data-element_type=\"container\" data-e-type=\"container\" data-settings=\"{&quot;background_background&quot;:&quot;classic&quot;}\">\n\t\t<div class=\"elementor-element elementor-element-736b7a10 e-con-full e-flex e-con e-child\" data-id=\"736b7a10\" data-element_type=\"container\" data-e-type=\"container\">\n\t\t\t\t<div class=\"elementor-element elementor-element-24d65278 elementor-widget elementor-widget-heading\" data-id=\"24d65278\" data-element_type=\"widget\" data-e-type=\"widget\" data-widget_type=\"heading.default\">\n\t\t\t\t\t<h2 class=\"elementor-heading-title elementor-size-default\">Prenota ora una vacanza in famiglia sul Lago di Como<\/h2>\t\t\t\t<\/div>\n\t\t\t\t<div class=\"elementor-element elementor-element-3d8bad30 elementor-widget elementor-widget-text-editor\" data-id=\"3d8bad30\" data-element_type=\"widget\" data-e-type=\"widget\" data-widget_type=\"text-editor.default\">\n\t\t\t\t\t\t\t\t\t<p>Verifichiamo e ottimizziamo continuamente le nostre strutture turistiche per quanto riguarda la loro idoneit\u00e0 ai bambini. Non esitate a chiederci maggiori informazioni sulle sistemazioni! <\/p><p>Vi aiutiamo a trovare una casa vacanze adatta per le vostre <strong>vacanze in famiglia sul Lago di Como con i bambini.<\/strong><\/p>\t\t\t\t\t\t\t\t<\/div>\n\t\t\t\t<div class=\"elementor-element elementor-element-1e9cacf0 elementor-align-center elementor-widget elementor-widget-button\" data-id=\"1e9cacf0\" data-element_type=\"widget\" data-e-type=\"widget\" data-widget_type=\"button.default\">\n\t\t\t\t\t\t\t\t\t\t<a class=\"elementor-button elementor-button-link elementor-size-sm\" href=\"https:\/\/labreva.com\/it\/contatti\/\">\n\t\t\t\t\t\t<span class=\"elementor-button-content-wrapper\">\n\t\t\t\t\t\t<span class=\"elementor-button-icon\">\n\t\t\t\t<svg aria-hidden=\"true\" class=\"e-font-icon-svg e-fas-chevron-right\" viewBox=\"0 0 320 512\" xmlns=\"http:\/\/www.w3.org\/2000\/svg\"><path d=\"M285.476 272.971L91.132 467.314c-9.373 9.373-24.569 9.373-33.941 0l-22.667-22.667c-9.357-9.357-9.375-24.522-.04-33.901L188.505 256 34.484 101.255c-9.335-9.379-9.317-24.544.04-33.901l22.667-22.667c9.373-9.373 24.569-9.373 33.941 0L285.475 239.03c9.373 9.372 9.373 24.568.001 33.941z\"><\/path><\/svg>\t\t\t<\/span>\n\t\t\t\t\t\t\t\t\t<span class=\"elementor-button-text\">Contattaci<\/span>\n\t\t\t\t\t<\/span>\n\t\t\t\t\t<\/a>\n\t\t\t\t\t\t\t\t<\/div>\n\t\t\t\t<\/div>\n\t\t<div class=\"elementor-element elementor-element-3b80150c e-con-full e-flex e-con e-child\" data-id=\"3b80150c\" data-element_type=\"container\" data-e-type=\"container\" data-settings=\"{&quot;background_background&quot;:&quot;classic&quot;}\">\n\t\t\t\t<\/div>\n\t\t\t\t<\/div>\n\t\t\t\t\t<\/div>\n\t\t\t\t<\/div>\n\t\t\t\t<\/div>\n\t\t","protected":false},"excerpt":{"rendered":"<p> Il Lago di Como \u00e8 un&#8217;area escursionistica varia e paesaggisticamente meravigliosa. <\/p>\n","protected":false},"featured_media":81473,"template":"","meta":{"_acf_changed":false},"seitenart":[36],"class_list":["post-83667","content-urlaubsidee","type-content-urlaubsidee","status-publish","has-post-thumbnail","hentry","seitenart-content-page-with-slider"],"acf":[],"yoast_head":"<!-- This site is optimized with the Yoast SEO plugin v27.3 - https:\/\/yoast.com\/product\/yoast-seo-wordpress\/ -->\n<title>Escursionismo sul Lago di Como - LABREVA - Feriendomizile am Comer See<\/title>\n<meta name=\"robots\" content=\"index, follow, max-snippet:-1, max-image-preview:large, max-video-preview:-1\" \/>\n<link rel=\"canonical\" href=\"https:\/\/labreva.com\/it\/idee-per-le-vacanze\/escursionismo-sul-lago-di-como\/\" \/>\n<meta property=\"og:locale\" content=\"it_IT\" \/>\n<meta property=\"og:type\" content=\"article\" \/>\n<meta property=\"og:title\" content=\"Escursionismo sul Lago di Como - LABREVA - Feriendomizile am Comer See\" \/>\n<meta property=\"og:description\" content=\"Il Lago di Como \u00e8 un&#039;area escursionistica varia e paesaggisticamente meravigliosa.\" \/>\n<meta property=\"og:url\" content=\"https:\/\/labreva.com\/it\/idee-per-le-vacanze\/escursionismo-sul-lago-di-como\/\" \/>\n<meta property=\"og:site_name\" content=\"LABREVA - Feriendomizile am Comer See\" \/>\n<meta property=\"article:modified_time\" content=\"2026-01-30T15:14:44+00:00\" \/>\n<meta property=\"og:image\" content=\"https:\/\/labreva.com\/wp-content\/uploads\/2025\/12\/K640_Wandern-1024x683-1.jpg\" \/>\n\t<meta property=\"og:image:width\" content=\"720\" \/>\n\t<meta property=\"og:image:height\" content=\"480\" \/>\n\t<meta property=\"og:image:type\" content=\"image\/jpeg\" \/>\n<meta name=\"twitter:card\" content=\"summary_large_image\" \/>\n<meta name=\"twitter:label1\" content=\"Tempo di lettura stimato\" \/>\n\t<meta name=\"twitter:data1\" content=\"6 minuti\" \/>\n<script type=\"application\/ld+json\" class=\"yoast-schema-graph\">{\"@context\":\"https:\\\/\\\/schema.org\",\"@graph\":[{\"@type\":\"WebPage\",\"@id\":\"https:\\\/\\\/labreva.com\\\/it\\\/idee-per-le-vacanze\\\/escursionismo-sul-lago-di-como\\\/\",\"url\":\"https:\\\/\\\/labreva.com\\\/it\\\/idee-per-le-vacanze\\\/escursionismo-sul-lago-di-como\\\/\",\"name\":\"Escursionismo sul Lago di Como - LABREVA - Feriendomizile am Comer See\",\"isPartOf\":{\"@id\":\"https:\\\/\\\/labreva.com\\\/it\\\/#website\"},\"primaryImageOfPage\":{\"@id\":\"https:\\\/\\\/labreva.com\\\/it\\\/idee-per-le-vacanze\\\/escursionismo-sul-lago-di-como\\\/#primaryimage\"},\"image\":{\"@id\":\"https:\\\/\\\/labreva.com\\\/it\\\/idee-per-le-vacanze\\\/escursionismo-sul-lago-di-como\\\/#primaryimage\"},\"thumbnailUrl\":\"https:\\\/\\\/labreva.com\\\/wp-content\\\/uploads\\\/2025\\\/12\\\/K640_Wandern-1024x683-1.jpg\",\"datePublished\":\"2025-12-12T11:23:37+00:00\",\"dateModified\":\"2026-01-30T15:14:44+00:00\",\"breadcrumb\":{\"@id\":\"https:\\\/\\\/labreva.com\\\/it\\\/idee-per-le-vacanze\\\/escursionismo-sul-lago-di-como\\\/#breadcrumb\"},\"inLanguage\":\"it-IT\",\"potentialAction\":[{\"@type\":\"ReadAction\",\"target\":[\"https:\\\/\\\/labreva.com\\\/it\\\/idee-per-le-vacanze\\\/escursionismo-sul-lago-di-como\\\/\"]}]},{\"@type\":\"ImageObject\",\"inLanguage\":\"it-IT\",\"@id\":\"https:\\\/\\\/labreva.com\\\/it\\\/idee-per-le-vacanze\\\/escursionismo-sul-lago-di-como\\\/#primaryimage\",\"url\":\"https:\\\/\\\/labreva.com\\\/wp-content\\\/uploads\\\/2025\\\/12\\\/K640_Wandern-1024x683-1.jpg\",\"contentUrl\":\"https:\\\/\\\/labreva.com\\\/wp-content\\\/uploads\\\/2025\\\/12\\\/K640_Wandern-1024x683-1.jpg\",\"width\":720,\"height\":480,\"caption\":\"Trekking scene on Lake Como alps (the arrows indicates the names of the locations reached by the trails)\"},{\"@type\":\"BreadcrumbList\",\"@id\":\"https:\\\/\\\/labreva.com\\\/it\\\/idee-per-le-vacanze\\\/escursionismo-sul-lago-di-como\\\/#breadcrumb\",\"itemListElement\":[{\"@type\":\"ListItem\",\"position\":1,\"name\":\"Startseite\",\"item\":\"https:\\\/\\\/labreva.com\\\/it\\\/\"},{\"@type\":\"ListItem\",\"position\":2,\"name\":\"Escursionismo sul Lago di Como\"}]},{\"@type\":\"WebSite\",\"@id\":\"https:\\\/\\\/labreva.com\\\/it\\\/#website\",\"url\":\"https:\\\/\\\/labreva.com\\\/it\\\/\",\"name\":\"LABREVA - Feriendomizile am Comer See\",\"description\":\"\",\"publisher\":{\"@id\":\"https:\\\/\\\/labreva.com\\\/it\\\/#organization\"},\"potentialAction\":[{\"@type\":\"SearchAction\",\"target\":{\"@type\":\"EntryPoint\",\"urlTemplate\":\"https:\\\/\\\/labreva.com\\\/it\\\/?s={search_term_string}\"},\"query-input\":{\"@type\":\"PropertyValueSpecification\",\"valueRequired\":true,\"valueName\":\"search_term_string\"}}],\"inLanguage\":\"it-IT\"},{\"@type\":\"Organization\",\"@id\":\"https:\\\/\\\/labreva.com\\\/it\\\/#organization\",\"name\":\"LABREVA - Feriendomizile am Comer See\",\"url\":\"https:\\\/\\\/labreva.com\\\/it\\\/\",\"logo\":{\"@type\":\"ImageObject\",\"inLanguage\":\"it-IT\",\"@id\":\"https:\\\/\\\/labreva.com\\\/it\\\/#\\\/schema\\\/logo\\\/image\\\/\",\"url\":\"https:\\\/\\\/labreva.com\\\/wp-content\\\/uploads\\\/2025\\\/11\\\/Labreva_Logo_RGB_5.svg\",\"contentUrl\":\"https:\\\/\\\/labreva.com\\\/wp-content\\\/uploads\\\/2025\\\/11\\\/Labreva_Logo_RGB_5.svg\",\"caption\":\"LABREVA - Feriendomizile am Comer See\"},\"image\":{\"@id\":\"https:\\\/\\\/labreva.com\\\/it\\\/#\\\/schema\\\/logo\\\/image\\\/\"}}]}<\/script>\n<!-- \/ Yoast SEO plugin. -->","yoast_head_json":{"title":"Escursionismo sul Lago di Como - LABREVA - Feriendomizile am Comer See","robots":{"index":"index","follow":"follow","max-snippet":"max-snippet:-1","max-image-preview":"max-image-preview:large","max-video-preview":"max-video-preview:-1"},"canonical":"https:\/\/labreva.com\/it\/idee-per-le-vacanze\/escursionismo-sul-lago-di-como\/","og_locale":"it_IT","og_type":"article","og_title":"Escursionismo sul Lago di Como - LABREVA - Feriendomizile am Comer See","og_description":"Il Lago di Como \u00e8 un'area escursionistica varia e paesaggisticamente meravigliosa.","og_url":"https:\/\/labreva.com\/it\/idee-per-le-vacanze\/escursionismo-sul-lago-di-como\/","og_site_name":"LABREVA - Feriendomizile am Comer See","article_modified_time":"2026-01-30T15:14:44+00:00","og_image":[{"width":720,"height":480,"url":"https:\/\/labreva.com\/wp-content\/uploads\/2025\/12\/K640_Wandern-1024x683-1.jpg","type":"image\/jpeg"}],"twitter_card":"summary_large_image","twitter_misc":{"Tempo di lettura stimato":"6 minuti"},"schema":{"@context":"https:\/\/schema.org","@graph":[{"@type":"WebPage","@id":"https:\/\/labreva.com\/it\/idee-per-le-vacanze\/escursionismo-sul-lago-di-como\/","url":"https:\/\/labreva.com\/it\/idee-per-le-vacanze\/escursionismo-sul-lago-di-como\/","name":"Escursionismo sul Lago di Como - LABREVA - Feriendomizile am Comer See","isPartOf":{"@id":"https:\/\/labreva.com\/it\/#website"},"primaryImageOfPage":{"@id":"https:\/\/labreva.com\/it\/idee-per-le-vacanze\/escursionismo-sul-lago-di-como\/#primaryimage"},"image":{"@id":"https:\/\/labreva.com\/it\/idee-per-le-vacanze\/escursionismo-sul-lago-di-como\/#primaryimage"},"thumbnailUrl":"https:\/\/labreva.com\/wp-content\/uploads\/2025\/12\/K640_Wandern-1024x683-1.jpg","datePublished":"2025-12-12T11:23:37+00:00","dateModified":"2026-01-30T15:14:44+00:00","breadcrumb":{"@id":"https:\/\/labreva.com\/it\/idee-per-le-vacanze\/escursionismo-sul-lago-di-como\/#breadcrumb"},"inLanguage":"it-IT","potentialAction":[{"@type":"ReadAction","target":["https:\/\/labreva.com\/it\/idee-per-le-vacanze\/escursionismo-sul-lago-di-como\/"]}]},{"@type":"ImageObject","inLanguage":"it-IT","@id":"https:\/\/labreva.com\/it\/idee-per-le-vacanze\/escursionismo-sul-lago-di-como\/#primaryimage","url":"https:\/\/labreva.com\/wp-content\/uploads\/2025\/12\/K640_Wandern-1024x683-1.jpg","contentUrl":"https:\/\/labreva.com\/wp-content\/uploads\/2025\/12\/K640_Wandern-1024x683-1.jpg","width":720,"height":480,"caption":"Trekking scene on Lake Como alps (the arrows indicates the names of the locations reached by the trails)"},{"@type":"BreadcrumbList","@id":"https:\/\/labreva.com\/it\/idee-per-le-vacanze\/escursionismo-sul-lago-di-como\/#breadcrumb","itemListElement":[{"@type":"ListItem","position":1,"name":"Startseite","item":"https:\/\/labreva.com\/it\/"},{"@type":"ListItem","position":2,"name":"Escursionismo sul Lago di Como"}]},{"@type":"WebSite","@id":"https:\/\/labreva.com\/it\/#website","url":"https:\/\/labreva.com\/it\/","name":"LABREVA - Feriendomizile am Comer See","description":"","publisher":{"@id":"https:\/\/labreva.com\/it\/#organization"},"potentialAction":[{"@type":"SearchAction","target":{"@type":"EntryPoint","urlTemplate":"https:\/\/labreva.com\/it\/?s={search_term_string}"},"query-input":{"@type":"PropertyValueSpecification","valueRequired":true,"valueName":"search_term_string"}}],"inLanguage":"it-IT"},{"@type":"Organization","@id":"https:\/\/labreva.com\/it\/#organization","name":"LABREVA - Feriendomizile am Comer See","url":"https:\/\/labreva.com\/it\/","logo":{"@type":"ImageObject","inLanguage":"it-IT","@id":"https:\/\/labreva.com\/it\/#\/schema\/logo\/image\/","url":"https:\/\/labreva.com\/wp-content\/uploads\/2025\/11\/Labreva_Logo_RGB_5.svg","contentUrl":"https:\/\/labreva.com\/wp-content\/uploads\/2025\/11\/Labreva_Logo_RGB_5.svg","caption":"LABREVA - Feriendomizile am Comer See"},"image":{"@id":"https:\/\/labreva.com\/it\/#\/schema\/logo\/image\/"}}]}},"_links":{"self":[{"href":"https:\/\/labreva.com\/it\/wp-json\/wp\/v2\/content-urlaubsidee\/83667","targetHints":{"allow":["GET"]}}],"collection":[{"href":"https:\/\/labreva.com\/it\/wp-json\/wp\/v2\/content-urlaubsidee"}],"about":[{"href":"https:\/\/labreva.com\/it\/wp-json\/wp\/v2\/types\/content-urlaubsidee"}],"version-history":[{"count":2,"href":"https:\/\/labreva.com\/it\/wp-json\/wp\/v2\/content-urlaubsidee\/83667\/revisions"}],"predecessor-version":[{"id":83669,"href":"https:\/\/labreva.com\/it\/wp-json\/wp\/v2\/content-urlaubsidee\/83667\/revisions\/83669"}],"wp:featuredmedia":[{"embeddable":true,"href":"https:\/\/labreva.com\/it\/wp-json\/wp\/v2\/media\/81473"}],"wp:attachment":[{"href":"https:\/\/labreva.com\/it\/wp-json\/wp\/v2\/media?parent=83667"}],"wp:term":[{"taxonomy":"seitenart","embeddable":true,"href":"https:\/\/labreva.com\/it\/wp-json\/wp\/v2\/seitenart?post=83667"}],"curies":[{"name":"wp","href":"https:\/\/api.w.org\/{rel}","templated":true}]}}