{"id":83513,"date":"2025-12-10T15:50:48","date_gmt":"2025-12-10T14:50:48","guid":{"rendered":"https:\/\/labreva.com\/ausflugtipps\/attrazioni-turistiche-sul-lago-di-como\/"},"modified":"2026-01-30T16:24:08","modified_gmt":"2026-01-30T15:24:08","slug":"attrazioni-turistiche-sul-lago-di-como","status":"publish","type":"content-ausflugtipp","link":"https:\/\/labreva.com\/it\/suggerimenti-per-le-escursioni\/attrazioni-turistiche-sul-lago-di-como\/","title":{"rendered":"Attrazioni turistiche sul Lago di Como"},"content":{"rendered":"\t\t<div data-elementor-type=\"wp-post\" data-elementor-id=\"83513\" class=\"elementor elementor-83513 elementor-77466\" data-elementor-post-type=\"content-ausflugtipp\">\n\t\t\t\t<div class=\"elementor-element elementor-element-f02cb1e e-flex e-con-boxed e-con e-parent\" data-id=\"f02cb1e\" data-element_type=\"container\" data-e-type=\"container\">\n\t\t\t\t\t<div class=\"e-con-inner\">\n\t\t<div class=\"elementor-element elementor-element-e560e92 e-con-full e-flex e-con e-child\" data-id=\"e560e92\" data-element_type=\"container\" data-e-type=\"container\">\n\t\t\t\t<div class=\"elementor-element elementor-element-1de69f4 elementor-widget elementor-widget-heading\" data-id=\"1de69f4\" data-element_type=\"widget\" data-e-type=\"widget\" data-widget_type=\"heading.default\">\n\t\t\t\t\t<div class=\"elementor-heading-title elementor-size-default\">Consigli per escursioni<\/div>\t\t\t\t<\/div>\n\t\t\t\t<div class=\"elementor-element elementor-element-46ea677 elementor-widget elementor-widget-heading\" data-id=\"46ea677\" data-element_type=\"widget\" data-e-type=\"widget\" data-widget_type=\"heading.default\">\n\t\t\t\t\t<h1 class=\"elementor-heading-title elementor-size-default\">Luoghi di interesse sul Lago di Como<\/h1>\t\t\t\t<\/div>\n\t\t\t\t<div class=\"elementor-element elementor-element-75e6e45 elementor-widget__width-initial elementor-widget-mobile__width-inherit make-text-mobile-sm elementor-widget elementor-widget-text-editor\" data-id=\"75e6e45\" data-element_type=\"widget\" data-e-type=\"widget\" data-widget_type=\"text-editor.default\">\n\t\t\t\t\t\t\t\t\t<p>Spettacolari panorami montani, acque scintillanti e villaggi incontaminati: il Lago di Como \u00e8 l\u2019ispirazione per un sacco di \u201cLa Dolce Vita Feeling\u201d. In vacanza sul Lago di Como sarete trasportati in un mondo di stile di vita mediterraneo e paesaggi alpini da sogno. Non c\u2019\u00e8 da stupirsi che il Lago di Como, con il suo fascino speciale e il suo paesaggio impressionante, abbia attratto e ispirato aristocratici, celebrit\u00e0 e artisti famosi per molti 100 anni e abbia lasciato il segno come destinazione di vacanza oggi.  <\/p><p>Vi mostriamo le pi\u00f9 belle <strong>attrazioni sul Lago di Como<\/strong> e le destinazioni escursionistiche e attivit\u00e0 pi\u00f9 popolari. Lasciatevi incantare anche voi da questo fantastico scenario vacanziero.<\/p>\t\t\t\t\t\t\t\t<\/div>\n\t\t\t\t<\/div>\n\t\t\t\t\t<\/div>\n\t\t\t\t<\/div>\n\t\t<div class=\"elementor-element elementor-element-c8d0f3e e-flex e-con-boxed e-con e-parent\" data-id=\"c8d0f3e\" data-element_type=\"container\" data-e-type=\"container\">\n\t\t\t\t\t<div class=\"e-con-inner\">\n\t\t\t\t<div class=\"elementor-element elementor-element-65a376f elementor-widget elementor-widget-spacer\" data-id=\"65a376f\" data-element_type=\"widget\" data-e-type=\"widget\" data-widget_type=\"spacer.default\">\n\t\t\t\t\t\t\t<div class=\"elementor-spacer\">\n\t\t\t<div class=\"elementor-spacer-inner\"><\/div>\n\t\t<\/div>\n\t\t\t\t\t\t<\/div>\n\t\t\t\t\t<\/div>\n\t\t\t\t<\/div>\n\t\t<div class=\"elementor-element elementor-element-4124fed e-flex e-con-boxed e-con e-parent\" data-id=\"4124fed\" data-element_type=\"container\" data-e-type=\"container\">\n\t\t\t\t\t<div class=\"e-con-inner\">\n\t\t<div class=\"elementor-element elementor-element-081460b e-con-full beon-carousel-h-fix e-flex e-con e-child\" data-id=\"081460b\" data-element_type=\"container\" data-e-type=\"container\" data-settings=\"{&quot;background_background&quot;:&quot;classic&quot;}\">\n\t\t\t\t<div class=\"elementor-element elementor-element-6c4f0e2 elementor-pagination-position-inside elementor-widget elementor-widget-image-carousel\" data-id=\"6c4f0e2\" data-element_type=\"widget\" data-e-type=\"widget\" data-settings=\"{&quot;slides_to_show&quot;:&quot;1&quot;,&quot;navigation&quot;:&quot;dots&quot;,&quot;infinite&quot;:&quot;yes&quot;,&quot;effect&quot;:&quot;slide&quot;,&quot;speed&quot;:500}\" data-widget_type=\"image-carousel.default\">\n\t\t\t\t\t\t\t<div class=\"elementor-image-carousel-wrapper swiper\" role=\"region\" aria-roledescription=\"carousel\" aria-label=\"Content Carousel sec\" dir=\"ltr\">\n\t\t\t<div class=\"elementor-image-carousel swiper-wrapper\" aria-live=\"polite\">\n\t\t\t\t\t\t\t\t<div class=\"swiper-slide\" role=\"group\" aria-roledescription=\"slide\" aria-label=\"1 di 1\"><figure class=\"swiper-slide-inner\"><img decoding=\"async\" class=\"swiper-slide-image\" src=\"https:\/\/labreva.com\/wp-content\/uploads\/2025\/12\/K1600_15.-Villa-Balbianello-768x510.jpg\" alt=\"K1600_15.-Villa-Balbianello\" \/><\/figure><\/div>\t\t\t<\/div>\n\t\t\t\t\t<\/div>\n\t\t\t\t\t\t<\/div>\n\t\t\t\t<\/div>\n\t\t<div class=\"elementor-element elementor-element-bf703a7 e-con-full e-flex e-con e-child\" data-id=\"bf703a7\" data-element_type=\"container\" data-e-type=\"container\">\n\t\t\t\t<div class=\"elementor-element elementor-element-c10c6d3 elementor-widget elementor-widget-heading\" data-id=\"c10c6d3\" data-element_type=\"widget\" data-e-type=\"widget\" data-widget_type=\"heading.default\">\n\t\t\t\t\t<h2 class=\"elementor-heading-title elementor-size-default\">Ville storiche<\/h2>\t\t\t\t<\/div>\n\t\t\t\t<div class=\"elementor-element elementor-element-483cfa6 elementor-widget elementor-widget-text-editor\" data-id=\"483cfa6\" data-element_type=\"widget\" data-e-type=\"widget\" data-widget_type=\"text-editor.default\">\n\t\t\t\t\t\t\t\t\t<p>Gli amanti della cultura dovrebbero assolutamente inserire nella loro lista di cose da fare una visita ad almeno una delle famose <a href=\"https:\/\/labreva.com\/it\/suggerimenti-per-le-escursioni\/ville-e-giardini-botanici-sul-lago-di-como\/\"><b><u>ville storiche<\/u><\/b><\/a> del Lago di Como. Le ville sono pittorescamente situate sulle rive del lago, spesso circondate da splendidi parchi e giardini. Che si tratti di Villa Erba a Cernobbio, di Villa Carlotta a Tremezzo con molte opere d\u2019arte e un bellissimo e romantico parco e giardino botanico, o di Villa Monastero, che delizia in particolare con il suo originale e unico parco giardino, lungo quasi 2 km, ricco di piante esotiche, statue e padiglioni.   <\/p>\t\t\t\t\t\t\t\t<\/div>\n\t\t\t\t<\/div>\n\t\t\t\t\t<\/div>\n\t\t\t\t<\/div>\n\t\t<div class=\"elementor-element elementor-element-752b800 e-flex e-con-boxed e-con e-parent\" data-id=\"752b800\" data-element_type=\"container\" data-e-type=\"container\">\n\t\t\t\t\t<div class=\"e-con-inner\">\n\t\t\t\t<div class=\"elementor-element elementor-element-6c4295a elementor-widget elementor-widget-spacer\" data-id=\"6c4295a\" data-element_type=\"widget\" data-e-type=\"widget\" data-widget_type=\"spacer.default\">\n\t\t\t\t\t\t\t<div class=\"elementor-spacer\">\n\t\t\t<div class=\"elementor-spacer-inner\"><\/div>\n\t\t<\/div>\n\t\t\t\t\t\t<\/div>\n\t\t\t\t\t<\/div>\n\t\t\t\t<\/div>\n\t\t<div class=\"elementor-element elementor-element-b727b54 e-flex e-con-boxed e-con e-parent\" data-id=\"b727b54\" data-element_type=\"container\" data-e-type=\"container\">\n\t\t\t\t\t<div class=\"e-con-inner\">\n\t\t<div class=\"elementor-element elementor-element-c5eccb4 e-con-full beon-carousel-h-fix e-flex e-con e-child\" data-id=\"c5eccb4\" data-element_type=\"container\" data-e-type=\"container\" data-settings=\"{&quot;background_background&quot;:&quot;classic&quot;}\">\n\t\t\t\t<div class=\"elementor-element elementor-element-ed8c892 elementor-pagination-position-inside elementor-widget elementor-widget-image-carousel\" data-id=\"ed8c892\" data-element_type=\"widget\" data-e-type=\"widget\" data-settings=\"{&quot;slides_to_show&quot;:&quot;1&quot;,&quot;navigation&quot;:&quot;dots&quot;,&quot;infinite&quot;:&quot;yes&quot;,&quot;effect&quot;:&quot;slide&quot;,&quot;speed&quot;:500}\" data-widget_type=\"image-carousel.default\">\n\t\t\t\t\t\t\t<div class=\"elementor-image-carousel-wrapper swiper\" role=\"region\" aria-roledescription=\"carousel\" aria-label=\"Content Carousel first\" dir=\"ltr\">\n\t\t\t<div class=\"elementor-image-carousel swiper-wrapper\" aria-live=\"polite\">\n\t\t\t\t\t\t\t\t<div class=\"swiper-slide\" role=\"group\" aria-roledescription=\"slide\" aria-label=\"1 di 1\"><figure class=\"swiper-slide-inner\"><img decoding=\"async\" class=\"swiper-slide-image\" src=\"https:\/\/labreva.com\/wp-content\/uploads\/2025\/12\/italy-g485a50a76_1920-1024x627-1-768x470.jpg\" alt=\"italy-g485a50a76_1920-1024x627\" \/><\/figure><\/div>\t\t\t<\/div>\n\t\t\t\t\t<\/div>\n\t\t\t\t\t\t<\/div>\n\t\t\t\t<\/div>\n\t\t<div class=\"elementor-element elementor-element-c325490 e-con-full e-flex e-con e-child\" data-id=\"c325490\" data-element_type=\"container\" data-e-type=\"container\">\n\t\t\t\t<div class=\"elementor-element elementor-element-c5b8999 elementor-widget elementor-widget-heading\" data-id=\"c5b8999\" data-element_type=\"widget\" data-e-type=\"widget\" data-widget_type=\"heading.default\">\n\t\t\t\t\t<h2 class=\"elementor-heading-title elementor-size-default\">Luoghi di interesse<\/h2>\t\t\t\t<\/div>\n\t\t\t\t<div class=\"elementor-element elementor-element-8509dd2 elementor-widget elementor-widget-text-editor\" data-id=\"8509dd2\" data-element_type=\"widget\" data-e-type=\"widget\" data-widget_type=\"text-editor.default\">\n\t\t\t\t\t\t\t\t\t<ul><li>Abbazia di Piona: L\u2019Abbazia di Piona \u00e8 situata su una collina della baia di Piona, in Oligiasca, vicino a Colico. L\u2019abbazia si trova direttamente sul lago ed \u00e8 possibile visitare la chiesa, la sala capitolare e il famoso chiostro. C\u2019\u00e8 anche un piccolo negozio dove \u00e8 possibile acquistare i prodotti realizzati dai monaci, come erbe medicinali, miele o brandy.  <\/li><li>Castello di Vezio: Il Castello di Vezio \u00e8 un castello altomedievale risalente all\u2019XI secolo vicino a Varenna, sul Lago di Como. Il castello ha una torre con una fantastica vista sul triangolo dorato del lago, alte mura, un torrione centrale e un ponte levatoio ancora funzionante. Il castello \u00e8 situato sulla montagna, circondato da uliveti. Nel parco si trova anche un ristorante e tra gli eventi pi\u00f9 frequenti ci sono le esibizioni di uccelli rapaci.   <\/li><li>Fortezza di Fuentes a Colico: le attuali rovine dell\u2019antico complesso fortificato vicino a Colico furono utilizzate nel XVII secolo come importante punto di collegamento strategico per il governatore spagnolo di Milano per controllare le vie di comunicazione con la Valtellina e la Valchiavenna. La fortezza era un complesso a forma di \u201cU\u201d composto da locali per l\u2019alloggio dei soldati, dal palazzo del governatore, dalla chiesa, da un mulino con forno, da alcune cisterne per l\u2019acqua e da magazzini sotterranei. Oggi la fortezza spagnola \u00e8 di propriet\u00e0 della Provincia di Lecco. Nelle rovine \u00e8 ancora visibile l\u2019affascinante struttura originaria, incastonata nella magica pace e bellezza del paesaggio dell\u2019estremit\u00e0 nord del Lago di Como.   <\/li><li>Museo della Barca a Pianello: Il Museo della Barca Lariana, situato a Pianello del Lario, \u00e8 stato fondato nel 1982 e vi accompagna in un viaggio attraverso la storia marittima del Lago di Como con una collezione di oltre 160 imbarcazioni, tra cui rarit\u00e0 come motoscafi ad alta velocit\u00e0, barche storiche, attrezzature e accessori, oltre alle famose gondole da lavoro e da pesca del Lago di Como, chiamate anche chiatte \u201cLucia\u201d.<\/li><li>Cattedrale di Como: chiamata Cattedrale di Santa Maria Assunta o <em>Duomo di Como<\/em>, \u00e8 una cattedrale della diocesi di Como. La costruzione inizi\u00f2 nel 1396 e prosegu\u00ec per circa tre secoli e mezzo. A causa del lungo periodo di costruzione, numerosi stili architettonici sono stati incorporati nella cattedrale, anche se dominano gli stili originali del tardo gotico e del primo Rinascimento. La facciata del Duomo di Como \u00e8 divisa in tre parti da quattro fasce verticali a intreccio, secondo la tradizione lombarda e bizantina, e decorata con numerosi viticci, sculture e un rosone. a cattedrale \u00e8 decorata con numerose opere d\u2019arte e arazzi del XVI e XVII secolo provenienti da Firenze, Ferrara e Anversa. La cattedrale \u00e8 nota, tra l\u2019altro, per l\u2019acquasantiera, i dipinti di Gaudenzio Ferrari e Bernardino Luini e l\u2019organo.       <\/li><\/ul>\t\t\t\t\t\t\t\t<\/div>\n\t\t\t\t<\/div>\n\t\t\t\t\t<\/div>\n\t\t\t\t<\/div>\n\t\t<div class=\"elementor-element elementor-element-f67abb2 e-flex e-con-boxed e-con e-parent\" data-id=\"f67abb2\" data-element_type=\"container\" data-e-type=\"container\">\n\t\t\t\t\t<div class=\"e-con-inner\">\n\t\t\t\t<div class=\"elementor-element elementor-element-c1509f3 elementor-widget elementor-widget-spacer\" data-id=\"c1509f3\" data-element_type=\"widget\" data-e-type=\"widget\" data-widget_type=\"spacer.default\">\n\t\t\t\t\t\t\t<div class=\"elementor-spacer\">\n\t\t\t<div class=\"elementor-spacer-inner\"><\/div>\n\t\t<\/div>\n\t\t\t\t\t\t<\/div>\n\t\t\t\t\t<\/div>\n\t\t\t\t<\/div>\n\t\t<div class=\"elementor-element elementor-element-7956f07 e-flex e-con-boxed e-con e-parent\" data-id=\"7956f07\" data-element_type=\"container\" data-e-type=\"container\">\n\t\t\t\t\t<div class=\"e-con-inner\">\n\t\t<div class=\"elementor-element elementor-element-3a2bc55 e-con-full beon-carousel-h-fix e-flex e-con e-child\" data-id=\"3a2bc55\" data-element_type=\"container\" data-e-type=\"container\" data-settings=\"{&quot;background_background&quot;:&quot;classic&quot;}\">\n\t\t\t\t<div class=\"elementor-element elementor-element-fe4aef7 elementor-pagination-position-inside elementor-widget elementor-widget-image-carousel\" data-id=\"fe4aef7\" data-element_type=\"widget\" data-e-type=\"widget\" data-settings=\"{&quot;slides_to_show&quot;:&quot;1&quot;,&quot;navigation&quot;:&quot;dots&quot;,&quot;infinite&quot;:&quot;yes&quot;,&quot;effect&quot;:&quot;slide&quot;,&quot;speed&quot;:500}\" data-widget_type=\"image-carousel.default\">\n\t\t\t\t\t\t\t<div class=\"elementor-image-carousel-wrapper swiper\" role=\"region\" aria-roledescription=\"carousel\" aria-label=\"Content Carousel sec\" dir=\"ltr\">\n\t\t\t<div class=\"elementor-image-carousel swiper-wrapper\" aria-live=\"polite\">\n\t\t\t\t\t\t\t\t<div class=\"swiper-slide\" role=\"group\" aria-roledescription=\"slide\" aria-label=\"1 di 1\"><figure class=\"swiper-slide-inner\"><img decoding=\"async\" class=\"swiper-slide-image\" src=\"https:\/\/labreva.com\/wp-content\/uploads\/2025\/12\/K1600_5-1024x768-1-768x576.jpg\" alt=\"K1600_5-1024x768\" \/><\/figure><\/div>\t\t\t<\/div>\n\t\t\t\t\t<\/div>\n\t\t\t\t\t\t<\/div>\n\t\t\t\t<\/div>\n\t\t<div class=\"elementor-element elementor-element-99147cb e-con-full e-flex e-con e-child\" data-id=\"99147cb\" data-element_type=\"container\" data-e-type=\"container\">\n\t\t\t\t<div class=\"elementor-element elementor-element-895f7a2 elementor-widget elementor-widget-heading\" data-id=\"895f7a2\" data-element_type=\"widget\" data-e-type=\"widget\" data-widget_type=\"heading.default\">\n\t\t\t\t\t<h2 class=\"elementor-heading-title elementor-size-default\">Luoghi, escursioni e attivit\u00e0<\/h2>\t\t\t\t<\/div>\n\t\t\t\t<div class=\"elementor-element elementor-element-f5a341c elementor-widget elementor-widget-text-editor\" data-id=\"f5a341c\" data-element_type=\"widget\" data-e-type=\"widget\" data-widget_type=\"text-editor.default\">\n\t\t\t\t\t\t\t\t\t<ul><li>Bellagio: <a href=\"https:\/\/labreva.com\/it\/villaggi-turistici-sul-lago-di-como\/bellagio-e-dintorni\/\">Bellagio<\/a> \u00e8 situata nel punto pi\u00f9 centrale del Lago di Como e del famoso triangolo d\u2019oro del lago, dove i due bracci della Y si dividono. La citt\u00e0 vanta splendide viste sul lago in tutte le direzioni, case pittoresche, vicoli tortuosi e un pittoresco lungolago. La citt\u00e0 ospita le ville Serbelloni (costruita nel XV-XVII secolo) e Melzi (1802) con i loro ammirevoli parchi. Qui troverete vicoli medievali con invitanti ristoranti, pizzerie e graziose boutique e piccoli negozi. Anche il lungomare \u00e8 splendidamente piantumato e incanta con fiori e fioriture.    <\/li><li>Varenna: Anche il lungolago \u00e8 splendidamente piantumato e incanta con fiori e fioriture. Varenna: Il lungolago di Varenna \u00e8 una delle immagini pi\u00f9 famose del Lago di Como e un vero e proprio motivo da cartolina: l\u2019ex villaggio di pescatori unisce tutti i sogni di vacanza italiani in vicoli tortuosi, facciate di case mediterranee e colorate, cipressi e platani sullo sfondo del Lago di Como.<\/li><li>Como: la citt\u00e0, che d\u00e0 anche il nome al Lago di Como, si trova sulla sponda meridionale del braccio occidentale. L\u2019ex capitale della seta colpisce per i numerosi edifici storici, soprattutto la cattedrale, per il bellissimo centro storico e per l\u2019ampia zona pedonale con numerosi negozi e boutique per lo shopping. <\/li><li>Menaggio: l\u2019elegante cittadina con il suo centro storico e i romantici vicoli sul lago di Como e sulla montagna ha una posizione ideale vicino al centro del lago di Como ed \u00e8 uno dei capisaldi del famoso triangolo d\u2019oro del lago. A Menaggio ci sono ristoranti raffinati e pizzerie pittoresche e un bel lungolago con piccoli caff\u00e8. La piazza del porto dei pescatori \u00e8 considerata il centro della vita sociale ed \u00e8 il luogo di incontro degli abitanti del luogo.  <\/li><li>Gita in barca: per vivere al meglio il Lago di Como, si consigliano gite ed escursioni in barca \u2013 spesso il lago \u00e8 ancora pi\u00f9 bello dall\u2019acqua. Inoltre, a volte \u00e8 pi\u00f9 pratico essere in viaggio senza auto. Ci sono molte cittadine pittoresche lungo le rive del lago, Menaggio, Cadenabbia, Bellagio o Varenna, ognuna delle quali merita una visita. I traghetti o le navi passeggeri fanno scalo in quasi tutte le incantevoli localit\u00e0. Dal mare si ha un\u2019impressione completamente diversa dello straordinario paesaggio lacustre e montano.    <\/li><li>Funicolare Como-Brunate: la Funicolare Como-Brunate sale attraverso un lungo tunnel. Appena usciti dal tunnel, si apre una magnifica vista panoramica su Como, il Lago di Como e l\u2019area circostante. Se ne avete voglia, potete proseguire da Brunate a San Maurizio e fare una deviazione verso il faro della Volta. Per tornare indietro, potete prendere di nuovo la funivia o seguire i sentieri che si snodano fino alla riva del lago.   <\/li><li>Gola dell\u2019Orrido a Bellano: una gradita novit\u00e0, soprattutto nelle giornate pi\u00f9 calde. Si parte dalla chiesa parrocchiale dei Santi Nazaro e Celso, nel borgo di Bellano, e si percorre la scalinata che porta all\u2019Orrido di Bellano, accanto al campanile. L\u2019Orrido di Bellano \u00e8 una cascata impressionante: il torrente Pioverna ha eroso e scavato le rocce nel corso di 15 milioni di anni.  <\/li><\/ul>\t\t\t\t\t\t\t\t<\/div>\n\t\t\t\t<\/div>\n\t\t\t\t\t<\/div>\n\t\t\t\t<\/div>\n\t\t<div class=\"elementor-element elementor-element-5363925 e-flex e-con-boxed e-con e-parent\" data-id=\"5363925\" data-element_type=\"container\" data-e-type=\"container\">\n\t\t\t\t\t<div class=\"e-con-inner\">\n\t\t\t\t<div class=\"elementor-element elementor-element-df3675e elementor-widget elementor-widget-spacer\" data-id=\"df3675e\" data-element_type=\"widget\" data-e-type=\"widget\" data-widget_type=\"spacer.default\">\n\t\t\t\t\t\t\t<div class=\"elementor-spacer\">\n\t\t\t<div class=\"elementor-spacer-inner\"><\/div>\n\t\t<\/div>\n\t\t\t\t\t\t<\/div>\n\t\t\t\t\t<\/div>\n\t\t\t\t<\/div>\n\t\t<div class=\"elementor-element elementor-element-bc35cee e-flex e-con-boxed e-con e-parent\" data-id=\"bc35cee\" data-element_type=\"container\" data-e-type=\"container\">\n\t\t\t\t\t<div class=\"e-con-inner\">\n\t\t<div class=\"elementor-element elementor-element-26d7dc1 e-con-full beon-carousel-h-fix e-flex e-con e-child\" data-id=\"26d7dc1\" data-element_type=\"container\" data-e-type=\"container\" data-settings=\"{&quot;background_background&quot;:&quot;classic&quot;}\">\n\t\t\t\t<div class=\"elementor-element elementor-element-a8c0146 elementor-pagination-position-inside elementor-widget elementor-widget-image-carousel\" data-id=\"a8c0146\" data-element_type=\"widget\" data-e-type=\"widget\" data-settings=\"{&quot;slides_to_show&quot;:&quot;1&quot;,&quot;navigation&quot;:&quot;dots&quot;,&quot;infinite&quot;:&quot;yes&quot;,&quot;effect&quot;:&quot;slide&quot;,&quot;speed&quot;:500}\" data-widget_type=\"image-carousel.default\">\n\t\t\t\t\t\t\t<div class=\"elementor-image-carousel-wrapper swiper\" role=\"region\" aria-roledescription=\"carousel\" aria-label=\"Content Carousel first\" dir=\"ltr\">\n\t\t\t<div class=\"elementor-image-carousel swiper-wrapper\" aria-live=\"polite\">\n\t\t\t\t\t\t\t\t<div class=\"swiper-slide\" role=\"group\" aria-roledescription=\"slide\" aria-label=\"1 di 1\"><figure class=\"swiper-slide-inner\"><img decoding=\"async\" class=\"swiper-slide-image\" src=\"https:\/\/labreva.com\/wp-content\/uploads\/2025\/12\/italy-gba5053539_1920-1024x627-2-768x470.jpg\" alt=\"italy-gba5053539_1920-1024x627\" \/><\/figure><\/div>\t\t\t<\/div>\n\t\t\t\t\t<\/div>\n\t\t\t\t\t\t<\/div>\n\t\t\t\t<\/div>\n\t\t<div class=\"elementor-element elementor-element-6454d5d e-con-full e-flex e-con e-child\" data-id=\"6454d5d\" data-element_type=\"container\" data-e-type=\"container\">\n\t\t\t\t<div class=\"elementor-element elementor-element-a75514d elementor-widget elementor-widget-heading\" data-id=\"a75514d\" data-element_type=\"widget\" data-e-type=\"widget\" data-widget_type=\"heading.default\">\n\t\t\t\t\t<h2 class=\"elementor-heading-title elementor-size-default\">Consigli per gli addetti ai lavori Lago di Como<\/h2>\t\t\t\t<\/div>\n\t\t\t\t<div class=\"elementor-element elementor-element-47ba410 elementor-widget elementor-widget-text-editor\" data-id=\"47ba410\" data-element_type=\"widget\" data-e-type=\"widget\" data-widget_type=\"text-editor.default\">\n\t\t\t\t\t\t\t\t\t<ul><li>Se avete voglia di qualcosa di un po\u2019 speciale, vi consigliamo di noleggiare <a href=\"https:\/\/labreva.com\/it\/suggerimenti-per-le-escursioni\/gite-in-barca-sul-lago-di-como\/\">una barca<\/a> sul Lago di Como o di prendere un taxi boat da A a B. Dalla barca si pu\u00f2 vivere e apprezzare il lago in modo completamente diverso, e anche tuffarsi nel lago per rinfrescarsi tra una cosa e l\u2019altra \u00e8 divertente, oppure prendere la barca per andare a cena in uno dei numerosi ristoranti direttamente sul lago \u00e8 un\u2019esperienza in s\u00e9. <\/li><li>Il nostro pi\u00f9 semplice e meraviglioso consiglio segreto per la vostra vacanza sul Lago di Como: trovate un posto tranquillo in riva al lago la sera, magari con una bottiglia di vino, e lasciate che l\u2019atmosfera magica faccia la sua magia su di voi: Di solito una leggera brezza, il suono delle onde e il mare di luci attraverso le montagne si possono vedere le luci delle case e dei villaggi in alto. L\u2019atmosfera fa dimenticare tutto per un momento.  <\/li><li> <\/li><\/ul>\t\t\t\t\t\t\t\t<\/div>\n\t\t\t\t<\/div>\n\t\t\t\t\t<\/div>\n\t\t\t\t<\/div>\n\t\t<div class=\"elementor-element elementor-element-eec7389 e-flex e-con-boxed e-con e-parent\" data-id=\"eec7389\" data-element_type=\"container\" data-e-type=\"container\">\n\t\t\t\t\t<div class=\"e-con-inner\">\n\t\t\t\t<div class=\"elementor-element elementor-element-4fb7865 elementor-widget elementor-widget-spacer\" data-id=\"4fb7865\" data-element_type=\"widget\" data-e-type=\"widget\" data-widget_type=\"spacer.default\">\n\t\t\t\t\t\t\t<div class=\"elementor-spacer\">\n\t\t\t<div class=\"elementor-spacer-inner\"><\/div>\n\t\t<\/div>\n\t\t\t\t\t\t<\/div>\n\t\t\t\t\t<\/div>\n\t\t\t\t<\/div>\n\t\t<div class=\"elementor-element elementor-element-86983e6 e-flex e-con-boxed e-con e-parent\" data-id=\"86983e6\" data-element_type=\"container\" data-e-type=\"container\">\n\t\t\t\t\t<div class=\"e-con-inner\">\n\t\t<div class=\"elementor-element elementor-element-18a82f3 e-con-full beon-carousel-h-fix e-flex e-con e-child\" data-id=\"18a82f3\" data-element_type=\"container\" data-e-type=\"container\" data-settings=\"{&quot;background_background&quot;:&quot;classic&quot;}\">\n\t\t\t\t<div class=\"elementor-element elementor-element-95a5a01 elementor-pagination-position-inside elementor-widget elementor-widget-image-carousel\" data-id=\"95a5a01\" data-element_type=\"widget\" data-e-type=\"widget\" data-settings=\"{&quot;slides_to_show&quot;:&quot;1&quot;,&quot;navigation&quot;:&quot;dots&quot;,&quot;infinite&quot;:&quot;yes&quot;,&quot;effect&quot;:&quot;slide&quot;,&quot;speed&quot;:500}\" data-widget_type=\"image-carousel.default\">\n\t\t\t\t\t\t\t<div class=\"elementor-image-carousel-wrapper swiper\" role=\"region\" aria-roledescription=\"carousel\" aria-label=\"Content Carousel sec\" dir=\"ltr\">\n\t\t\t<div class=\"elementor-image-carousel swiper-wrapper\" aria-live=\"polite\">\n\t\t\t\t\t\t\t\t<div class=\"swiper-slide\" role=\"group\" aria-roledescription=\"slide\" aria-label=\"1 di 1\"><figure class=\"swiper-slide-inner\"><img decoding=\"async\" class=\"swiper-slide-image\" src=\"https:\/\/labreva.com\/wp-content\/uploads\/2025\/12\/K1600_Markt-Como-1024x683-1-768x512.jpg\" alt=\"Como, Lake Como, Italy - June 2019: People looking at goods on a jewellery stall in the outdoor market in Como on Lake Como. A &quot;Made in Como&quot; sign is hanging from the stall\" \/><\/figure><\/div>\t\t\t<\/div>\n\t\t\t\t\t<\/div>\n\t\t\t\t\t\t<\/div>\n\t\t\t\t<\/div>\n\t\t<div class=\"elementor-element elementor-element-0b527d0 e-con-full e-flex e-con e-child\" data-id=\"0b527d0\" data-element_type=\"container\" data-e-type=\"container\">\n\t\t\t\t<div class=\"elementor-element elementor-element-47e64fb elementor-widget elementor-widget-heading\" data-id=\"47e64fb\" data-element_type=\"widget\" data-e-type=\"widget\" data-widget_type=\"heading.default\">\n\t\t\t\t\t<h2 class=\"elementor-heading-title elementor-size-default\">Il pi\u00f9 bel mercato del Lago di Como<\/h2>\t\t\t\t<\/div>\n\t\t\t\t<div class=\"elementor-element elementor-element-c88b490 elementor-widget elementor-widget-text-editor\" data-id=\"c88b490\" data-element_type=\"widget\" data-e-type=\"widget\" data-widget_type=\"text-editor.default\">\n\t\t\t\t\t\t\t\t\t<ul><li><p>I mercati e i mercati settimanali sul Lago di Como meritano sempre una visita. Il mix di frutta e verdura fresca e altri alimenti, vestiti, pelletteria e soprammobili \u00e8 molto interessante e divertente e inoltre \u00e8 sempre un evento sociale, tutti si riuniscono e si incontrano. <\/p><p>In quasi tutte le grandi citt\u00e0 c\u2019\u00e8 un <a href=\"https:\/\/labreva.com\/de\/ausflugtipps\/wochenmarkte-fashion-am-comer-see\/\">mercato settimanale<\/a> una o due volte alla settimana.<\/p><p>Besonders sch\u00f6n und etwas \u00fcbersichtlicher sind die M\u00e4rkte in Menaggio, Gravedona und Dongo sowie M\u00e4rkte zu speziellen Anl\u00e4ssen, wie beispielsweise der traditionelle Ostermarkt im Como oder die sogenannten \u201eMercatini Estate\u201c, wundersch\u00f6ne Sommernacht-M\u00e4rkte mit besonderem Flair in der Abendstimmung. <\/p><\/li><\/ul>\t\t\t\t\t\t\t\t<\/div>\n\t\t\t\t<\/div>\n\t\t\t\t\t<\/div>\n\t\t\t\t<\/div>\n\t\t<div class=\"elementor-element elementor-element-aca55c9 e-flex e-con-boxed e-con e-parent\" data-id=\"aca55c9\" data-element_type=\"container\" data-e-type=\"container\">\n\t\t\t\t\t<div class=\"e-con-inner\">\n\t\t\t\t<div class=\"elementor-element elementor-element-84f0fa5 elementor-widget elementor-widget-spacer\" data-id=\"84f0fa5\" data-element_type=\"widget\" data-e-type=\"widget\" data-widget_type=\"spacer.default\">\n\t\t\t\t\t\t\t<div class=\"elementor-spacer\">\n\t\t\t<div class=\"elementor-spacer-inner\"><\/div>\n\t\t<\/div>\n\t\t\t\t\t\t<\/div>\n\t\t\t\t\t<\/div>\n\t\t\t\t<\/div>\n\t\t<div class=\"elementor-element elementor-element-023202d e-flex e-con-boxed e-con e-parent\" data-id=\"023202d\" data-element_type=\"container\" data-e-type=\"container\">\n\t\t\t\t\t<div class=\"e-con-inner\">\n\t\t<div class=\"elementor-element elementor-element-a53c1e3 e-con-full beon-carousel-h-fix e-flex e-con e-child\" data-id=\"a53c1e3\" data-element_type=\"container\" data-e-type=\"container\" data-settings=\"{&quot;background_background&quot;:&quot;classic&quot;}\">\n\t\t\t\t<div class=\"elementor-element elementor-element-c2d49cc elementor-pagination-position-inside elementor-widget elementor-widget-image-carousel\" data-id=\"c2d49cc\" data-element_type=\"widget\" data-e-type=\"widget\" data-settings=\"{&quot;slides_to_show&quot;:&quot;1&quot;,&quot;navigation&quot;:&quot;dots&quot;,&quot;infinite&quot;:&quot;yes&quot;,&quot;effect&quot;:&quot;slide&quot;,&quot;speed&quot;:500}\" data-widget_type=\"image-carousel.default\">\n\t\t\t\t\t\t\t<div class=\"elementor-image-carousel-wrapper swiper\" role=\"region\" aria-roledescription=\"carousel\" aria-label=\"Content Carousel first\" dir=\"ltr\">\n\t\t\t<div class=\"elementor-image-carousel swiper-wrapper\" aria-live=\"polite\">\n\t\t\t\t\t\t\t\t<div class=\"swiper-slide\" role=\"group\" aria-roledescription=\"slide\" aria-label=\"1 di 1\"><figure class=\"swiper-slide-inner\"><img decoding=\"async\" class=\"swiper-slide-image\" src=\"https:\/\/labreva.com\/wp-content\/uploads\/2025\/12\/italy-gba5053539_1920-1024x627-2-768x470.jpg\" alt=\"italy-gba5053539_1920-1024x627\" \/><\/figure><\/div>\t\t\t<\/div>\n\t\t\t\t\t<\/div>\n\t\t\t\t\t\t<\/div>\n\t\t\t\t<\/div>\n\t\t<div class=\"elementor-element elementor-element-7082d82 e-con-full e-flex e-con e-child\" data-id=\"7082d82\" data-element_type=\"container\" data-e-type=\"container\">\n\t\t\t\t<div class=\"elementor-element elementor-element-d90208d elementor-widget elementor-widget-heading\" data-id=\"d90208d\" data-element_type=\"widget\" data-e-type=\"widget\" data-widget_type=\"heading.default\">\n\t\t\t\t\t<h2 class=\"elementor-heading-title elementor-size-default\">Attractions for Children at Lake Como<\/h2>\t\t\t\t<\/div>\n\t\t\t\t<div class=\"elementor-element elementor-element-e4b2ba9 elementor-widget elementor-widget-text-editor\" data-id=\"e4b2ba9\" data-element_type=\"widget\" data-e-type=\"widget\" data-widget_type=\"text-editor.default\">\n\t\t\t\t\t\t\t\t\t<ul><li>Castello di Vezio: Ideale per una <a href=\"https:\/\/labreva.com\/de\/urlaub-mit-kindern.html\">vacanza con i bambini<\/a> \u2013 una gita al famoso Castello di Vezio vicino a Varenna. Qui i bambini potranno ammirare le antiche fortificazioni, i passaggi sotterranei e le esibizioni dei falchi. <\/li><li>Museo della Barca a Pianello: emozionante e interessante, per grandi e piccini, \u00e8 anche il \u201cMuseo della Barca Lariana\u201d a Pianello del Lario. Qui sono esposte imbarcazioni storiche, vecchi motoscafi ad alta velocit\u00e0, accessori e attrezzature. <\/li><li>Museo Motoguzzi: Mandello del Lario \u00e8 stata <strong>la sede della fabbrica Moto-Guzzi,<\/strong> che qui produce le sue leggendarie moto dal <strong>1921<\/strong>. Nel museo associato sono esposti numerosi modelli di serie e moto da corsa, oltre a prototipi e motori. <\/li><li>Un\u2019altra esperienza emozionante \u00e8 una gita su una barca a noleggio alla Grotta dei Bulberi, vicino a Lezzeno. La grotta affascina per gli incantevoli giochi di luce e per la leggenda secondo cui qui potrebbe essere stato scoperto il mostro marino del Lago di Como, il \u201cLariosauro\u201d.  <\/li><\/ul>\t\t\t\t\t\t\t\t<\/div>\n\t\t\t\t<\/div>\n\t\t\t\t\t<\/div>\n\t\t\t\t<\/div>\n\t\t<div class=\"elementor-element elementor-element-a7222c6 e-flex e-con-boxed e-con e-parent\" data-id=\"a7222c6\" data-element_type=\"container\" data-e-type=\"container\">\n\t\t\t\t\t<div class=\"e-con-inner\">\n\t\t\t\t<div class=\"elementor-element elementor-element-ff651d7 elementor-widget elementor-widget-spacer\" data-id=\"ff651d7\" data-element_type=\"widget\" data-e-type=\"widget\" data-widget_type=\"spacer.default\">\n\t\t\t\t\t\t\t<div class=\"elementor-spacer\">\n\t\t\t<div class=\"elementor-spacer-inner\"><\/div>\n\t\t<\/div>\n\t\t\t\t\t\t<\/div>\n\t\t\t\t\t<\/div>\n\t\t\t\t<\/div>\n\t\t\t\t<\/div>\n\t\t","protected":false},"excerpt":{"rendered":"<p>Vi mostriamo le pi\u00f9 belle attrazioni sul Lago di Como e le destinazioni escursionistiche e attivit\u00e0 pi\u00f9 popolari. Lasciatevi incantare da questo scenario da sogno per le vostre vacanze.<\/p>\n","protected":false},"featured_media":81704,"template":"","meta":{"_acf_changed":false},"seitenart":[36],"class_list":["post-83513","content-ausflugtipp","type-content-ausflugtipp","status-publish","has-post-thumbnail","hentry","seitenart-content-page-with-slider"],"acf":[],"yoast_head":"<!-- This site is optimized with the Yoast SEO plugin v27.3 - https:\/\/yoast.com\/product\/yoast-seo-wordpress\/ -->\n<title>Attrazioni turistiche sul Lago di Como - LABREVA - Feriendomizile am Comer See<\/title>\n<meta name=\"description\" content=\"Vi mostriamo le pi\u00f9 belle attrazioni sul Lago di Como e le destinazioni escursionistiche e attivit\u00e0 pi\u00f9 popolari.\" \/>\n<meta name=\"robots\" content=\"index, follow, max-snippet:-1, max-image-preview:large, max-video-preview:-1\" \/>\n<link rel=\"canonical\" href=\"https:\/\/labreva.com\/it\/suggerimenti-per-le-escursioni\/attrazioni-turistiche-sul-lago-di-como\/\" \/>\n<meta property=\"og:locale\" content=\"it_IT\" \/>\n<meta property=\"og:type\" content=\"article\" \/>\n<meta property=\"og:title\" content=\"Attrazioni turistiche sul Lago di Como - LABREVA - Feriendomizile am Comer See\" \/>\n<meta property=\"og:description\" content=\"Vi mostriamo le pi\u00f9 belle attrazioni sul Lago di Como e le destinazioni escursionistiche e attivit\u00e0 pi\u00f9 popolari.\" \/>\n<meta property=\"og:url\" content=\"https:\/\/labreva.com\/it\/suggerimenti-per-le-escursioni\/attrazioni-turistiche-sul-lago-di-como\/\" \/>\n<meta property=\"og:site_name\" content=\"LABREVA - Feriendomizile am Comer See\" \/>\n<meta property=\"article:modified_time\" content=\"2026-01-30T15:24:08+00:00\" \/>\n<meta property=\"og:image\" content=\"https:\/\/labreva.com\/wp-content\/uploads\/2025\/12\/K640_shutterstock_1074264824-1024x683-1.jpg\" \/>\n\t<meta property=\"og:image:width\" content=\"720\" \/>\n\t<meta property=\"og:image:height\" content=\"480\" \/>\n\t<meta property=\"og:image:type\" content=\"image\/jpeg\" \/>\n<meta name=\"twitter:card\" content=\"summary_large_image\" \/>\n<meta name=\"twitter:label1\" content=\"Tempo di lettura stimato\" \/>\n\t<meta name=\"twitter:data1\" content=\"8 minuti\" \/>\n<script type=\"application\/ld+json\" class=\"yoast-schema-graph\">{\"@context\":\"https:\\\/\\\/schema.org\",\"@graph\":[{\"@type\":\"WebPage\",\"@id\":\"https:\\\/\\\/labreva.com\\\/it\\\/suggerimenti-per-le-escursioni\\\/attrazioni-turistiche-sul-lago-di-como\\\/\",\"url\":\"https:\\\/\\\/labreva.com\\\/it\\\/suggerimenti-per-le-escursioni\\\/attrazioni-turistiche-sul-lago-di-como\\\/\",\"name\":\"Attrazioni turistiche sul Lago di Como - LABREVA - Feriendomizile am Comer See\",\"isPartOf\":{\"@id\":\"https:\\\/\\\/labreva.com\\\/it\\\/#website\"},\"primaryImageOfPage\":{\"@id\":\"https:\\\/\\\/labreva.com\\\/it\\\/suggerimenti-per-le-escursioni\\\/attrazioni-turistiche-sul-lago-di-como\\\/#primaryimage\"},\"image\":{\"@id\":\"https:\\\/\\\/labreva.com\\\/it\\\/suggerimenti-per-le-escursioni\\\/attrazioni-turistiche-sul-lago-di-como\\\/#primaryimage\"},\"thumbnailUrl\":\"https:\\\/\\\/labreva.com\\\/wp-content\\\/uploads\\\/2025\\\/12\\\/K640_shutterstock_1074264824-1024x683-1.jpg\",\"datePublished\":\"2025-12-10T14:50:48+00:00\",\"dateModified\":\"2026-01-30T15:24:08+00:00\",\"description\":\"Vi mostriamo le pi\u00f9 belle attrazioni sul Lago di Como e le destinazioni escursionistiche e attivit\u00e0 pi\u00f9 popolari.\",\"breadcrumb\":{\"@id\":\"https:\\\/\\\/labreva.com\\\/it\\\/suggerimenti-per-le-escursioni\\\/attrazioni-turistiche-sul-lago-di-como\\\/#breadcrumb\"},\"inLanguage\":\"it-IT\",\"potentialAction\":[{\"@type\":\"ReadAction\",\"target\":[\"https:\\\/\\\/labreva.com\\\/it\\\/suggerimenti-per-le-escursioni\\\/attrazioni-turistiche-sul-lago-di-como\\\/\"]}]},{\"@type\":\"ImageObject\",\"inLanguage\":\"it-IT\",\"@id\":\"https:\\\/\\\/labreva.com\\\/it\\\/suggerimenti-per-le-escursioni\\\/attrazioni-turistiche-sul-lago-di-como\\\/#primaryimage\",\"url\":\"https:\\\/\\\/labreva.com\\\/wp-content\\\/uploads\\\/2025\\\/12\\\/K640_shutterstock_1074264824-1024x683-1.jpg\",\"contentUrl\":\"https:\\\/\\\/labreva.com\\\/wp-content\\\/uploads\\\/2025\\\/12\\\/K640_shutterstock_1074264824-1024x683-1.jpg\",\"width\":720,\"height\":480},{\"@type\":\"BreadcrumbList\",\"@id\":\"https:\\\/\\\/labreva.com\\\/it\\\/suggerimenti-per-le-escursioni\\\/attrazioni-turistiche-sul-lago-di-como\\\/#breadcrumb\",\"itemListElement\":[{\"@type\":\"ListItem\",\"position\":1,\"name\":\"Startseite\",\"item\":\"https:\\\/\\\/labreva.com\\\/it\\\/\"},{\"@type\":\"ListItem\",\"position\":2,\"name\":\"Attrazioni turistiche sul Lago di Como\"}]},{\"@type\":\"WebSite\",\"@id\":\"https:\\\/\\\/labreva.com\\\/it\\\/#website\",\"url\":\"https:\\\/\\\/labreva.com\\\/it\\\/\",\"name\":\"LABREVA - Feriendomizile am Comer See\",\"description\":\"\",\"publisher\":{\"@id\":\"https:\\\/\\\/labreva.com\\\/it\\\/#organization\"},\"potentialAction\":[{\"@type\":\"SearchAction\",\"target\":{\"@type\":\"EntryPoint\",\"urlTemplate\":\"https:\\\/\\\/labreva.com\\\/it\\\/?s={search_term_string}\"},\"query-input\":{\"@type\":\"PropertyValueSpecification\",\"valueRequired\":true,\"valueName\":\"search_term_string\"}}],\"inLanguage\":\"it-IT\"},{\"@type\":\"Organization\",\"@id\":\"https:\\\/\\\/labreva.com\\\/it\\\/#organization\",\"name\":\"LABREVA - Feriendomizile am Comer See\",\"url\":\"https:\\\/\\\/labreva.com\\\/it\\\/\",\"logo\":{\"@type\":\"ImageObject\",\"inLanguage\":\"it-IT\",\"@id\":\"https:\\\/\\\/labreva.com\\\/it\\\/#\\\/schema\\\/logo\\\/image\\\/\",\"url\":\"https:\\\/\\\/labreva.com\\\/wp-content\\\/uploads\\\/2025\\\/11\\\/Labreva_Logo_RGB_5.svg\",\"contentUrl\":\"https:\\\/\\\/labreva.com\\\/wp-content\\\/uploads\\\/2025\\\/11\\\/Labreva_Logo_RGB_5.svg\",\"caption\":\"LABREVA - Feriendomizile am Comer See\"},\"image\":{\"@id\":\"https:\\\/\\\/labreva.com\\\/it\\\/#\\\/schema\\\/logo\\\/image\\\/\"}}]}<\/script>\n<!-- \/ Yoast SEO plugin. -->","yoast_head_json":{"title":"Attrazioni turistiche sul Lago di Como - LABREVA - Feriendomizile am Comer See","description":"Vi mostriamo le pi\u00f9 belle attrazioni sul Lago di Como e le destinazioni escursionistiche e attivit\u00e0 pi\u00f9 popolari.","robots":{"index":"index","follow":"follow","max-snippet":"max-snippet:-1","max-image-preview":"max-image-preview:large","max-video-preview":"max-video-preview:-1"},"canonical":"https:\/\/labreva.com\/it\/suggerimenti-per-le-escursioni\/attrazioni-turistiche-sul-lago-di-como\/","og_locale":"it_IT","og_type":"article","og_title":"Attrazioni turistiche sul Lago di Como - LABREVA - Feriendomizile am Comer See","og_description":"Vi mostriamo le pi\u00f9 belle attrazioni sul Lago di Como e le destinazioni escursionistiche e attivit\u00e0 pi\u00f9 popolari.","og_url":"https:\/\/labreva.com\/it\/suggerimenti-per-le-escursioni\/attrazioni-turistiche-sul-lago-di-como\/","og_site_name":"LABREVA - Feriendomizile am Comer See","article_modified_time":"2026-01-30T15:24:08+00:00","og_image":[{"width":720,"height":480,"url":"https:\/\/labreva.com\/wp-content\/uploads\/2025\/12\/K640_shutterstock_1074264824-1024x683-1.jpg","type":"image\/jpeg"}],"twitter_card":"summary_large_image","twitter_misc":{"Tempo di lettura stimato":"8 minuti"},"schema":{"@context":"https:\/\/schema.org","@graph":[{"@type":"WebPage","@id":"https:\/\/labreva.com\/it\/suggerimenti-per-le-escursioni\/attrazioni-turistiche-sul-lago-di-como\/","url":"https:\/\/labreva.com\/it\/suggerimenti-per-le-escursioni\/attrazioni-turistiche-sul-lago-di-como\/","name":"Attrazioni turistiche sul Lago di Como - LABREVA - Feriendomizile am Comer See","isPartOf":{"@id":"https:\/\/labreva.com\/it\/#website"},"primaryImageOfPage":{"@id":"https:\/\/labreva.com\/it\/suggerimenti-per-le-escursioni\/attrazioni-turistiche-sul-lago-di-como\/#primaryimage"},"image":{"@id":"https:\/\/labreva.com\/it\/suggerimenti-per-le-escursioni\/attrazioni-turistiche-sul-lago-di-como\/#primaryimage"},"thumbnailUrl":"https:\/\/labreva.com\/wp-content\/uploads\/2025\/12\/K640_shutterstock_1074264824-1024x683-1.jpg","datePublished":"2025-12-10T14:50:48+00:00","dateModified":"2026-01-30T15:24:08+00:00","description":"Vi mostriamo le pi\u00f9 belle attrazioni sul Lago di Como e le destinazioni escursionistiche e attivit\u00e0 pi\u00f9 popolari.","breadcrumb":{"@id":"https:\/\/labreva.com\/it\/suggerimenti-per-le-escursioni\/attrazioni-turistiche-sul-lago-di-como\/#breadcrumb"},"inLanguage":"it-IT","potentialAction":[{"@type":"ReadAction","target":["https:\/\/labreva.com\/it\/suggerimenti-per-le-escursioni\/attrazioni-turistiche-sul-lago-di-como\/"]}]},{"@type":"ImageObject","inLanguage":"it-IT","@id":"https:\/\/labreva.com\/it\/suggerimenti-per-le-escursioni\/attrazioni-turistiche-sul-lago-di-como\/#primaryimage","url":"https:\/\/labreva.com\/wp-content\/uploads\/2025\/12\/K640_shutterstock_1074264824-1024x683-1.jpg","contentUrl":"https:\/\/labreva.com\/wp-content\/uploads\/2025\/12\/K640_shutterstock_1074264824-1024x683-1.jpg","width":720,"height":480},{"@type":"BreadcrumbList","@id":"https:\/\/labreva.com\/it\/suggerimenti-per-le-escursioni\/attrazioni-turistiche-sul-lago-di-como\/#breadcrumb","itemListElement":[{"@type":"ListItem","position":1,"name":"Startseite","item":"https:\/\/labreva.com\/it\/"},{"@type":"ListItem","position":2,"name":"Attrazioni turistiche sul Lago di Como"}]},{"@type":"WebSite","@id":"https:\/\/labreva.com\/it\/#website","url":"https:\/\/labreva.com\/it\/","name":"LABREVA - Feriendomizile am Comer See","description":"","publisher":{"@id":"https:\/\/labreva.com\/it\/#organization"},"potentialAction":[{"@type":"SearchAction","target":{"@type":"EntryPoint","urlTemplate":"https:\/\/labreva.com\/it\/?s={search_term_string}"},"query-input":{"@type":"PropertyValueSpecification","valueRequired":true,"valueName":"search_term_string"}}],"inLanguage":"it-IT"},{"@type":"Organization","@id":"https:\/\/labreva.com\/it\/#organization","name":"LABREVA - Feriendomizile am Comer See","url":"https:\/\/labreva.com\/it\/","logo":{"@type":"ImageObject","inLanguage":"it-IT","@id":"https:\/\/labreva.com\/it\/#\/schema\/logo\/image\/","url":"https:\/\/labreva.com\/wp-content\/uploads\/2025\/11\/Labreva_Logo_RGB_5.svg","contentUrl":"https:\/\/labreva.com\/wp-content\/uploads\/2025\/11\/Labreva_Logo_RGB_5.svg","caption":"LABREVA - Feriendomizile am Comer See"},"image":{"@id":"https:\/\/labreva.com\/it\/#\/schema\/logo\/image\/"}}]}},"_links":{"self":[{"href":"https:\/\/labreva.com\/it\/wp-json\/wp\/v2\/content-ausflugtipp\/83513","targetHints":{"allow":["GET"]}}],"collection":[{"href":"https:\/\/labreva.com\/it\/wp-json\/wp\/v2\/content-ausflugtipp"}],"about":[{"href":"https:\/\/labreva.com\/it\/wp-json\/wp\/v2\/types\/content-ausflugtipp"}],"version-history":[{"count":1,"href":"https:\/\/labreva.com\/it\/wp-json\/wp\/v2\/content-ausflugtipp\/83513\/revisions"}],"predecessor-version":[{"id":83514,"href":"https:\/\/labreva.com\/it\/wp-json\/wp\/v2\/content-ausflugtipp\/83513\/revisions\/83514"}],"wp:featuredmedia":[{"embeddable":true,"href":"https:\/\/labreva.com\/it\/wp-json\/wp\/v2\/media\/81704"}],"wp:attachment":[{"href":"https:\/\/labreva.com\/it\/wp-json\/wp\/v2\/media?parent=83513"}],"wp:term":[{"taxonomy":"seitenart","embeddable":true,"href":"https:\/\/labreva.com\/it\/wp-json\/wp\/v2\/seitenart?post=83513"}],"curies":[{"name":"wp","href":"https:\/\/api.w.org\/{rel}","templated":true}]}}