{"id":8771,"date":"2025-12-03T15:21:00","date_gmt":"2025-12-03T14:21:00","guid":{"rendered":"https:\/\/labreva.com\/?page_id=8771"},"modified":"2026-01-29T09:29:55","modified_gmt":"2026-01-29T08:29:55","slug":"datenschutz","status":"publish","type":"page","link":"https:\/\/labreva.com\/de\/datenschutz\/","title":{"rendered":"Datenschutz"},"content":{"rendered":"\t\t<div data-elementor-type=\"wp-page\" data-elementor-id=\"8771\" class=\"elementor elementor-8771\" data-elementor-post-type=\"page\">\n\t\t\t\t<div class=\"elementor-element elementor-element-5dcf4fe0 e-con-full e-flex e-con e-child\" data-id=\"5dcf4fe0\" data-element_type=\"container\" data-e-type=\"container\">\n\t\t\t\t<div class=\"elementor-element elementor-element-29362b39 elementor-widget elementor-widget-heading\" data-id=\"29362b39\" data-element_type=\"widget\" data-e-type=\"widget\" data-widget_type=\"heading.default\">\n\t\t\t\t\t<h1 class=\"elementor-heading-title elementor-size-default\">Datenschutz<\/h1>\t\t\t\t<\/div>\n\t\t\t\t<div class=\"elementor-element elementor-element-21201b5c elementor-widget__width-initial elementor-widget-mobile__width-inherit make-text-mobile-sm elementor-widget elementor-widget-text-editor\" data-id=\"21201b5c\" data-element_type=\"widget\" data-e-type=\"widget\" data-widget_type=\"text-editor.default\">\n\t\t\t\t\t\t\t\t\t<p>Wir informieren Sie nachfolgend gem\u00e4\u00df den gesetzlichen Vorgaben des Datenschutzrechts (insb. gem\u00e4\u00df BDSG n.F. und der europ\u00e4ischen Datenschutz-Grundverordnung \u201aDS-GVO\u2018) \u00fcber die Art, den Umfang und Zweck der Verarbeitung personenbezogener Daten durch unser Unternehmen.\u00a0Diese Datenschutzerkl\u00e4rung gilt auch f\u00fcr unsere Websites und Sozial-Media-Profile. Bez\u00fcglich der Definition von Begriffen wie etwa \u201epersonenbezogene Daten\u201c oder \u201eVerarbeitung\u201c verweisen wir auf Art. 4 DS-GVO.<\/p><p><strong>Name und Kontaktdaten des \/ der Verantwortlichen<\/strong><br \/>Unser\/e Verantwortliche\/r (nachfolgend \u201eVerantwortlicher\u201c) i.S.d. Art. 4 Zif. 7 DS-GVO ist:<\/p><p>LABREVA<br \/>Dinardstra\u00dfe 6<br \/>82319 Starnberg<br \/>Gesch\u00e4ftsf\u00fchrer J\u00fcrgen Bauer<br \/>E-Mail-Adresse: <a href=\"mailto:info@labreva.com\">info@labreva.com<\/a><\/p><p><strong>Datenschutzbeauftragte\/r<\/strong><br \/>Valentina Bauer<br \/>Dinardstra\u00dfe 6<br \/>82319 Starnberg<br \/><a href=\"mailto:info@labreva.com\">info@labreva.com<\/a><\/p><p><strong>Datenarten, Zwecke der Verarbeitung und Kategorien betroffener Personen<\/strong><\/p><p>Nachfolgend informieren wir Sie \u00fcber Art, Umfang und Zweck der Erhebung, Verarbeitung und Nutzung personenbezogener Daten.<\/p><p><strong>1. Arten der Daten, die wir verarbeiten<\/strong><br \/>Nutzungsdaten (Zugriffszeiten, besuchte Websites etc.), Bestandsdaten (Name, Adresse etc.), Kontaktdaten (Telefonnummer, E-Mail, Fax etc.), Zahlungsdaten (Bankdaten, Kontodaten, Zahlungshistorie etc.), Vertragsdaten (Gegenstand des Vertrages, Laufzeit etc.), Inhaltsdaten (Texteingaben, Videos, Fotos etc.), Kommunikationsdaten (IP-Adresse etc.),<\/p><p><strong>2. Zwecke der Verarbeitung nach Art. 13 Abs. 1 c) DS-GVO<\/strong><br \/>Abwicklung von Vertr\u00e4gen, Website technisch und wirtschaftlich optimieren, Leichten Zugang zur Website erm\u00f6glichen, Vermeidung von SPAM und Missbrauch, Ma\u00dfnahmen der Sicherheit,<\/p><p><strong>3. Kategorien der betroffenen Personen nach Art. 13 Abs. 1 e) DS-GVO<\/strong><br \/>Besucher\/Nutzer der Website, Kunden, Interessenten,<\/p><p>Die betroffenen Personen werden zusammenfassend als \u201eNutzer\u201c bezeichnet.<\/p><p><strong>Rechtsgrundlagen der Verarbeitung personenbezogener Daten<\/strong><\/p><p>Nachfolgend Informieren wir Sie \u00fcber die Rechtsgrundlagen der Verarbeitung personenbezogener Daten:<\/p><ol><li>Wenn wir Ihre Einwilligung f\u00fcr die Verarbeitung personenbezogenen Daten eingeholt haben, ist Art. 6 Abs. 1 S. 1 lit. a) DS-GVO Rechtsgrundlage.<\/li><li>Ist die Verarbeitung zur Erf\u00fcllung eines Vertrags oder zur Durchf\u00fchrung vorvertraglicher Ma\u00dfnahmen erforderlich, die auf Ihre Anfrage hin erfolgen, so ist Art. 6 Abs. 1 S. 1 lit. b) DS-GVO Rechtsgrundlage.<\/li><li>Ist die Verarbeitung zur Erf\u00fcllung einer rechtlichen Verpflichtung erforderlich, der wir unterliegen (z.B. gesetzliche Aufbewahrungspflichten), so ist Art. 6 Abs. 1 S. 1 lit. c) DS-GVO Rechtsgrundlage.<\/li><li>Ist die Verarbeitung erforderlich, um lebenswichtige Interessen der betroffenen Person oder einer anderen nat\u00fcrlichen Person zu sch\u00fctzen, so ist Art. 6 Abs. 1 S. 1 lit. d) DS-GVO Rechtsgrundlage.<\/li><li>Ist die Verarbeitung zur Wahrung unserer oder der berechtigten Interessen eines Dritten erforderlich und \u00fcberwiegen diesbez\u00fcglich Ihre Interessen oder Grundrechte und Grundfreiheiten nicht, so ist Art. 6 Abs. 1 S. 1 lit. f) DS-GVO Rechtsgrundlage.<\/li><\/ol><p><b style=\"background-color: transparent;\">\u00a0<\/b><\/p><p><strong>Weitergabe personenbezogener Daten an Dritte und Auftragsverarbeiter<\/strong><\/p><p>Ohne Ihre Einwilligung geben wir grunds\u00e4tzlich keine Daten an Dritte weiter. Sollte dies doch der Fall sein, dann erfolgt die Weitergabe auf der Grundlage der zuvor genannten Rechtsgrundlagen z.B. bei der Weitergabe von Daten an Online-Paymentanbieter zur Vertragserf\u00fcllung oder aufgrund gerichtlicher Anordnung oder wegen einer gesetzlichen Verpflichtung zur Herausgabe der Daten zum Zwecke der Strafverfolgung, zur Gefahrenabwehr oder zur Durchsetzung der Rechte am geistigen Eigentum.<br \/>Wir setzen zudem Auftragsverarbeiter (externe Dienstleister z.B. zum Webhosting unserer Websites und Datenbanken) zur Verarbeitung Ihrer Daten ein. Wenn im Rahmen einer Vereinbarung zur Auftragsverarbeitung an die Auftragsverarbeiter Daten weitergegeben werden, erfolgt dies immer nach Art. 28 DS-GVO. Wir w\u00e4hlen dabei unsere Auftragsverarbeiter sorgf\u00e4ltig aus, kontrollieren diese regelm\u00e4\u00dfig und haben uns ein Weisungsrecht hinsichtlich der Daten einr\u00e4umen lassen. Zudem m\u00fcssen die Auftragsverarbeiter geeignete technische und organisatorische Ma\u00dfnahmen getroffen haben und die Datenschutzvorschriften gem. BDSG n.F. und DS-GVO einhalten<\/p><p><strong>Daten\u00fcbermittlung in Drittstaaten<\/strong><\/p><p>Durch die Verabschiedung der europ\u00e4ischen Datenschutz-Grundverordnung (DS-GVO) wurde eine einheitliche Grundlage f\u00fcr den Datenschutz in Europa geschaffen. Ihre Daten werden daher vorwiegend durch Unternehmen verarbeitet, f\u00fcr die DS-GVO Anwendung findet. Sollte doch die Verarbeitung durch Dienste Dritter au\u00dferhalb der Europ\u00e4ischen Union oder des Europ\u00e4ischen Wirtschaftsraums stattfinden, so m\u00fcssen diese die besonderen Voraussetzungen der Art. 44 ff. DS-GVO erf\u00fcllen. Das bedeutet, die Verarbeitung erfolgt aufgrund besonderer Garantien, wie etwa die von der EU-Kommission offiziell anerkannte Feststellung eines der EU entsprechenden Datenschutzniveaus oder der Beachtung offiziell anerkannter spezieller vertraglicher Verpflichtungen, der so genannten \u201eStandardvertragsklauseln\u201c.<br \/>Soweit wir aufgrund der Unwirksamkeit des sog. \u201ePrivacy Shields\u201c, nach Art. 49 Abs. 1 S. 1 lit. a) DSGVO die ausdr\u00fcckliche Einwilligung in die Daten\u00fcbermittlung in die USA von Ihnen einholen, weisen wird diesbez\u00fcglich auf das Risiko eines geheimen Zugriffs durch US-Beh\u00f6rden und die Nutzung der Daten zu \u00dcberwachungszwecken, ggf. ohne Rechtsbehelfsm\u00f6glichkeiten f\u00fcr EU-B\u00fcrger, hin.<\/p><p><strong>L\u00f6schung von Daten und Speicherdauer<\/strong><\/p><p>Sofern nicht in dieser Datenschutzerkl\u00e4rung ausdr\u00fccklich angegeben, werden Ihre personenbezogen Daten gel\u00f6scht oder gesperrt, sobald die zur Verarbeitung erteilte Einwilligung von Ihnen widerrufen wird oder der Zweck f\u00fcr die Speicherung entf\u00e4llt bzw. die Daten f\u00fcr den Zweck nicht mehr erforderlich sind, es sei denn deren weitere Aufbewahrung ist zu Beweiszwecken erforderlich oder dem stehen gesetzliche Aufbewahrungspflichten entgegenstehen. Darunter fallen etwa handelsrechtliche Aufbewahrungspflichten von Gesch\u00e4ftsbriefen nach \u00a7 257 Abs. 1 HGB (6 Jahre) sowie steuerrechtliche Aufbewahrungspflichten nach \u00a7 147 Abs. 1 AO von Belegen (10 Jahre). Wenn die vorgeschriebene Aufbewahrungsfrist abl\u00e4uft, erfolgt eine Sperrung oder L\u00f6schung Ihrer Daten, es sei denn die Speicherung ist weiterhin f\u00fcr einen Vertragsabschluss oder zur Vertragserf\u00fcllung erforderlich.<\/p><p><strong>Bestehen einer automatisierten Entscheidungsfindung<\/strong><\/p><p>Wir setzen keine automatische Entscheidungsfindung oder ein Profiling ein.<\/p><p><strong>Bereitstellung unserer Website und Erstellung von Logfiles<\/strong><\/p><ol><li>Wenn Sie unsere Webseite lediglich informatorisch nutzen (also keine Registrierung und auch keine anderweitige \u00dcbermittlung von Informationen), erheben wir nur die personenbezogenen Daten, die Ihr Browser an unseren Server \u00fcbermittelt. Wenn Sie unsere Website betrachten m\u00f6chten, erheben wir die folgenden Daten:<br \/>\u2022 IP-Adresse;<br \/>\u2022 Internet-Service-Provider des Nutzers;<br \/>\u2022 Datum und Uhrzeit des Abrufs;<br \/>\u2022 Browsertyp;<br \/>\u2022 Sprache und Browser-Version;<br \/>\u2022 Inhalt des Abrufs;<br \/>\u2022 Zeitzone;<br \/>\u2022 Zugriffsstatus\/HTTP-Statuscode;<br \/>\u2022 Datenmenge;<br \/>\u2022 Websites, von denen die Anforderung kommt;<br \/>\u2022 Betriebssystem.<br \/>Eine Speicherung dieser Daten zusammen mit anderen personenbezogenen Daten von Ihnen findet nicht statt.<\/li><li>Diese Daten dienen dem Zweck der nutzerfreundlichen, funktionsf\u00e4higen und sicheren Auslieferung unserer Website an Sie mit Funktionen und Inhalten sowie deren Optimierung und statistischen Auswertung.<\/li><li>Rechtsgrundlage hierf\u00fcr ist unser in den obigen Zwecken auch liegendes berechtigtes Interesse an der Datenverarbeitung nach Art. 6 Abs. 1 S.1 lit. f) DS-GVO.<\/li><li>Wir speichern aus Sicherheitsgr\u00fcnden diese Daten in Server-Logfiles f\u00fcr die Speicherdauer von 30 Tagen. Nach Ablauf dieser Frist werden diese automatisch gel\u00f6scht, es sei denn wir ben\u00f6tigen deren Aufbewahrung zu Beweiszwecken bei Angriffen auf die Serverinfrastruktur oder anderen Rechtsverletzungen.<\/li><\/ol><p><strong>\u00a0<\/strong><\/p><p><strong>Cookies<\/strong><\/p><ol><li>Wir verwenden sog. Cookies bei Ihrem Besuch unserer Website. Cookies sind kleine Textdateien, die Ihr Internet-Browser auf Ihrem Rechner ablegt und speichert. Wenn Sie unsere Website erneut aufrufen, geben diese Cookies Informationen ab, um Sie automatisch wiederzuerkennen. Zu den Cookies z\u00e4hlen auch die sog. \u201eNutzer-IDs\u201c, wo Angaben der Nutzer mittels pseudonymisierter Profile gespeichert werden. Wir informieren Sie dazu beim Aufruf unserer Website mittels eines Hinweises auf unsere Datenschutzerkl\u00e4rung \u00fcber die Verwendung von Cookies zu den zuvor genannten Zwecken und wie Sie dieser widersprechen bzw. deren Speicherung verhindern k\u00f6nnen (\u201eOpt-out\u201c).<br \/><strong>Es werden folgende Cookie-Arten unterschieden:<br \/><\/strong><strong>\u2022 Notwendige, essentielle Cookies:<\/strong> Essentielle Cookies sind Cookies, die zum Betrieb der Webseite unbedingt erforderlich sind, um bestimmte Funktionen der Webseite wie Logins, Warenkorb oder Nutzereingaben z.B. bzgl. Sprache der Webseite zu speichern.<br \/><strong>\u2022 Session-Cookies:<\/strong> Session-Cookies werden zum Wiedererkennen mehrfacher Nutzung eines Angebots durch denselben Nutzer (z.B. wenn Sie sich eingeloggt haben zur Feststellung Ihres Login-Status) ben\u00f6tigt. Wenn Sie unsere Seite erneut aufrufen, geben diese Cookies Informationen ab, um Sie automatisch wiederzuerkennen. Die so erlangten Informationen dienen dazu, unsere Angebote zu optimieren und Ihnen einen leichteren Zugang auf unsere Seite zu erm\u00f6glichen. Wenn Sie den Browser schlie\u00dfen oder Sie sich ausloggen, werden die Session-Cookies gel\u00f6scht.<br \/><strong>\u2022 Persistente Cookies:<\/strong> Diese Cookies bleiben auch nach dem Schlie\u00dfen des Browsers gespeichert. Sie dienen zur Speicherung des Logins, der Reichweitenmessung und zu Marketingzwecken. Diese werden automatisiert nach einer vorgegebenen Dauer gel\u00f6scht, die sich je nach Cookie unterscheiden kann. In den Sicherheitseinstellungen Ihres Browsers k\u00f6nnen Sie die Cookies jederzeit l\u00f6schen.<br \/><strong>\u2022 Cookies von Drittanbietern (Third-Party-Cookies insb. von Werbetreibenden): <\/strong>Entsprechend Ihren W\u00fcnschen k\u00f6nnen Sie Ihre Browser-Einstellung konfigurieren und z. B. Die Annahme von Third-Party-Cookies oder allen Cookies ablehnen. Wir weisen Sie jedoch an dieser Stelle darauf hin, dass Sie dann eventuell nicht alle Funktionen dieser Website nutzen k\u00f6nnen. Lesen Sie N\u00e4heres zu diesen Cookies bei den jeweiligen Datenschutzerkl\u00e4rungen zu den Drittanbietern.<\/li><li><strong>Datenkategorien:<\/strong>\u00a0Nutzerdaten, Cookie, Nutzer-ID (inb. die besuchten Seiten, Ger\u00e4teinformationen, Zugriffszeiten und IP-Adressen).<\/li><li><strong>Zwecke der Verarbeitung:<\/strong>\u00a0Die so erlangten Informationen dienen dem Zweck, unsere Webangebote technisch und wirtschaftlich zu optimieren und Ihnen einen leichteren und sicheren Zugang auf unsere Website zu erm\u00f6glichen.<\/li><li><strong>Rechtsgrundlagen:<\/strong>\u00a0Wenn wir Ihre personenbezogenen Daten mit Hilfe von Cookies aufgrund Ihrer Einwilligung verarbeiten (\u201eOpt-in\u201c), dann ist Art. 6 Abs. 1 S. 1 lit. a) DSGVO die Rechtsgrundlage. Ansonsten haben wir ein berechtigtes Interesse an der effektiven Funktionalit\u00e4t, Verbesserung und wirtschaftlichen Betrieb der Website, so dass in dem Falle Art. 6 Abs. 1 S. 1 lit. f) DS-GVO Rechtsgrundlage ist. Rechtsgrundlage ist zudem Art. 6 Abs. 1 S. 1 lit. b) DS-GVO, wenn die Cookies zur Vertragsanbahnung z.B. bei Bestellungen gesetzt werden.<\/li><li><strong>Speicherdauer\/ L\u00f6schung:<\/strong> Die Daten werden gel\u00f6scht, sobald sie f\u00fcr die Erreichung des Zweckes ihrer Erhebung nicht mehr erforderlich sind. Im Falle der Erfassung der Daten zur Bereitstellung der Website ist dies der Fall, wenn die jeweilige Session beendet ist.Cookies werden ansonsten auf Ihrem Computer gespeichert und von diesem an unsere Seite \u00fcbermittelt. Daher haben Sie als Nutzer auch die volle Kontrolle \u00fcber die Verwendung von Cookies. Durch eine \u00c4nderung der Einstellungen in Ihrem Internetbrowser k\u00f6nnen Sie die \u00dcbertragung von Cookies deaktivieren oder einschr\u00e4nken. Bereits gespeicherte Cookies k\u00f6nnen jederzeit gel\u00f6scht werden. Dies kann auch automatisiert erfolgen. Werden Cookies f\u00fcr unsere Website deaktiviert, k\u00f6nnen m\u00f6glicherweise nicht mehr alle Funktionen der Website vollumf\u00e4nglich genutzt werden.<br \/><strong>Hier finden Sie Informationen zur L\u00f6schung von Cookies nach Browsern:<br \/><\/strong><strong>Chrome:<\/strong>\u00a0<a href=\"https:\/\/support.google.com\/chrome\/answer\/95647\" target=\"_blank\" rel=\"nofollow noopener\">https:\/\/support.google.com\/chrome\/answer\/95647<\/a><br \/><strong>Safari:<\/strong>\u00a0<a href=\"https:\/\/support.apple.com\/de-at\/guide\/safari\/sfri11471\/mac\" target=\"_blank\" rel=\"nofollow noopener\">https:\/\/support.apple.com\/de-at\/guide\/safari\/sfri11471\/mac<\/a><br \/><strong>Firefox:<\/strong>\u00a0<a href=\"https:\/\/support.mozilla.org\/de\/kb\/cookies-und-website-daten-in-firefox-loschen\" target=\"_blank\" rel=\"nofollow noopener\">https:\/\/support.mozilla.org\/de\/kb\/cookies-und-website-daten-in-firefox-loschen<\/a><br \/><strong>Internet Explorer:<\/strong><a href=\"https:\/\/support.microsoft.com\/de-at\/help\/17442\/windows-internet-explorer-delete-manage-cookies\" target=\"_blank\" rel=\"nofollow noopener\">https:\/\/support.microsoft.com\/de-at\/help\/17442\/windows-internet-explorer-delete-manage-cookies<\/a><br \/><strong><a href=\"https:\/\/support.microsoft.com\/de-at\/help\/4027947\/windows-delete-cookies\" target=\"_blank\" rel=\"nofollow noopener\">https:\/\/support.microsoft.com\/de-at\/help\/4027947\/windows-delete-cookies<\/a><\/strong><\/li><li><strong>Widerspruch und \u201eOpt-Out\u201c:<\/strong>\u00a0Das Speichern von Cookies auf Ihrer Festplatte k\u00f6nnen Sie unabh\u00e4ngig von einer Einwilligung oder gesetzlichen Erlaubnis allgemein verhindern, indem Sie in Ihren Browser-Einstellungen \u201ekeine Cookies akzeptieren\u201c w\u00e4hlen. Dies kann aber eine Funktionseinschr\u00e4nkung unserer Angebote zur Folge haben. Sie k\u00f6nnen dem Einsatz von Cookies von Drittanbietern zu Werbezwecken \u00fcber ein sog. \u201eOpt-out\u201c \u00fcber diese amerikanische Website\u00a0(<a href=\"https:\/\/optout.aboutads.info\" target=\"_blank\" rel=\"noopener\">https:\/\/optout.aboutads.info<\/a>) oder diese europ\u00e4ische Website (<a href=\"http:\/\/www.youronlinechoices.com\/de\/praferenzmanagement\/\" target=\"_blank\" rel=\"noopener\">http:\/\/www.youronlinechoices.com\/de\/praferenzmanagement\/<\/a>) widersprechen.<\/li><\/ol><p><strong>\u00a0<\/strong><\/p><p><strong>Cookie Consent L\u00f6sungen<\/strong><\/p><p><strong>Consent Manager Provider<\/strong><\/p><ol><li>Wir haben auf unserer Website den Consent Manager Provider (CMP) (Diensteanbieter: Jaohawi AB, H\u00e5ltegelv\u00e4gen 1b, 72348 V\u00e4ster\u00e5s, Schweden, Website: https:\/\/www.consentmanager.de) als Zustimmungsverwaltungsdienst integriert.<\/li><li><strong>Datenkategorien und Beschreibung der Datenverarbeitung:<\/strong>\u00a0Cookies, Datum und Uhrzeit des Besuchs, Ger\u00e4teinformation, Browser-Informationen, Anonymisierte IP-Adresse, Opt-in und Opt-out-Daten. Durch diesen Dienst k\u00f6nnen wir Ihre Einwilligung zur Speicherung von Cookies einholen und diese auch dokumentieren. Zudem wird dazu ein Cookie in Ihrem Browser gespeichert, um Ihnen die erteilte Einwilligung bzw. deren Widerruf zuordnen zu k\u00f6nnen. Nachfolgend finden Sie weitere Informationen in der Datenschutzerkl\u00e4rung des Datenverarbeiters CMP:\u00a0<a href=\"https:\/\/www.consentmanager.de\/privacy.php\" target=\"_blank\" rel=\"nofollow noopener\">https:\/\/www.consentmanager.de\/privacy.php<\/a>.<\/li><li><strong>Zwecke der Datenverarbeitung:<\/strong>\u00a0Einhaltung gesetzlicher Verpflichtungen, Zustimmungsspeicher.<\/li><li><strong>Rechtsgrundlagen:<\/strong>\u00a0Die Rechtsgrundlage f\u00fcr die Verarbeitung der personenbezogenen Daten ist unser in den obigen Zwecken liegendes berechtigtes Interesse gem\u00e4\u00df Art. 6 Abs. 1 S. 1 lit. f) DS-GVO sowie die Erf\u00fcllung gesetzlicher Pflichten nach Art. 6 Abs. 1 S. 1 lit. c) DS-GVO.<\/li><li><strong>Speicherdauer:<\/strong>\u00a0Speicherung der Daten bis Sie das CMP-Cookie in Ihrem Browser selbst l\u00f6schen oder der Zweck f\u00fcr die Datenspeicherung entf\u00e4llt. Der Widerrufsbeleg einer vormals erteilten Einwilligung wird f\u00fcr die Dauer von drei Jahren aufbewahrt. Die Aufbewahrung gr\u00fcndet zum einen in unserer Rechenschaftspflicht gem\u00e4\u00df Art. 5 Abs. 2 DSGVO.<\/li><li><strong>Daten\u00fcbermittlung\/Empf\u00e4ngerkategorie:<\/strong>\u00a0CMP Anbieter in Europa. Wir haben deshalb einen Vertrag zur Auftragsverarbeitung nach Art. 28 DS-GVO mit dem Datenverarbeiter abgeschlossen.<\/li><\/ol><p><strong>\u00a0<\/strong><\/p><p><strong>Kontaktaufnahme per Kontaktformular \/ E-Mail \/ Fax \/ Post<\/strong><\/p><ol><li>Bei der Kontaktaufnahme mit uns per Kontaktformular, Fax, Post oder E-Mail werden Ihre Angaben zum Zwecke der Abwicklung der Kontaktanfrage verarbeitet.<\/li><li>Rechtsgrundlage f\u00fcr die Verarbeitung der Daten ist bei Vorliegen einer Einwilligung von Ihnen Art.\u00a06 Abs.\u00a01 S. 1 lit.\u00a0a) DS-GVO. Rechtsgrundlage f\u00fcr die Verarbeitung der Daten, die im Zuge einer Kontaktanfrage oder E-Mail, eines Briefes oder Faxes \u00fcbermittelt werden, ist Art.\u00a06 Abs.\u00a01 S. 1 lit.\u00a0f) DS-GVO. Der Verantwortliche hat ein berechtigtes Interesse an der Verarbeitung und Speicherung der Daten, um Anfragen der Nutzer beantworten zu k\u00f6nnen, zur Beweissicherung aus Haftungsgr\u00fcnden und um ggf. seiner gesetzlichen Aufbewahrungspflichten bei Gesch\u00e4ftsbriefen nachkommen zu k\u00f6nnen. Zielt der Kontakt auf den Abschluss eines Vertrages ab, so ist zus\u00e4tzliche Rechtsgrundlage f\u00fcr die Verarbeitung Art.\u00a06 Abs.\u00a01 S. 1 lit.\u00a0b) DS-GVO.<\/li><li>Wir k\u00f6nnen Ihre Angaben und Kontaktanfrage in unserem Customer-Relationship-Management System (\u201eCRM System\u201c) oder einem vergleichbaren System speichern.<\/li><li>Die Daten werden gel\u00f6scht, sobald sie f\u00fcr die Erreichung des Zweckes ihrer Erhebung nicht mehr erforderlich sind. F\u00fcr die personenbezogenen Daten aus der Eingabemaske des Kontaktformulars und diejenigen, die per E-Mail \u00fcbersandt wurden, ist dies dann der Fall, wenn die jeweilige Konversation mit Ihnen beendet ist. Beendet ist die Konversation dann, wenn sich aus den Umst\u00e4nden entnehmen l\u00e4sst, dass der betroffene Sachverhalt abschlie\u00dfend gekl\u00e4rt ist. Anfragen von Nutzern, die \u00fcber einen Account bzw. Vertrag mit uns verf\u00fcgen, speichern wir bis zum Ablauf von zwei Jahren nach Vertragsbeendigung. Im Fall von gesetzlichen Archivierungspflichten erfolgt die L\u00f6schung nach deren Ablauf: Ende handelsrechtlicher (6 Jahre) und steuerrechtlicher (10 Jahre) Aufbewahrungspflicht.<\/li><li>Sie haben jederzeit die M\u00f6glichkeit, die Einwilligung nach Art. 6 Abs. 1 S. 1 lit. a) DS-GVO zur Verarbeitung der personenbezogenen Daten zu widerrufen. Nehmen Sie per E-Mail Kontakt mit uns auf, so k\u00f6nnen Sie der Speicherung der personenbezogenen Daten jederzeit widersprechen.<\/li><\/ol><p><strong>\u00a0<\/strong><\/p><p><strong>Kontaktaufnahme per Telefon<\/strong><\/p><ol><li>Bei der Kontaktaufnahme mit uns per Telefon wird Ihre Telefonnummer zur Bearbeitung der Kontaktanfrage und deren Abwicklung verarbeitet und tempor\u00e4r im RAM \/ Cache des Telefonger\u00e4tes \/ Displays gespeichert bzw. angezeigt. Die Speicherung erfolgt aus Haftungs- und Sicherheitsgr\u00fcnden, um den Beweis des Anrufs f\u00fchren zu k\u00f6nnen sowie aus wirtschaftlichen Gr\u00fcnden, um einen R\u00fcckruf zu erm\u00f6glichen. Im Falle von unberechtigten Werbeanrufen, sperren wir die Rufnummern.<\/li><li>Rechtsgrundlage f\u00fcr die Verarbeitung der Telefonnummer ist Art.\u00a06 Abs.\u00a01 S. 1 lit.\u00a0f) DS-GVO. Zielt der Kontakt auf den Abschluss eines Vertrages ab, so ist zus\u00e4tzliche Rechtsgrundlage f\u00fcr die Verarbeitung Art.\u00a06 Abs.\u00a01 lit.\u00a0b) DS-GVO.<\/li><li>Der Ger\u00e4tecache speichert die Anrufe 0 Tage und \u00fcberschreibt bzw. l\u00f6scht sukzessiv alte Daten, bei Entsorgung des Ger\u00e4tes werden alle Daten gel\u00f6scht und der Speicher ggf. zerst\u00f6rt. Gesperrte Telefonnummer werden j\u00e4hrlich auf die Notwendigkeit der Sperrung gepr\u00fcft.<\/li><li>Sie k\u00f6nnen die Anzeige der Telefonnummer verhindern, indem Sie mit unterdr\u00fcckter Telefonnummer anrufen.<\/li><\/ol><p><strong>\u00a0<\/strong><\/p><p><strong>Newsletter<\/strong><\/p><ol><li>Unseren Newsletter k\u00f6nnen Sie mit Ihrer freiwilligen Einwilligung durch Eintragung Ihrer E-Mail-Adresse abonnieren. Nur diese ist Pflicht. Die Angabe weiterer Daten ist freiwillig und dient nur dem Zweck einer pers\u00f6nlichen Ansprache. Wir verwenden dabei zur Anmeldung das sog. \u201eDouble-Opt-in-Verfahren\u201c. Nach Ihrer Anmeldung mit Ihrer E-Mail erhalten Sie von uns zur Best\u00e4tigung Ihrer Anmeldung eine E-Mail mit einem Link zur Best\u00e4tigung. Wenn Sie diesen Best\u00e4tigungslink klicken, wird Ihre E-Mail in den Newsletterverteiler aufgenommen und zum Zweck der \u00dcbersendung von E-Mails gespeichert. Sollten Sie den Klick auf den Best\u00e4tigungslink nicht innerhalb von \u00a0Stunden durchf\u00fchren, werden Ihre Anmeldedaten gesperrt und nach Tagen automatisch gel\u00f6scht.<\/li><li>Zudem protokollieren wir Ihre bei der Anmeldung verwendete IP-Adresse sowie das Datum und die Uhrzeit des Double-Opt-ins (Anmeldung und Best\u00e4tigung). Zweck dieser Speicherung ist Erf\u00fcllung von rechtlichen Anforderungen hinsichtlich des Nachweises Ihrer Anmeldung sowie die Missbrauchspr\u00e4vention hinsichtlich Ihrer E-Mail.<\/li><li>Im Rahmen Ihrer Einwilligungserkl\u00e4rung werden die Inhalte (z.B. beworbene Produkte\/Dienstleistungen, Angebote, Werbung und Themen) des Newsletters konkret beschrieben.<\/li><li>Beim Versand des Newsletters werten wir Ihr Nutzerverhalten aus. Die Newsletter beinhalten daf\u00fcr sogenannte \u201eWeb-Beacons\u201c bzw. \u201eTracking-Pixel\u201c, die beim \u00d6ffnen des Newsletters aufgerufen werden. F\u00fcr die Auswertungen verkn\u00fcpfen wir die Web-Beacons mit Ihrer E-Mail-Adresse und einer individuellen ID. Auch im Newsletter erhaltene Links enthalten diese ID. Die Daten werden ausschlie\u00dflich pseudonymisiert erhoben, die IDs werden also nicht mit Ihren weiteren pers\u00f6nlichen Daten verkn\u00fcpft, eine direkte Personenbeziehbarkeit wird ausgeschlossen. Mit diesen Daten k\u00f6nnen wir feststellen, ob und wann Sie den Newsletter ge\u00f6ffnet haben und welche Links im Newsletter geklickt worden sind. Dies dient dem Zweck der Optimierung und statistischen Auswertung unseres Newsletters.<\/li><li>Rechtsgrundlage f\u00fcr den Newsletterversand, Erfolgsmessung und die Speicherung der E-Mail ist Ihre Einwilligung gem. Art.\u00a06 Abs.\u00a01 S.\u00a01 lit. a) DS-GVO i.V.m \u00a7 7 Abs. 2 Nr. 3 UWG und f\u00fcr die Protokollierung der Einwilligung Art. 6 Abs. 1 S. 1 lit. f) DS-GVO, da diese unserem berechtigten Interesse der juristischen Beweisbarkeit dient.<\/li><li>Dem Tracking k\u00f6nnen Sie jederzeit widersprechen, indem Sie den Abmeldelink am Ende des Newsletters klicken. In dem Falle w\u00fcrde allerdings auch der Newsletterempfang beendet. Wenn Sie in Ihrer E-Mail-Software die Anzeige von Bildern deaktivieren, ist ein Tracking ebenfalls nicht m\u00f6glich. Dies kann allerdings Einschr\u00e4nkungen hinsichtlich der Funktionen des Newsletters haben und enthaltene Bilder werden dann nicht angezeigt.<\/li><li>Sie k\u00f6nnen Ihre Einwilligung in die \u00dcbersendung des Newsletters jederzeit widerrufen. Sie k\u00f6nnen den Widerruf durch Bet\u00e4tigung des Abmeldelinks am Ende des Newsletters, eine E-Mail oder Mitteilung an unsere obigen Kontaktdaten aus\u00fcben. Wir speichern Ihre Daten, solange Sie den Newsletter abonniert haben. Nach der Abmeldung werden Ihre Daten nur noch anonym zu statistischen Zwecken gespeichert.<\/li><\/ol><p><strong>\u00a0<\/strong><\/p><p><strong>Google AdWords mit Conversion-Tracking<\/strong><\/p><ol><li>Wir nutzen den Dienst \u201eGoogle Ads mit Conversion-Tracking\u201c (<strong>Dienstanbieter:<\/strong>\u00a0Google Ireland Limited, Registernr.: 368047, Gordon House, Barrow Street, Dublin 4, Irland), um auf Websites Dritter mittels Anzeige auf unsere Website aufmerksam zu machen.<\/li><li><strong>Datenkategorien und Beschreibung der Datenverarbeitung:<\/strong>\u00a0Nutzungsdaten\/ Kommunikationsdaten. Wenn Sie auf eine Google-Anzeige von uns klicken, wird ein Cookie in Ihrem Browser gespeichert, welcher etwa 30 Tage g\u00fcltig ist. Wenn Sie danach unsere Website aufrufen, k\u00f6nnen wir und auch Google anhand des Cookies auswerten, ob Sie unsere Website besucht haben und welche Seite Sie bei uns besucht haben. Hier\u00fcber erstellt Google eine Statistik. Die Daten werden auch in die USA \u00fcbertragen und dort analysiert. Wenn Sie mit einem Google-Account eingeloggt sind, k\u00f6nnen durch AdWords die Daten Ihrem Account zugeordnet werden. Wenn Sie dies nicht w\u00fcnschen, m\u00fcssen Sie sich vor dem Besuch unserer Website ausloggen.<\/li><li><strong>Zweck der Datenverarbeitung:<\/strong>\u00a0Dieses Conversion-Tracking dient dem Zweck der Analyse\/Erfolgsmessung, Optimierung und dem wirtschaftlichen Betrieb unserer Werbung und Website.<\/li><li><strong>Rechtsgrundlagen:<\/strong>\u00a0Haben Sie f\u00fcr Verarbeitung Ihrer personenbezogenen Daten mittels \u201eGoogle Ads mit Conversion-Tracking\u201c Ihre Einwilligung erteilt (\u201eOpt-in\u201c), dann ist Art. 6 Abs. 1 S. 1 lit. a) DS-GVO die Rechtsgrundlage. Rechtsgrundlage f\u00fcr die Verarbeitung Ihrer Daten ist ansonsten unser berechtigtes Interesse an der Analyse, Optimierung und dem effizienten wirtschaftlichen Betrieb unserer Werbung und Website gem\u00e4\u00df Art.\u00a06 Abs.\u00a01 S.\u00a01 lit. f) DS-GVO.<\/li><li><strong>Daten\u00fcbermittlung\/Empf\u00e4ngerkategorie:<\/strong>\u00a0Google Irland.<\/li><li><strong>Speicherdauer:<\/strong>\u00a0bis zu 540 Tage.<\/li><li><strong>Widerspruchs- und Beseitigungsm\u00f6glichkeiten (\u201eOpt-Out\u201c):<\/strong>\u00a0Sie k\u00f6nnen der Installation von Cookies durch Google auf verschiedene Arten widersprechen bzw. diese verhindern:<br \/>\u2022 Sie k\u00f6nnen die Cookies in Ihrem Browser durch die\u00a0<strong>Einstellung \u201ckeine Cookies akzeptieren\u201d<\/strong>\u00a0unterbinden, was auch die Cookies von Drittanbietern beinhaltet;<br \/>\u2022 Sie k\u00f6nnen direkt bei Google \u00fcber den Link <a href=\"https:\/\/adssettings.google.com\/\" target=\"_blank\" rel=\"nofollow noopener\">https:\/\/adssettings.google.com<\/a> das Conversion-Tracking deaktivieren, wobei diese Einstellung nur solange Bestand hat, bis Sie Ihre Cookies l\u00f6schen.<br \/>\u2022 Sie k\u00f6nnen die personalisierten <strong>Anzeigen der Drittanbieter<\/strong>, die an der Werbeselbstregulierungsinitiaive \u201cAbout Ads\u201d teilnehmen \u00fcber den Link\u00a0<a href=\"https:\/\/optout.aboutads.info\/\" target=\"_blank\" rel=\"nofollow noopener\">https:\/\/optout.aboutads.info<\/a>\u00a0f\u00fcr US-Seiten oder f\u00fcr EU-Seiten unter\u00a0<a href=\"http:\/\/www.youronlinechoices.com\/de\/praferenzmanagement\/\" target=\"_blank\" rel=\"nofollow noopener\">http:\/\/www.youronlinechoices.com\/de\/praferenzmanagement\/<\/a>\u00a0deaktivieren, wobei diese Einstellung nur solange Bestand hat, bis Sie all Ihre Cookies l\u00f6schen;<br \/>\u2022 Sie k\u00f6nnen durch ein\u00a0<strong>Browser-Plug-in<\/strong> f\u00fcr Chrome, Firefox oder Internet-Explorer unter dem Link <a href=\"https:\/\/support.google.com\/ads\/answer\/7395996\" target=\"_blank\" rel=\"nofollow noopener\">https:\/\/support.google.com\/ads\/answer\/7395996<\/a>\u00a0dauerhaft Cookies deaktivieren. Diese Deaktivierung kann zur Folge haben, dass Sie nicht alle Funktionen unserer Website mehr vollumf\u00e4nglich nutzen k\u00f6nnen.<\/li><li>Weitere Informationen finden Sie in der Datenschutzerkl\u00e4rung von Google unter\u00a0<a href=\"https:\/\/policies.google.com\/privacy?hl=de&amp;gl=de\" target=\"_blank\" rel=\"nofollow noopener\">https:\/\/policies.google.com\/privacy?hl=de&amp;gl=de<\/a>\u00a0und\u00a0<a href=\"https:\/\/services.google.com\/sitestats\/de.html\" target=\"_blank\" rel=\"nofollow noopener\">https:\/\/services.google.com\/sitestats\/de.html<\/a>.<\/li><\/ol><p><strong>\u00a0<\/strong><\/p><p><strong>Google Analytics<\/strong><\/p><ol><li>Wir haben das Webseitenanalyse-Tool \u201eGoogle Analytics\u201c (<strong>Dienstanbieter:<\/strong>\u00a0Google Ireland Limited, Registernr.: 368047, Gordon House, Barrow Street, Dublin 4, Irland) auf unserer Website integriert. Es besteht hinsichtlich der Verwendung der Daten eine gemeinsame Verantwortung hinsichtlich der Datenverarbeitung zwischen Google und uns gem. Art. 26 DSGVO. Wir haben mit Google vereinbart, dass die prim\u00e4re Verantwortung gem\u00e4\u00df DSGVO f\u00fcr die Verarbeitung der Daten wir \u00fcbernehmen und s\u00e4mtliche Pflichten aus der DSGVO im Hinblick auf die Verarbeitung der Daten erf\u00fcllen (u. a. Art. 12, 13 DSGVO, Art. 15 bis 22 DSGVO und Art. 32 bis 34 DSGVO).<\/li><li><strong>Datenkategorien und Beschreibung der Datenverarbeitung:<\/strong>\u00a0User-ID, IP-Adresse (anonymisiert). Beim Besuch unserer Website setzt Google einen Cookie auf Ihren Computer, um die Benutzung unserer Website durch Sie analysieren zu k\u00f6nnen. Wir haben die IP-Anonymisierung \u201eanonymizeIP\u201c aktiviert, wodurch die IP-Adressen nur gek\u00fcrzt weiterverarbeitet werden. Auf dieser Webseite wird Ihre IP-Adresse von Google daher innerhalb von Mitgliedstaaten der Europ\u00e4ischen Union oder in anderen Vertragsstaaten des Abkommens \u00fcber den Europ\u00e4ischen Wirtschaftsraum zuvor gek\u00fcrzt. Nur in Ausnahmef\u00e4llen wird die volle IP-Adresse an einen Server von Google in den USA \u00fcbertragen und dort gek\u00fcrzt. Im Auftrag des Betreibers dieser Webseite wird Google diese Informationen benutzen, um Ihre Nutzung der Webseite auszuwerten, um Reports \u00fcber die Webseitenaktivit\u00e4ten zusammenzustellen und um weitere, mit der Websitenutzung und der Internetnutzung verbundene, Dienstleistungen gegen\u00fcber dem Verantwortlichen zu erbringen. Wir haben dar\u00fcber hinaus die ger\u00e4te\u00fcbergreifende Analyse von Website-Besuchern aktiviert, die \u00fcber eine sog. User-ID durchgef\u00fchrt wird. Die im Rahmen von Google Analytics von Ihrem Browser \u00fcbermittelte IP-Adresse wird nicht mit anderen Daten von Google zusammengef\u00fchrt. Weitere Informationen zu Datennutzung bei Google Analytics finden Sie hier:\u00a0<a href=\"https:\/\/www.google.com\/analytics\/terms\/de.html\" target=\"_blank\" rel=\"nofollow noopener\">https:\/\/www.google.com\/analytics\/terms\/de.html<\/a>\u00a0(Nutzungsbedingungen von Analytics),\u00a0<a href=\"https:\/\/support.google.com\/analytics\/answer\/6004245?hl=de\" target=\"_blank\" rel=\"nofollow noopener\">https:\/\/support.google.com\/analytics\/answer\/6004245?hl=de<\/a>\u00a0(Hinweise zum Datenschutz bei Analytics) und Googles Datenschutzerkl\u00e4rung\u00a0<a href=\"https:\/\/policies.google.com\/privacy\" target=\"_blank\" rel=\"nofollow noopener\">https:\/\/policies.google.com\/privacy<\/a>.<\/li><li><strong>Zweck der Verarbeitung:<\/strong>\u00a0Die Nutzung von Google Analytics dient dem Zweck der Analyse, Optimierung und Verbesserung unserer Website.<\/li><li><strong>Rechtsgrundlagen:<\/strong>\u00a0Haben Sie f\u00fcr Verarbeitung Ihrer personenbezogenen Daten mittels \u201eGoogle Analytics\u201c vom Drittanbieter Ihre Einwilligung erteilt (\u201eOpt-in\u201c), dann ist Art. 6 Abs. 1 S. 1 lit. a) DS-GVO die Rechtsgrundlage. Rechtsgrundlage ist zudem unser in den obigen Zwecken liegendes berechtigtes Interesse (der Analyse, Optimierung und Verbesserung unserer Website) an der Datenverarbeitung nach Art. 6 Abs. 1 S.1 lit. f) DS-GVO. Bei Services, die im Zusammenhang mit einem Vertrag erbracht werden, erfolgt das Tracking und die Analyse des Nutzerhaltens nach Art. 6 Abs. 1 S. 1 lit. b) DS-GVO, um mit den dadurch gewonnen Informationen, optimierte Services zur Erf\u00fcllung des Vertragszwecks anbieten zu k\u00f6nnen.<\/li><li><strong>Speicherdauer:<\/strong>\u00a0Die von uns gesendeten und mit Cookies, Nutzerkennungen (z. B. User-ID) oder Werbe-IDs verkn\u00fcpften Daten werden nach Monaten automatisch gel\u00f6scht. Die L\u00f6schung von Daten, deren Aufbewahrungsdauer erreicht ist, erfolgt automatisch einmal im Monat.<\/li><li><strong>Daten\u00fcbermittlung\/Empf\u00e4ngerkategorie:<\/strong>\u00a0Google, Irland und USA. Wir haben zudem mit Google eine Vereinbarung zur Auftragsverarbeitung nach Art. 28 DS-GVO geschlossen.<\/li><li><strong>Widerspruchs- und Beseitigungsm\u00f6glichkeiten (\u201eOpt-Out\u201c):<\/strong><br \/>\u2022 Das Speichern von Cookies auf Ihrer Festplatte k\u00f6nnen Sie allgemein verhindern, indem Sie in Ihren Browser-Einstellungen \u201ekeine Cookies akzeptieren\u201c w\u00e4hlen. Dies kann aber eine Funktionseinschr\u00e4nkung unserer Angebote zur Folge haben. Sie k\u00f6nnen dar\u00fcber hinaus die Erfassung der, durch das Cookie erzeugten und auf Ihre Nutzung der Website bezogenen, Daten an Google sowie die Verarbeitung dieser Daten durch Google verhindern, indem sie das unter dem folgenden Link verf\u00fcgbare Browser-Plugin herunterladen und installieren: <a href=\"http:\/\/tools.google.com\/dlpage\/gaoptout?hl=de\" target=\"_blank\" rel=\"nofollow noopener\">http:\/\/tools.google.com\/dlpage\/gaoptout?hl=de<\/a><br \/>\u2022 Als Alternative zum obigen Browser-Plugin k\u00f6nnen Sie die Erfassung durch Google Analytics unterbinden, indem Sie <strong>[__hier bitte__den Analytics Opt-Out Link Ihrer Webseite einf\u00fcgen]<\/strong>\u00a0klicken. Durch den Klick wird ein \u201eOpt-out\u201c-Cookie gesetzt, das die Erfassung Ihrer Daten beim Besuch dieser Webseite zuk\u00fcnftig verhindert. Dieses Cookie gilt nur f\u00fcr unsere Webseite und Ihren aktuellen Browser und hat nur solange Bestand bis Sie Ihre Cookies l\u00f6schen. In dem Falle m\u00fcssten Sie das Cookie erneut setzen.<br \/>\u2022 Die <strong>ger\u00e4te\u00fcbergreifende Nutzeranalyse<\/strong>\u00a0k\u00f6nnen Sie in Ihrem Google-Account unter \u201eMeine Daten &gt; pers\u00f6nliche Daten\u201c deaktivieren.<\/li><\/ol><p><strong>\u00a0<\/strong><\/p><p><strong>Google ReCAPTCHA<\/strong><\/p><ol><li>Wir haben auf unserer Webseite die Anti-Spam-Funktion \u201ereCAPTCHA\u201c von \u201eGoogle\u201c (<strong>Anbieter:<\/strong>\u00a0Google Ireland Limited, Registernr.: 368047, Gordon House, Barrow Street, Dublin 4, Irland) integriert.<\/li><li><strong>Datenkategorie und Beschreibung der Datenverarbeitung:<\/strong>\u00a0Nutzungsdaten (z.B. aufgerufene Webseite, IP). Durch den Einsatz von \u201ereCAPTCHA\u201c in unseren Formularen k\u00f6nnen wir feststellen, ob die Eingabe durch eine Maschine (Robot) oder einen Menschen erfolgte. Bei der Nutzung des Dienstes k\u00f6nnen Ihre IP-Adresse und ggf. weitere daf\u00fcr ben\u00f6tigte Daten an Google-Server in den USA \u00fcbertragen werden.<\/li><li><strong>Zweck der Verarbeitung:<\/strong>\u00a0Vermeidung von Spam und Missbrauch sowie unser wirtschaftliches Interesse an der Optimierung unserer Website.<\/li><li><strong>Rechtsgrundlagen:<\/strong>\u00a0Haben Sie f\u00fcr Verarbeitung Ihrer personenbezogenen Daten mittels \u201ereCaptcha\u201c vom Drittanbieter Ihre Einwilligung erteilt (\u201eOpt-in\u201c), dann ist Art. 6 Abs. 1 S. 1 lit. a) DS-GVO die Rechtsgrundlage. Rechtsgrundlage ist zudem unser in den obigen Zwecken liegendes berechtigtes Interesse an der Datenverarbeitung nach Art. 6 Abs. 1 S.1 lit. f) DS-GVO.<\/li><li><strong>Daten\u00fcbermittlung\/Empf\u00e4ngerkategorie:<\/strong>\u00a0Drittanbieter in den USA.<\/li><li><strong>Speicherdauer:<\/strong>\u00a0bis zur L\u00f6schung der Cookies durch Sie als Nutzer.<\/li><li>Weitere Informationen finden Sie zu Google ReCAPTCHA unter\u00a0<a href=\"https:\/\/www.google.com\/recaptcha\/\" target=\"_blank\" rel=\"nofollow noopener\">https:\/\/www.google.com\/recaptcha\/<\/a>\u00a0sowie in der Datenschutzerkl\u00e4rung von Google unter:\u00a0<a href=\"https:\/\/policies.google.com\/privacy\" target=\"_blank\" rel=\"nofollow noopener\">https:\/\/policies.google.com\/privacy<\/a>.<\/li><\/ol><p><strong>\u00a0<\/strong><\/p><p><strong>Google Maps<\/strong><\/p><ol><li>Wir haben auf unserer Website Karten von \u201eGoogle Maps\u201c (<strong>Anbieter<\/strong>: Google Ireland Limited, Registernr.: 368047, Gordon House, Barrow Street, Dublin 4, Irland) integriert.<\/li><li><strong>Datenkategorie und Beschreibung der Datenverarbeitung:<\/strong>\u00a0Nutzungsdaten (z.B. IP, Standort, aufgerufene Seite). Mit Google Maps k\u00f6nnen wir den Standort von Adressen und eine Anfahrtsbeschreibung direkt auf unserer Website in interaktiven Karten anzeigen und Ihnen die Nutzung dieses Tools erm\u00f6glichen. Bei dem Abruf unserer Website, wo Google Maps integriert ist, wird eine Verbindung zu den Servern von Google in den USA aufgebaut. Hierbei k\u00f6nnen Ihre IP und Standort an Google \u00fcbertragen werden. Zudem erh\u00e4lt Google die Information, dass Sie die entsprechende Seite aufgerufen haben. Dies erfolgt auch ohne Nutzerkonto bei Google. Sollten Sie in Ihren Google-Account eingeloggt sein, kann Google die obigen Daten Ihrem Account zuordnen. Wenn Sie dies nicht w\u00fcnschen, m\u00fcssen Sie sich bei Ihrem Google-Account ausloggen. Google erstellt aus solchen Daten Nutzerprofile und nutzt diese Daten zum Zwecke der Werbung, Marktforschung oder Optimierung seiner Websites.<\/li><li><strong>Zweck der Verarbeitung:<\/strong>\u00a0Bereitstellung einer nutzerfreundlichen, wirtschaftlichen und optimierten Webseite.<\/li><li><strong>Rechtsgrundlagen:<\/strong>\u00a0Haben Sie f\u00fcr Verarbeitung Ihrer personenbezogenen Daten mittels \u201eGoogle Maps\u201c vom Drittanbieter Ihre Einwilligung erteilt (\u201eOpt-in\u201c), dann ist Art. 6 Abs. 1 S. 1 lit. a) DS-GVO die Rechtsgrundlage. Rechtsgrundlage ist zudem unser in den obigen Zwecken liegendes berechtigtes Interesse an der Datenverarbeitung nach Art. 6 Abs. 1 S.1 lit. f) DS-GVO.<\/li><li><strong>Daten\u00fcbermittlung\/Empf\u00e4ngerkategorie:<\/strong>\u00a0Drittanbieter in den USA.<\/li><li><strong>Speicherdauer:<\/strong>\u00a0Cookies bis zu 6 Monate oder bis zur L\u00f6schung durch Sie. Ansonsten sobald sie nicht mehr f\u00fcr die Verarbeitungszwecke ben\u00f6tigt werden.<\/li><li><strong>Widerspruchs- und Beseitigungsm\u00f6glichkeit:<\/strong>\u00a0Sie haben gegen\u00fcber Google ein Widerspruchsrecht gegen die Bildung von Nutzerprofilen. Bitte richten Sie sich deswegen direkt an Google \u00fcber die unten genannte Datenschutzerkl\u00e4rung. Ein Opt-Out-Widerspruch hinsichtlich der Werbe-Cookies k\u00f6nnen Sie hier in Ihrem Google-Account vornehmen:<br \/><a href=\"https:\/\/adssettings.google.com\/authenticated\" target=\"_blank\" rel=\"nofollow noopener\">https:\/\/adssettings.google.com\/authenticated<\/a>.<\/li><li>In den Nutzungsbedingungen von Google Maps unter <a href=\"https:\/\/www.google.com\/intl\/de_de\/help\/terms_maps.html\" target=\"_blank\" rel=\"nofollow noopener\">https:\/\/www.google.com\/intl\/de_de\/help\/terms_maps.html<\/a> und in der Datenschutzerkl\u00e4rung f\u00fcr Werbung von Google unter <a href=\"https:\/\/policies.google.com\/technologies\/ads\" target=\"_blank\" rel=\"nofollow noopener\">https:\/\/policies.google.com\/technologies\/ads<\/a> finden Sie weitere Informationen zur Verwendung von Google Cookies und deren Werbetechnologien, Speicherdauer, Anonymisierung, Standortdaten, Funktionsweise und Ihre Rechte. Allgemeine Datenschutzerkl\u00e4rung von Google: <a href=\"https:\/\/policies.google.com\/privacy\" target=\"_blank\" rel=\"nofollow noopener\">https:\/\/policies.google.com\/privacy<\/a>.<\/li><\/ol><p><strong>\u00a0<\/strong><\/p><p><strong>Social-Media-Plug-ins<\/strong><\/p><ol><li>Wir setzen auf unserer Webseite Social-Media-Plug-ins von sozialen Netzwerken ein. Dabei nutzen wir die sog.\u00a0\u201eZwei-Klick-L\u00f6sung\u201c-Shariff\u00a0von c\u2019t bzw. heise.de:\u00a0<a href=\"https:\/\/www.heise.de\/ct\/artikel\/Shariff-Social-Media-Buttons-mit-Datenschutz-2467514.html\" target=\"_blank\" rel=\"nofollow noopener\">https:\/\/www.heise.de\/ct\/artikel\/Shariff-Social-Media-Buttons-mit-Datenschutz-2467514.html<\/a>; Dienstanbieter: Heise Medien GmbH &amp; Co. KG, Karl-Wiechert-Allee 10, 30625 Hannover, Deutschland; Datenschutzerkl\u00e4rung:\u00a0<a href=\"https:\/\/www.heise.de\/Datenschutzerklaerung-der-Heise-Medien-GmbH-Co-KG-4860.html\" target=\"_blank\" rel=\"nofollow noopener\">https:\/\/www.heise.de\/Datenschutzerklaerung-der-Heise-Medien-GmbH-Co-KG-4860.html<\/a>.<\/li><li><strong>Datenkategorie und Beschreibung der Datenverarbeitung:<\/strong>\u00a0Nutzungsdaten, Inhaltsdaten, Bestandsdaten. Beim Abruf unserer Website werden durch \u201eShariff\u201c\u00a0<strong>keine personenbezogenen<\/strong>\u00a0Daten\u00a0an die Drittanbieter der Social-Plug-ins \u00fcbermittelt. Neben dem Logo bzw. der Marke des sozialen Netzwerks finden Sie einen Regler, mit dem Sie das Plug-in per Klick aktivieren k\u00f6nnen. Diese Aktivierung stellt Ihre\u00a0<strong>Einwilligung<\/strong>\u00a0in der Form dar, dass der jeweilige Anbieter des sozialen Netzwerks die Information erh\u00e4lt, dass Sie unsere Website aufgerufen haben und Ihre personenbezogenen Daten an den Anbieter des Plug-ins \u00fcbermittelt und dort gespeichert werden. Hierbei handelt es sich um sog. Thirdparty Cookies. Bei einigen Anbietern wie Facebook und XING wird nach deren Angaben Ihre IP nach der Erhebung sofort anonymisiert. Die \u00fcber den Nutzer erhobenen Daten speichert der Plug-in-Anbieter als Nutzungsprofile.\u00a0<strong>Sie k\u00f6nnen Ihre Einwilligung jederzeit durch die Deaktivierung des Reglers widerrufen.<\/strong><\/li><li><strong>Zweck der Datenverarbeitung:<\/strong>\u00a0Verbesserung und Optimierung unserer Website; Steigerung unserer Bekanntheit mittels sozialer Netzwerke; M\u00f6glichkeit der Interaktion mit Ihnen und der Nutzer untereinander \u00fcber soziale Netzwerke; Werbung, Analyse und\/oder bedarfsgerechten Gestaltung der Website.<\/li><li><strong>Rechtsgrundlagen:<\/strong> Die Rechtsgrundlage f\u00fcr die Verarbeitung der personenbezogenen Daten ist unser in den obigen Zwecken liegendes berechtigtes Interesse gem\u00e4\u00df Art. 6 Abs. 1 S. 1 lit. f) DS-GVO. Soweit Sie uns bzw. dem Verantwortlichen des sozialen Netzwerks eine Einwilligung in die Verarbeitung Ihrer personenbezogenen Daten erteilt haben, ist Rechtsgrundlage Art. 6 Abs. 1 S. 1 lit. a) i.V.m. Art. 7 DS-GVO. Bei vorvertraglichen Anfragen oder bei der Nutzung Ihrer personenbezogenen Daten zur Vertragserf\u00fcllung, ist Art. 6 Abs. 1 S. 1 lit. b) DS-GVO Rechtsgrundlage.<\/li><li><strong>Daten\u00fcbermittlung\/Empf\u00e4ngerkategorie:<\/strong>\u00a0Soziales Netzwerk.<\/li><li><strong>Genutzte soziale Netzwerke und Widerspruch:<\/strong>\u00a0Wir verweisen hinsichtlich des Zwecks und Umfangs der Datenerhebung und Verarbeitung auf die jeweiligen Datenschutzerkl\u00e4rungen der sozialen Netzwerke. Zudem finden Sie dort auch Hinweise zu Ihren Rechten und Einstellungsm\u00f6glichkeiten zum Schutz Ihrer personenbezogenen Daten. Ihnen steht ein Widerspruchsrecht gegen die Bildung dieser Nutzerprofile zu, wobei Sie sich zur Aus\u00fcbung dieser Rechte direkt an den jeweiligen Plug-in-Anbieter wenden k\u00f6nnen.<\/li><\/ol><p><strong>\u00a0<\/strong><\/p><p><strong>Facebook<\/strong><\/p><ol><li>Wir haben auf unserer Website Plug-ins vom sozialen Netzwerk Facebook.com (Firmensitz in der EU: Facebook Ireland Ltd., 4 Grand Canal Square, Grand Canal Harbour, Dublin 2, Irland) im Rahmen der sog. \u201eZwei-Klick-L\u00f6sung\u201c von Shariff integriert.Diese erkennen Sie am Facebook-Logo \u201ef\u201c bzw. dem Zusatz \u201eLike\u201c, \u201eGef\u00e4llt mir\u201c oder \u201eShare\u201c.<\/li><li>Sobald Sie willentlich das Facebook-Plug-in aktivieren, wird hierbei eine Verbindung von Ihrem Browser zu den Servern von Facebook hergestellt. Dabei erh\u00e4lt Facebook die Information, einschlie\u00dflich Ihrer IP, dass Sie unsere Website aufgerufen haben und \u00fcbertr\u00e4gt diese Information an Server von Facebook in den USA, wo diese Information gespeichert wird. Wenn Sie bei Facebook in Ihren Account eingeloggt sind, kann Facebook diese Information Ihrem Account zuordnen. Bei Nutzung der Funktionen des Plug-ins, z.B. Bet\u00e4tigung des \u201eLike\u201c-Buttons, werden diese Informationen ebenfalls von Ihrem Browser an die Server von Facebook in den USA \u00fcbertragen und dort gespeichert sowie in Ihrem Facebook-Profil und ggf. bei Ihren Freunden angezeigt.<\/li><li>Zweck und Umfang der Datenerhebung sowie ihre weitere Verarbeitung und Nutzung der Daten durch Facebook sowie Ihre diesbez\u00fcglichen Rechte und Einstellungsm\u00f6glichkeiten zum Schutz Ihrer Privatsph\u00e4re, k\u00f6nnen Sie den Datenschutzhinweisen von Facebook entnehmen: <a href=\"https:\/\/www.facebook.com\/about\/privacy\/\" target=\"_blank\" rel=\"nofollow noopener\">https:\/\/www.facebook.com\/about\/privacy\/<\/a>. Datenerhebung beim \u201eGef\u00e4llt mir\u201c-Button: <a href=\"https:\/\/www.facebook.com\/help\/186325668085084\" target=\"_blank\" rel=\"nofollow noopener\">https:\/\/www.facebook.com\/help\/186325668085084<\/a>. Ihre Einstellungen hinsichtlich der Nutzung Ihrer Profildaten zu Werbezwecken bei Facebook k\u00f6nnen Sie hier verwalten und widersprechen: <a href=\"https:\/\/www.facebook.com\/ads\/preferences\/\" target=\"_blank\" rel=\"nofollow noopener\">https:\/\/www.facebook.com\/ads\/preferences\/<\/a>.<\/li><li>Wenn Sie sich bei Facebook vor dem Besuch unserer Website ausloggen und Ihre Cookies l\u00f6schen, werden bei der Aktivierung des Plug-ins keine Daten \u00fcber den Besuch unserer Website Ihrem Profil auf Facebook zugeordnet.<\/li><li>Vereinbarung \u00fcber gemeinsame Verarbeitung personenbezogener Daten auf Facebook-Seiten (Art. 26 DS-GVO): <a href=\"https:\/\/www.facebook.com\/legal\/terms\/page_controller_addendum\" target=\"_blank\" rel=\"nofollow noopener\">https:\/\/www.facebook.com\/legal\/terms\/page_controller_addendum<\/a>, Datenschutzhinweise f\u00fcr Facebook-Seiten: <a href=\"https:\/\/www.facebook.com\/legal\/terms\/information_about_page_insights_data\" target=\"_blank\" rel=\"nofollow noopener\">https:\/\/www.facebook.com\/legal\/terms\/information_about_page_insights_data<\/a>.<\/li><\/ol><p><strong>\u00a0<\/strong><\/p><p><strong>Rechte der betroffenen Person<\/strong><\/p><ol><li><strong>Widerspruch oder Widerruf gegen die Verarbeitung Ihrer Daten<br \/><\/strong>Soweit die Verarbeitung auf Ihrer Einwilligung gem\u00e4\u00df Art. 6 Abs. 1 S. 1 lit. a), Art. 7 DS-GVO beruht, haben Sie das Recht, die Einwilligung jederzeit zu widerrufen. Die Rechtm\u00e4\u00dfigkeit der aufgrund der Einwilligung bis zum Widerruf erfolgten Verarbeitung wird dadurch nicht ber\u00fchrt.Soweit wir die Verarbeitung Ihrer personenbezogenen Daten auf die Interessenabw\u00e4gung gem\u00e4\u00df Art. 6 Abs. 1 S. 1 lit. f) DS-GVO st\u00fctzen, k\u00f6nnen Sie Widerspruch gegen die Verarbeitung einlegen. Dies ist der Fall, wenn die Verarbeitung insbesondere nicht zur Erf\u00fcllung eines Vertrags mit Ihnen erforderlich ist, was von uns jeweils bei der nachfolgenden Beschreibung der Funktionen dargestellt wird. Bei Aus\u00fcbung eines solchen Widerspruchs bitten wir um Darlegung der Gr\u00fcnde, weshalb wir Ihre personenbezogenen Daten nicht wie von uns durchgef\u00fchrt verarbeiten sollten. Im Falle Ihres begr\u00fcndeten Widerspruchs pr\u00fcfen wir die Sachlage und werden entweder die Datenverarbeitung einstellen bzw. anpassen oder Ihnen unsere zwingenden schutzw\u00fcrdigen Gr\u00fcnde aufzeigen, aufgrund derer wir die Verarbeitung fortf\u00fchren.Sie k\u00f6nnen der Verarbeitung Ihrer personenbezogenen Daten f\u00fcr Zwecke der Werbung und Datenanalyse jederzeit widersprechen. Das Widerspruchsrecht k\u00f6nnen Sie kostenfrei aus\u00fcben. \u00dcber Ihren Werbewiderspruch k\u00f6nnen Sie uns unter folgenden Kontaktdaten informieren:<br \/>LABREVA<br \/>Dinardstra\u00dfe 6<br \/>82319 Starnberg<br \/>Gesch\u00e4ftsf\u00fchrer J\u00fcrgen Bauer<br \/>E-Mail-Adresse: <a href=\"mailto:info@labreva.com\" target=\"_blank\" rel=\"noopener\">info@labreva.com<\/a><\/li><li><strong>Recht auf Auskunft<\/strong><br \/>Sie haben ein Recht auf Auskunft \u00fcber Ihre bei uns gespeicherten pers\u00f6nlichen Daten nach Art. 15 DS-GVO. Dies beinhaltet insbesondere die Auskunft \u00fcber die Verarbeitungszwecke, die Kategorie der personenbezogenen Daten, die Kategorien von Empf\u00e4ngern, gegen\u00fcber denen Ihre Daten offengelegt wurden oder werden, die geplante Speicherdauer, die Herkunft ihrer Daten, sofern diese nicht direkt bei Ihnen erhoben wurden.<\/li><li><strong>Recht auf Berichtigung<\/strong><br \/>Sie haben ein Recht auf Berichtigung unrichtiger oder auf Vervollst\u00e4ndigung richtiger Daten nach Art. 16 DS-GVO.<\/li><li><strong>Recht auf L\u00f6schung<\/strong><br \/>Sie haben ein Recht auf L\u00f6schung Ihrer bei uns gespeicherten Daten nach Art. 17 DS-GVO, es sei denn gesetzliche oder vertraglichen Aufbewahrungsfristen oder andere gesetzliche Pflichten bzw. Rechte zur weiteren Speicherung stehen dieser entgegen.<\/li><li><strong>Recht auf Einschr\u00e4nkung<\/strong><br \/>Sie haben das Recht, eine Einschr\u00e4nkung bei der Verarbeitung Ihrer personenbezogenen Daten zu verlangen, wenn eine der Voraussetzungen in Art. 18 Abs. 1 lit. a) bis d) DS-GVO erf\u00fcllt ist:<br \/>\u2022 Wenn Sie die Richtigkeit der Sie betreffenden personenbezogenen f\u00fcr eine Dauer bestreiten, die es dem Verantwortlichen erm\u00f6glicht, die Richtigkeit der personenbezogenen Daten zu \u00fcberpr\u00fcfen;<br \/>\u2022 die Verarbeitung unrechtm\u00e4\u00dfig ist und Sie die L\u00f6schung der personenbezogenen Daten ablehnen und stattdessen die Einschr\u00e4nkung der Nutzung der personenbezogenen Daten verlangen;<br \/>\u2022 der Verantwortliche die personenbezogenen Daten f\u00fcr die Zwecke der Verarbeitung nicht l\u00e4nger ben\u00f6tigt, Sie diese jedoch zur Geltendmachung, Aus\u00fcbung oder Verteidigung von Rechtsanspr\u00fcchen ben\u00f6tigen, oder<br \/>\u2022 wenn Sie Widerspruch gegen die Verarbeitung gem\u00e4\u00df Art. 21 Abs. 1 DS-GVO eingelegt haben und noch nicht feststeht, ob die berechtigten Gr\u00fcnde des Verantwortlichen gegen\u00fcber Ihren Gr\u00fcnden \u00fcberwiegen.<\/li><li><strong>Recht auf Daten\u00fcbertragbarkeit<\/strong><br \/>Sie haben ein Recht auf Daten\u00fcbertragbarkeit nach Art. 20 DS-GVO, was bedeutet, dass Sie die bei uns \u00fcber Sie gespeicherten personenbezogenen Daten in einem strukturierten, g\u00e4ngigen und maschinenlesbaren Format erhalten k\u00f6nnen oder die \u00dcbermittlung an einen anderen Verantwortlichen verlangen k\u00f6nnen.<\/li><li><strong>Recht auf Beschwerde<\/strong><br \/>Sie haben ein Recht auf Beschwerde bei einer Aufsichtsbeh\u00f6rde. In der Regel k\u00f6nnen Sie sich hierf\u00fcr an die Aufsichtsbeh\u00f6rde insbesondere in dem Mitgliedstaat ihres Aufenthaltsorts, ihres Arbeitsplatzes oder des Orts des mutma\u00dflichen Versto\u00dfes wenden.<\/li><\/ol><p><strong>\u00a0<\/strong><\/p><p><strong>Datensicherheit<\/strong><\/p><p>Um alle personenbezogen Daten, die an uns \u00fcbermittelt werden, zu sch\u00fctzen und um sicherzustellen, dass die Datenschutzvorschriften von uns, aber auch unseren externen Dienstleistern eingehalten werden, haben wir geeignete technische und organisatorische Sicherheitsma\u00dfnahmen getroffen. Deshalb werden unter anderem alle Daten zwischen Ihrem Browser und unserem Server \u00fcber eine sichere SSL-Verbindung verschl\u00fcsselt \u00fcbertragen.<\/p><p><strong>Stand: 15.06.2021<\/strong><\/p><p>Quelle: <a href=\"https:\/\/www.juraforum.de\/datenschutzerklaerung\" target=\"_blank\" rel=\"noopener\">https:\/\/www.juraforum.de\/datenschutzerklaerung<\/a><\/p><p>Alternativ zum Browser-Plugin k\u00f6nnen Sie\u00a0<a>diesen Link klicken<\/a>, um die Erfassung durch Google Analytics auf dieser Website zuk\u00fcnftig zu verhindern. Dabei wird ein Opt-Out-Cookie auf Ihrem Endger\u00e4t abgelegt. L\u00f6schen Sie Ihre Cookies, m\u00fcssen Sie den Link erneut klicken.<\/p><div class=\"ce_text block\"><p><strong>7. Werbung \u00fcber Marketing-Netzwerke<\/strong><\/p><p><strong>Google AdWords Remarketing<\/strong><br \/>\u00dcber Google Adwords werben wir f\u00fcr diese Website in den Google Suchergebnissen sowie auf den Websites Dritter. Dazu wird bei Besuch unserer Website das sog. Remarketing Cookie von Google gesetzt, das automatisch mittels einer pseudonymen CookieID und auf Grundlage der von Ihnen besuchten Seiten eine interessenbasierte Werbung erm\u00f6glicht. Dies dient der Wahrung unserer im Rahmen einer Interessensabw\u00e4gung \u00fcberwiegenden berechtigten Interessen an einer optimalen Vermarktung unserer Webseite.<\/p><p>Eine dar\u00fcber hinausgehende Datenverarbeitung findet nur statt, sofern Sie gegen\u00fcber Google zugestimmt haben, dass Ihr Web- und App-Browserverlauf von Google mit ihrem Google-Konto verkn\u00fcpft wird und Informationen aus ihrem Google-Konto zum Personalisieren von Anzeigen verwendet werden, die sie im Web sehen. Sind sie in diesem Fall w\u00e4hrend des Seitenbesuchs unserer Webseite bei Google eingeloggt, verwendet Google Ihre Daten zusammen mit Google Analytics-Daten, um Zielgruppenlisten f\u00fcr ger\u00e4te\u00fcbergreifendes Remarketing zu erstellen und zu definieren. Dazu werden Ihre personenbezogenen Daten von Google vor\u00fcbergehend mit Google Analytics-Daten verkn\u00fcpft, um Zielgruppen zu bilden.<\/p><p>Google AdWords Remarketing ist ein Angebot der Google LLC (www.google.de). Die Google LLC hat ihren Hauptsitz in den USA und ist zertifiziert unter dem EU-US-Privacy Shield. Ein aktuelles Zertifikat kann\u00a0<a href=\"https:\/\/www.privacyshield.gov\/list\" target=\"_blank\" rel=\"noopener\">hier<\/a>\u00a0eingesehen werden. Aufgrund dieses Abkommens zwischen den USA und der Europ\u00e4ischen Kommission hat letztere f\u00fcr unter dem Privacy Shield zertifizierte Unternehmen ein angemessenes Datenschutzniveau festgestellt.<\/p><p>Sie k\u00f6nnen das Remarketing-Cookie \u00fcber\u00a0<a href=\"http:\/\/www.google.com\/settings\/ads\/anonymous?hl=de&amp;sig=ACi0TCgl4UGsZh61Q3WxLmZrwxpLhi5Brsz7n4oppCNx_HUc_H_jSUofKIBlIzSQqHsOOw9rIWpi-60gYxrsLKPSD2V09YE1Q2b3WEVPY6wxNgvNS-cammA\" target=\"_blank\" rel=\"noopener\">diesen Link<\/a>\u00a0deaktivieren. Daneben k\u00f6nnen Sie sich bei der\u00a0<a href=\"http:\/\/www.aboutads.info\/\" target=\"_blank\" rel=\"noopener\">Digital Advertising Alliance<\/a>\u00a0\u00fcber das Setzen von Cookies informieren und Einstellungen hierzu vornehmen.<\/p><p><strong>8. Social Media PlugIns<\/strong><\/p><p><strong>Verwendung von Social Plugins von Facebook<\/strong><br \/>Auf unserer Website werden sogenannte Social Plugins (\u201ePlugins\u201c) von sozialen Netzwerken verwendet. Wenn Sie eine Seite unseres Webauftritts aufrufen, die ein solches Plugin enth\u00e4lt, stellt Ihr Browser eine direkte Verbindung zu den Servern von Facebook, Google, Twitter oder Instagram her. Der Inhalt des Plugins wird vom jeweiligen Anbieter direkt an Ihren Browser \u00fcbermittelt und in die Seite eingebunden. Durch die Einbindung der Plugins erhalten die Anbieter die Information, dass Ihr Browser die entsprechende Seite unseres Webauftritts aufgerufen hat, auch wenn Sie kein Profil besitzen oder gerade nicht eingeloggt sind. Diese Information (einschlie\u00dflich Ihrer IP-Adresse) wird von Ihrem Browser direkt an einen Server des jeweiligen Anbieters (ggf. in die USA) \u00fcbermittelt und dort gespeichert. Sind Sie bei einem der Dienste eingeloggt, k\u00f6nnen die Anbieter den Besuch unserer Website Ihrem Profil in dem jeweiligen sozialen Netzwerk unmittelbar zuordnen. Wenn Sie mit den Plugins interagieren, zum Beispiel den \u201eLike\u201c- oder den \u201eShare\u201c-Button bet\u00e4tigen, wird die entsprechende Information ebenfalls direkt an einen Server der Anbieter \u00fcbermittelt und dort gespeichert. Die Informationen werden au\u00dferdem in dem sozialen Netzwerk ver\u00f6ffentlicht und dort Ihren Kontakten angezeigt.<br \/>Zweck und Umfang der Datenerhebung und die weitere Verarbeitung und Nutzung der Daten durch die Anbieter sowie eine Kontaktm\u00f6glichkeit und Ihre diesbez\u00fcglichen Rechte und Einstellungsm\u00f6glichkeiten zum Schutz Ihrer Privatsph\u00e4re entnehmen Sie bitte den Datenschutzhinweisen der Anbieter.<br \/><a href=\"http:\/\/www.facebook.com\/policy.php\" target=\"_blank\" rel=\"noopener\">http:\/\/www.facebook.com\/policy.php<\/a><\/p><p>Wenn Sie nicht m\u00f6chten, dass die sozialen Netzwerke die \u00fcber unseren Webauftritt gesammelten Daten unmittelbar Ihrem Profil in dem jeweiligen Dienst zuordnen, m\u00fcssen Sie sich vor Ihrem Besuch unserer Website bei dem entsprechenden Dienst ausloggen. Sie k\u00f6nnen das Laden der Plugins auch mit Add-Ons f\u00fcr Ihren Browser komplett verhindern, z. B. mit dem Skript-Blocker \u201eNoScript\u201c (<a href=\"http:\/\/noscript.net\/\" target=\"_blank\" rel=\"noopener\">http:\/\/noscript.net\/<\/a>).\u201c<\/p><p><strong>Youtube Video Plugins<\/strong><br \/>Auf dieser Webseite werden Inhalte dritter Anbieter eingebunden. Diese Inhalte werden von Google LLC zur Verf\u00fcgung gestellt (\u201eAnbieter\u201c).<br \/>Youtube wird betrieben von der Google LLC, 1600 Amphitheatre Parkway, Mountain View, CA 94043, USA (\u201eGoogle\u201c).<\/p><p>Bei Videos von Youtube, die auf unserer Seite eingebunden sind, ist die erweiterte Datenschutzeinstellung aktiviert. Das bedeutet, dass keine Informationen von Webseitenbesuchern bei Youtube erhoben und gespeichert werden, es sei denn, diese spielen das Video ab.<br \/>Zweck und Umfang der Datenerhebung und die weitere Verarbeitung und Nutzung der Daten durch die Anbieter sowie Ihre diesbez\u00fcglichen Rechte und Einstellungsm\u00f6glichkeiten zum Schutz Ihrer Privatsph\u00e4re entnehmen Sie bitte den Datenschutzhinweise von Google <a href=\"http:\/\/www.google.com\/intl\/de\/+\/policy\/+1button.html\" target=\"_blank\" rel=\"noopener\">http:\/\/www.google.com\/intl\/de\/+\/policy\/+1button.html<\/a>.\u201c<\/p><p><strong>9. Versand von Bewertungserinnerungen per E-Mail<\/strong><\/p><p>Sofern Sie uns hierzu w\u00e4hrend oder nach Ihrer Bestellung Ihre ausdr\u00fcckliche Einwilligung gem\u00e4\u00df Art. 6 Abs. 1 S. 1 lit. a DSGVO erteilt haben, verwenden wir Ihre E-Mail-Adresse zur Erinnerung zur Abgabe einer Bewertung Ihrer Bestellung \u00fcber das von uns eingesetzte Bewertungssystem. Diese Einwilligung kann jederzeit durch eine Nachricht an die unten beschriebene Kontaktm\u00f6glichkeit widerrufen werden.<\/p><p><strong>Bewertungserinnerung durch Trusted Shops<\/strong><br \/>Sofern Sie uns hierzu w\u00e4hrend oder nach Ihrer Bestellung Ihre ausdr\u00fcckliche Einwilligung erteilt haben, \u00fcbermitteln wir Ihre E-Mail-Adresse an die Trusted Shops GmbH, Subbelrather Str. 15c, 50823 Ko\u0308ln (<a href=\"http:\/\/www.trustedshops.de\" target=\"_blank\" rel=\"noopener\">www.trustedshops.de<\/a>), damit diese Ihnen eine Bewertungserinnerung per E-Mail zusendet.<\/p><p>Diese Einwilligung kann jederzeit durch eine Nachricht an die unten beschriebene Kontaktm\u00f6glichkeit oder direkt gegen\u00fcber Trusted Shops widerrufen werden.<\/p><p><strong>10. Kontaktm\u00f6glichkeiten und Ihre Rechte<\/strong><\/p><p>Als Betroffener haben Sie folgende Rechte:<\/p><ul><li>gem\u00e4\u00df Art. 15 DSGVO das Recht, in dem dort bezeichneten Umfang Auskunft \u00fcber Ihre von uns verarbeiteten personenbezogenen Daten zu verlangen;<\/li><li>gem\u00e4\u00df Art. 16 DSGVO das Recht, unverz\u00fcglich die Berichtigung unrichtiger oder Vervollst\u00e4ndigung Ihrer bei uns gespeicherten personenbezogenen Daten zu verlangen;<\/li><li>gem\u00e4\u00df Art. 17 DSGVO das Recht, die L\u00f6schung Ihrer bei uns gespeicherten personenbezogenen Daten zu verlangen, soweit nicht die weitere Verarbeitung<br \/>\u2013 zur Aus\u00fcbung des Rechts auf freie Meinungs\u00e4u\u00dferung und Information;<br \/>\u2013 zur Erf\u00fcllung einer rechtlichen Verpflichtung;<br \/>\u2013 aus Gr\u00fcnden des \u00f6ffentlichen Interesses oder<br \/>\u2013 zur Geltendmachung, Aus\u00fcbung oder Verteidigung von Rechtsanspr\u00fcchen<br \/>erforderlich ist;<\/li><li>gem\u00e4\u00df Art. 18 DSGVO das Recht, die Einschr\u00e4nkung der Verarbeitung Ihrer personenbezogenen Daten zu verlangen, soweit<br \/>\u2013 die Richtigkeit der Daten von Ihnen bestritten wird;<br \/>\u2013 die Verarbeitung unrechtm\u00e4\u00dfig ist, Sie aber deren L\u00f6schung ablehnen;<br \/>\u2013 wir die Daten nicht mehr ben\u00f6tigen, Sie diese jedoch zur Geltendmachung, Aus\u00fcbung oder Verteidigung von Rechtsanspr\u00fcchen ben\u00f6tigen oder<br \/>\u2013 Sie gem\u00e4\u00df Art. 21 DSGVO Widerspruch gegen die Verarbeitung eingelegt haben;<\/li><li>gem\u00e4\u00df Art. 20 DSGVO das Recht, Ihre personenbezogenen Daten, die Sie uns bereitgestellt haben, in einem strukturierten, g\u00e4ngigen und maschinenlesebaren Format zu erhalten oder die \u00dcbermittlung an einen anderen Verantwortlichen zu verlangen;<\/li><li>gem\u00e4\u00df Art. 77 DSGVO das Recht, sich bei einer Aufsichtsbeh\u00f6rde zu beschweren. In der Regel k\u00f6nnen Sie sich hierf\u00fcr an die Aufsichtsbeh\u00f6rde Ihres \u00fcblichen Aufenthaltsortes oder Arbeitsplatzes oder unseres Unternehmenssitzes wenden.<\/li><\/ul><p>Bei Fragen zur Erhebung, Verarbeitung oder Nutzung Ihrer personenbezogenen Daten, bei Ausk\u00fcnften, Berichtigung, Sperrung oder L\u00f6schung von Daten sowie Widerruf erteilter Einwilligungen oder Widerspruch gegen eine bestimmte Datenverwendung wenden Sie sich bitte direkt an uns \u00fcber die Kontaktdaten in unserem Impressum.<br \/><strong><br \/><\/strong><\/p><p><strong>Widerspruchsrecht<\/strong><br \/>Soweit wir zur Wahrung unserer im Rahmen einer Interessensabw\u00e4gung \u00fcberwiegenden berechtigten Interessen personenbezogene Daten wie oben erl\u00e4utert verarbeiten, k\u00f6nnen Sie dieser Verarbeitung mit Wirkung f\u00fcr die Zukunft widersprechen. Erfolgt die Verarbeitung zu Zwecken des Direktmarketings, k\u00f6nnen Sie dieses Recht jederzeit wie oben beschrieben aus\u00fcben. Soweit die Verarbeitung zu anderen Zwecken erfolgt, steht Ihnen ein Widerspruchsrecht nur bei Vorliegen von Gr\u00fcnden, die sich aus Ihrer besonderen Situation ergeben, zu.<\/p><p>Nach Aus\u00fcbung Ihres Widerspruchsrechts werden wir Ihre personenbezogenen Daten nicht weiter zu diesen Zwecken verarbeiten, es sei denn, wir k\u00f6nnen zwingende schutzw\u00fcrdige Gr\u00fcnde f\u00fcr die Verarbeitung nachweisen, die Ihre Interessen, Rechte und Freiheiten \u00fcberwiegen, oder wenn die Verarbeitung der Geltendmachung, Aus\u00fcbung oder Verteidigung von Rechtsanspr\u00fcchen dient.<\/p><p>Dies gilt nicht, wenn die Verarbeitung zu Zwecken des Direktmarketings erfolgt. Dann werden wir Ihre personenbezogenen Daten nicht weiter zu diesem Zweck verarbeiten.<\/p><\/div>\t\t\t\t\t\t\t\t<\/div>\n\t\t\t\t<\/div>\n\t\t\t\t<\/div>\n\t\t","protected":false},"excerpt":{"rendered":"<p>Datenschutz Wir informieren Sie nachfolgend gem\u00e4\u00df den gesetzlichen Vorgaben des Datenschutzrechts (insb. gem\u00e4\u00df BDSG n.F. und der europ\u00e4ischen Datenschutz-Grundverordnung \u201aDS-GVO\u2018) \u00fcber die Art, den Umfang und Zweck der Verarbeitung personenbezogener Daten durch unser Unternehmen.\u00a0Diese Datenschutzerkl\u00e4rung gilt auch f\u00fcr unsere Websites und Sozial-Media-Profile. Bez\u00fcglich der Definition von Begriffen wie etwa \u201epersonenbezogene Daten\u201c oder \u201eVerarbeitung\u201c verweisen wir [&hellip;]<\/p>\n","protected":false},"author":1,"featured_media":8693,"parent":0,"menu_order":0,"comment_status":"closed","ping_status":"closed","template":"","meta":{"_acf_changed":false,"footnotes":""},"seitenart":[37],"class_list":["post-8771","page","type-page","status-publish","has-post-thumbnail","hentry","seitenart-content-page-without-slider"],"acf":[],"yoast_head":"<!-- This site is optimized with the Yoast SEO plugin v27.3 - https:\/\/yoast.com\/product\/yoast-seo-wordpress\/ -->\n<title>Datenschutz - LABREVA - Feriendomizile am Comer See<\/title>\n<meta name=\"robots\" content=\"index, follow, max-snippet:-1, max-image-preview:large, max-video-preview:-1\" \/>\n<link rel=\"canonical\" href=\"https:\/\/labreva.com\/de\/datenschutz\/\" \/>\n<meta property=\"og:locale\" content=\"de_DE\" \/>\n<meta property=\"og:type\" content=\"article\" \/>\n<meta property=\"og:title\" content=\"Datenschutz - LABREVA - Feriendomizile am Comer See\" \/>\n<meta property=\"og:description\" content=\"Datenschutz Wir informieren Sie nachfolgend gem\u00e4\u00df den gesetzlichen Vorgaben des Datenschutzrechts (insb. gem\u00e4\u00df BDSG n.F. und der europ\u00e4ischen Datenschutz-Grundverordnung \u201aDS-GVO\u2018) \u00fcber die Art, den Umfang und Zweck der Verarbeitung personenbezogener Daten durch unser Unternehmen.\u00a0Diese Datenschutzerkl\u00e4rung gilt auch f\u00fcr unsere Websites und Sozial-Media-Profile. Bez\u00fcglich der Definition von Begriffen wie etwa \u201epersonenbezogene Daten\u201c oder \u201eVerarbeitung\u201c verweisen wir [&hellip;]\" \/>\n<meta property=\"og:url\" content=\"https:\/\/labreva.com\/de\/datenschutz\/\" \/>\n<meta property=\"og:site_name\" content=\"LABREVA - Feriendomizile am Comer See\" \/>\n<meta property=\"article:modified_time\" content=\"2026-01-29T08:29:55+00:00\" \/>\n<meta property=\"og:image\" content=\"https:\/\/labreva.com\/wp-content\/uploads\/2025\/12\/K1024_K1600_AdobeStock_157793731-scaled-1.jpg\" \/>\n\t<meta property=\"og:image:width\" content=\"1152\" \/>\n\t<meta property=\"og:image:height\" content=\"768\" \/>\n\t<meta property=\"og:image:type\" content=\"image\/jpeg\" \/>\n<meta name=\"twitter:card\" content=\"summary_large_image\" \/>\n<meta name=\"twitter:label1\" content=\"Gesch\u00e4tzte Lesezeit\" \/>\n\t<meta name=\"twitter:data1\" content=\"38\u00a0Minuten\" \/>\n<script type=\"application\/ld+json\" class=\"yoast-schema-graph\">{\"@context\":\"https:\\\/\\\/schema.org\",\"@graph\":[{\"@type\":\"WebPage\",\"@id\":\"https:\\\/\\\/labreva.com\\\/de\\\/datenschutz\\\/\",\"url\":\"https:\\\/\\\/labreva.com\\\/de\\\/datenschutz\\\/\",\"name\":\"Datenschutz - LABREVA - Feriendomizile am Comer See\",\"isPartOf\":{\"@id\":\"https:\\\/\\\/labreva.com\\\/de\\\/#website\"},\"primaryImageOfPage\":{\"@id\":\"https:\\\/\\\/labreva.com\\\/de\\\/datenschutz\\\/#primaryimage\"},\"image\":{\"@id\":\"https:\\\/\\\/labreva.com\\\/de\\\/datenschutz\\\/#primaryimage\"},\"thumbnailUrl\":\"https:\\\/\\\/labreva.com\\\/wp-content\\\/uploads\\\/2025\\\/12\\\/K1024_K1600_AdobeStock_157793731-scaled-1.jpg\",\"datePublished\":\"2025-12-03T14:21:00+00:00\",\"dateModified\":\"2026-01-29T08:29:55+00:00\",\"breadcrumb\":{\"@id\":\"https:\\\/\\\/labreva.com\\\/de\\\/datenschutz\\\/#breadcrumb\"},\"inLanguage\":\"de\",\"potentialAction\":[{\"@type\":\"ReadAction\",\"target\":[\"https:\\\/\\\/labreva.com\\\/de\\\/datenschutz\\\/\"]}]},{\"@type\":\"ImageObject\",\"inLanguage\":\"de\",\"@id\":\"https:\\\/\\\/labreva.com\\\/de\\\/datenschutz\\\/#primaryimage\",\"url\":\"https:\\\/\\\/labreva.com\\\/wp-content\\\/uploads\\\/2025\\\/12\\\/K1024_K1600_AdobeStock_157793731-scaled-1.jpg\",\"contentUrl\":\"https:\\\/\\\/labreva.com\\\/wp-content\\\/uploads\\\/2025\\\/12\\\/K1024_K1600_AdobeStock_157793731-scaled-1.jpg\",\"width\":1152,\"height\":768},{\"@type\":\"BreadcrumbList\",\"@id\":\"https:\\\/\\\/labreva.com\\\/de\\\/datenschutz\\\/#breadcrumb\",\"itemListElement\":[{\"@type\":\"ListItem\",\"position\":1,\"name\":\"Startseite\",\"item\":\"https:\\\/\\\/labreva.com\\\/de\\\/\"},{\"@type\":\"ListItem\",\"position\":2,\"name\":\"Datenschutz\"}]},{\"@type\":\"WebSite\",\"@id\":\"https:\\\/\\\/labreva.com\\\/de\\\/#website\",\"url\":\"https:\\\/\\\/labreva.com\\\/de\\\/\",\"name\":\"LABREVA - Feriendomizile am Comer See\",\"description\":\"\",\"publisher\":{\"@id\":\"https:\\\/\\\/labreva.com\\\/de\\\/#organization\"},\"potentialAction\":[{\"@type\":\"SearchAction\",\"target\":{\"@type\":\"EntryPoint\",\"urlTemplate\":\"https:\\\/\\\/labreva.com\\\/de\\\/?s={search_term_string}\"},\"query-input\":{\"@type\":\"PropertyValueSpecification\",\"valueRequired\":true,\"valueName\":\"search_term_string\"}}],\"inLanguage\":\"de\"},{\"@type\":\"Organization\",\"@id\":\"https:\\\/\\\/labreva.com\\\/de\\\/#organization\",\"name\":\"LABREVA - Feriendomizile am Comer See\",\"url\":\"https:\\\/\\\/labreva.com\\\/de\\\/\",\"logo\":{\"@type\":\"ImageObject\",\"inLanguage\":\"de\",\"@id\":\"https:\\\/\\\/labreva.com\\\/de\\\/#\\\/schema\\\/logo\\\/image\\\/\",\"url\":\"https:\\\/\\\/labreva.com\\\/wp-content\\\/uploads\\\/2025\\\/11\\\/Labreva_Logo_RGB_5.svg\",\"contentUrl\":\"https:\\\/\\\/labreva.com\\\/wp-content\\\/uploads\\\/2025\\\/11\\\/Labreva_Logo_RGB_5.svg\",\"caption\":\"LABREVA - Feriendomizile am Comer See\"},\"image\":{\"@id\":\"https:\\\/\\\/labreva.com\\\/de\\\/#\\\/schema\\\/logo\\\/image\\\/\"}}]}<\/script>\n<!-- \/ Yoast SEO plugin. -->","yoast_head_json":{"title":"Datenschutz - LABREVA - Feriendomizile am Comer See","robots":{"index":"index","follow":"follow","max-snippet":"max-snippet:-1","max-image-preview":"max-image-preview:large","max-video-preview":"max-video-preview:-1"},"canonical":"https:\/\/labreva.com\/de\/datenschutz\/","og_locale":"de_DE","og_type":"article","og_title":"Datenschutz - LABREVA - Feriendomizile am Comer See","og_description":"Datenschutz Wir informieren Sie nachfolgend gem\u00e4\u00df den gesetzlichen Vorgaben des Datenschutzrechts (insb. gem\u00e4\u00df BDSG n.F. und der europ\u00e4ischen Datenschutz-Grundverordnung \u201aDS-GVO\u2018) \u00fcber die Art, den Umfang und Zweck der Verarbeitung personenbezogener Daten durch unser Unternehmen.\u00a0Diese Datenschutzerkl\u00e4rung gilt auch f\u00fcr unsere Websites und Sozial-Media-Profile. Bez\u00fcglich der Definition von Begriffen wie etwa \u201epersonenbezogene Daten\u201c oder \u201eVerarbeitung\u201c verweisen wir [&hellip;]","og_url":"https:\/\/labreva.com\/de\/datenschutz\/","og_site_name":"LABREVA - Feriendomizile am Comer See","article_modified_time":"2026-01-29T08:29:55+00:00","og_image":[{"width":1152,"height":768,"url":"https:\/\/labreva.com\/wp-content\/uploads\/2025\/12\/K1024_K1600_AdobeStock_157793731-scaled-1.jpg","type":"image\/jpeg"}],"twitter_card":"summary_large_image","twitter_misc":{"Gesch\u00e4tzte Lesezeit":"38\u00a0Minuten"},"schema":{"@context":"https:\/\/schema.org","@graph":[{"@type":"WebPage","@id":"https:\/\/labreva.com\/de\/datenschutz\/","url":"https:\/\/labreva.com\/de\/datenschutz\/","name":"Datenschutz - LABREVA - Feriendomizile am Comer See","isPartOf":{"@id":"https:\/\/labreva.com\/de\/#website"},"primaryImageOfPage":{"@id":"https:\/\/labreva.com\/de\/datenschutz\/#primaryimage"},"image":{"@id":"https:\/\/labreva.com\/de\/datenschutz\/#primaryimage"},"thumbnailUrl":"https:\/\/labreva.com\/wp-content\/uploads\/2025\/12\/K1024_K1600_AdobeStock_157793731-scaled-1.jpg","datePublished":"2025-12-03T14:21:00+00:00","dateModified":"2026-01-29T08:29:55+00:00","breadcrumb":{"@id":"https:\/\/labreva.com\/de\/datenschutz\/#breadcrumb"},"inLanguage":"de","potentialAction":[{"@type":"ReadAction","target":["https:\/\/labreva.com\/de\/datenschutz\/"]}]},{"@type":"ImageObject","inLanguage":"de","@id":"https:\/\/labreva.com\/de\/datenschutz\/#primaryimage","url":"https:\/\/labreva.com\/wp-content\/uploads\/2025\/12\/K1024_K1600_AdobeStock_157793731-scaled-1.jpg","contentUrl":"https:\/\/labreva.com\/wp-content\/uploads\/2025\/12\/K1024_K1600_AdobeStock_157793731-scaled-1.jpg","width":1152,"height":768},{"@type":"BreadcrumbList","@id":"https:\/\/labreva.com\/de\/datenschutz\/#breadcrumb","itemListElement":[{"@type":"ListItem","position":1,"name":"Startseite","item":"https:\/\/labreva.com\/de\/"},{"@type":"ListItem","position":2,"name":"Datenschutz"}]},{"@type":"WebSite","@id":"https:\/\/labreva.com\/de\/#website","url":"https:\/\/labreva.com\/de\/","name":"LABREVA - Feriendomizile am Comer See","description":"","publisher":{"@id":"https:\/\/labreva.com\/de\/#organization"},"potentialAction":[{"@type":"SearchAction","target":{"@type":"EntryPoint","urlTemplate":"https:\/\/labreva.com\/de\/?s={search_term_string}"},"query-input":{"@type":"PropertyValueSpecification","valueRequired":true,"valueName":"search_term_string"}}],"inLanguage":"de"},{"@type":"Organization","@id":"https:\/\/labreva.com\/de\/#organization","name":"LABREVA - Feriendomizile am Comer See","url":"https:\/\/labreva.com\/de\/","logo":{"@type":"ImageObject","inLanguage":"de","@id":"https:\/\/labreva.com\/de\/#\/schema\/logo\/image\/","url":"https:\/\/labreva.com\/wp-content\/uploads\/2025\/11\/Labreva_Logo_RGB_5.svg","contentUrl":"https:\/\/labreva.com\/wp-content\/uploads\/2025\/11\/Labreva_Logo_RGB_5.svg","caption":"LABREVA - Feriendomizile am Comer See"},"image":{"@id":"https:\/\/labreva.com\/de\/#\/schema\/logo\/image\/"}}]}},"_links":{"self":[{"href":"https:\/\/labreva.com\/de\/wp-json\/wp\/v2\/pages\/8771","targetHints":{"allow":["GET"]}}],"collection":[{"href":"https:\/\/labreva.com\/de\/wp-json\/wp\/v2\/pages"}],"about":[{"href":"https:\/\/labreva.com\/de\/wp-json\/wp\/v2\/types\/page"}],"author":[{"embeddable":true,"href":"https:\/\/labreva.com\/de\/wp-json\/wp\/v2\/users\/1"}],"replies":[{"embeddable":true,"href":"https:\/\/labreva.com\/de\/wp-json\/wp\/v2\/comments?post=8771"}],"version-history":[{"count":30,"href":"https:\/\/labreva.com\/de\/wp-json\/wp\/v2\/pages\/8771\/revisions"}],"predecessor-version":[{"id":82809,"href":"https:\/\/labreva.com\/de\/wp-json\/wp\/v2\/pages\/8771\/revisions\/82809"}],"wp:featuredmedia":[{"embeddable":true,"href":"https:\/\/labreva.com\/de\/wp-json\/wp\/v2\/media\/8693"}],"wp:attachment":[{"href":"https:\/\/labreva.com\/de\/wp-json\/wp\/v2\/media?parent=8771"}],"wp:term":[{"taxonomy":"seitenart","embeddable":true,"href":"https:\/\/labreva.com\/de\/wp-json\/wp\/v2\/seitenart?post=8771"}],"curies":[{"name":"wp","href":"https:\/\/api.w.org\/{rel}","templated":true}]}}