{"id":76823,"date":"2025-12-04T16:24:16","date_gmt":"2025-12-04T15:24:16","guid":{"rendered":"https:\/\/labreva.com\/?post_type=content-urlaubsort&#038;p=76823"},"modified":"2026-01-27T13:31:25","modified_gmt":"2026-01-27T12:31:25","slug":"san-siro-und-umgebung","status":"publish","type":"content-urlaubsort","link":"https:\/\/labreva.com\/de\/urlaubsorte-am-comer-see\/san-siro-und-umgebung\/","title":{"rendered":"San Siro und Umgebung"},"content":{"rendered":"\t\t<div data-elementor-type=\"wp-post\" data-elementor-id=\"76823\" class=\"elementor elementor-76823\" data-elementor-post-type=\"content-urlaubsort\">\n\t\t\t\t<div class=\"elementor-element elementor-element-f1dd05c e-flex e-con-boxed e-con e-parent\" data-id=\"f1dd05c\" data-element_type=\"container\" data-e-type=\"container\">\n\t\t\t\t\t<div class=\"e-con-inner\">\n\t\t\t\t\t<\/div>\n\t\t\t\t<\/div>\n\t\t<div class=\"elementor-element elementor-element-2a0727b2 e-flex e-con-boxed e-con e-parent\" data-id=\"2a0727b2\" data-element_type=\"container\" data-e-type=\"container\">\n\t\t\t\t\t<div class=\"e-con-inner\">\n\t\t<div class=\"elementor-element elementor-element-f7af092 e-con-full beon-carousel-h-fix e-flex e-con e-child\" data-id=\"f7af092\" data-element_type=\"container\" data-e-type=\"container\" data-settings=\"{&quot;background_background&quot;:&quot;classic&quot;}\">\n\t\t\t\t<div class=\"elementor-element elementor-element-83ea83b elementor-pagination-position-inside elementor-widget elementor-widget-image-carousel\" data-id=\"83ea83b\" data-element_type=\"widget\" data-e-type=\"widget\" data-settings=\"{&quot;slides_to_show&quot;:&quot;1&quot;,&quot;navigation&quot;:&quot;dots&quot;,&quot;infinite&quot;:&quot;yes&quot;,&quot;effect&quot;:&quot;slide&quot;,&quot;speed&quot;:500}\" data-widget_type=\"image-carousel.default\">\n\t\t\t\t\t\t\t<div class=\"elementor-image-carousel-wrapper swiper\" role=\"region\" aria-roledescription=\"carousel\" aria-label=\"Content Carousel first\" dir=\"ltr\">\n\t\t\t<div class=\"elementor-image-carousel swiper-wrapper\" aria-live=\"polite\">\n\t\t\t\t\t\t\t\t<div class=\"swiper-slide\" role=\"group\" aria-roledescription=\"slide\" aria-label=\"1 von 7\"><figure class=\"swiper-slide-inner\"><img decoding=\"async\" class=\"swiper-slide-image\" src=\"https:\/\/labreva.com\/wp-content\/uploads\/2025\/12\/IMG_0035-768x576.jpg\" alt=\"IMG_0035\" \/><\/figure><\/div><div class=\"swiper-slide\" role=\"group\" aria-roledescription=\"slide\" aria-label=\"2 von 7\"><figure class=\"swiper-slide-inner\"><img decoding=\"async\" class=\"swiper-slide-image\" src=\"https:\/\/labreva.com\/wp-content\/uploads\/2025\/12\/IMG_0504-768x576.jpg\" alt=\"IMG_0504\" \/><\/figure><\/div><div class=\"swiper-slide\" role=\"group\" aria-roledescription=\"slide\" aria-label=\"3 von 7\"><figure class=\"swiper-slide-inner\"><img decoding=\"async\" class=\"swiper-slide-image\" src=\"https:\/\/labreva.com\/wp-content\/uploads\/2025\/12\/17.-Pianello-Surfen-768x576.jpg\" alt=\"17.-Pianello-Surfen\" \/><\/figure><\/div><div class=\"swiper-slide\" role=\"group\" aria-roledescription=\"slide\" aria-label=\"4 von 7\"><figure class=\"swiper-slide-inner\"><img decoding=\"async\" class=\"swiper-slide-image\" src=\"https:\/\/labreva.com\/wp-content\/uploads\/2025\/12\/15.-Pianello-Strand-768x576.jpg\" alt=\"15.-Pianello-Strand\" \/><\/figure><\/div><div class=\"swiper-slide\" role=\"group\" aria-roledescription=\"slide\" aria-label=\"5 von 7\"><figure class=\"swiper-slide-inner\"><img decoding=\"async\" class=\"swiper-slide-image\" src=\"https:\/\/labreva.com\/wp-content\/uploads\/2025\/12\/IMG_0754-768x586.jpg\" alt=\"IMG_0754\" \/><\/figure><\/div><div class=\"swiper-slide\" role=\"group\" aria-roledescription=\"slide\" aria-label=\"6 von 7\"><figure class=\"swiper-slide-inner\"><img decoding=\"async\" class=\"swiper-slide-image\" src=\"https:\/\/labreva.com\/wp-content\/uploads\/2025\/12\/23.-Bucht-768x576.jpg\" alt=\"23.-Bucht\" \/><\/figure><\/div><div class=\"swiper-slide\" role=\"group\" aria-roledescription=\"slide\" aria-label=\"7 von 7\"><figure class=\"swiper-slide-inner\"><img decoding=\"async\" class=\"swiper-slide-image\" src=\"https:\/\/labreva.com\/wp-content\/uploads\/2025\/12\/9.-Pianello-Hafen-768x574.jpg\" alt=\"9.-Pianello-Hafen\" \/><\/figure><\/div>\t\t\t<\/div>\n\t\t\t\t\t\t\t\n\t\t\t\t\t\t\t\t\t<div class=\"swiper-pagination\"><\/div>\n\t\t\t\t\t\t\t\t\t<\/div>\n\t\t\t\t\t\t<\/div>\n\t\t\t\t<\/div>\n\t\t<div class=\"elementor-element elementor-element-fa65d7 e-con-full e-flex e-con e-child\" data-id=\"fa65d7\" data-element_type=\"container\" data-e-type=\"container\">\n\t\t\t\t<div class=\"elementor-element elementor-element-5ed59a24 elementor-widget elementor-widget-heading\" data-id=\"5ed59a24\" data-element_type=\"widget\" data-e-type=\"widget\" data-widget_type=\"heading.default\">\n\t\t\t\t\t<h2 class=\"elementor-heading-title elementor-size-default\">Pianello del Lario<\/h2>\t\t\t\t<\/div>\n\t\t\t\t<div class=\"elementor-element elementor-element-17e1492f elementor-widget elementor-widget-text-editor\" data-id=\"17e1492f\" data-element_type=\"widget\" data-e-type=\"widget\" data-widget_type=\"text-editor.default\">\n\t\t\t\t\t\t\t\t\t<p>Pianello del Lario ist ein langgestreckter kleiner Ort am Westufer des Comer Sees. Die Gemeinde mit etwa 1.000 Einwohnern geh\u00f6rt zur Provinz Como und liegt etwa 35 Kilometer nord\u00f6stlich der Provinzhauptstadt.<\/p><p>Die landestypischen Restaurants, Trattorien und Berg-Agriturismo (Bauernh\u00f6fe mit G\u00e4stezimmern) liegen zum Teil direkt am Comer See an der Uferpromenade. Pianello del Lario hat einen kleinen Hafen f\u00fcr Segel- und Motorboote am Comer See und ist durch die untertunnelte Umgehungsstra\u00dfe ein eher ruhiger Ort. Ein kleiner Supermarkt und ein B\u00e4cker sorgen daf\u00fcr, die Grundversorgung sicherzustellen. Der Besuch der Kirche San Martino, die direkt am Comer See gelegen ist, ist empfehlenswert.<\/p><p>Die Schiffsanlegestelle bietet Ausflugsm\u00f6glichkeiten in Richtung S\u00fcden wie z.B. nach Menaggio, Varenna oder in Richtung Norden wie z.B. die Abtei der Bucht Piona.<\/p>\t\t\t\t\t\t\t\t<\/div>\n\t\t\t\t<\/div>\n\t\t\t\t\t<\/div>\n\t\t\t\t<\/div>\n\t\t<div class=\"elementor-element elementor-element-2fd26b10 e-flex e-con-boxed e-con e-parent\" data-id=\"2fd26b10\" data-element_type=\"container\" data-e-type=\"container\">\n\t\t\t\t\t<div class=\"e-con-inner\">\n\t\t\t\t<div class=\"elementor-element elementor-element-32cd1251 elementor-widget elementor-widget-spacer\" data-id=\"32cd1251\" data-element_type=\"widget\" data-e-type=\"widget\" data-widget_type=\"spacer.default\">\n\t\t\t\t\t\t\t<div class=\"elementor-spacer\">\n\t\t\t<div class=\"elementor-spacer-inner\"><\/div>\n\t\t<\/div>\n\t\t\t\t\t\t<\/div>\n\t\t\t\t\t<\/div>\n\t\t\t\t<\/div>\n\t\t<div class=\"elementor-element elementor-element-24a2411e e-flex e-con-boxed e-con e-parent\" data-id=\"24a2411e\" data-element_type=\"container\" data-e-type=\"container\">\n\t\t\t\t\t<div class=\"e-con-inner\">\n\t\t<div class=\"elementor-element elementor-element-2696003 e-con-full beon-carousel-h-fix e-flex e-con e-child\" data-id=\"2696003\" data-element_type=\"container\" data-e-type=\"container\" data-settings=\"{&quot;background_background&quot;:&quot;classic&quot;}\">\n\t\t\t\t<div class=\"elementor-element elementor-element-76450f5 elementor-pagination-position-inside elementor-widget elementor-widget-image-carousel\" data-id=\"76450f5\" data-element_type=\"widget\" data-e-type=\"widget\" data-settings=\"{&quot;slides_to_show&quot;:&quot;1&quot;,&quot;navigation&quot;:&quot;dots&quot;,&quot;infinite&quot;:&quot;yes&quot;,&quot;effect&quot;:&quot;slide&quot;,&quot;speed&quot;:500}\" data-widget_type=\"image-carousel.default\">\n\t\t\t\t\t\t\t<div class=\"elementor-image-carousel-wrapper swiper\" role=\"region\" aria-roledescription=\"carousel\" aria-label=\"Content Carousel sec\" dir=\"ltr\">\n\t\t\t<div class=\"elementor-image-carousel swiper-wrapper\" aria-live=\"polite\">\n\t\t\t\t\t\t\t\t<div class=\"swiper-slide\" role=\"group\" aria-roledescription=\"slide\" aria-label=\"1 von 7\"><figure class=\"swiper-slide-inner\"><img decoding=\"async\" class=\"swiper-slide-image\" src=\"https:\/\/labreva.com\/wp-content\/uploads\/2025\/12\/Villa-Gaeta-768x576.jpg\" alt=\"Villa-Gaeta\" \/><\/figure><\/div><div class=\"swiper-slide\" role=\"group\" aria-roledescription=\"slide\" aria-label=\"2 von 7\"><figure class=\"swiper-slide-inner\"><img decoding=\"async\" class=\"swiper-slide-image\" src=\"https:\/\/labreva.com\/wp-content\/uploads\/2025\/12\/23.-Bucht-1-768x576.jpg\" alt=\"23.-Bucht (1)\" \/><\/figure><\/div><div class=\"swiper-slide\" role=\"group\" aria-roledescription=\"slide\" aria-label=\"3 von 7\"><figure class=\"swiper-slide-inner\"><img decoding=\"async\" class=\"swiper-slide-image\" src=\"https:\/\/labreva.com\/wp-content\/uploads\/2025\/12\/P1110520-2-768x576.jpg\" alt=\"P1110520-2\" \/><\/figure><\/div><div class=\"swiper-slide\" role=\"group\" aria-roledescription=\"slide\" aria-label=\"4 von 7\"><figure class=\"swiper-slide-inner\"><img decoding=\"async\" class=\"swiper-slide-image\" src=\"https:\/\/labreva.com\/wp-content\/uploads\/2025\/12\/1.-Cremia-Rezzonico-Pianello-768x512.jpg\" alt=\"1.-Cremia-Rezzonico-Pianello\" \/><\/figure><\/div><div class=\"swiper-slide\" role=\"group\" aria-roledescription=\"slide\" aria-label=\"5 von 7\"><figure class=\"swiper-slide-inner\"><img decoding=\"async\" class=\"swiper-slide-image\" src=\"https:\/\/labreva.com\/wp-content\/uploads\/2025\/12\/iStock-515824824-768x512.jpg\" alt=\"iStock-515824824\" \/><\/figure><\/div><div class=\"swiper-slide\" role=\"group\" aria-roledescription=\"slide\" aria-label=\"6 von 7\"><figure class=\"swiper-slide-inner\"><img decoding=\"async\" class=\"swiper-slide-image\" src=\"https:\/\/labreva.com\/wp-content\/uploads\/2025\/12\/3.-Rezzonico-bei-Nacht-2-768x576.jpg\" alt=\"3.-Rezzonico-bei-Nacht-2\" \/><\/figure><\/div><div class=\"swiper-slide\" role=\"group\" aria-roledescription=\"slide\" aria-label=\"7 von 7\"><figure class=\"swiper-slide-inner\"><img decoding=\"async\" class=\"swiper-slide-image\" src=\"https:\/\/labreva.com\/wp-content\/uploads\/2025\/12\/shutterstock_646328473-768x576.jpg\" alt=\"shutterstock_646328473\" \/><\/figure><\/div>\t\t\t<\/div>\n\t\t\t\t\t\t\t\n\t\t\t\t\t\t\t\t\t<div class=\"swiper-pagination\"><\/div>\n\t\t\t\t\t\t\t\t\t<\/div>\n\t\t\t\t\t\t<\/div>\n\t\t\t\t<\/div>\n\t\t<div class=\"elementor-element elementor-element-21bb69b1 e-con-full e-flex e-con e-child\" data-id=\"21bb69b1\" data-element_type=\"container\" data-e-type=\"container\">\n\t\t\t\t<div class=\"elementor-element elementor-element-4a1eaf70 elementor-widget elementor-widget-heading\" data-id=\"4a1eaf70\" data-element_type=\"widget\" data-e-type=\"widget\" data-widget_type=\"heading.default\">\n\t\t\t\t\t<h2 class=\"elementor-heading-title elementor-size-default\">San Siro<\/h2>\t\t\t\t<\/div>\n\t\t\t\t<div class=\"elementor-element elementor-element-4f36a7bd elementor-widget elementor-widget-text-editor\" data-id=\"4f36a7bd\" data-element_type=\"widget\" data-e-type=\"widget\" data-widget_type=\"text-editor.default\">\n\t\t\t\t\t\t\t\t\t<p>San Siro besteht aus den kleinen romantischen Seeorten Santa Maria Rezzonico, Santa Maria und Acquaseria und befindet sich am oberen Seeufer bzw. am Fu\u00dfe des Monte Bregagno. Die Seeorte sind fast durchg\u00e4ngig mit einem Panorama-Uferweg zum Spazieren, Joggen und Radeln verbunden. Man findet immer wieder gute Einkehrm\u00f6glichkeiten, Kioske und Sportm\u00f6glichkeiten.<\/p><p>Die Burg Castello di Rezzonico aus dem 13. Jahrhundert ist traumhaft gelegen und umschlie\u00dft ein sich bis zum Seeufer erstreckendes Gel\u00e4nde von \u00fcber 2.000 m\u00b2. Leider kann die Burg nicht besichtigt werden, da sie sich in Privatbesitz befindet. Allerdings befindet sich unterhalb der Burg ein felsiger Badestrand, der genutzt werden kann.<\/p>\t\t\t\t\t\t\t\t<\/div>\n\t\t\t\t<\/div>\n\t\t\t\t\t<\/div>\n\t\t\t\t<\/div>\n\t\t<div class=\"elementor-element elementor-element-774efba0 e-flex e-con-boxed e-con e-parent\" data-id=\"774efba0\" data-element_type=\"container\" data-e-type=\"container\">\n\t\t\t\t\t<div class=\"e-con-inner\">\n\t\t\t\t<div class=\"elementor-element elementor-element-4a9faf54 elementor-widget-divider--view-line_icon elementor-view-default elementor-widget-divider--element-align-center elementor-widget elementor-widget-divider\" data-id=\"4a9faf54\" data-element_type=\"widget\" data-e-type=\"widget\" data-widget_type=\"divider.default\">\n\t\t\t\t\t\t\t<div class=\"elementor-divider\">\n\t\t\t<span class=\"elementor-divider-separator\">\n\t\t\t\t\t\t\t<div class=\"elementor-icon elementor-divider__element\">\n\t\t\t\t\t<svg xmlns=\"http:\/\/www.w3.org\/2000\/svg\" id=\"Layer_1\" data-name=\"Layer 1\" width=\"100mm\" height=\"100mm\" viewBox=\"0 0 283.46 283.46\"><path d=\"M98.47,75.4c2.81,54.59-13.86,120.57-39.93,158.25,24.97-11.13,50.58-19.4,76.2-24.59,3.46-62.36-20-109.15-36.28-133.66Z\" fill=\"#f9db8d\"><\/path><path d=\"M99.79,49.82c15.99,19.13,55.53,74.95,52.35,156.19,38.34-5.67,65.28-2.56,72.78-1.45-11.56-43.04-67.12-123.15-125.13-154.74Z\" fill=\"#1f305a\"><\/path><\/svg><\/div>\n\t\t\t\t\t\t<\/span>\n\t\t<\/div>\n\t\t\t\t\t\t<\/div>\n\t\t\t\t\t<\/div>\n\t\t\t\t<\/div>\n\t\t<div class=\"elementor-element elementor-element-32bff8d7 e-flex e-con-boxed e-con e-parent\" data-id=\"32bff8d7\" data-element_type=\"container\" data-e-type=\"container\">\n\t\t\t\t\t<div class=\"e-con-inner\">\n\t\t\t\t<div class=\"elementor-element elementor-element-e32e3d5 elementor-widget elementor-widget-heading\" data-id=\"e32e3d5\" data-element_type=\"widget\" data-e-type=\"widget\" data-widget_type=\"heading.default\">\n\t\t\t\t\t<h2 class=\"elementor-heading-title elementor-size-default\">Aktivit\u00e4ten und Highlights in San Siro und Umgebung<\/h2>\t\t\t\t<\/div>\n\t\t\t\t<div class=\"elementor-element elementor-element-5c0dffb9 elementor-widget elementor-widget-n-accordion\" data-id=\"5c0dffb9\" data-element_type=\"widget\" data-e-type=\"widget\" data-settings=\"{&quot;n_accordion_animation_duration&quot;:{&quot;unit&quot;:&quot;ms&quot;,&quot;size&quot;:300,&quot;sizes&quot;:[]},&quot;default_state&quot;:&quot;expanded&quot;,&quot;max_items_expended&quot;:&quot;one&quot;}\" data-widget_type=\"nested-accordion.default\">\n\t\t\t\t\t\t\t<div class=\"e-n-accordion\" aria-label=\"Accordion. Open links with Enter or Space, close with Escape, and navigate with Arrow Keys\">\n\t\t\t\t\t\t<details id=\"e-n-accordion-item-1540\" class=\"e-n-accordion-item\" open>\n\t\t\t\t<summary class=\"e-n-accordion-item-title\" data-accordion-index=\"1\" tabindex=\"0\" aria-expanded=\"true\" aria-controls=\"e-n-accordion-item-1540\" >\n\t\t\t\t\t<span class='e-n-accordion-item-title-header'><div class=\"e-n-accordion-item-title-text\"> Verkehrsanbindung <\/div><\/span>\n\t\t\t\t\t\t\t<span class='e-n-accordion-item-title-icon'>\n\t\t\t<span class='e-opened' ><svg xmlns=\"http:\/\/www.w3.org\/2000\/svg\" width=\"36\" height=\"36\" viewBox=\"0 0 36 36\" fill=\"none\"><circle cx=\"18\" cy=\"18\" r=\"18\" transform=\"rotate(90 18 18)\" fill=\"#1F305A\"><\/circle><path d=\"M23 19.29L17.5445 14L12.43 19.29\" stroke=\"white\" stroke-width=\"1.5\"><\/path><\/svg><\/span>\n\t\t\t<span class='e-closed'><svg xmlns=\"http:\/\/www.w3.org\/2000\/svg\" width=\"36\" height=\"36\" viewBox=\"0 0 36 36\" fill=\"none\"><circle cx=\"18\" cy=\"18\" r=\"18\" transform=\"matrix(0 -1 -1 0 36 36)\" fill=\"#1F305A\"><\/circle><path d=\"M23 16.71L17.5445 22L12.43 16.71\" stroke=\"white\" stroke-width=\"1.5\"><\/path><\/svg><\/span>\n\t\t<\/span>\n\n\t\t\t\t\t\t<\/summary>\n\t\t\t\t<div role=\"region\" aria-labelledby=\"e-n-accordion-item-1540\" class=\"elementor-element elementor-element-4e90cfa1 e-con-full e-flex e-con e-child\" data-id=\"4e90cfa1\" data-element_type=\"container\" data-e-type=\"container\">\n\t\t\t\t<div class=\"elementor-element elementor-element-63a875ac elementor-widget elementor-widget-text-editor\" data-id=\"63a875ac\" data-element_type=\"widget\" data-e-type=\"widget\" data-widget_type=\"text-editor.default\">\n\t\t\t\t\t\t\t\t\t<p><strong>Mit dem Auto:<\/strong><\/p><ul><li>In den Bergd\u00f6rfern: Sammelparkpl\u00e4tze in der Ortsmitte<\/li><li>Cadenabbia, Como oder Lugano: beliebte Ziele f\u00fcr Ausfl\u00fcge mit dem Auto sowie Tagestour nach Mailand<\/li><\/ul><p><strong>Mit dem Schiff:<\/strong><\/p><ul><li>Schiffsanlegestellen in San Vito und Pianello mit Ausflugsm\u00f6glichkeiten in Richtung S\u00fcden wie z.B. Menaggio, Varenna oder in Richtung Norden wie z.B. die Abtei der Bucht Piona<\/li><li>Von Menaggio aus regelm\u00e4\u00dfige Schiffsverbindungen nach Como, Bellagio und Varenna<\/li><\/ul><p><strong>Mit dem Bus:<\/strong><\/p><ul><li>Am Westufer f\u00e4hrt regelm\u00e4\u00dfig der \u00f6ffentliche Bus mit Haltestellen in allen D\u00f6rfern und St\u00e4dten<\/li><\/ul>\t\t\t\t\t\t\t\t<\/div>\n\t\t\t\t<\/div>\n\t\t\t\t\t<\/details>\n\t\t\t\t\t\t<details id=\"e-n-accordion-item-1541\" class=\"e-n-accordion-item\" >\n\t\t\t\t<summary class=\"e-n-accordion-item-title\" data-accordion-index=\"2\" tabindex=\"-1\" aria-expanded=\"false\" aria-controls=\"e-n-accordion-item-1541\" >\n\t\t\t\t\t<span class='e-n-accordion-item-title-header'><div class=\"e-n-accordion-item-title-text\"> Badem\u00f6glichkeiten, Str\u00e4nde &amp; Pools <\/div><\/span>\n\t\t\t\t\t\t\t<span class='e-n-accordion-item-title-icon'>\n\t\t\t<span class='e-opened' ><svg xmlns=\"http:\/\/www.w3.org\/2000\/svg\" width=\"36\" height=\"36\" viewBox=\"0 0 36 36\" fill=\"none\"><circle cx=\"18\" cy=\"18\" r=\"18\" transform=\"rotate(90 18 18)\" fill=\"#1F305A\"><\/circle><path d=\"M23 19.29L17.5445 14L12.43 19.29\" stroke=\"white\" stroke-width=\"1.5\"><\/path><\/svg><\/span>\n\t\t\t<span class='e-closed'><svg xmlns=\"http:\/\/www.w3.org\/2000\/svg\" width=\"36\" height=\"36\" viewBox=\"0 0 36 36\" fill=\"none\"><circle cx=\"18\" cy=\"18\" r=\"18\" transform=\"matrix(0 -1 -1 0 36 36)\" fill=\"#1F305A\"><\/circle><path d=\"M23 16.71L17.5445 22L12.43 16.71\" stroke=\"white\" stroke-width=\"1.5\"><\/path><\/svg><\/span>\n\t\t<\/span>\n\n\t\t\t\t\t\t<\/summary>\n\t\t\t\t<div role=\"region\" aria-labelledby=\"e-n-accordion-item-1541\" class=\"elementor-element elementor-element-79a97ecc e-con-full e-flex e-con e-child\" data-id=\"79a97ecc\" data-element_type=\"container\" data-e-type=\"container\">\n\t\t\t\t<div class=\"elementor-element elementor-element-1b0864d4 elementor-widget elementor-widget-text-editor\" data-id=\"1b0864d4\" data-element_type=\"widget\" data-e-type=\"widget\" data-widget_type=\"text-editor.default\">\n\t\t\t\t\t\t\t\t\t<ul><li>Sch\u00f6ne Buchten und Str\u00e4nde in Pianello bis San Vito \u2013 ideal f\u00fcr alle Arten von Wassersport.<\/li><li>Kleine flache Str\u00e4nde, teilweise mit Sand in Rezzonico.<\/li><\/ul>\t\t\t\t\t\t\t\t<\/div>\n\t\t\t\t<\/div>\n\t\t\t\t\t<\/details>\n\t\t\t\t\t\t<details id=\"e-n-accordion-item-1542\" class=\"e-n-accordion-item\" >\n\t\t\t\t<summary class=\"e-n-accordion-item-title\" data-accordion-index=\"3\" tabindex=\"-1\" aria-expanded=\"false\" aria-controls=\"e-n-accordion-item-1542\" >\n\t\t\t\t\t<span class='e-n-accordion-item-title-header'><div class=\"e-n-accordion-item-title-text\"> Sport <\/div><\/span>\n\t\t\t\t\t\t\t<span class='e-n-accordion-item-title-icon'>\n\t\t\t<span class='e-opened' ><svg xmlns=\"http:\/\/www.w3.org\/2000\/svg\" width=\"36\" height=\"36\" viewBox=\"0 0 36 36\" fill=\"none\"><circle cx=\"18\" cy=\"18\" r=\"18\" transform=\"rotate(90 18 18)\" fill=\"#1F305A\"><\/circle><path d=\"M23 19.29L17.5445 14L12.43 19.29\" stroke=\"white\" stroke-width=\"1.5\"><\/path><\/svg><\/span>\n\t\t\t<span class='e-closed'><svg xmlns=\"http:\/\/www.w3.org\/2000\/svg\" width=\"36\" height=\"36\" viewBox=\"0 0 36 36\" fill=\"none\"><circle cx=\"18\" cy=\"18\" r=\"18\" transform=\"matrix(0 -1 -1 0 36 36)\" fill=\"#1F305A\"><\/circle><path d=\"M23 16.71L17.5445 22L12.43 16.71\" stroke=\"white\" stroke-width=\"1.5\"><\/path><\/svg><\/span>\n\t\t<\/span>\n\n\t\t\t\t\t\t<\/summary>\n\t\t\t\t<div role=\"region\" aria-labelledby=\"e-n-accordion-item-1542\" class=\"elementor-element elementor-element-85f8f5b e-con-full e-flex e-con e-child\" data-id=\"85f8f5b\" data-element_type=\"container\" data-e-type=\"container\">\n\t\t\t\t<div class=\"elementor-element elementor-element-c1d4157 elementor-widget elementor-widget-text-editor\" data-id=\"c1d4157\" data-element_type=\"widget\" data-e-type=\"widget\" data-widget_type=\"text-editor.default\">\n\t\t\t\t\t\t\t\t\t<ul><li><p><strong>Golfen in San Siro:<\/strong><\/p><ul><li><ul><li>N\u00e4chster Golfplatz \u201eMenaggio e Caddenabbia\u201c s\u00fcdlich oberhalb von Menaggio<\/li><li>5 weitere Pl\u00e4tze im S\u00fcden bei Como und Lugano, sowie im Norden in Sondrio\/Valtellinatal<\/li><\/ul><\/li><\/ul><p><strong>Segeln, Surfen &amp; Kite:<\/strong><\/p><ul><li><ul><li>Sch\u00f6ne Buchten und Str\u00e4nde in San Vito \u2013 ideal f\u00fcr alle Arten von Wassersport<\/li><li>Surfschule in Pianello<\/li><\/ul><\/li><\/ul><p><strong>Tennis:<\/strong><\/p><ul><li><ul><li>Pianello nahe Kirche (Bar Sport f\u00fcr Reservierungen)<\/li><\/ul><\/li><\/ul><p><strong>Mountainbike, Rennrad &amp; Elektrofahrrad<\/strong><\/p><ul><li><ul><li>Viele Tourenm\u00f6glichkeiten f\u00fcr Mountainbiker in die umliegende Bergwelt<\/li><li>Uferpromenade mit guten M\u00f6glichkeiten zum Radeln, Joggen und Walken am See entlang<\/li><\/ul><\/li><\/ul><p><strong>Wandern, Walking, Bergsteigen &amp; Klettern:<\/strong><\/p><ul><li><ul><li>Idyllische Uferpromenade von Sorico bis Cremia mit ca. 18 km Spazierweg direkt am Seeufer entlang mit Caf\u00e9s, Bars und Restaurants<\/li><li>Viele Bergwanderungen mit herrlichem Panoramablick in der umliegenden Bergwelt<\/li><li>Sch\u00f6ne Spazierg\u00e4nge und Wanderungen in der Umgebung, z.B. auf der \u201eAntica Strada Regina\u201c von Rezzonico bis Acquaseria, dann weiter \u00fcber den \u201eSasso Rancio\u201c bis nach Nobiallo<\/li><\/ul><\/li><\/ul><\/li><\/ul>\t\t\t\t\t\t\t\t<\/div>\n\t\t\t\t<\/div>\n\t\t\t\t\t<\/details>\n\t\t\t\t\t\t<details id=\"e-n-accordion-item-1543\" class=\"e-n-accordion-item\" >\n\t\t\t\t<summary class=\"e-n-accordion-item-title\" data-accordion-index=\"4\" tabindex=\"-1\" aria-expanded=\"false\" aria-controls=\"e-n-accordion-item-1543\" >\n\t\t\t\t\t<span class='e-n-accordion-item-title-header'><div class=\"e-n-accordion-item-title-text\"> Kultur, Events &amp; Unterhaltung <\/div><\/span>\n\t\t\t\t\t\t\t<span class='e-n-accordion-item-title-icon'>\n\t\t\t<span class='e-opened' ><svg xmlns=\"http:\/\/www.w3.org\/2000\/svg\" width=\"36\" height=\"36\" viewBox=\"0 0 36 36\" fill=\"none\"><circle cx=\"18\" cy=\"18\" r=\"18\" transform=\"rotate(90 18 18)\" fill=\"#1F305A\"><\/circle><path d=\"M23 19.29L17.5445 14L12.43 19.29\" stroke=\"white\" stroke-width=\"1.5\"><\/path><\/svg><\/span>\n\t\t\t<span class='e-closed'><svg xmlns=\"http:\/\/www.w3.org\/2000\/svg\" width=\"36\" height=\"36\" viewBox=\"0 0 36 36\" fill=\"none\"><circle cx=\"18\" cy=\"18\" r=\"18\" transform=\"matrix(0 -1 -1 0 36 36)\" fill=\"#1F305A\"><\/circle><path d=\"M23 16.71L17.5445 22L12.43 16.71\" stroke=\"white\" stroke-width=\"1.5\"><\/path><\/svg><\/span>\n\t\t<\/span>\n\n\t\t\t\t\t\t<\/summary>\n\t\t\t\t<div role=\"region\" aria-labelledby=\"e-n-accordion-item-1543\" class=\"elementor-element elementor-element-e68861d e-con-full e-flex e-con e-child\" data-id=\"e68861d\" data-element_type=\"container\" data-e-type=\"container\">\n\t\t\t\t<div class=\"elementor-element elementor-element-887e65b elementor-widget elementor-widget-text-editor\" data-id=\"887e65b\" data-element_type=\"widget\" data-e-type=\"widget\" data-widget_type=\"text-editor.default\">\n\t\t\t\t\t\t\t\t\t<ul><li>Nachtleben in den Nachbarorten Menaggio, Dongo und Gravedona<\/li><li>Vernissagen, Konzerte und Feste ganzj\u00e4hrig in Menaggio<\/li><\/ul>\t\t\t\t\t\t\t\t<\/div>\n\t\t\t\t<\/div>\n\t\t\t\t\t<\/details>\n\t\t\t\t\t\t<details id=\"e-n-accordion-item-1544\" class=\"e-n-accordion-item\" >\n\t\t\t\t<summary class=\"e-n-accordion-item-title\" data-accordion-index=\"5\" tabindex=\"-1\" aria-expanded=\"false\" aria-controls=\"e-n-accordion-item-1544\" >\n\t\t\t\t\t<span class='e-n-accordion-item-title-header'><div class=\"e-n-accordion-item-title-text\"> M\u00e4rkte <\/div><\/span>\n\t\t\t\t\t\t\t<span class='e-n-accordion-item-title-icon'>\n\t\t\t<span class='e-opened' ><svg xmlns=\"http:\/\/www.w3.org\/2000\/svg\" width=\"36\" height=\"36\" viewBox=\"0 0 36 36\" fill=\"none\"><circle cx=\"18\" cy=\"18\" r=\"18\" transform=\"rotate(90 18 18)\" fill=\"#1F305A\"><\/circle><path d=\"M23 19.29L17.5445 14L12.43 19.29\" stroke=\"white\" stroke-width=\"1.5\"><\/path><\/svg><\/span>\n\t\t\t<span class='e-closed'><svg xmlns=\"http:\/\/www.w3.org\/2000\/svg\" width=\"36\" height=\"36\" viewBox=\"0 0 36 36\" fill=\"none\"><circle cx=\"18\" cy=\"18\" r=\"18\" transform=\"matrix(0 -1 -1 0 36 36)\" fill=\"#1F305A\"><\/circle><path d=\"M23 16.71L17.5445 22L12.43 16.71\" stroke=\"white\" stroke-width=\"1.5\"><\/path><\/svg><\/span>\n\t\t<\/span>\n\n\t\t\t\t\t\t<\/summary>\n\t\t\t\t<div role=\"region\" aria-labelledby=\"e-n-accordion-item-1544\" class=\"elementor-element elementor-element-cd85a6e e-con-full e-flex e-con e-child\" data-id=\"cd85a6e\" data-element_type=\"container\" data-e-type=\"container\">\n\t\t\t\t<div class=\"elementor-element elementor-element-bd36a42 elementor-widget elementor-widget-text-editor\" data-id=\"bd36a42\" data-element_type=\"widget\" data-e-type=\"widget\" data-widget_type=\"text-editor.default\">\n\t\t\t\t\t\t\t\t\t<ul><li>Kleiner Wochenmarkt mittwochs in Pianello und Rezzonico 2 x im Monat auf dem gro\u00dfen Ortsparkplatz<\/li><li>Wochenm\u00e4rkte immer an einem anderen Tag in den Nachbarorten<\/li><\/ul>\t\t\t\t\t\t\t\t<\/div>\n\t\t\t\t<\/div>\n\t\t\t\t\t<\/details>\n\t\t\t\t\t\t<details id=\"e-n-accordion-item-1545\" class=\"e-n-accordion-item\" >\n\t\t\t\t<summary class=\"e-n-accordion-item-title\" data-accordion-index=\"6\" tabindex=\"-1\" aria-expanded=\"false\" aria-controls=\"e-n-accordion-item-1545\" >\n\t\t\t\t\t<span class='e-n-accordion-item-title-header'><div class=\"e-n-accordion-item-title-text\"> Shoppen &amp; Schlemmen <\/div><\/span>\n\t\t\t\t\t\t\t<span class='e-n-accordion-item-title-icon'>\n\t\t\t<span class='e-opened' ><svg xmlns=\"http:\/\/www.w3.org\/2000\/svg\" width=\"36\" height=\"36\" viewBox=\"0 0 36 36\" fill=\"none\"><circle cx=\"18\" cy=\"18\" r=\"18\" transform=\"rotate(90 18 18)\" fill=\"#1F305A\"><\/circle><path d=\"M23 19.29L17.5445 14L12.43 19.29\" stroke=\"white\" stroke-width=\"1.5\"><\/path><\/svg><\/span>\n\t\t\t<span class='e-closed'><svg xmlns=\"http:\/\/www.w3.org\/2000\/svg\" width=\"36\" height=\"36\" viewBox=\"0 0 36 36\" fill=\"none\"><circle cx=\"18\" cy=\"18\" r=\"18\" transform=\"matrix(0 -1 -1 0 36 36)\" fill=\"#1F305A\"><\/circle><path d=\"M23 16.71L17.5445 22L12.43 16.71\" stroke=\"white\" stroke-width=\"1.5\"><\/path><\/svg><\/span>\n\t\t<\/span>\n\n\t\t\t\t\t\t<\/summary>\n\t\t\t\t<div role=\"region\" aria-labelledby=\"e-n-accordion-item-1545\" class=\"elementor-element elementor-element-228a601 e-con-full e-flex e-con e-child\" data-id=\"228a601\" data-element_type=\"container\" data-e-type=\"container\">\n\t\t\t\t<div class=\"elementor-element elementor-element-534220e elementor-widget elementor-widget-text-editor\" data-id=\"534220e\" data-element_type=\"widget\" data-e-type=\"widget\" data-widget_type=\"text-editor.default\">\n\t\t\t\t\t\t\t\t\t<ul><li>Entlang der Uferpromenade mehrere Restaurants und Cafebars, teilweise mit Sport- und Freizeitangebot<\/li><li>Cremia: Friseur und kleiner Lebensmittelladen<\/li><li>Pianello: Supermarkt in Pianello am Ortsausgang Richtung Musso und in der Ortsmitte von Pianello auch mit leckerem \u201eDolce\u201c + beliebter B\u00e4cker<\/li><li>Einkaufsm\u00f6glichkeiten in den nicht weit entfernten Orten Menaggio oder Dongo<\/li><\/ul>\t\t\t\t\t\t\t\t<\/div>\n\t\t\t\t<\/div>\n\t\t\t\t\t<\/details>\n\t\t\t\t\t\t<details id=\"e-n-accordion-item-1546\" class=\"e-n-accordion-item\" >\n\t\t\t\t<summary class=\"e-n-accordion-item-title\" data-accordion-index=\"7\" tabindex=\"-1\" aria-expanded=\"false\" aria-controls=\"e-n-accordion-item-1546\" >\n\t\t\t\t\t<span class='e-n-accordion-item-title-header'><div class=\"e-n-accordion-item-title-text\"> Winterattraktionen in Como <\/div><\/span>\n\t\t\t\t\t\t\t<span class='e-n-accordion-item-title-icon'>\n\t\t\t<span class='e-opened' ><svg xmlns=\"http:\/\/www.w3.org\/2000\/svg\" width=\"36\" height=\"36\" viewBox=\"0 0 36 36\" fill=\"none\"><circle cx=\"18\" cy=\"18\" r=\"18\" transform=\"rotate(90 18 18)\" fill=\"#1F305A\"><\/circle><path d=\"M23 19.29L17.5445 14L12.43 19.29\" stroke=\"white\" stroke-width=\"1.5\"><\/path><\/svg><\/span>\n\t\t\t<span class='e-closed'><svg xmlns=\"http:\/\/www.w3.org\/2000\/svg\" width=\"36\" height=\"36\" viewBox=\"0 0 36 36\" fill=\"none\"><circle cx=\"18\" cy=\"18\" r=\"18\" transform=\"matrix(0 -1 -1 0 36 36)\" fill=\"#1F305A\"><\/circle><path d=\"M23 16.71L17.5445 22L12.43 16.71\" stroke=\"white\" stroke-width=\"1.5\"><\/path><\/svg><\/span>\n\t\t<\/span>\n\n\t\t\t\t\t\t<\/summary>\n\t\t\t\t<div role=\"region\" aria-labelledby=\"e-n-accordion-item-1546\" class=\"elementor-element elementor-element-defc577 e-con-full e-flex e-con e-child\" data-id=\"defc577\" data-element_type=\"container\" data-e-type=\"container\">\n\t\t\t\t<div class=\"elementor-element elementor-element-b30785b elementor-widget elementor-widget-text-editor\" data-id=\"b30785b\" data-element_type=\"widget\" data-e-type=\"widget\" data-widget_type=\"text-editor.default\">\n\t\t\t\t\t\t\t\t\t<ul><li>Alpin-Skilauf \/ Nordic-Langlauf \/ Eislauf \/ Eisboccia in attraktiven Wintersportorten 50-100 km entfernt ( St. Moritz (CH), Bormio, Teglio, Madesimo)<\/li><li>Tourenski und Schneeschuh-Wandern am Hausberg Bregagno (2.107 m)<\/li><li>Weihnachtsm\u00e4rkte und Krippenausstellungen<\/li><\/ul>\t\t\t\t\t\t\t\t<\/div>\n\t\t\t\t<\/div>\n\t\t\t\t\t<\/details>\n\t\t\t\t\t<\/div>\n\t\t\t\t\t\t<\/div>\n\t\t\t\t\t<\/div>\n\t\t\t\t<\/div>\n\t\t<div class=\"elementor-element elementor-element-83ddfee e-flex e-con-boxed e-con e-parent\" data-id=\"83ddfee\" data-element_type=\"container\" data-e-type=\"container\">\n\t\t\t\t\t<div class=\"e-con-inner\">\n\t\t\t\t\t<\/div>\n\t\t\t\t<\/div>\n\t\t\t\t<\/div>\n\t\t","protected":false},"excerpt":{"rendered":"<p>Ein malerischer Uferweg verbindet die Orte der Westk\u00fcste. Mit wenigen Unterbrechungen kann man von Sorico an der Seespitze \u00fcber Gera Lario, Domaso, Gravedona, Dongo, Musso \u00fcber Pianello bis Cremia ca. 18 km direkt am Seeufer entlang flanieren, joggen oder gem\u00fctlich Radfahren.<\/p>\n","protected":false},"featured_media":76812,"template":"","meta":{"_acf_changed":false},"seitenart":[37],"class_list":["post-76823","content-urlaubsort","type-content-urlaubsort","status-publish","has-post-thumbnail","hentry","seitenart-content-page-without-slider"],"acf":[],"yoast_head":"<!-- This site is optimized with the Yoast SEO plugin v27.3 - https:\/\/yoast.com\/product\/yoast-seo-wordpress\/ -->\n<title>San Siro und Umgebung - LABREVA - Feriendomizile am Comer See<\/title>\n<meta name=\"robots\" content=\"index, follow, max-snippet:-1, max-image-preview:large, max-video-preview:-1\" \/>\n<link rel=\"canonical\" href=\"https:\/\/labreva.com\/de\/urlaubsorte-am-comer-see\/san-siro-und-umgebung\/\" \/>\n<meta property=\"og:locale\" content=\"de_DE\" \/>\n<meta property=\"og:type\" content=\"article\" \/>\n<meta property=\"og:title\" content=\"San Siro und Umgebung - LABREVA - Feriendomizile am Comer See\" \/>\n<meta property=\"og:description\" content=\"Ein malerischer Uferweg verbindet die Orte der Westk\u00fcste. Mit wenigen Unterbrechungen kann man von Sorico an der Seespitze \u00fcber Gera Lario, Domaso, Gravedona, Dongo, Musso \u00fcber Pianello bis Cremia ca. 18 km direkt am Seeufer entlang flanieren, joggen oder gem\u00fctlich Radfahren.\" \/>\n<meta property=\"og:url\" content=\"https:\/\/labreva.com\/de\/urlaubsorte-am-comer-see\/san-siro-und-umgebung\/\" \/>\n<meta property=\"og:site_name\" content=\"LABREVA - Feriendomizile am Comer See\" \/>\n<meta property=\"article:modified_time\" content=\"2026-01-27T12:31:25+00:00\" \/>\n<meta property=\"og:image\" content=\"https:\/\/labreva.com\/wp-content\/uploads\/2025\/12\/K640_2.-Cremia-Rezzonio-Pianello-1-1024x682-1.jpg\" \/>\n\t<meta property=\"og:image:width\" content=\"721\" \/>\n\t<meta property=\"og:image:height\" content=\"480\" \/>\n\t<meta property=\"og:image:type\" content=\"image\/jpeg\" \/>\n<meta name=\"twitter:card\" content=\"summary_large_image\" \/>\n<meta name=\"twitter:label1\" content=\"Gesch\u00e4tzte Lesezeit\" \/>\n\t<meta name=\"twitter:data1\" content=\"10\u00a0Minuten\" \/>\n<script type=\"application\/ld+json\" class=\"yoast-schema-graph\">{\"@context\":\"https:\\\/\\\/schema.org\",\"@graph\":[{\"@type\":\"WebPage\",\"@id\":\"https:\\\/\\\/labreva.com\\\/de\\\/urlaubsorte-am-comer-see\\\/san-siro-und-umgebung\\\/\",\"url\":\"https:\\\/\\\/labreva.com\\\/de\\\/urlaubsorte-am-comer-see\\\/san-siro-und-umgebung\\\/\",\"name\":\"San Siro und Umgebung - LABREVA - Feriendomizile am Comer See\",\"isPartOf\":{\"@id\":\"https:\\\/\\\/labreva.com\\\/de\\\/#website\"},\"primaryImageOfPage\":{\"@id\":\"https:\\\/\\\/labreva.com\\\/de\\\/urlaubsorte-am-comer-see\\\/san-siro-und-umgebung\\\/#primaryimage\"},\"image\":{\"@id\":\"https:\\\/\\\/labreva.com\\\/de\\\/urlaubsorte-am-comer-see\\\/san-siro-und-umgebung\\\/#primaryimage\"},\"thumbnailUrl\":\"https:\\\/\\\/labreva.com\\\/wp-content\\\/uploads\\\/2025\\\/12\\\/K640_2.-Cremia-Rezzonio-Pianello-1-1024x682-1.jpg\",\"datePublished\":\"2025-12-04T15:24:16+00:00\",\"dateModified\":\"2026-01-27T12:31:25+00:00\",\"breadcrumb\":{\"@id\":\"https:\\\/\\\/labreva.com\\\/de\\\/urlaubsorte-am-comer-see\\\/san-siro-und-umgebung\\\/#breadcrumb\"},\"inLanguage\":\"de\",\"potentialAction\":[{\"@type\":\"ReadAction\",\"target\":[\"https:\\\/\\\/labreva.com\\\/de\\\/urlaubsorte-am-comer-see\\\/san-siro-und-umgebung\\\/\"]}]},{\"@type\":\"ImageObject\",\"inLanguage\":\"de\",\"@id\":\"https:\\\/\\\/labreva.com\\\/de\\\/urlaubsorte-am-comer-see\\\/san-siro-und-umgebung\\\/#primaryimage\",\"url\":\"https:\\\/\\\/labreva.com\\\/wp-content\\\/uploads\\\/2025\\\/12\\\/K640_2.-Cremia-Rezzonio-Pianello-1-1024x682-1.jpg\",\"contentUrl\":\"https:\\\/\\\/labreva.com\\\/wp-content\\\/uploads\\\/2025\\\/12\\\/K640_2.-Cremia-Rezzonio-Pianello-1-1024x682-1.jpg\",\"width\":721,\"height\":480},{\"@type\":\"BreadcrumbList\",\"@id\":\"https:\\\/\\\/labreva.com\\\/de\\\/urlaubsorte-am-comer-see\\\/san-siro-und-umgebung\\\/#breadcrumb\",\"itemListElement\":[{\"@type\":\"ListItem\",\"position\":1,\"name\":\"Startseite\",\"item\":\"https:\\\/\\\/labreva.com\\\/de\\\/\"},{\"@type\":\"ListItem\",\"position\":2,\"name\":\"San Siro und Umgebung\"}]},{\"@type\":\"WebSite\",\"@id\":\"https:\\\/\\\/labreva.com\\\/de\\\/#website\",\"url\":\"https:\\\/\\\/labreva.com\\\/de\\\/\",\"name\":\"LABREVA - Feriendomizile am Comer See\",\"description\":\"\",\"publisher\":{\"@id\":\"https:\\\/\\\/labreva.com\\\/de\\\/#organization\"},\"potentialAction\":[{\"@type\":\"SearchAction\",\"target\":{\"@type\":\"EntryPoint\",\"urlTemplate\":\"https:\\\/\\\/labreva.com\\\/de\\\/?s={search_term_string}\"},\"query-input\":{\"@type\":\"PropertyValueSpecification\",\"valueRequired\":true,\"valueName\":\"search_term_string\"}}],\"inLanguage\":\"de\"},{\"@type\":\"Organization\",\"@id\":\"https:\\\/\\\/labreva.com\\\/de\\\/#organization\",\"name\":\"LABREVA - Feriendomizile am Comer See\",\"url\":\"https:\\\/\\\/labreva.com\\\/de\\\/\",\"logo\":{\"@type\":\"ImageObject\",\"inLanguage\":\"de\",\"@id\":\"https:\\\/\\\/labreva.com\\\/de\\\/#\\\/schema\\\/logo\\\/image\\\/\",\"url\":\"https:\\\/\\\/labreva.com\\\/wp-content\\\/uploads\\\/2025\\\/11\\\/Labreva_Logo_RGB_5.svg\",\"contentUrl\":\"https:\\\/\\\/labreva.com\\\/wp-content\\\/uploads\\\/2025\\\/11\\\/Labreva_Logo_RGB_5.svg\",\"caption\":\"LABREVA - Feriendomizile am Comer See\"},\"image\":{\"@id\":\"https:\\\/\\\/labreva.com\\\/de\\\/#\\\/schema\\\/logo\\\/image\\\/\"}}]}<\/script>\n<!-- \/ Yoast SEO plugin. -->","yoast_head_json":{"title":"San Siro und Umgebung - LABREVA - Feriendomizile am Comer See","robots":{"index":"index","follow":"follow","max-snippet":"max-snippet:-1","max-image-preview":"max-image-preview:large","max-video-preview":"max-video-preview:-1"},"canonical":"https:\/\/labreva.com\/de\/urlaubsorte-am-comer-see\/san-siro-und-umgebung\/","og_locale":"de_DE","og_type":"article","og_title":"San Siro und Umgebung - LABREVA - Feriendomizile am Comer See","og_description":"Ein malerischer Uferweg verbindet die Orte der Westk\u00fcste. Mit wenigen Unterbrechungen kann man von Sorico an der Seespitze \u00fcber Gera Lario, Domaso, Gravedona, Dongo, Musso \u00fcber Pianello bis Cremia ca. 18 km direkt am Seeufer entlang flanieren, joggen oder gem\u00fctlich Radfahren.","og_url":"https:\/\/labreva.com\/de\/urlaubsorte-am-comer-see\/san-siro-und-umgebung\/","og_site_name":"LABREVA - Feriendomizile am Comer See","article_modified_time":"2026-01-27T12:31:25+00:00","og_image":[{"width":721,"height":480,"url":"https:\/\/labreva.com\/wp-content\/uploads\/2025\/12\/K640_2.-Cremia-Rezzonio-Pianello-1-1024x682-1.jpg","type":"image\/jpeg"}],"twitter_card":"summary_large_image","twitter_misc":{"Gesch\u00e4tzte Lesezeit":"10\u00a0Minuten"},"schema":{"@context":"https:\/\/schema.org","@graph":[{"@type":"WebPage","@id":"https:\/\/labreva.com\/de\/urlaubsorte-am-comer-see\/san-siro-und-umgebung\/","url":"https:\/\/labreva.com\/de\/urlaubsorte-am-comer-see\/san-siro-und-umgebung\/","name":"San Siro und Umgebung - LABREVA - Feriendomizile am Comer See","isPartOf":{"@id":"https:\/\/labreva.com\/de\/#website"},"primaryImageOfPage":{"@id":"https:\/\/labreva.com\/de\/urlaubsorte-am-comer-see\/san-siro-und-umgebung\/#primaryimage"},"image":{"@id":"https:\/\/labreva.com\/de\/urlaubsorte-am-comer-see\/san-siro-und-umgebung\/#primaryimage"},"thumbnailUrl":"https:\/\/labreva.com\/wp-content\/uploads\/2025\/12\/K640_2.-Cremia-Rezzonio-Pianello-1-1024x682-1.jpg","datePublished":"2025-12-04T15:24:16+00:00","dateModified":"2026-01-27T12:31:25+00:00","breadcrumb":{"@id":"https:\/\/labreva.com\/de\/urlaubsorte-am-comer-see\/san-siro-und-umgebung\/#breadcrumb"},"inLanguage":"de","potentialAction":[{"@type":"ReadAction","target":["https:\/\/labreva.com\/de\/urlaubsorte-am-comer-see\/san-siro-und-umgebung\/"]}]},{"@type":"ImageObject","inLanguage":"de","@id":"https:\/\/labreva.com\/de\/urlaubsorte-am-comer-see\/san-siro-und-umgebung\/#primaryimage","url":"https:\/\/labreva.com\/wp-content\/uploads\/2025\/12\/K640_2.-Cremia-Rezzonio-Pianello-1-1024x682-1.jpg","contentUrl":"https:\/\/labreva.com\/wp-content\/uploads\/2025\/12\/K640_2.-Cremia-Rezzonio-Pianello-1-1024x682-1.jpg","width":721,"height":480},{"@type":"BreadcrumbList","@id":"https:\/\/labreva.com\/de\/urlaubsorte-am-comer-see\/san-siro-und-umgebung\/#breadcrumb","itemListElement":[{"@type":"ListItem","position":1,"name":"Startseite","item":"https:\/\/labreva.com\/de\/"},{"@type":"ListItem","position":2,"name":"San Siro und Umgebung"}]},{"@type":"WebSite","@id":"https:\/\/labreva.com\/de\/#website","url":"https:\/\/labreva.com\/de\/","name":"LABREVA - Feriendomizile am Comer See","description":"","publisher":{"@id":"https:\/\/labreva.com\/de\/#organization"},"potentialAction":[{"@type":"SearchAction","target":{"@type":"EntryPoint","urlTemplate":"https:\/\/labreva.com\/de\/?s={search_term_string}"},"query-input":{"@type":"PropertyValueSpecification","valueRequired":true,"valueName":"search_term_string"}}],"inLanguage":"de"},{"@type":"Organization","@id":"https:\/\/labreva.com\/de\/#organization","name":"LABREVA - Feriendomizile am Comer See","url":"https:\/\/labreva.com\/de\/","logo":{"@type":"ImageObject","inLanguage":"de","@id":"https:\/\/labreva.com\/de\/#\/schema\/logo\/image\/","url":"https:\/\/labreva.com\/wp-content\/uploads\/2025\/11\/Labreva_Logo_RGB_5.svg","contentUrl":"https:\/\/labreva.com\/wp-content\/uploads\/2025\/11\/Labreva_Logo_RGB_5.svg","caption":"LABREVA - Feriendomizile am Comer See"},"image":{"@id":"https:\/\/labreva.com\/de\/#\/schema\/logo\/image\/"}}]}},"_links":{"self":[{"href":"https:\/\/labreva.com\/de\/wp-json\/wp\/v2\/content-urlaubsort\/76823","targetHints":{"allow":["GET"]}}],"collection":[{"href":"https:\/\/labreva.com\/de\/wp-json\/wp\/v2\/content-urlaubsort"}],"about":[{"href":"https:\/\/labreva.com\/de\/wp-json\/wp\/v2\/types\/content-urlaubsort"}],"version-history":[{"count":30,"href":"https:\/\/labreva.com\/de\/wp-json\/wp\/v2\/content-urlaubsort\/76823\/revisions"}],"predecessor-version":[{"id":82017,"href":"https:\/\/labreva.com\/de\/wp-json\/wp\/v2\/content-urlaubsort\/76823\/revisions\/82017"}],"wp:featuredmedia":[{"embeddable":true,"href":"https:\/\/labreva.com\/de\/wp-json\/wp\/v2\/media\/76812"}],"wp:attachment":[{"href":"https:\/\/labreva.com\/de\/wp-json\/wp\/v2\/media?parent=76823"}],"wp:term":[{"taxonomy":"seitenart","embeddable":true,"href":"https:\/\/labreva.com\/de\/wp-json\/wp\/v2\/seitenart?post=76823"}],"curies":[{"name":"wp","href":"https:\/\/api.w.org\/{rel}","templated":true}]}}