{"id":77980,"date":"2025-12-12T12:45:13","date_gmt":"2025-12-12T11:45:13","guid":{"rendered":"https:\/\/labreva.com\/?post_type=content-urlaubsidee&#038;p=77980"},"modified":"2026-01-27T13:41:24","modified_gmt":"2026-01-27T12:41:24","slug":"paragliding-am-comer-see","status":"publish","type":"content-urlaubsidee","link":"https:\/\/labreva.com\/de\/urlaubsideen\/paragliding-am-comer-see\/","title":{"rendered":"Paragliding am Comer See"},"content":{"rendered":"\t\t<div data-elementor-type=\"wp-post\" data-elementor-id=\"77980\" class=\"elementor elementor-77980\" data-elementor-post-type=\"content-urlaubsidee\">\n\t\t\t\t<div class=\"elementor-element elementor-element-420d9756 e-con-full e-flex e-con e-child\" data-id=\"420d9756\" data-element_type=\"container\" data-e-type=\"container\">\n\t\t\t\t<div class=\"elementor-element elementor-element-68e860e3 elementor-widget elementor-widget-heading\" data-id=\"68e860e3\" data-element_type=\"widget\" data-e-type=\"widget\" data-widget_type=\"heading.default\">\n\t\t\t\t\t<div class=\"elementor-heading-title elementor-size-default\">Urlaubsideen<\/div>\t\t\t\t<\/div>\n\t\t\t\t<div class=\"elementor-element elementor-element-67ca6d83 elementor-widget elementor-widget-heading\" data-id=\"67ca6d83\" data-element_type=\"widget\" data-e-type=\"widget\" data-widget_type=\"heading.default\">\n\t\t\t\t\t<h1 class=\"elementor-heading-title elementor-size-default\">Paragliding am Comer See\n<\/h1>\t\t\t\t<\/div>\n\t\t\t\t<div class=\"elementor-element elementor-element-188313ba elementor-widget__width-initial elementor-widget-mobile__width-inherit make-text-mobile-sm elementor-widget elementor-widget-text-editor\" data-id=\"188313ba\" data-element_type=\"widget\" data-e-type=\"widget\" data-widget_type=\"text-editor.default\">\n\t\t\t\t\t\t\t\t\t<p><strong>Paragliding am Comer See<\/strong>\u00a0ist ein Erlebnis, das Freiheit, Natur und Adrenalin perfekt vereint. Der tiefblaue See, umgeben von majest\u00e4tischen Bergen, bietet ideale Bedingungen zum Gleitschirmfliegen. Hier treffen sanfte Thermik, mediterranes Klima und spektakul\u00e4re Panoramablicke aufeinander. Ob Sie zum ersten Mal abheben oder bereits Erfahrung haben \u2013\u00a0<strong>Paragliding am Comer See<\/strong>\u00a0ist ein Erlebnis, das Sie nie vergessen werden.<\/p>\t\t\t\t\t\t\t\t<\/div>\n\t\t\t\t<\/div>\n\t\t<div class=\"elementor-element elementor-element-5a3fb50 e-flex e-con-boxed e-con e-parent\" data-id=\"5a3fb50\" data-element_type=\"container\" data-e-type=\"container\">\n\t\t\t\t\t<div class=\"e-con-inner\">\n\t\t\t\t<div class=\"elementor-element elementor-element-80f031a elementor-widget elementor-widget-spacer\" data-id=\"80f031a\" data-element_type=\"widget\" data-e-type=\"widget\" data-widget_type=\"spacer.default\">\n\t\t\t\t\t\t\t<div class=\"elementor-spacer\">\n\t\t\t<div class=\"elementor-spacer-inner\"><\/div>\n\t\t<\/div>\n\t\t\t\t\t\t<\/div>\n\t\t\t\t\t<\/div>\n\t\t\t\t<\/div>\n\t\t<div class=\"elementor-element elementor-element-5e642d8 e-flex e-con-boxed e-con e-parent\" data-id=\"5e642d8\" data-element_type=\"container\" data-e-type=\"container\">\n\t\t\t\t\t<div class=\"e-con-inner\">\n\t\t<div class=\"elementor-element elementor-element-0924128 e-con-full beon-carousel-h-fix e-flex e-con e-child\" data-id=\"0924128\" data-element_type=\"container\" data-e-type=\"container\" data-settings=\"{&quot;background_background&quot;:&quot;classic&quot;}\">\n\t\t\t\t<div class=\"elementor-element elementor-element-d3722ac elementor-pagination-position-inside elementor-widget elementor-widget-image-carousel\" data-id=\"d3722ac\" data-element_type=\"widget\" data-e-type=\"widget\" data-settings=\"{&quot;slides_to_show&quot;:&quot;1&quot;,&quot;navigation&quot;:&quot;dots&quot;,&quot;infinite&quot;:&quot;yes&quot;,&quot;effect&quot;:&quot;slide&quot;,&quot;speed&quot;:500}\" data-widget_type=\"image-carousel.default\">\n\t\t\t\t\t\t\t<div class=\"elementor-image-carousel-wrapper swiper\" role=\"region\" aria-roledescription=\"carousel\" aria-label=\"Content Carousel first\" dir=\"ltr\">\n\t\t\t<div class=\"elementor-image-carousel swiper-wrapper\" aria-live=\"polite\">\n\t\t\t\t\t\t\t\t<div class=\"swiper-slide\" role=\"group\" aria-roledescription=\"slide\" aria-label=\"1 von 1\"><figure class=\"swiper-slide-inner\"><img decoding=\"async\" class=\"swiper-slide-image\" src=\"https:\/\/labreva.com\/wp-content\/uploads\/2025\/12\/K1600_paragliding-8103059_1280-1024x694-1-768x521.jpg\" alt=\"K1600_paragliding-8103059_1280-1024x694\" \/><\/figure><\/div>\t\t\t<\/div>\n\t\t\t\t\t<\/div>\n\t\t\t\t\t\t<\/div>\n\t\t\t\t<\/div>\n\t\t<div class=\"elementor-element elementor-element-8958fd5 e-con-full e-flex e-con e-child\" data-id=\"8958fd5\" data-element_type=\"container\" data-e-type=\"container\">\n\t\t\t\t<div class=\"elementor-element elementor-element-186b42a elementor-widget elementor-widget-heading\" data-id=\"186b42a\" data-element_type=\"widget\" data-e-type=\"widget\" data-widget_type=\"heading.default\">\n\t\t\t\t\t<h2 class=\"elementor-heading-title elementor-size-default\">Die besten Paragliding-Spots am Comer See<\/h2>\t\t\t\t<\/div>\n\t\t\t\t<div class=\"elementor-element elementor-element-178f5fa elementor-widget elementor-widget-text-editor\" data-id=\"178f5fa\" data-element_type=\"widget\" data-e-type=\"widget\" data-widget_type=\"text-editor.default\">\n\t\t\t\t\t\t\t\t\t<p>Der Comer See bietet ideale Startpunkte zum Gleitschirmfliegen. Einer der\u00a0<strong>besten Paragliding-Spots am Comer See<\/strong>\u00a0ist Monte Cornizzolo, der einen unglaublichen Panoramablick auf den See und die umliegenden Berge bietet. Ein weiterer Hotspot zum\u00a0<strong>Paragliding am Comer See<\/strong>\u00a0ist Monte Lagnone, der h\u00f6chste Punkt der Gegend, der einen langen Flug mit tollen Eindr\u00fccken garantiert. Monte Grona und Colico sind ebenfalls Startpunkte, die fantastische Ausblicke auf den See und die Berge bieten. Dank der stabilen Windverh\u00e4ltnisse eignet sich die Region hervorragend f\u00fcr lange Fl\u00fcge mit beeindruckenden H\u00f6henmetern.<\/p>\t\t\t\t\t\t\t\t<\/div>\n\t\t\t\t<div class=\"elementor-element elementor-element-0198513 elementor-widget elementor-widget-heading\" data-id=\"0198513\" data-element_type=\"widget\" data-e-type=\"widget\" data-widget_type=\"heading.default\">\n\t\t\t\t\t<h2 class=\"elementor-heading-title elementor-size-default\">Orte f\u00fcr Anf\u00e4nger und Profis<\/h2>\t\t\t\t<\/div>\n\t\t\t\t<div class=\"elementor-element elementor-element-a99d797 elementor-widget elementor-widget-text-editor\" data-id=\"a99d797\" data-element_type=\"widget\" data-e-type=\"widget\" data-widget_type=\"text-editor.default\">\n\t\t\t\t\t\t\t\t\t<p>Das\u00a0<strong>Paragliding f\u00fcr Anf\u00e4nger am Comer See<\/strong>\u00a0ist ebenso m\u00f6glich wie anspruchsvolle Fl\u00fcge f\u00fcr Fortgeschrittene. F\u00fcr Anf\u00e4nger ist beispielsweise bei Monte Grona eine ideale Wahl, da es einfach zu starten und sicher zu landen ist. Profis hingegen k\u00f6nnen sich an den steileren Startpl\u00e4tzen von Monte Lario oder Monte Lagnone austoben.\u00a0<strong>Paragliding am Comer See<\/strong>\u00a0ist f\u00fcr Alle geeignet \u2013 Ob Anf\u00e4nger oder Experte.<\/p>\t\t\t\t\t\t\t\t<\/div>\n\t\t\t\t<\/div>\n\t\t\t\t\t<\/div>\n\t\t\t\t<\/div>\n\t\t<div class=\"elementor-element elementor-element-8b88223 e-flex e-con-boxed e-con e-parent\" data-id=\"8b88223\" data-element_type=\"container\" data-e-type=\"container\">\n\t\t\t\t\t<div class=\"e-con-inner\">\n\t\t\t\t<div class=\"elementor-element elementor-element-e74e6f3 elementor-widget elementor-widget-spacer\" data-id=\"e74e6f3\" data-element_type=\"widget\" data-e-type=\"widget\" data-widget_type=\"spacer.default\">\n\t\t\t\t\t\t\t<div class=\"elementor-spacer\">\n\t\t\t<div class=\"elementor-spacer-inner\"><\/div>\n\t\t<\/div>\n\t\t\t\t\t\t<\/div>\n\t\t\t\t\t<\/div>\n\t\t\t\t<\/div>\n\t\t<div class=\"elementor-element elementor-element-d6a2cf1 e-flex e-con-boxed e-con e-parent\" data-id=\"d6a2cf1\" data-element_type=\"container\" data-e-type=\"container\">\n\t\t\t\t\t<div class=\"e-con-inner\">\n\t\t<div class=\"elementor-element elementor-element-212d153 e-con-full beon-carousel-h-fix e-flex e-con e-child\" data-id=\"212d153\" data-element_type=\"container\" data-e-type=\"container\" data-settings=\"{&quot;background_background&quot;:&quot;classic&quot;}\">\n\t\t\t\t<div class=\"elementor-element elementor-element-c14c49c elementor-pagination-position-inside elementor-widget elementor-widget-image-carousel\" data-id=\"c14c49c\" data-element_type=\"widget\" data-e-type=\"widget\" data-settings=\"{&quot;slides_to_show&quot;:&quot;1&quot;,&quot;navigation&quot;:&quot;dots&quot;,&quot;infinite&quot;:&quot;yes&quot;,&quot;effect&quot;:&quot;slide&quot;,&quot;speed&quot;:500}\" data-widget_type=\"image-carousel.default\">\n\t\t\t\t\t\t\t<div class=\"elementor-image-carousel-wrapper swiper\" role=\"region\" aria-roledescription=\"carousel\" aria-label=\"Content Carousel sec\" dir=\"ltr\">\n\t\t\t<div class=\"elementor-image-carousel swiper-wrapper\" aria-live=\"polite\">\n\t\t\t\t\t\t\t\t<div class=\"swiper-slide\" role=\"group\" aria-roledescription=\"slide\" aria-label=\"1 von 1\"><figure class=\"swiper-slide-inner\"><img decoding=\"async\" class=\"swiper-slide-image\" src=\"https:\/\/labreva.com\/wp-content\/uploads\/2025\/12\/K1600_tandem-jump-4558641_1280-1024x684-1-768x513.jpg\" alt=\"K1600_tandem-jump-4558641_1280-1024x684\" \/><\/figure><\/div>\t\t\t<\/div>\n\t\t\t\t\t<\/div>\n\t\t\t\t\t\t<\/div>\n\t\t\t\t<\/div>\n\t\t<div class=\"elementor-element elementor-element-087d1ab e-con-full e-flex e-con e-child\" data-id=\"087d1ab\" data-element_type=\"container\" data-e-type=\"container\">\n\t\t\t\t<div class=\"elementor-element elementor-element-0785e6d elementor-widget elementor-widget-heading\" data-id=\"0785e6d\" data-element_type=\"widget\" data-e-type=\"widget\" data-widget_type=\"heading.default\">\n\t\t\t\t\t<h2 class=\"elementor-heading-title elementor-size-default\">Tandem-Paragliding<\/h2>\t\t\t\t<\/div>\n\t\t\t\t<div class=\"elementor-element elementor-element-64a9b4f elementor-widget elementor-widget-text-editor\" data-id=\"64a9b4f\" data-element_type=\"widget\" data-e-type=\"widget\" data-widget_type=\"text-editor.default\">\n\t\t\t\t\t\t\t\t\t<p>Wer noch keine Flugerfahrung hat, kann beim\u00a0<strong>Tandem Gleitschirmfliegen<\/strong>\u00a0sicher und entspannt die L\u00fcfte erobern. Ein\u00a0<strong>Paragliding Tandemflug am Comer See<\/strong>\u00a0mit einem erfahrenen Piloten ist die perfekte Gelegenheit, das Gef\u00fchl des freien Fliegens zu genie\u00dfen \u2013 ohne selbst steuern zu m\u00fcssen. Der Start erfolgt meist sanft von einer Bergwiese, und nach wenigen Schritten gleiten Sie lautlos \u00fcber den Comer See. Nach der Landung werden Sie sich w\u00fcnschen, dieses einzigartige Abenteuer nochmal zu erleben.<\/p>\t\t\t\t\t\t\t\t<\/div>\n\t\t\t\t<\/div>\n\t\t\t\t\t<\/div>\n\t\t\t\t<\/div>\n\t\t<div class=\"elementor-element elementor-element-3486a20 e-flex e-con-boxed e-con e-parent\" data-id=\"3486a20\" data-element_type=\"container\" data-e-type=\"container\">\n\t\t\t\t\t<div class=\"e-con-inner\">\n\t\t\t\t<div class=\"elementor-element elementor-element-8a7c774 elementor-widget elementor-widget-spacer\" data-id=\"8a7c774\" data-element_type=\"widget\" data-e-type=\"widget\" data-widget_type=\"spacer.default\">\n\t\t\t\t\t\t\t<div class=\"elementor-spacer\">\n\t\t\t<div class=\"elementor-spacer-inner\"><\/div>\n\t\t<\/div>\n\t\t\t\t\t\t<\/div>\n\t\t\t\t\t<\/div>\n\t\t\t\t<\/div>\n\t\t<div class=\"elementor-element elementor-element-7241b95 e-flex e-con-boxed e-con e-parent\" data-id=\"7241b95\" data-element_type=\"container\" data-e-type=\"container\">\n\t\t\t\t\t<div class=\"e-con-inner\">\n\t\t<div class=\"elementor-element elementor-element-a57f688 e-con-full beon-carousel-h-fix e-flex e-con e-child\" data-id=\"a57f688\" data-element_type=\"container\" data-e-type=\"container\" data-settings=\"{&quot;background_background&quot;:&quot;classic&quot;}\">\n\t\t\t\t<div class=\"elementor-element elementor-element-da28af5 elementor-pagination-position-inside elementor-widget elementor-widget-image-carousel\" data-id=\"da28af5\" data-element_type=\"widget\" data-e-type=\"widget\" data-settings=\"{&quot;slides_to_show&quot;:&quot;1&quot;,&quot;navigation&quot;:&quot;dots&quot;,&quot;infinite&quot;:&quot;yes&quot;,&quot;effect&quot;:&quot;slide&quot;,&quot;speed&quot;:500}\" data-widget_type=\"image-carousel.default\">\n\t\t\t\t\t\t\t<div class=\"elementor-image-carousel-wrapper swiper\" role=\"region\" aria-roledescription=\"carousel\" aria-label=\"Content Carousel first\" dir=\"ltr\">\n\t\t\t<div class=\"elementor-image-carousel swiper-wrapper\" aria-live=\"polite\">\n\t\t\t\t\t\t\t\t<div class=\"swiper-slide\" role=\"group\" aria-roledescription=\"slide\" aria-label=\"1 von 1\"><figure class=\"swiper-slide-inner\"><img decoding=\"async\" class=\"swiper-slide-image\" src=\"https:\/\/labreva.com\/wp-content\/uploads\/2025\/12\/K1600_paragliding-8103063_1280-1024x682-1-768x512.jpg\" alt=\"K1600_paragliding-8103063_1280-1024x682\" \/><\/figure><\/div>\t\t\t<\/div>\n\t\t\t\t\t<\/div>\n\t\t\t\t\t\t<\/div>\n\t\t\t\t<\/div>\n\t\t<div class=\"elementor-element elementor-element-7529490 e-con-full e-flex e-con e-child\" data-id=\"7529490\" data-element_type=\"container\" data-e-type=\"container\">\n\t\t\t\t<div class=\"elementor-element elementor-element-c95b159 elementor-widget elementor-widget-heading\" data-id=\"c95b159\" data-element_type=\"widget\" data-e-type=\"widget\" data-widget_type=\"heading.default\">\n\t\t\t\t\t<h2 class=\"elementor-heading-title elementor-size-default\">Die beste Zeit f\u00fcr Paragliding am Comer See<\/h2>\t\t\t\t<\/div>\n\t\t\t\t<div class=\"elementor-element elementor-element-eb2fd3f elementor-widget elementor-widget-text-editor\" data-id=\"eb2fd3f\" data-element_type=\"widget\" data-e-type=\"widget\" data-widget_type=\"text-editor.default\">\n\t\t\t\t\t\t\t\t\t<p>Die\u00a0<strong>beste Zeit zum Paragliden am Comer See<\/strong>\u00a0ist zwischen April und Oktober. In diesen Monaten sorgen stabile Wetterbedingungen und warme Aufwinde f\u00fcr ideale Flugverh\u00e4ltnisse. Fr\u00fchmorgens und am sp\u00e4ten Nachmittag herrschen besonders angenehme Flugbedingungen. Auch am Abend bietet ein Flug \u00fcber den Comer See traumhafte Sonnenunterg\u00e4nge und unvergessliche Aussichten auf das funkelnde Wasser und die malerischen D\u00f6rfer.<\/p>\t\t\t\t\t\t\t\t<\/div>\n\t\t\t\t<\/div>\n\t\t\t\t\t<\/div>\n\t\t\t\t<\/div>\n\t\t<div class=\"elementor-element elementor-element-3c41928 e-flex e-con-boxed e-con e-parent\" data-id=\"3c41928\" data-element_type=\"container\" data-e-type=\"container\">\n\t\t\t\t\t<div class=\"e-con-inner\">\n\t\t\t\t<div class=\"elementor-element elementor-element-a789508 elementor-widget elementor-widget-spacer\" data-id=\"a789508\" data-element_type=\"widget\" data-e-type=\"widget\" data-widget_type=\"spacer.default\">\n\t\t\t\t\t\t\t<div class=\"elementor-spacer\">\n\t\t\t<div class=\"elementor-spacer-inner\"><\/div>\n\t\t<\/div>\n\t\t\t\t\t\t<\/div>\n\t\t\t\t\t<\/div>\n\t\t\t\t<\/div>\n\t\t<div class=\"elementor-element elementor-element-436b06a e-flex e-con-boxed e-con e-parent\" data-id=\"436b06a\" data-element_type=\"container\" data-e-type=\"container\">\n\t\t\t\t\t<div class=\"e-con-inner\">\n\t\t<div class=\"elementor-element elementor-element-9469756 e-con-full beon-carousel-h-fix e-flex e-con e-child\" data-id=\"9469756\" data-element_type=\"container\" data-e-type=\"container\" data-settings=\"{&quot;background_background&quot;:&quot;classic&quot;}\">\n\t\t\t\t<div class=\"elementor-element elementor-element-e251044 elementor-pagination-position-inside elementor-widget elementor-widget-image-carousel\" data-id=\"e251044\" data-element_type=\"widget\" data-e-type=\"widget\" data-settings=\"{&quot;slides_to_show&quot;:&quot;1&quot;,&quot;navigation&quot;:&quot;dots&quot;,&quot;infinite&quot;:&quot;yes&quot;,&quot;effect&quot;:&quot;slide&quot;,&quot;speed&quot;:500}\" data-widget_type=\"image-carousel.default\">\n\t\t\t\t\t\t\t<div class=\"elementor-image-carousel-wrapper swiper\" role=\"region\" aria-roledescription=\"carousel\" aria-label=\"Content Carousel sec\" dir=\"ltr\">\n\t\t\t<div class=\"elementor-image-carousel swiper-wrapper\" aria-live=\"polite\">\n\t\t\t\t\t\t\t\t<div class=\"swiper-slide\" role=\"group\" aria-roledescription=\"slide\" aria-label=\"1 von 1\"><figure class=\"swiper-slide-inner\"><img decoding=\"async\" class=\"swiper-slide-image\" src=\"https:\/\/labreva.com\/wp-content\/uploads\/2025\/12\/K1600_paragliders-4492651_1280-1024x682-1-768x512.jpg\" alt=\"K1600_paragliders-4492651_1280-1024x682\" \/><\/figure><\/div>\t\t\t<\/div>\n\t\t\t\t\t<\/div>\n\t\t\t\t\t\t<\/div>\n\t\t\t\t<\/div>\n\t\t<div class=\"elementor-element elementor-element-20fb0c8 e-con-full e-flex e-con e-child\" data-id=\"20fb0c8\" data-element_type=\"container\" data-e-type=\"container\">\n\t\t\t\t<div class=\"elementor-element elementor-element-5592d38 elementor-widget elementor-widget-heading\" data-id=\"5592d38\" data-element_type=\"widget\" data-e-type=\"widget\" data-widget_type=\"heading.default\">\n\t\t\t\t\t<h2 class=\"elementor-heading-title elementor-size-default\">Ausr\u00fcstung &amp; Sicherheit beim Paragliding<\/h2>\t\t\t\t<\/div>\n\t\t\t\t<div class=\"elementor-element elementor-element-7cd7352 elementor-widget elementor-widget-text-editor\" data-id=\"7cd7352\" data-element_type=\"widget\" data-e-type=\"widget\" data-widget_type=\"text-editor.default\">\n\t\t\t\t\t\t\t\t\t<p>Sicherheit steht beim Gleitschirmfliegen immer an erster Stelle. Es ist wichtig, die \u00f6rtlichen Vorschriften zu beachten, um Unf\u00e4lle zu vermeiden. Achten Sie auf gepr\u00fcfte Ausr\u00fcstung, einen passenden Helm und ein modernes Gurtzeug. Informieren Sie sich au\u00dferdem \u00fcber Flugverbote in bestimmten Bereichen des Sees und \u00fcber die Vorrangregeln im Flug. Wenn Sie ohne eigene Erfahrung fliegen, sollten Sie ausschlie\u00dflich mit zertifizierten Piloten starten. Diese kennen nicht nur die Thermik, sondern geben Ihnen wertvolle\u00a0<strong>Paragliding-Sicherheitstipps<\/strong>, damit Ihr Flug ein unvergessliches, aber sicheres Erlebnis bleibt.<\/p>\t\t\t\t\t\t\t\t<\/div>\n\t\t\t\t<\/div>\n\t\t\t\t\t<\/div>\n\t\t\t\t<\/div>\n\t\t<div class=\"elementor-element elementor-element-89395ce e-flex e-con-boxed e-con e-parent\" data-id=\"89395ce\" data-element_type=\"container\" data-e-type=\"container\">\n\t\t\t\t\t<div class=\"e-con-inner\">\n\t\t<div class=\"elementor-element elementor-element-b495f49 e-con-full e-flex e-con e-child\" data-id=\"b495f49\" data-element_type=\"container\" data-e-type=\"container\">\n\t\t\t\t<div class=\"elementor-element elementor-element-3878899 elementor-widget elementor-widget-spacer\" data-id=\"3878899\" data-element_type=\"widget\" data-e-type=\"widget\" data-widget_type=\"spacer.default\">\n\t\t\t\t\t\t\t<div class=\"elementor-spacer\">\n\t\t\t<div class=\"elementor-spacer-inner\"><\/div>\n\t\t<\/div>\n\t\t\t\t\t\t<\/div>\n\t\t\t\t<div class=\"elementor-element elementor-element-e030362 elementor-widget elementor-widget-heading\" data-id=\"e030362\" data-element_type=\"widget\" data-e-type=\"widget\" data-widget_type=\"heading.default\">\n\t\t\t\t\t<h2 class=\"elementor-heading-title elementor-size-default\">Urlaubstipp<\/h2>\t\t\t\t<\/div>\n\t\t\t\t<\/div>\n\t\t\t\t\t<\/div>\n\t\t\t\t<\/div>\n\t\t<div class=\"elementor-element elementor-element-5194edd e-flex e-con-boxed e-con e-parent\" data-id=\"5194edd\" data-element_type=\"container\" data-e-type=\"container\">\n\t\t\t\t\t<div class=\"e-con-inner\">\n\t\t<div class=\"elementor-element elementor-element-9130bd8 e-con-full e-flex e-con e-child\" data-id=\"9130bd8\" data-element_type=\"container\" data-e-type=\"container\">\n\t\t\t\t<div class=\"elementor-element elementor-element-13dedd0 elementor-widget elementor-widget-text-editor\" data-id=\"13dedd0\" data-element_type=\"widget\" data-e-type=\"widget\" data-widget_type=\"text-editor.default\">\n\t\t\t\t\t\t\t\t\t<p style=\"text-align: center;\">Nach einem erlebnisreichen Tag beim\u00a0<strong>Paragliding am Comer<\/strong>\u00a0See ist Entspannung angesagt. Eine komfortable\u00a0<strong>Unterkunft am Comer See<\/strong>\u00a0finden Sie bei\u00a0<strong>LABREVA<\/strong>. Ob gem\u00fctliche Ferienwohnung am Seeufer oder Ferienhaus mit Bergblick \u2013 hier kombinieren Sie Abenteuer und Erholung auf ideale Weise.<\/p>\t\t\t\t\t\t\t\t<\/div>\n\t\t\t\t<div class=\"elementor-element elementor-element-0517508 elementor-widget elementor-widget-spacer\" data-id=\"0517508\" data-element_type=\"widget\" data-e-type=\"widget\" data-widget_type=\"spacer.default\">\n\t\t\t\t\t\t\t<div class=\"elementor-spacer\">\n\t\t\t<div class=\"elementor-spacer-inner\"><\/div>\n\t\t<\/div>\n\t\t\t\t\t\t<\/div>\n\t\t\t\t<\/div>\n\t\t\t\t\t<\/div>\n\t\t\t\t<\/div>\n\t\t<div class=\"elementor-element elementor-element-1674185 e-flex e-con-boxed e-con e-parent\" data-id=\"1674185\" data-element_type=\"container\" data-e-type=\"container\">\n\t\t\t\t\t<div class=\"e-con-inner\">\n\t\t<div class=\"elementor-element elementor-element-44c7e56e e-con-full e-flex e-con e-child\" data-id=\"44c7e56e\" data-element_type=\"container\" data-e-type=\"container\" data-settings=\"{&quot;background_background&quot;:&quot;classic&quot;}\">\n\t\t<div class=\"elementor-element elementor-element-736b7a10 e-con-full e-flex e-con e-child\" data-id=\"736b7a10\" data-element_type=\"container\" data-e-type=\"container\">\n\t\t\t\t<div class=\"elementor-element elementor-element-24d65278 elementor-widget elementor-widget-heading\" data-id=\"24d65278\" data-element_type=\"widget\" data-e-type=\"widget\" data-widget_type=\"heading.default\">\n\t\t\t\t\t<h2 class=\"elementor-heading-title elementor-size-default\">Jetzt Urlaub am Comer See buchen<\/h2>\t\t\t\t<\/div>\n\t\t\t\t<div class=\"elementor-element elementor-element-3d8bad30 elementor-widget elementor-widget-text-editor\" data-id=\"3d8bad30\" data-element_type=\"widget\" data-e-type=\"widget\" data-widget_type=\"text-editor.default\">\n\t\t\t\t\t\t\t\t\t<p>Wir pr\u00fcfen und optimieren unsere Ferienunterk\u00fcnfte laufend. Fragen Sie uns gerne zu mehr Informationen \u00fcber die Domizile!<\/p>\n<p>Wir helfen Ihnen ein geeignetes Feriendomizil f\u00fcr Ihren Urlaub am Comer See\u00a0zu finden.<\/p>\t\t\t\t\t\t\t\t<\/div>\n\t\t\t\t<div class=\"elementor-element elementor-element-1e9cacf0 elementor-align-center elementor-widget elementor-widget-button\" data-id=\"1e9cacf0\" data-element_type=\"widget\" data-e-type=\"widget\" data-widget_type=\"button.default\">\n\t\t\t\t\t\t\t\t\t\t<a class=\"elementor-button elementor-button-link elementor-size-sm\" href=\"https:\/\/labreva.com\/kontakt\/\">\n\t\t\t\t\t\t<span class=\"elementor-button-content-wrapper\">\n\t\t\t\t\t\t<span class=\"elementor-button-icon\">\n\t\t\t\t<svg aria-hidden=\"true\" class=\"e-font-icon-svg e-fas-chevron-right\" viewBox=\"0 0 320 512\" xmlns=\"http:\/\/www.w3.org\/2000\/svg\"><path d=\"M285.476 272.971L91.132 467.314c-9.373 9.373-24.569 9.373-33.941 0l-22.667-22.667c-9.357-9.357-9.375-24.522-.04-33.901L188.505 256 34.484 101.255c-9.335-9.379-9.317-24.544.04-33.901l22.667-22.667c9.373-9.373 24.569-9.373 33.941 0L285.475 239.03c9.373 9.372 9.373 24.568.001 33.941z\"><\/path><\/svg>\t\t\t<\/span>\n\t\t\t\t\t\t\t\t\t<span class=\"elementor-button-text\">Kontaktieren Sie uns<\/span>\n\t\t\t\t\t<\/span>\n\t\t\t\t\t<\/a>\n\t\t\t\t\t\t\t\t<\/div>\n\t\t\t\t<\/div>\n\t\t<div class=\"elementor-element elementor-element-3b80150c e-con-full e-flex e-con e-child\" data-id=\"3b80150c\" data-element_type=\"container\" data-e-type=\"container\" data-settings=\"{&quot;background_background&quot;:&quot;classic&quot;}\">\n\t\t\t\t<\/div>\n\t\t\t\t<\/div>\n\t\t\t\t\t<\/div>\n\t\t\t\t<\/div>\n\t\t\t\t<\/div>\n\t\t","protected":false},"excerpt":{"rendered":"<p>Ob Sie zum ersten Mal abheben oder bereits Erfahrung haben &#8211; Paragliding am Comer See ist ein Erlebnis, das Sie nie vergessen werden.<\/p>\n","protected":false},"featured_media":77981,"template":"","meta":{"_acf_changed":false},"seitenart":[36],"class_list":["post-77980","content-urlaubsidee","type-content-urlaubsidee","status-publish","has-post-thumbnail","hentry","seitenart-content-page-with-slider"],"acf":[],"yoast_head":"<!-- This site is optimized with the Yoast SEO plugin v27.3 - https:\/\/yoast.com\/product\/yoast-seo-wordpress\/ -->\n<title>Paragliding am Comer See - LABREVA - Feriendomizile am Comer See<\/title>\n<meta name=\"description\" content=\"Ob Sie zum ersten Mal abheben oder bereits Erfahrung haben \u2013 Paragliding am Comer See ist ein Erlebnis, das Sie nie vergessen werden.\" \/>\n<meta name=\"robots\" content=\"index, follow, max-snippet:-1, max-image-preview:large, max-video-preview:-1\" \/>\n<link rel=\"canonical\" href=\"https:\/\/labreva.com\/de\/urlaubsideen\/paragliding-am-comer-see\/\" \/>\n<meta property=\"og:locale\" content=\"de_DE\" \/>\n<meta property=\"og:type\" content=\"article\" \/>\n<meta property=\"og:title\" content=\"Paragliding am Comer See - LABREVA - Feriendomizile am Comer See\" \/>\n<meta property=\"og:description\" content=\"Ob Sie zum ersten Mal abheben oder bereits Erfahrung haben \u2013 Paragliding am Comer See ist ein Erlebnis, das Sie nie vergessen werden.\" \/>\n<meta property=\"og:url\" content=\"https:\/\/labreva.com\/de\/urlaubsideen\/paragliding-am-comer-see\/\" \/>\n<meta property=\"og:site_name\" content=\"LABREVA - Feriendomizile am Comer See\" \/>\n<meta property=\"article:modified_time\" content=\"2026-01-27T12:41:24+00:00\" \/>\n<meta property=\"og:image\" content=\"https:\/\/labreva.com\/wp-content\/uploads\/2025\/12\/paragliding-8103063_1280-768x512-1.jpg\" \/>\n\t<meta property=\"og:image:width\" content=\"768\" \/>\n\t<meta property=\"og:image:height\" content=\"512\" \/>\n\t<meta property=\"og:image:type\" content=\"image\/jpeg\" \/>\n<meta name=\"twitter:card\" content=\"summary_large_image\" \/>\n<meta name=\"twitter:label1\" content=\"Gesch\u00e4tzte Lesezeit\" \/>\n\t<meta name=\"twitter:data1\" content=\"4\u00a0Minuten\" \/>\n<script type=\"application\/ld+json\" class=\"yoast-schema-graph\">{\"@context\":\"https:\\\/\\\/schema.org\",\"@graph\":[{\"@type\":\"WebPage\",\"@id\":\"https:\\\/\\\/labreva.com\\\/de\\\/urlaubsideen\\\/paragliding-am-comer-see\\\/\",\"url\":\"https:\\\/\\\/labreva.com\\\/de\\\/urlaubsideen\\\/paragliding-am-comer-see\\\/\",\"name\":\"Paragliding am Comer See - LABREVA - Feriendomizile am Comer See\",\"isPartOf\":{\"@id\":\"https:\\\/\\\/labreva.com\\\/de\\\/#website\"},\"primaryImageOfPage\":{\"@id\":\"https:\\\/\\\/labreva.com\\\/de\\\/urlaubsideen\\\/paragliding-am-comer-see\\\/#primaryimage\"},\"image\":{\"@id\":\"https:\\\/\\\/labreva.com\\\/de\\\/urlaubsideen\\\/paragliding-am-comer-see\\\/#primaryimage\"},\"thumbnailUrl\":\"https:\\\/\\\/labreva.com\\\/wp-content\\\/uploads\\\/2025\\\/12\\\/paragliding-8103063_1280-768x512-1.jpg\",\"datePublished\":\"2025-12-12T11:45:13+00:00\",\"dateModified\":\"2026-01-27T12:41:24+00:00\",\"description\":\"Ob Sie zum ersten Mal abheben oder bereits Erfahrung haben \u2013 Paragliding am Comer See ist ein Erlebnis, das Sie nie vergessen werden.\",\"breadcrumb\":{\"@id\":\"https:\\\/\\\/labreva.com\\\/de\\\/urlaubsideen\\\/paragliding-am-comer-see\\\/#breadcrumb\"},\"inLanguage\":\"de\",\"potentialAction\":[{\"@type\":\"ReadAction\",\"target\":[\"https:\\\/\\\/labreva.com\\\/de\\\/urlaubsideen\\\/paragliding-am-comer-see\\\/\"]}]},{\"@type\":\"ImageObject\",\"inLanguage\":\"de\",\"@id\":\"https:\\\/\\\/labreva.com\\\/de\\\/urlaubsideen\\\/paragliding-am-comer-see\\\/#primaryimage\",\"url\":\"https:\\\/\\\/labreva.com\\\/wp-content\\\/uploads\\\/2025\\\/12\\\/paragliding-8103063_1280-768x512-1.jpg\",\"contentUrl\":\"https:\\\/\\\/labreva.com\\\/wp-content\\\/uploads\\\/2025\\\/12\\\/paragliding-8103063_1280-768x512-1.jpg\",\"width\":768,\"height\":512},{\"@type\":\"BreadcrumbList\",\"@id\":\"https:\\\/\\\/labreva.com\\\/de\\\/urlaubsideen\\\/paragliding-am-comer-see\\\/#breadcrumb\",\"itemListElement\":[{\"@type\":\"ListItem\",\"position\":1,\"name\":\"Startseite\",\"item\":\"https:\\\/\\\/labreva.com\\\/de\\\/\"},{\"@type\":\"ListItem\",\"position\":2,\"name\":\"Paragliding am Comer See\"}]},{\"@type\":\"WebSite\",\"@id\":\"https:\\\/\\\/labreva.com\\\/de\\\/#website\",\"url\":\"https:\\\/\\\/labreva.com\\\/de\\\/\",\"name\":\"LABREVA - Feriendomizile am Comer See\",\"description\":\"\",\"publisher\":{\"@id\":\"https:\\\/\\\/labreva.com\\\/de\\\/#organization\"},\"potentialAction\":[{\"@type\":\"SearchAction\",\"target\":{\"@type\":\"EntryPoint\",\"urlTemplate\":\"https:\\\/\\\/labreva.com\\\/de\\\/?s={search_term_string}\"},\"query-input\":{\"@type\":\"PropertyValueSpecification\",\"valueRequired\":true,\"valueName\":\"search_term_string\"}}],\"inLanguage\":\"de\"},{\"@type\":\"Organization\",\"@id\":\"https:\\\/\\\/labreva.com\\\/de\\\/#organization\",\"name\":\"LABREVA - Feriendomizile am Comer See\",\"url\":\"https:\\\/\\\/labreva.com\\\/de\\\/\",\"logo\":{\"@type\":\"ImageObject\",\"inLanguage\":\"de\",\"@id\":\"https:\\\/\\\/labreva.com\\\/de\\\/#\\\/schema\\\/logo\\\/image\\\/\",\"url\":\"https:\\\/\\\/labreva.com\\\/wp-content\\\/uploads\\\/2025\\\/11\\\/Labreva_Logo_RGB_5.svg\",\"contentUrl\":\"https:\\\/\\\/labreva.com\\\/wp-content\\\/uploads\\\/2025\\\/11\\\/Labreva_Logo_RGB_5.svg\",\"caption\":\"LABREVA - Feriendomizile am Comer See\"},\"image\":{\"@id\":\"https:\\\/\\\/labreva.com\\\/de\\\/#\\\/schema\\\/logo\\\/image\\\/\"}}]}<\/script>\n<!-- \/ Yoast SEO plugin. -->","yoast_head_json":{"title":"Paragliding am Comer See - LABREVA - Feriendomizile am Comer See","description":"Ob Sie zum ersten Mal abheben oder bereits Erfahrung haben \u2013 Paragliding am Comer See ist ein Erlebnis, das Sie nie vergessen werden.","robots":{"index":"index","follow":"follow","max-snippet":"max-snippet:-1","max-image-preview":"max-image-preview:large","max-video-preview":"max-video-preview:-1"},"canonical":"https:\/\/labreva.com\/de\/urlaubsideen\/paragliding-am-comer-see\/","og_locale":"de_DE","og_type":"article","og_title":"Paragliding am Comer See - LABREVA - Feriendomizile am Comer See","og_description":"Ob Sie zum ersten Mal abheben oder bereits Erfahrung haben \u2013 Paragliding am Comer See ist ein Erlebnis, das Sie nie vergessen werden.","og_url":"https:\/\/labreva.com\/de\/urlaubsideen\/paragliding-am-comer-see\/","og_site_name":"LABREVA - Feriendomizile am Comer See","article_modified_time":"2026-01-27T12:41:24+00:00","og_image":[{"width":768,"height":512,"url":"https:\/\/labreva.com\/wp-content\/uploads\/2025\/12\/paragliding-8103063_1280-768x512-1.jpg","type":"image\/jpeg"}],"twitter_card":"summary_large_image","twitter_misc":{"Gesch\u00e4tzte Lesezeit":"4\u00a0Minuten"},"schema":{"@context":"https:\/\/schema.org","@graph":[{"@type":"WebPage","@id":"https:\/\/labreva.com\/de\/urlaubsideen\/paragliding-am-comer-see\/","url":"https:\/\/labreva.com\/de\/urlaubsideen\/paragliding-am-comer-see\/","name":"Paragliding am Comer See - LABREVA - Feriendomizile am Comer See","isPartOf":{"@id":"https:\/\/labreva.com\/de\/#website"},"primaryImageOfPage":{"@id":"https:\/\/labreva.com\/de\/urlaubsideen\/paragliding-am-comer-see\/#primaryimage"},"image":{"@id":"https:\/\/labreva.com\/de\/urlaubsideen\/paragliding-am-comer-see\/#primaryimage"},"thumbnailUrl":"https:\/\/labreva.com\/wp-content\/uploads\/2025\/12\/paragliding-8103063_1280-768x512-1.jpg","datePublished":"2025-12-12T11:45:13+00:00","dateModified":"2026-01-27T12:41:24+00:00","description":"Ob Sie zum ersten Mal abheben oder bereits Erfahrung haben \u2013 Paragliding am Comer See ist ein Erlebnis, das Sie nie vergessen werden.","breadcrumb":{"@id":"https:\/\/labreva.com\/de\/urlaubsideen\/paragliding-am-comer-see\/#breadcrumb"},"inLanguage":"de","potentialAction":[{"@type":"ReadAction","target":["https:\/\/labreva.com\/de\/urlaubsideen\/paragliding-am-comer-see\/"]}]},{"@type":"ImageObject","inLanguage":"de","@id":"https:\/\/labreva.com\/de\/urlaubsideen\/paragliding-am-comer-see\/#primaryimage","url":"https:\/\/labreva.com\/wp-content\/uploads\/2025\/12\/paragliding-8103063_1280-768x512-1.jpg","contentUrl":"https:\/\/labreva.com\/wp-content\/uploads\/2025\/12\/paragliding-8103063_1280-768x512-1.jpg","width":768,"height":512},{"@type":"BreadcrumbList","@id":"https:\/\/labreva.com\/de\/urlaubsideen\/paragliding-am-comer-see\/#breadcrumb","itemListElement":[{"@type":"ListItem","position":1,"name":"Startseite","item":"https:\/\/labreva.com\/de\/"},{"@type":"ListItem","position":2,"name":"Paragliding am Comer See"}]},{"@type":"WebSite","@id":"https:\/\/labreva.com\/de\/#website","url":"https:\/\/labreva.com\/de\/","name":"LABREVA - Feriendomizile am Comer See","description":"","publisher":{"@id":"https:\/\/labreva.com\/de\/#organization"},"potentialAction":[{"@type":"SearchAction","target":{"@type":"EntryPoint","urlTemplate":"https:\/\/labreva.com\/de\/?s={search_term_string}"},"query-input":{"@type":"PropertyValueSpecification","valueRequired":true,"valueName":"search_term_string"}}],"inLanguage":"de"},{"@type":"Organization","@id":"https:\/\/labreva.com\/de\/#organization","name":"LABREVA - Feriendomizile am Comer See","url":"https:\/\/labreva.com\/de\/","logo":{"@type":"ImageObject","inLanguage":"de","@id":"https:\/\/labreva.com\/de\/#\/schema\/logo\/image\/","url":"https:\/\/labreva.com\/wp-content\/uploads\/2025\/11\/Labreva_Logo_RGB_5.svg","contentUrl":"https:\/\/labreva.com\/wp-content\/uploads\/2025\/11\/Labreva_Logo_RGB_5.svg","caption":"LABREVA - Feriendomizile am Comer See"},"image":{"@id":"https:\/\/labreva.com\/de\/#\/schema\/logo\/image\/"}}]}},"_links":{"self":[{"href":"https:\/\/labreva.com\/de\/wp-json\/wp\/v2\/content-urlaubsidee\/77980","targetHints":{"allow":["GET"]}}],"collection":[{"href":"https:\/\/labreva.com\/de\/wp-json\/wp\/v2\/content-urlaubsidee"}],"about":[{"href":"https:\/\/labreva.com\/de\/wp-json\/wp\/v2\/types\/content-urlaubsidee"}],"version-history":[{"count":11,"href":"https:\/\/labreva.com\/de\/wp-json\/wp\/v2\/content-urlaubsidee\/77980\/revisions"}],"predecessor-version":[{"id":82069,"href":"https:\/\/labreva.com\/de\/wp-json\/wp\/v2\/content-urlaubsidee\/77980\/revisions\/82069"}],"wp:featuredmedia":[{"embeddable":true,"href":"https:\/\/labreva.com\/de\/wp-json\/wp\/v2\/media\/77981"}],"wp:attachment":[{"href":"https:\/\/labreva.com\/de\/wp-json\/wp\/v2\/media?parent=77980"}],"wp:term":[{"taxonomy":"seitenart","embeddable":true,"href":"https:\/\/labreva.com\/de\/wp-json\/wp\/v2\/seitenart?post=77980"}],"curies":[{"name":"wp","href":"https:\/\/api.w.org\/{rel}","templated":true}]}}