{"id":77483,"date":"2025-12-10T16:03:30","date_gmt":"2025-12-10T15:03:30","guid":{"rendered":"https:\/\/labreva.com\/?post_type=content-ausflugtipp&#038;p=77483"},"modified":"2026-01-27T14:07:28","modified_gmt":"2026-01-27T13:07:28","slug":"villen-botanische-gaerten-am-comer-see","status":"publish","type":"content-ausflugtipp","link":"https:\/\/labreva.com\/de\/ausflugtipps\/villen-botanische-gaerten-am-comer-see\/","title":{"rendered":"Villen &amp; Botanische G\u00e4rten am Comer See"},"content":{"rendered":"\t\t<div data-elementor-type=\"wp-post\" data-elementor-id=\"77483\" class=\"elementor elementor-77483\" data-elementor-post-type=\"content-ausflugtipp\">\n\t\t\t\t<div class=\"elementor-element elementor-element-c93e4ff e-con-full e-flex e-con e-child\" data-id=\"c93e4ff\" data-element_type=\"container\" data-e-type=\"container\">\n\t\t\t\t<div class=\"elementor-element elementor-element-05f7e2e elementor-widget elementor-widget-heading\" data-id=\"05f7e2e\" data-element_type=\"widget\" data-e-type=\"widget\" data-widget_type=\"heading.default\">\n\t\t\t\t\t<div class=\"elementor-heading-title elementor-size-default\">Ausflugtipps<\/div>\t\t\t\t<\/div>\n\t\t\t\t<\/div>\n\t\t<div class=\"elementor-element elementor-element-f02cb1e e-flex e-con-boxed e-con e-parent\" data-id=\"f02cb1e\" data-element_type=\"container\" data-e-type=\"container\">\n\t\t\t\t\t<div class=\"e-con-inner\">\n\t\t\t\t<div class=\"elementor-element elementor-element-3117bb9 elementor-widget elementor-widget-spacer\" data-id=\"3117bb9\" data-element_type=\"widget\" data-e-type=\"widget\" data-widget_type=\"spacer.default\">\n\t\t\t\t\t\t\t<div class=\"elementor-spacer\">\n\t\t\t<div class=\"elementor-spacer-inner\"><\/div>\n\t\t<\/div>\n\t\t\t\t\t\t<\/div>\n\t\t\t\t\t<\/div>\n\t\t\t\t<\/div>\n\t\t<div class=\"elementor-element elementor-element-bc49f7d e-flex e-con-boxed e-con e-parent\" data-id=\"bc49f7d\" data-element_type=\"container\" data-e-type=\"container\">\n\t\t\t\t\t<div class=\"e-con-inner\">\n\t\t<div class=\"elementor-element elementor-element-9b98219 e-con-full beon-carousel-h-fix e-flex e-con e-child\" data-id=\"9b98219\" data-element_type=\"container\" data-e-type=\"container\" data-settings=\"{&quot;background_background&quot;:&quot;classic&quot;}\">\n\t\t\t\t<div class=\"elementor-element elementor-element-b7c4687 elementor-pagination-position-inside elementor-widget elementor-widget-image-carousel\" data-id=\"b7c4687\" data-element_type=\"widget\" data-e-type=\"widget\" data-settings=\"{&quot;slides_to_show&quot;:&quot;1&quot;,&quot;navigation&quot;:&quot;dots&quot;,&quot;infinite&quot;:&quot;yes&quot;,&quot;effect&quot;:&quot;slide&quot;,&quot;speed&quot;:500}\" data-widget_type=\"image-carousel.default\">\n\t\t\t\t\t\t\t<div class=\"elementor-image-carousel-wrapper swiper\" role=\"region\" aria-roledescription=\"carousel\" aria-label=\"Content Carousel first\" dir=\"ltr\">\n\t\t\t<div class=\"elementor-image-carousel swiper-wrapper\" aria-live=\"polite\">\n\t\t\t\t\t\t\t\t<div class=\"swiper-slide\" role=\"group\" aria-roledescription=\"slide\" aria-label=\"1 von 2\"><figure class=\"swiper-slide-inner\"><img decoding=\"async\" class=\"swiper-slide-image\" src=\"https:\/\/labreva.com\/wp-content\/uploads\/2025\/12\/villa-deste-gb6bac2474_1920-1024x768-1-768x576.jpg\" alt=\"villa-deste-gb6bac2474_1920-1024x768-1\" \/><\/figure><\/div><div class=\"swiper-slide\" role=\"group\" aria-roledescription=\"slide\" aria-label=\"2 von 2\"><figure class=\"swiper-slide-inner\"><img decoding=\"async\" class=\"swiper-slide-image\" src=\"https:\/\/labreva.com\/wp-content\/uploads\/2025\/12\/image00085-1024x768-1-768x576.jpg\" alt=\"image00085-1024x768-1\" \/><\/figure><\/div>\t\t\t<\/div>\n\t\t\t\t\t\t\t\n\t\t\t\t\t\t\t\t\t<div class=\"swiper-pagination\"><\/div>\n\t\t\t\t\t\t\t\t\t<\/div>\n\t\t\t\t\t\t<\/div>\n\t\t\t\t<\/div>\n\t\t<div class=\"elementor-element elementor-element-df5fefe e-con-full e-flex e-con e-child\" data-id=\"df5fefe\" data-element_type=\"container\" data-e-type=\"container\">\n\t\t\t\t<div class=\"elementor-element elementor-element-6c27553 elementor-widget elementor-widget-heading\" data-id=\"6c27553\" data-element_type=\"widget\" data-e-type=\"widget\" data-widget_type=\"heading.default\">\n\t\t\t\t\t<h1 class=\"elementor-heading-title elementor-size-default\">Prachtvolle Villen mit Botanischen G\u00e4rten am Comer See\n<\/h1>\t\t\t\t<\/div>\n\t\t\t\t<div class=\"elementor-element elementor-element-8099e88 elementor-widget elementor-widget-text-editor\" data-id=\"8099e88\" data-element_type=\"widget\" data-e-type=\"widget\" data-widget_type=\"text-editor.default\">\n\t\t\t\t\t\t\t\t\t<p>Der Comer See hat nicht nur landschaftlich unglaublich viel zu bieten: Prunkvolle Villen mit herrschaftlichen G\u00e4rten s\u00e4umen das Ufer des traumhaften Sees. Viele der beeindruckenden Prachtbauten mit ihren mediterranen Parkanlagen stehen Besuchern offen. Ein absolutes Muss, nicht nur f\u00fcr alle Hobbyg\u00e4rtner, sondern f\u00fcr jeden Urlauber am Comer See.\u00a0<\/p><p>Viele Domizilvermieter spendieren Ihnen bei einer Buchung die Eintrittskarten f\u00fcr die Besichtigung der Traumvillen mit Botanischem Garten.<\/p>\t\t\t\t\t\t\t\t<\/div>\n\t\t\t\t<\/div>\n\t\t\t\t\t<\/div>\n\t\t\t\t<\/div>\n\t\t<div class=\"elementor-element elementor-element-c8d0f3e e-flex e-con-boxed e-con e-parent\" data-id=\"c8d0f3e\" data-element_type=\"container\" data-e-type=\"container\">\n\t\t\t\t\t<div class=\"e-con-inner\">\n\t\t\t\t<div class=\"elementor-element elementor-element-65a376f elementor-widget elementor-widget-spacer\" data-id=\"65a376f\" data-element_type=\"widget\" data-e-type=\"widget\" data-widget_type=\"spacer.default\">\n\t\t\t\t\t\t\t<div class=\"elementor-spacer\">\n\t\t\t<div class=\"elementor-spacer-inner\"><\/div>\n\t\t<\/div>\n\t\t\t\t\t\t<\/div>\n\t\t\t\t\t<\/div>\n\t\t\t\t<\/div>\n\t\t<div class=\"elementor-element elementor-element-4124fed e-flex e-con-boxed e-con e-parent\" data-id=\"4124fed\" data-element_type=\"container\" data-e-type=\"container\">\n\t\t\t\t\t<div class=\"e-con-inner\">\n\t\t<div class=\"elementor-element elementor-element-081460b e-con-full beon-carousel-h-fix e-flex e-con e-child\" data-id=\"081460b\" data-element_type=\"container\" data-e-type=\"container\" data-settings=\"{&quot;background_background&quot;:&quot;classic&quot;}\">\n\t\t\t\t<div class=\"elementor-element elementor-element-6c4f0e2 elementor-pagination-position-inside elementor-widget elementor-widget-image-carousel\" data-id=\"6c4f0e2\" data-element_type=\"widget\" data-e-type=\"widget\" data-settings=\"{&quot;slides_to_show&quot;:&quot;1&quot;,&quot;navigation&quot;:&quot;dots&quot;,&quot;infinite&quot;:&quot;yes&quot;,&quot;effect&quot;:&quot;slide&quot;,&quot;speed&quot;:500}\" data-widget_type=\"image-carousel.default\">\n\t\t\t\t\t\t\t<div class=\"elementor-image-carousel-wrapper swiper\" role=\"region\" aria-roledescription=\"carousel\" aria-label=\"Content Carousel sec\" dir=\"ltr\">\n\t\t\t<div class=\"elementor-image-carousel swiper-wrapper\" aria-live=\"polite\">\n\t\t\t\t\t\t\t\t<div class=\"swiper-slide\" role=\"group\" aria-roledescription=\"slide\" aria-label=\"1 von 1\"><figure class=\"swiper-slide-inner\"><img decoding=\"async\" class=\"swiper-slide-image\" src=\"https:\/\/labreva.com\/wp-content\/uploads\/2025\/12\/villa-gcaf22e19a_1920-1024x681-1-768x511.jpg\" alt=\"villa-gcaf22e19a_1920-1024x681\" \/><\/figure><\/div>\t\t\t<\/div>\n\t\t\t\t\t<\/div>\n\t\t\t\t\t\t<\/div>\n\t\t\t\t<\/div>\n\t\t<div class=\"elementor-element elementor-element-bf703a7 e-con-full e-flex e-con e-child\" data-id=\"bf703a7\" data-element_type=\"container\" data-e-type=\"container\">\n\t\t\t\t<div class=\"elementor-element elementor-element-c10c6d3 elementor-widget elementor-widget-heading\" data-id=\"c10c6d3\" data-element_type=\"widget\" data-e-type=\"widget\" data-widget_type=\"heading.default\">\n\t\t\t\t\t<h2 class=\"elementor-heading-title elementor-size-default\">\u00dcbersicht: Villen und Botanische G\u00e4rten rund um den Comer See\n<\/h2>\t\t\t\t<\/div>\n\t\t\t\t<div class=\"elementor-element elementor-element-483cfa6 elementor-widget elementor-widget-text-editor\" data-id=\"483cfa6\" data-element_type=\"widget\" data-e-type=\"widget\" data-widget_type=\"text-editor.default\">\n\t\t\t\t\t\t\t\t\t<p><strong>Bellagio: Villa Melzi d\u2019Eril<\/strong><\/p><ul><li>Neuklassizistische Villa aus dem Jahre 1810 mitten in einer beeindruckenden Gartenanlage direkt am Comer See gelegen<\/li><\/ul><p><strong>Bergamo: Orto Botanico di Bergamo Lorenzo Rota<\/strong><\/p><ul><li>Botanischer Garten mit 2.400 m\u00b2 Fl\u00e4che und \u00fcber 1.200 Pflanzenarten sowie atemberaubenden Ausblick \u00fcber die D\u00e4cher der Stadt<\/li><\/ul><p><strong>Bormio: Giardino Botanico Alpino Rezia<\/strong><\/p><ul><li>Auf einer H\u00f6he von 1350 Metern angelegter botanischer Garten, der das Ziel verfolgt, die botanische Vielfalt der Region zu erhalten<\/li><\/ul><p><strong>Chiavenna: Marmitte dei Giganti<\/strong><\/p><ul><li>Ein gro\u00dfer Park, der sich f\u00fcr Bergspazierg\u00e4nge bestens eignet und gro\u00dfartige geomorphologische Aussichten bietet<\/li><\/ul><p><strong>Chiavenna: Palazzo Vertemate Franchi<\/strong><\/p><ul><li>Ein Renaissance-Palast aus der zweiten H\u00e4lfte des 16. Jahrhunderts mit Obstgarten, Weinberg und Kastanienwald hinter dem Palast<\/li><\/ul><p><strong>Casalzuigno (Varese): Villa della Porta Bozzolo<\/strong><\/p><ul><li>Ehemaliges Landgut aus dem 16. Jahrhundert mit gro\u00dfer Parkanlage und einem herrschaftlichen Haupthaus im Rokoko-Stil<\/li><\/ul><p><strong>Cernobbio: Villa d\u2019Este<\/strong><\/p><ul><li>Palast aus dem 16. Jahrhundert mit ber\u00fchmtem Renaissancegarten<\/li><\/ul><p><strong>Lenno: Villa del Balbianello<\/strong><\/p><ul><li>Villa aus dem Jahre 1787 auf der Spitze der Halbinsel Lavedo und mehrfach genutzte Filmkulisse (James Bond, Star Wars, und weitere)<\/li><\/ul><p><strong>Menaggio (Loveno): Villa Mylius Vigoni<\/strong><\/p><ul><li>Die vom Kaufmann und Bankier Heinrich Mylius im Jahre 1829 gekaufte Villa dient heute als Deutsch-italienisches Zentrum f\u00fcr den europ\u00e4ischen Dialog<\/li><\/ul><p><strong>Milano: Orto Botanico di Brera<\/strong><\/p><ul><li>Botanischer Garten im Zentrum von Mailand, der heute zur Universit\u00e4t geh\u00f6rt. Das direkt nebenan liegende Astronomische Museum ist ebenfalls einen Besuch wert<\/li><\/ul><p><strong>Monza: Roseto Niso Fumagalli<\/strong><\/p><ul><li>Wundersch\u00f6ner Rosengarten vor dem k\u00f6niglichen Palast Villa Reale in Monza<\/li><\/ul><p><strong>Tremezzo: Villa Carlotta<\/strong><\/p><ul><li>Die Sommerresidenz aus dem 18. Jahrhundert, welche heute als Museum dient, ist von einer riesigen Parkanlage umgeben<\/li><\/ul><p><strong>Varenna: Villa Monastero<\/strong><\/p><ul><li>Das Geb\u00e4ude wurde urspr\u00fcnglich als Kloster erbaut und im Jahre 1645 restauriert und zu einer Villa umgewandelt. Das Anwesen verf\u00fcgt \u00fcber einen gro\u00dfen botanischen Garten mit einer riesigen Pflanzenvielfalt<\/li><\/ul><p><strong>Vertemate con Minoprio: Fondazione Minoprio Villa Raimondi<\/strong><\/p><ul><li>Im Jahre 1793 erbaute Villa mit sch\u00f6ner Parkanlage<\/li><\/ul>\t\t\t\t\t\t\t\t<\/div>\n\t\t\t\t<\/div>\n\t\t\t\t\t<\/div>\n\t\t\t\t<\/div>\n\t\t<div class=\"elementor-element elementor-element-752b800 e-flex e-con-boxed e-con e-parent\" data-id=\"752b800\" data-element_type=\"container\" data-e-type=\"container\">\n\t\t\t\t\t<div class=\"e-con-inner\">\n\t\t\t\t<div class=\"elementor-element elementor-element-6c4295a elementor-widget elementor-widget-spacer\" data-id=\"6c4295a\" data-element_type=\"widget\" data-e-type=\"widget\" data-widget_type=\"spacer.default\">\n\t\t\t\t\t\t\t<div class=\"elementor-spacer\">\n\t\t\t<div class=\"elementor-spacer-inner\"><\/div>\n\t\t<\/div>\n\t\t\t\t\t\t<\/div>\n\t\t\t\t\t<\/div>\n\t\t\t\t<\/div>\n\t\t<div class=\"elementor-element elementor-element-b727b54 e-flex e-con-boxed e-con e-parent\" data-id=\"b727b54\" data-element_type=\"container\" data-e-type=\"container\">\n\t\t\t\t\t<div class=\"e-con-inner\">\n\t\t<div class=\"elementor-element elementor-element-c5eccb4 e-con-full beon-carousel-h-fix e-flex e-con e-child\" data-id=\"c5eccb4\" data-element_type=\"container\" data-e-type=\"container\" data-settings=\"{&quot;background_background&quot;:&quot;classic&quot;}\">\n\t\t\t\t<div class=\"elementor-element elementor-element-ed8c892 elementor-pagination-position-inside elementor-widget elementor-widget-image-carousel\" data-id=\"ed8c892\" data-element_type=\"widget\" data-e-type=\"widget\" data-settings=\"{&quot;slides_to_show&quot;:&quot;1&quot;,&quot;navigation&quot;:&quot;dots&quot;,&quot;infinite&quot;:&quot;yes&quot;,&quot;effect&quot;:&quot;slide&quot;,&quot;speed&quot;:500}\" data-widget_type=\"image-carousel.default\">\n\t\t\t\t\t\t\t<div class=\"elementor-image-carousel-wrapper swiper\" role=\"region\" aria-roledescription=\"carousel\" aria-label=\"Content Carousel first\" dir=\"ltr\">\n\t\t\t<div class=\"elementor-image-carousel swiper-wrapper\" aria-live=\"polite\">\n\t\t\t\t\t\t\t\t<div class=\"swiper-slide\" role=\"group\" aria-roledescription=\"slide\" aria-label=\"1 von 2\"><figure class=\"swiper-slide-inner\"><img decoding=\"async\" class=\"swiper-slide-image\" src=\"https:\/\/labreva.com\/wp-content\/uploads\/2025\/12\/shutterstock_361344101-1024x683-1-768x512.jpg\" alt=\"Tremezzina,,Italy,-,August,02,,2015:,Old,Fountain,With,Stone\" \/><\/figure><\/div><div class=\"swiper-slide\" role=\"group\" aria-roledescription=\"slide\" aria-label=\"2 von 2\"><figure class=\"swiper-slide-inner\"><img decoding=\"async\" class=\"swiper-slide-image\" src=\"https:\/\/labreva.com\/wp-content\/uploads\/2025\/12\/image00025-1024x768-1-768x576.jpg\" alt=\"image00025-1024x768-1\" \/><\/figure><\/div>\t\t\t<\/div>\n\t\t\t\t\t\t\t\n\t\t\t\t\t\t\t\t\t<div class=\"swiper-pagination\"><\/div>\n\t\t\t\t\t\t\t\t\t<\/div>\n\t\t\t\t\t\t<\/div>\n\t\t\t\t<\/div>\n\t\t<div class=\"elementor-element elementor-element-c325490 e-con-full e-flex e-con e-child\" data-id=\"c325490\" data-element_type=\"container\" data-e-type=\"container\">\n\t\t\t\t<div class=\"elementor-element elementor-element-c5b8999 elementor-widget elementor-widget-heading\" data-id=\"c5b8999\" data-element_type=\"widget\" data-e-type=\"widget\" data-widget_type=\"heading.default\">\n\t\t\t\t\t<h2 class=\"elementor-heading-title elementor-size-default\">Botanische G\u00e4rten am Comer See\n<\/h2>\t\t\t\t<\/div>\n\t\t\t\t<div class=\"elementor-element elementor-element-8509dd2 elementor-widget elementor-widget-text-editor\" data-id=\"8509dd2\" data-element_type=\"widget\" data-e-type=\"widget\" data-widget_type=\"text-editor.default\">\n\t\t\t\t\t\t\t\t\t<p>Botanische G\u00e4rten bieten dem Besucher \u00fcberall auf der Welt einen tiefen Einblick in die umfangreiche Pflanzenwelt unserer Erde. Zu jeder Jahreszeit lassen sich dort wundersch\u00f6ne und einzigartige Blumen, Gr\u00fcnpflanzen und Geh\u00f6lze aus allen Teilen der Welt, z. B. auch vom asiatischen und amerikanischen Kontinent, bestaunen.<\/p><p>Nicht nur im Fr\u00fchling, wenn die Natur zu neuem Leben erwacht, sondern auch im Sommer, wenn viele Pflanzen in voller Bl\u00fcte stehen und eine Farbenpracht entwickeln, die \u00fcberw\u00e4ltigend ist, wird ein Besuch in einem botanischen Garten zu einem Erlebnis der ganz besonderen Art.<\/p><p>Ein Besuch der\u00a0<strong>Villen und Botanischen G\u00e4rten am Comer See<\/strong>\u00a0sind jederzeit lohnenswert ist. Lassen Sie sich verzaubern von der Pracht und den wunderbar s\u00fc\u00dfen D\u00fcften dieser Welt.<\/p><p>Vielleicht finden die Hobbyg\u00e4rtner unter Ihnen auch eine Inspiration, ihren eigenen Garten zu einem kleinen Paradies werden zu lassen oder noch ein bisschen zu versch\u00f6nern, denn einige der in den botanischen G\u00e4rten gez\u00fcchteten Pflanzen f\u00fchlen sich auch in unseren Breitengraden wohl. Schauen Sie doch einfach mal vorbei.<\/p>\t\t\t\t\t\t\t\t<\/div>\n\t\t\t\t<\/div>\n\t\t\t\t\t<\/div>\n\t\t\t\t<\/div>\n\t\t<div class=\"elementor-element elementor-element-f67abb2 e-flex e-con-boxed e-con e-parent\" data-id=\"f67abb2\" data-element_type=\"container\" data-e-type=\"container\">\n\t\t\t\t\t<div class=\"e-con-inner\">\n\t\t\t\t<div class=\"elementor-element elementor-element-c1509f3 elementor-widget elementor-widget-spacer\" data-id=\"c1509f3\" data-element_type=\"widget\" data-e-type=\"widget\" data-widget_type=\"spacer.default\">\n\t\t\t\t\t\t\t<div class=\"elementor-spacer\">\n\t\t\t<div class=\"elementor-spacer-inner\"><\/div>\n\t\t<\/div>\n\t\t\t\t\t\t<\/div>\n\t\t\t\t\t<\/div>\n\t\t\t\t<\/div>\n\t\t<div class=\"elementor-element elementor-element-a7222c6 e-flex e-con-boxed e-con e-parent\" data-id=\"a7222c6\" data-element_type=\"container\" data-e-type=\"container\">\n\t\t\t\t\t<div class=\"e-con-inner\">\n\t\t\t\t<div class=\"elementor-element elementor-element-ff651d7 elementor-widget elementor-widget-spacer\" data-id=\"ff651d7\" data-element_type=\"widget\" data-e-type=\"widget\" data-widget_type=\"spacer.default\">\n\t\t\t\t\t\t\t<div class=\"elementor-spacer\">\n\t\t\t<div class=\"elementor-spacer-inner\"><\/div>\n\t\t<\/div>\n\t\t\t\t\t\t<\/div>\n\t\t\t\t\t<\/div>\n\t\t\t\t<\/div>\n\t\t<div class=\"elementor-element elementor-element-6d13150 e-flex e-con-boxed e-con e-parent\" data-id=\"6d13150\" data-element_type=\"container\" data-e-type=\"container\">\n\t\t\t\t\t<div class=\"e-con-inner\">\n\t\t\t\t<div class=\"elementor-element elementor-element-86a0b25 elementor-widget elementor-widget-spacer\" data-id=\"86a0b25\" data-element_type=\"widget\" data-e-type=\"widget\" data-widget_type=\"spacer.default\">\n\t\t\t\t\t\t\t<div class=\"elementor-spacer\">\n\t\t\t<div class=\"elementor-spacer-inner\"><\/div>\n\t\t<\/div>\n\t\t\t\t\t\t<\/div>\n\t\t\t\t\t<\/div>\n\t\t\t\t<\/div>\n\t\t\t\t<\/div>\n\t\t","protected":false},"excerpt":{"rendered":"<p>Der Comer See hat nicht nur landschaftlich unglaublich viel zu bieten: Prunkvolle Villen mit herrschaftlichen G\u00e4rten s\u00e4umen das Ufer des traumhaften Sees.<\/p>\n","protected":false},"featured_media":77487,"template":"","meta":{"_acf_changed":false},"seitenart":[36],"class_list":["post-77483","content-ausflugtipp","type-content-ausflugtipp","status-publish","has-post-thumbnail","hentry","seitenart-content-page-with-slider"],"acf":[],"yoast_head":"<!-- This site is optimized with the Yoast SEO plugin v27.3 - https:\/\/yoast.com\/product\/yoast-seo-wordpress\/ -->\n<title>Villen &amp; Botanische G\u00e4rten am Comer See - LABREVA - Feriendomizile am Comer See<\/title>\n<meta name=\"description\" content=\"Nicht nur landschaftlich viel zu bieten: Prunkvolle Villen mit herrschaftlichen G\u00e4rten schm\u00fccken das Ufer des traumhaften Comer Sees.\" \/>\n<meta name=\"robots\" content=\"index, follow, max-snippet:-1, max-image-preview:large, max-video-preview:-1\" \/>\n<link rel=\"canonical\" href=\"https:\/\/labreva.com\/de\/ausflugtipps\/villen-botanische-gaerten-am-comer-see\/\" \/>\n<meta property=\"og:locale\" content=\"de_DE\" \/>\n<meta property=\"og:type\" content=\"article\" \/>\n<meta property=\"og:title\" content=\"Villen &amp; Botanische G\u00e4rten am Comer See - LABREVA - Feriendomizile am Comer See\" \/>\n<meta property=\"og:description\" content=\"Nicht nur landschaftlich viel zu bieten: Prunkvolle Villen mit herrschaftlichen G\u00e4rten schm\u00fccken das Ufer des traumhaften Comer Sees.\" \/>\n<meta property=\"og:url\" content=\"https:\/\/labreva.com\/de\/ausflugtipps\/villen-botanische-gaerten-am-comer-see\/\" \/>\n<meta property=\"og:site_name\" content=\"LABREVA - Feriendomizile am Comer See\" \/>\n<meta property=\"article:modified_time\" content=\"2026-01-27T13:07:28+00:00\" \/>\n<meta property=\"og:image\" content=\"https:\/\/labreva.com\/wp-content\/uploads\/2025\/12\/K640_shutterstock_361344101-1024x683-1.jpg\" \/>\n\t<meta property=\"og:image:width\" content=\"720\" \/>\n\t<meta property=\"og:image:height\" content=\"480\" \/>\n\t<meta property=\"og:image:type\" content=\"image\/jpeg\" \/>\n<meta name=\"twitter:card\" content=\"summary_large_image\" \/>\n<meta name=\"twitter:label1\" content=\"Gesch\u00e4tzte Lesezeit\" \/>\n\t<meta name=\"twitter:data1\" content=\"5\u00a0Minuten\" \/>\n<script type=\"application\/ld+json\" class=\"yoast-schema-graph\">{\"@context\":\"https:\\\/\\\/schema.org\",\"@graph\":[{\"@type\":\"WebPage\",\"@id\":\"https:\\\/\\\/labreva.com\\\/de\\\/ausflugtipps\\\/villen-botanische-gaerten-am-comer-see\\\/\",\"url\":\"https:\\\/\\\/labreva.com\\\/de\\\/ausflugtipps\\\/villen-botanische-gaerten-am-comer-see\\\/\",\"name\":\"Villen &amp; Botanische G\u00e4rten am Comer See - LABREVA - Feriendomizile am Comer See\",\"isPartOf\":{\"@id\":\"https:\\\/\\\/labreva.com\\\/de\\\/#website\"},\"primaryImageOfPage\":{\"@id\":\"https:\\\/\\\/labreva.com\\\/de\\\/ausflugtipps\\\/villen-botanische-gaerten-am-comer-see\\\/#primaryimage\"},\"image\":{\"@id\":\"https:\\\/\\\/labreva.com\\\/de\\\/ausflugtipps\\\/villen-botanische-gaerten-am-comer-see\\\/#primaryimage\"},\"thumbnailUrl\":\"https:\\\/\\\/labreva.com\\\/wp-content\\\/uploads\\\/2025\\\/12\\\/K640_shutterstock_361344101-1024x683-1.jpg\",\"datePublished\":\"2025-12-10T15:03:30+00:00\",\"dateModified\":\"2026-01-27T13:07:28+00:00\",\"description\":\"Nicht nur landschaftlich viel zu bieten: Prunkvolle Villen mit herrschaftlichen G\u00e4rten schm\u00fccken das Ufer des traumhaften Comer Sees.\",\"breadcrumb\":{\"@id\":\"https:\\\/\\\/labreva.com\\\/de\\\/ausflugtipps\\\/villen-botanische-gaerten-am-comer-see\\\/#breadcrumb\"},\"inLanguage\":\"de\",\"potentialAction\":[{\"@type\":\"ReadAction\",\"target\":[\"https:\\\/\\\/labreva.com\\\/de\\\/ausflugtipps\\\/villen-botanische-gaerten-am-comer-see\\\/\"]}]},{\"@type\":\"ImageObject\",\"inLanguage\":\"de\",\"@id\":\"https:\\\/\\\/labreva.com\\\/de\\\/ausflugtipps\\\/villen-botanische-gaerten-am-comer-see\\\/#primaryimage\",\"url\":\"https:\\\/\\\/labreva.com\\\/wp-content\\\/uploads\\\/2025\\\/12\\\/K640_shutterstock_361344101-1024x683-1.jpg\",\"contentUrl\":\"https:\\\/\\\/labreva.com\\\/wp-content\\\/uploads\\\/2025\\\/12\\\/K640_shutterstock_361344101-1024x683-1.jpg\",\"width\":720,\"height\":480},{\"@type\":\"BreadcrumbList\",\"@id\":\"https:\\\/\\\/labreva.com\\\/de\\\/ausflugtipps\\\/villen-botanische-gaerten-am-comer-see\\\/#breadcrumb\",\"itemListElement\":[{\"@type\":\"ListItem\",\"position\":1,\"name\":\"Startseite\",\"item\":\"https:\\\/\\\/labreva.com\\\/de\\\/\"},{\"@type\":\"ListItem\",\"position\":2,\"name\":\"Villen &amp; Botanische G\u00e4rten am Comer See\"}]},{\"@type\":\"WebSite\",\"@id\":\"https:\\\/\\\/labreva.com\\\/de\\\/#website\",\"url\":\"https:\\\/\\\/labreva.com\\\/de\\\/\",\"name\":\"LABREVA - Feriendomizile am Comer See\",\"description\":\"\",\"publisher\":{\"@id\":\"https:\\\/\\\/labreva.com\\\/de\\\/#organization\"},\"potentialAction\":[{\"@type\":\"SearchAction\",\"target\":{\"@type\":\"EntryPoint\",\"urlTemplate\":\"https:\\\/\\\/labreva.com\\\/de\\\/?s={search_term_string}\"},\"query-input\":{\"@type\":\"PropertyValueSpecification\",\"valueRequired\":true,\"valueName\":\"search_term_string\"}}],\"inLanguage\":\"de\"},{\"@type\":\"Organization\",\"@id\":\"https:\\\/\\\/labreva.com\\\/de\\\/#organization\",\"name\":\"LABREVA - Feriendomizile am Comer See\",\"url\":\"https:\\\/\\\/labreva.com\\\/de\\\/\",\"logo\":{\"@type\":\"ImageObject\",\"inLanguage\":\"de\",\"@id\":\"https:\\\/\\\/labreva.com\\\/de\\\/#\\\/schema\\\/logo\\\/image\\\/\",\"url\":\"https:\\\/\\\/labreva.com\\\/wp-content\\\/uploads\\\/2025\\\/11\\\/Labreva_Logo_RGB_5.svg\",\"contentUrl\":\"https:\\\/\\\/labreva.com\\\/wp-content\\\/uploads\\\/2025\\\/11\\\/Labreva_Logo_RGB_5.svg\",\"caption\":\"LABREVA - Feriendomizile am Comer See\"},\"image\":{\"@id\":\"https:\\\/\\\/labreva.com\\\/de\\\/#\\\/schema\\\/logo\\\/image\\\/\"}}]}<\/script>\n<!-- \/ Yoast SEO plugin. -->","yoast_head_json":{"title":"Villen &amp; Botanische G\u00e4rten am Comer See - LABREVA - Feriendomizile am Comer See","description":"Nicht nur landschaftlich viel zu bieten: Prunkvolle Villen mit herrschaftlichen G\u00e4rten schm\u00fccken das Ufer des traumhaften Comer Sees.","robots":{"index":"index","follow":"follow","max-snippet":"max-snippet:-1","max-image-preview":"max-image-preview:large","max-video-preview":"max-video-preview:-1"},"canonical":"https:\/\/labreva.com\/de\/ausflugtipps\/villen-botanische-gaerten-am-comer-see\/","og_locale":"de_DE","og_type":"article","og_title":"Villen &amp; Botanische G\u00e4rten am Comer See - LABREVA - Feriendomizile am Comer See","og_description":"Nicht nur landschaftlich viel zu bieten: Prunkvolle Villen mit herrschaftlichen G\u00e4rten schm\u00fccken das Ufer des traumhaften Comer Sees.","og_url":"https:\/\/labreva.com\/de\/ausflugtipps\/villen-botanische-gaerten-am-comer-see\/","og_site_name":"LABREVA - Feriendomizile am Comer See","article_modified_time":"2026-01-27T13:07:28+00:00","og_image":[{"width":720,"height":480,"url":"https:\/\/labreva.com\/wp-content\/uploads\/2025\/12\/K640_shutterstock_361344101-1024x683-1.jpg","type":"image\/jpeg"}],"twitter_card":"summary_large_image","twitter_misc":{"Gesch\u00e4tzte Lesezeit":"5\u00a0Minuten"},"schema":{"@context":"https:\/\/schema.org","@graph":[{"@type":"WebPage","@id":"https:\/\/labreva.com\/de\/ausflugtipps\/villen-botanische-gaerten-am-comer-see\/","url":"https:\/\/labreva.com\/de\/ausflugtipps\/villen-botanische-gaerten-am-comer-see\/","name":"Villen &amp; Botanische G\u00e4rten am Comer See - LABREVA - Feriendomizile am Comer See","isPartOf":{"@id":"https:\/\/labreva.com\/de\/#website"},"primaryImageOfPage":{"@id":"https:\/\/labreva.com\/de\/ausflugtipps\/villen-botanische-gaerten-am-comer-see\/#primaryimage"},"image":{"@id":"https:\/\/labreva.com\/de\/ausflugtipps\/villen-botanische-gaerten-am-comer-see\/#primaryimage"},"thumbnailUrl":"https:\/\/labreva.com\/wp-content\/uploads\/2025\/12\/K640_shutterstock_361344101-1024x683-1.jpg","datePublished":"2025-12-10T15:03:30+00:00","dateModified":"2026-01-27T13:07:28+00:00","description":"Nicht nur landschaftlich viel zu bieten: Prunkvolle Villen mit herrschaftlichen G\u00e4rten schm\u00fccken das Ufer des traumhaften Comer Sees.","breadcrumb":{"@id":"https:\/\/labreva.com\/de\/ausflugtipps\/villen-botanische-gaerten-am-comer-see\/#breadcrumb"},"inLanguage":"de","potentialAction":[{"@type":"ReadAction","target":["https:\/\/labreva.com\/de\/ausflugtipps\/villen-botanische-gaerten-am-comer-see\/"]}]},{"@type":"ImageObject","inLanguage":"de","@id":"https:\/\/labreva.com\/de\/ausflugtipps\/villen-botanische-gaerten-am-comer-see\/#primaryimage","url":"https:\/\/labreva.com\/wp-content\/uploads\/2025\/12\/K640_shutterstock_361344101-1024x683-1.jpg","contentUrl":"https:\/\/labreva.com\/wp-content\/uploads\/2025\/12\/K640_shutterstock_361344101-1024x683-1.jpg","width":720,"height":480},{"@type":"BreadcrumbList","@id":"https:\/\/labreva.com\/de\/ausflugtipps\/villen-botanische-gaerten-am-comer-see\/#breadcrumb","itemListElement":[{"@type":"ListItem","position":1,"name":"Startseite","item":"https:\/\/labreva.com\/de\/"},{"@type":"ListItem","position":2,"name":"Villen &amp; Botanische G\u00e4rten am Comer See"}]},{"@type":"WebSite","@id":"https:\/\/labreva.com\/de\/#website","url":"https:\/\/labreva.com\/de\/","name":"LABREVA - Feriendomizile am Comer See","description":"","publisher":{"@id":"https:\/\/labreva.com\/de\/#organization"},"potentialAction":[{"@type":"SearchAction","target":{"@type":"EntryPoint","urlTemplate":"https:\/\/labreva.com\/de\/?s={search_term_string}"},"query-input":{"@type":"PropertyValueSpecification","valueRequired":true,"valueName":"search_term_string"}}],"inLanguage":"de"},{"@type":"Organization","@id":"https:\/\/labreva.com\/de\/#organization","name":"LABREVA - Feriendomizile am Comer See","url":"https:\/\/labreva.com\/de\/","logo":{"@type":"ImageObject","inLanguage":"de","@id":"https:\/\/labreva.com\/de\/#\/schema\/logo\/image\/","url":"https:\/\/labreva.com\/wp-content\/uploads\/2025\/11\/Labreva_Logo_RGB_5.svg","contentUrl":"https:\/\/labreva.com\/wp-content\/uploads\/2025\/11\/Labreva_Logo_RGB_5.svg","caption":"LABREVA - Feriendomizile am Comer See"},"image":{"@id":"https:\/\/labreva.com\/de\/#\/schema\/logo\/image\/"}}]}},"_links":{"self":[{"href":"https:\/\/labreva.com\/de\/wp-json\/wp\/v2\/content-ausflugtipp\/77483","targetHints":{"allow":["GET"]}}],"collection":[{"href":"https:\/\/labreva.com\/de\/wp-json\/wp\/v2\/content-ausflugtipp"}],"about":[{"href":"https:\/\/labreva.com\/de\/wp-json\/wp\/v2\/types\/content-ausflugtipp"}],"version-history":[{"count":8,"href":"https:\/\/labreva.com\/de\/wp-json\/wp\/v2\/content-ausflugtipp\/77483\/revisions"}],"predecessor-version":[{"id":82166,"href":"https:\/\/labreva.com\/de\/wp-json\/wp\/v2\/content-ausflugtipp\/77483\/revisions\/82166"}],"wp:featuredmedia":[{"embeddable":true,"href":"https:\/\/labreva.com\/de\/wp-json\/wp\/v2\/media\/77487"}],"wp:attachment":[{"href":"https:\/\/labreva.com\/de\/wp-json\/wp\/v2\/media?parent=77483"}],"wp:term":[{"taxonomy":"seitenart","embeddable":true,"href":"https:\/\/labreva.com\/de\/wp-json\/wp\/v2\/seitenart?post=77483"}],"curies":[{"name":"wp","href":"https:\/\/api.w.org\/{rel}","templated":true}]}}