{"id":77466,"date":"2025-12-10T15:50:48","date_gmt":"2025-12-10T14:50:48","guid":{"rendered":"https:\/\/labreva.com\/?post_type=content-ausflugtipp&#038;p=77466"},"modified":"2026-01-29T09:46:14","modified_gmt":"2026-01-29T08:46:14","slug":"sehenswuerdigkeiten-am-comer-see","status":"publish","type":"content-ausflugtipp","link":"https:\/\/labreva.com\/de\/ausflugtipps\/sehenswuerdigkeiten-am-comer-see\/","title":{"rendered":"Sehensw\u00fcrdigkeiten am Comer See"},"content":{"rendered":"\t\t<div data-elementor-type=\"wp-post\" data-elementor-id=\"77466\" class=\"elementor elementor-77466\" data-elementor-post-type=\"content-ausflugtipp\">\n\t\t\t\t<div class=\"elementor-element elementor-element-f02cb1e e-flex e-con-boxed e-con e-parent\" data-id=\"f02cb1e\" data-element_type=\"container\" data-e-type=\"container\">\n\t\t\t\t\t<div class=\"e-con-inner\">\n\t\t<div class=\"elementor-element elementor-element-e560e92 e-con-full e-flex e-con e-child\" data-id=\"e560e92\" data-element_type=\"container\" data-e-type=\"container\">\n\t\t\t\t<div class=\"elementor-element elementor-element-1de69f4 elementor-widget elementor-widget-heading\" data-id=\"1de69f4\" data-element_type=\"widget\" data-e-type=\"widget\" data-widget_type=\"heading.default\">\n\t\t\t\t\t<div class=\"elementor-heading-title elementor-size-default\">Ausflugtipps<\/div>\t\t\t\t<\/div>\n\t\t\t\t<div class=\"elementor-element elementor-element-46ea677 elementor-widget elementor-widget-heading\" data-id=\"46ea677\" data-element_type=\"widget\" data-e-type=\"widget\" data-widget_type=\"heading.default\">\n\t\t\t\t\t<h1 class=\"elementor-heading-title elementor-size-default\">Sehensw\u00fcrdigkeiten am Comer See\u200b<\/h1>\t\t\t\t<\/div>\n\t\t\t\t<div class=\"elementor-element elementor-element-75e6e45 elementor-widget__width-initial elementor-widget-mobile__width-inherit make-text-mobile-sm elementor-widget elementor-widget-text-editor\" data-id=\"75e6e45\" data-element_type=\"widget\" data-e-type=\"widget\" data-widget_type=\"text-editor.default\">\n\t\t\t\t\t\t\t\t\t<p>Spektakul\u00e4re Bergpanoramen, glitzerndes Seewasser und urspr\u00fcngliche D\u00f6rfer \u2013 der Comer See steht f\u00fcr viel \u201eLa Dolce Vita Feeling\u201c. Ein Urlaub am Comer See entf\u00fchrt in eine Welt aus mediterranem Lebensgef\u00fchl und alpiner Traumlandschaft. Kein Wunder, dass der Comer See, auf italienisch \u201eLago di Como\u201c, mit seinem besonderen Charme und seiner beeindruckenden Landschaft schon seit Jahrhunderten Adlige, Prominente und ber\u00fchmte K\u00fcnstler anzieht und begeistert und den heutigen Urlaubsort gepr\u00e4gt hat.<\/p><p>Wir zeigen Ihnen die sch\u00f6nsten\u00a0<strong>Sehensw\u00fcrdigkeiten am Comer See<\/strong>\u00a0und die beliebtesten Ausflugsziele und Aktivit\u00e4ten. Lassen auch Sie sich von dieser traumhaften Urlaubskulisse verzaubern.<\/p>\t\t\t\t\t\t\t\t<\/div>\n\t\t\t\t<\/div>\n\t\t\t\t\t<\/div>\n\t\t\t\t<\/div>\n\t\t<div class=\"elementor-element elementor-element-c8d0f3e e-flex e-con-boxed e-con e-parent\" data-id=\"c8d0f3e\" data-element_type=\"container\" data-e-type=\"container\">\n\t\t\t\t\t<div class=\"e-con-inner\">\n\t\t\t\t<div class=\"elementor-element elementor-element-65a376f elementor-widget elementor-widget-spacer\" data-id=\"65a376f\" data-element_type=\"widget\" data-e-type=\"widget\" data-widget_type=\"spacer.default\">\n\t\t\t\t\t\t\t<div class=\"elementor-spacer\">\n\t\t\t<div class=\"elementor-spacer-inner\"><\/div>\n\t\t<\/div>\n\t\t\t\t\t\t<\/div>\n\t\t\t\t\t<\/div>\n\t\t\t\t<\/div>\n\t\t<div class=\"elementor-element elementor-element-4124fed e-flex e-con-boxed e-con e-parent\" data-id=\"4124fed\" data-element_type=\"container\" data-e-type=\"container\">\n\t\t\t\t\t<div class=\"e-con-inner\">\n\t\t<div class=\"elementor-element elementor-element-081460b e-con-full beon-carousel-h-fix e-flex e-con e-child\" data-id=\"081460b\" data-element_type=\"container\" data-e-type=\"container\" data-settings=\"{&quot;background_background&quot;:&quot;classic&quot;}\">\n\t\t\t\t<div class=\"elementor-element elementor-element-6c4f0e2 elementor-pagination-position-inside elementor-widget elementor-widget-image-carousel\" data-id=\"6c4f0e2\" data-element_type=\"widget\" data-e-type=\"widget\" data-settings=\"{&quot;slides_to_show&quot;:&quot;1&quot;,&quot;navigation&quot;:&quot;dots&quot;,&quot;infinite&quot;:&quot;yes&quot;,&quot;effect&quot;:&quot;slide&quot;,&quot;speed&quot;:500}\" data-widget_type=\"image-carousel.default\">\n\t\t\t\t\t\t\t<div class=\"elementor-image-carousel-wrapper swiper\" role=\"region\" aria-roledescription=\"carousel\" aria-label=\"Content Carousel sec\" dir=\"ltr\">\n\t\t\t<div class=\"elementor-image-carousel swiper-wrapper\" aria-live=\"polite\">\n\t\t\t\t\t\t\t\t<div class=\"swiper-slide\" role=\"group\" aria-roledescription=\"slide\" aria-label=\"1 von 1\"><figure class=\"swiper-slide-inner\"><img decoding=\"async\" class=\"swiper-slide-image\" src=\"https:\/\/labreva.com\/wp-content\/uploads\/2025\/12\/K1600_15.-Villa-Balbianello-768x510.jpg\" alt=\"K1600_15.-Villa-Balbianello\" \/><\/figure><\/div>\t\t\t<\/div>\n\t\t\t\t\t<\/div>\n\t\t\t\t\t\t<\/div>\n\t\t\t\t<\/div>\n\t\t<div class=\"elementor-element elementor-element-bf703a7 e-con-full e-flex e-con e-child\" data-id=\"bf703a7\" data-element_type=\"container\" data-e-type=\"container\">\n\t\t\t\t<div class=\"elementor-element elementor-element-c10c6d3 elementor-widget elementor-widget-heading\" data-id=\"c10c6d3\" data-element_type=\"widget\" data-e-type=\"widget\" data-widget_type=\"heading.default\">\n\t\t\t\t\t<h2 class=\"elementor-heading-title elementor-size-default\">Historische Villen<\/h2>\t\t\t\t<\/div>\n\t\t\t\t<div class=\"elementor-element elementor-element-483cfa6 elementor-widget elementor-widget-text-editor\" data-id=\"483cfa6\" data-element_type=\"widget\" data-e-type=\"widget\" data-widget_type=\"text-editor.default\">\n\t\t\t\t\t\t\t\t\t<p>Kulturinteressierte Urlauber sollten sich die\u00a0<strong>Comer See Sehensw\u00fcrdigkeiten<\/strong>\u00a0nicht entgehen lassen. Mindestens eine der ber\u00fchmten\u00a0<a href=\"https:\/\/labreva.com\/de\/ausflugtipps\/villen-botanische-gaerten-am-comer-see\/\"><b><u>historischen Villen<\/u><\/b><\/a>\u00a0am Comer See sollte auf der Liste stehen. Die Villen liegen malerisch am Seeufer, oft umgeben von wundersch\u00f6nen Parks und G\u00e4rten. Sei es die Villa Erba in Cernobbio, die Villa Carlotta in Tremezzo mit zahlreichen Kunstwerken und einem wundersch\u00f6nen, romantischen Park und botanischen Garten oder die Villa Monastero, die vor allem durch ihren originellen und einzigartigen, fast 2 km langen Gartenpark mit exotischen Pflanzen, Statuen und Pavillons besticht.<\/p>\t\t\t\t\t\t\t\t<\/div>\n\t\t\t\t<\/div>\n\t\t\t\t\t<\/div>\n\t\t\t\t<\/div>\n\t\t<div class=\"elementor-element elementor-element-752b800 e-flex e-con-boxed e-con e-parent\" data-id=\"752b800\" data-element_type=\"container\" data-e-type=\"container\">\n\t\t\t\t\t<div class=\"e-con-inner\">\n\t\t\t\t<div class=\"elementor-element elementor-element-6c4295a elementor-widget elementor-widget-spacer\" data-id=\"6c4295a\" data-element_type=\"widget\" data-e-type=\"widget\" data-widget_type=\"spacer.default\">\n\t\t\t\t\t\t\t<div class=\"elementor-spacer\">\n\t\t\t<div class=\"elementor-spacer-inner\"><\/div>\n\t\t<\/div>\n\t\t\t\t\t\t<\/div>\n\t\t\t\t\t<\/div>\n\t\t\t\t<\/div>\n\t\t<div class=\"elementor-element elementor-element-b727b54 e-flex e-con-boxed e-con e-parent\" data-id=\"b727b54\" data-element_type=\"container\" data-e-type=\"container\">\n\t\t\t\t\t<div class=\"e-con-inner\">\n\t\t<div class=\"elementor-element elementor-element-c5eccb4 e-con-full beon-carousel-h-fix e-flex e-con e-child\" data-id=\"c5eccb4\" data-element_type=\"container\" data-e-type=\"container\" data-settings=\"{&quot;background_background&quot;:&quot;classic&quot;}\">\n\t\t\t\t<div class=\"elementor-element elementor-element-ed8c892 elementor-pagination-position-inside elementor-widget elementor-widget-image-carousel\" data-id=\"ed8c892\" data-element_type=\"widget\" data-e-type=\"widget\" data-settings=\"{&quot;slides_to_show&quot;:&quot;1&quot;,&quot;navigation&quot;:&quot;dots&quot;,&quot;infinite&quot;:&quot;yes&quot;,&quot;effect&quot;:&quot;slide&quot;,&quot;speed&quot;:500}\" data-widget_type=\"image-carousel.default\">\n\t\t\t\t\t\t\t<div class=\"elementor-image-carousel-wrapper swiper\" role=\"region\" aria-roledescription=\"carousel\" aria-label=\"Content Carousel first\" dir=\"ltr\">\n\t\t\t<div class=\"elementor-image-carousel swiper-wrapper\" aria-live=\"polite\">\n\t\t\t\t\t\t\t\t<div class=\"swiper-slide\" role=\"group\" aria-roledescription=\"slide\" aria-label=\"1 von 1\"><figure class=\"swiper-slide-inner\"><img decoding=\"async\" class=\"swiper-slide-image\" src=\"https:\/\/labreva.com\/wp-content\/uploads\/2025\/12\/italy-g485a50a76_1920-1024x627-1-768x470.jpg\" alt=\"italy-g485a50a76_1920-1024x627\" \/><\/figure><\/div>\t\t\t<\/div>\n\t\t\t\t\t<\/div>\n\t\t\t\t\t\t<\/div>\n\t\t\t\t<\/div>\n\t\t<div class=\"elementor-element elementor-element-c325490 e-con-full e-flex e-con e-child\" data-id=\"c325490\" data-element_type=\"container\" data-e-type=\"container\">\n\t\t\t\t<div class=\"elementor-element elementor-element-c5b8999 elementor-widget elementor-widget-heading\" data-id=\"c5b8999\" data-element_type=\"widget\" data-e-type=\"widget\" data-widget_type=\"heading.default\">\n\t\t\t\t\t<h2 class=\"elementor-heading-title elementor-size-default\">Sehensw\u00fcrdigkeiten<\/h2>\t\t\t\t<\/div>\n\t\t\t\t<div class=\"elementor-element elementor-element-8509dd2 elementor-widget elementor-widget-text-editor\" data-id=\"8509dd2\" data-element_type=\"widget\" data-e-type=\"widget\" data-widget_type=\"text-editor.default\">\n\t\t\t\t\t\t\t\t\t<ul><li>Abtei Piona: Die Abtei von Piona, liegt auf einem H\u00fcgel an der Bucht Piona in Oligiasca bei Colico. Die Abtei liegt direkt am See und Sie k\u00f6nnen hier die Kirche, den Kapitularsaal sowie den ber\u00fchmten Kreuzgang besichtigen. Es gibt au\u00dferdem einen kleinen Verkaufsraum, in dem Sie Erzeugnisse der M\u00f6nche, wie Heilkr\u00e4uter, Honig oder Schn\u00e4pse kaufen k\u00f6nnen<\/li><li>Castello di Vezio: Das Castello di Vezio ist eine aus dem fr\u00fchen Mittelalter aus dem 11. Jahrhundert stammende Burg bei Varenna am Comer See. Die Burg hat einen Burgturm mit fantastischem Ausblick \u00fcber das goldene Seedreieck, hohe Mauern, einen zentralen Bergfried und eine noch heute funktionsf\u00e4hige Zugbr\u00fccke. Das Schloss liegt am Berg umgeben von Olivenhainen. Es gibt auch ein Restaurant auf dem Gel\u00e4nde und regelm\u00e4\u00dfige Highlights wie Greifvogelshows.<\/li><li>Festung Fuentes in Colico: Die Heutige Ruine der ehemaligen Festungsanlage bei Colico galt im 17. Jahrhundert als wichtiger strategischer Verbindungspunkt f\u00fcr den spanischen Gouverneur von Mailand, um die Verbindungswege zum Veltlin und dem Valchiavenna zu kontrollieren. Die Festung war eine u-f\u00f6rmige Anlage bestehend aus Unterkunftsr\u00e4umen der Soldaten, dem Gouverneurspalast, der Kirche, einer M\u00fchle mit Ofen, einigen Wassertanks und im Untergrund den Lagerr\u00e4umen. Heute ist die spanische Festung im Besitz der Provinz Lecco. In den Ruinen erkennt man noch die urspr\u00fcngliche faszinierende Struktur, eingebettet in der magischen Ruhe und Sch\u00f6nheit der Landschaft des Nordende des Comer Sees.<\/li><li>Bootsmuseum in Pianello: Das \u201eMuseo della Barca Lariana\u201c Schiffsmuseum befindet sich in Pianello del Lario wurde 1982 gegr\u00fcndet und entf\u00fchrt Sie in die Schiffahrtgechichte vom Comer See mit einer Sammlung von \u00fcber 160 Booten, darunter auch Rarit\u00e4ten, wie die Schnellmotorboote, historische Boote, Ausr\u00fcstungen und Zubeh\u00f6rteile sowie die ber\u00fchmten Arbeits- und Fischer-Gondeln des Comer Sees, auch\u201cLucia\u201c-K\u00e4hne genannt<\/li><li>Dom zu Como: Die Cattedrale di Santa Maria Assunta oder\u00a0<em>Duomo di Como<\/em>\u00a0genannte Dom ist eine Kathedrale des Bistums Como. Die Bauarbeiten begannen im Jahre 1396, und dauerten etwa dreieinhalb Jahrhunderte an. Durch die lange Bauzeit flossen zahlreiche Baustile in den Dom ein, wobei der urspr\u00fcngliche Stil der Sp\u00e4tgotik bzw. Fr\u00fchrenaissance dominieren. Die Fassade des Comer Doms ist nach lombardischer und byzantinischer Tradition durch vier senkrechten Flechtb\u00e4ndern in drei Teile unterteilt und mit zahlreichen Ranken, Skulpturen und eine Fensterrosen geschm\u00fcckt. Der Dom ist mit vielen Kunstwerken und Wandteppichen aus dem 16. und 17. Jahrhundert Weg aus Florenz, Ferrara und Antwerpen ausgestattet. Die Kathedrale ist unter anderem f\u00fcr das Weihwasserbecken, Gem\u00e4lde von Gaudenzio Ferrari und Bernardino Luini, sowie die Orgel bekannt.<\/li><\/ul>\t\t\t\t\t\t\t\t<\/div>\n\t\t\t\t<\/div>\n\t\t\t\t\t<\/div>\n\t\t\t\t<\/div>\n\t\t<div class=\"elementor-element elementor-element-f67abb2 e-flex e-con-boxed e-con e-parent\" data-id=\"f67abb2\" data-element_type=\"container\" data-e-type=\"container\">\n\t\t\t\t\t<div class=\"e-con-inner\">\n\t\t\t\t<div class=\"elementor-element elementor-element-c1509f3 elementor-widget elementor-widget-spacer\" data-id=\"c1509f3\" data-element_type=\"widget\" data-e-type=\"widget\" data-widget_type=\"spacer.default\">\n\t\t\t\t\t\t\t<div class=\"elementor-spacer\">\n\t\t\t<div class=\"elementor-spacer-inner\"><\/div>\n\t\t<\/div>\n\t\t\t\t\t\t<\/div>\n\t\t\t\t\t<\/div>\n\t\t\t\t<\/div>\n\t\t<div class=\"elementor-element elementor-element-7956f07 e-flex e-con-boxed e-con e-parent\" data-id=\"7956f07\" data-element_type=\"container\" data-e-type=\"container\">\n\t\t\t\t\t<div class=\"e-con-inner\">\n\t\t<div class=\"elementor-element elementor-element-3a2bc55 e-con-full beon-carousel-h-fix e-flex e-con e-child\" data-id=\"3a2bc55\" data-element_type=\"container\" data-e-type=\"container\" data-settings=\"{&quot;background_background&quot;:&quot;classic&quot;}\">\n\t\t\t\t<div class=\"elementor-element elementor-element-fe4aef7 elementor-pagination-position-inside elementor-widget elementor-widget-image-carousel\" data-id=\"fe4aef7\" data-element_type=\"widget\" data-e-type=\"widget\" data-settings=\"{&quot;slides_to_show&quot;:&quot;1&quot;,&quot;navigation&quot;:&quot;dots&quot;,&quot;infinite&quot;:&quot;yes&quot;,&quot;effect&quot;:&quot;slide&quot;,&quot;speed&quot;:500}\" data-widget_type=\"image-carousel.default\">\n\t\t\t\t\t\t\t<div class=\"elementor-image-carousel-wrapper swiper\" role=\"region\" aria-roledescription=\"carousel\" aria-label=\"Content Carousel sec\" dir=\"ltr\">\n\t\t\t<div class=\"elementor-image-carousel swiper-wrapper\" aria-live=\"polite\">\n\t\t\t\t\t\t\t\t<div class=\"swiper-slide\" role=\"group\" aria-roledescription=\"slide\" aria-label=\"1 von 1\"><figure class=\"swiper-slide-inner\"><img decoding=\"async\" class=\"swiper-slide-image\" src=\"https:\/\/labreva.com\/wp-content\/uploads\/2025\/12\/K1600_5-1024x768-1-768x576.jpg\" alt=\"K1600_5-1024x768\" \/><\/figure><\/div>\t\t\t<\/div>\n\t\t\t\t\t<\/div>\n\t\t\t\t\t\t<\/div>\n\t\t\t\t<\/div>\n\t\t<div class=\"elementor-element elementor-element-99147cb e-con-full e-flex e-con e-child\" data-id=\"99147cb\" data-element_type=\"container\" data-e-type=\"container\">\n\t\t\t\t<div class=\"elementor-element elementor-element-895f7a2 elementor-widget elementor-widget-heading\" data-id=\"895f7a2\" data-element_type=\"widget\" data-e-type=\"widget\" data-widget_type=\"heading.default\">\n\t\t\t\t\t<h2 class=\"elementor-heading-title elementor-size-default\">Orte, Ausflugsziele und Aktivit\u00e4ten<\/h2>\t\t\t\t<\/div>\n\t\t\t\t<div class=\"elementor-element elementor-element-f5a341c elementor-widget elementor-widget-text-editor\" data-id=\"f5a341c\" data-element_type=\"widget\" data-e-type=\"widget\" data-widget_type=\"text-editor.default\">\n\t\t\t\t\t\t\t\t\t<ul><li>Bellagio:\u00a0<a href=\"https:\/\/labreva.com\/de\/urlaubsorte-am-comer-see\/bellagio-und-umgebung\/\">Bellagio<\/a>\u00a0liegt am zentralsten Punkt des Comer Sees und dem ber\u00fchmten goldenen Seedreieck, wo sich die zwei Arme des Y teilen. Der Ort punktet durch einen wundervollen Seeblick in alle Richtungen, malerische H\u00e4user, verwinkelte Gassen und eine pittoreske Uferpromenade. Die Stadt beherbergt die Villen Serbelloni (erbaut im 15.\/17.Jh.) und Melzi (1802) mit ihren bewundernswerten Parkanlagen. Hier finden Sie mittelalterliche Gassen mit einladenden Restaurants, Pizzerien und h\u00fcbschen Boutiquen sowie kleinen Gesch\u00e4ften. Die Uferpromenade ist zudem wundersch\u00f6n bepflanzt und verzaubert mit Blumen- und Bl\u00fctenpracht, eine der vielen\u00a0<strong>Comer See Sehensw\u00fcrdigkeiten.<\/strong><\/li><li>Varenna: Die Uferpromenade von Varenna ist eines der ber\u00fchmtesten Bilder des Comer Sees und wahrlich ein Postkartenmotiv: Der ehemalige Fischerort vereint alle italienischen Urlaubstr\u00e4ume in verwinkelten Gassen, mediterranen und farbenfrohen H\u00e4userfassaden, Zypressen und Platanen vor der Kulisse des Comer Sees.<\/li><li>Como: Die Stadt, die auch Namensgeberin f\u00fcr den Comer See ist, liegt am s\u00fcdlichen Ufer des Westarms. Die ehemalige Seidenhauptstadt beeindruckt mit vielen geschichtstr\u00e4chtigen Bauten, allen voran dem Dom, einem sch\u00f6nen historischem Stadtkern und einer gro\u00dfen Fu\u00dfg\u00e4ngerzone mit vielen Gesch\u00e4ften und Boutiquen zum Shoppen.<\/li><li>Menaggio: Das elegante St\u00e4dtchen mit historischer Altstadt und romantischen Gassen am Comer See und am Berg hat die ideale Lage nahe der Mitte des Comer Sees und ist einer der Eckpunkte des ber\u00fchmten goldenen Seedreiecks. Es gibt in Menaggio feine Restaurants und urige Pizzerien und eine sch\u00f6ne Uferpromenade mit kleinen Caf\u00e9s. Die Piazza am Fischerhafen gilt als Zentrum des geselligen Lebens, ist der Treffpunkt der Einheimischen und eine der besonderen\u00a0<strong>Comer See Sehensw\u00fcrdigkeiten.<\/strong><\/li><li>Schiffrundfahrt: Bootsfahrten und Ausfl\u00fcge sind besonders empfehlenswert um den Comer See ganz entspannt von seiner besten Seite zu erleben \u2013 vom Wasser aus ist der See oft noch sch\u00f6ner. Auch ist es manchmal einfach praktischer, ohne Auto unterwegs zu sein. Am Seeufer findet man zahlreiche malerische Ortschaften, Menaggio, Cadenabbia, Bellagio oder Varenna, von denen jede einen Ausflug wert ist. Die F\u00e4hrschiffe bzw. Passagierschiffe steuern fast jeden der reizvollen Ferienorte an. Von der Seeseite betrachtet, gewinnt man wieder ganz andere Eindr\u00fccke von der einmaligen See- und Bergelandschaft.<\/li><li>Seilbahn Como: Die Standseilbahn Comic-Brunate-Standseilbahn (Funicolare Como-Brunate) bringt Sie zun\u00e4chst durch einen lange Tunnel nach oben. Sobald Sie aus dem Tunnel rauskommen, er\u00f6ffnet sich ein herrlicher Panoramablick \u00fcber Como, den Comer See und die Umgebung. Wer Lust hat, kann von Brunate aus noch weiter fahren nach San Maurizio und noch einen Abstecher zum Volta Leuchtturm machen. Zur\u00fcck geht\u2019s entweder wieder mit der Seilbahn oder \u00fcber die Wanderwege, die sich zum Seeufer hinunter schl\u00e4ngeln.<\/li><li>Orrido Schlucht in Bellano: Eine willkommene k\u00fchle Abwechslung, insbesondere an hei\u00dfen Tagen. Sie starten diese Tour an der Pfarrkirche Santi Nazaro e Celso im Ort Bellano und folgen neben dem Glockenturm den Stufen hoch zum Orrido di Bellano. Die Schlucht von Bellano ist ein eindrucksvoller Wasserfall, wobei der Wildbach Pioverna im Lauf von 15 Millionen Jahren die Felsen abgetragen und ausgeh\u00f6hlt hat.<\/li><\/ul>\t\t\t\t\t\t\t\t<\/div>\n\t\t\t\t<\/div>\n\t\t\t\t\t<\/div>\n\t\t\t\t<\/div>\n\t\t<div class=\"elementor-element elementor-element-5363925 e-flex e-con-boxed e-con e-parent\" data-id=\"5363925\" data-element_type=\"container\" data-e-type=\"container\">\n\t\t\t\t\t<div class=\"e-con-inner\">\n\t\t\t\t<div class=\"elementor-element elementor-element-df3675e elementor-widget elementor-widget-spacer\" data-id=\"df3675e\" data-element_type=\"widget\" data-e-type=\"widget\" data-widget_type=\"spacer.default\">\n\t\t\t\t\t\t\t<div class=\"elementor-spacer\">\n\t\t\t<div class=\"elementor-spacer-inner\"><\/div>\n\t\t<\/div>\n\t\t\t\t\t\t<\/div>\n\t\t\t\t\t<\/div>\n\t\t\t\t<\/div>\n\t\t<div class=\"elementor-element elementor-element-bc35cee e-flex e-con-boxed e-con e-parent\" data-id=\"bc35cee\" data-element_type=\"container\" data-e-type=\"container\">\n\t\t\t\t\t<div class=\"e-con-inner\">\n\t\t<div class=\"elementor-element elementor-element-26d7dc1 e-con-full beon-carousel-h-fix e-flex e-con e-child\" data-id=\"26d7dc1\" data-element_type=\"container\" data-e-type=\"container\" data-settings=\"{&quot;background_background&quot;:&quot;classic&quot;}\">\n\t\t\t\t<div class=\"elementor-element elementor-element-a8c0146 elementor-pagination-position-inside elementor-widget elementor-widget-image-carousel\" data-id=\"a8c0146\" data-element_type=\"widget\" data-e-type=\"widget\" data-settings=\"{&quot;slides_to_show&quot;:&quot;1&quot;,&quot;navigation&quot;:&quot;dots&quot;,&quot;infinite&quot;:&quot;yes&quot;,&quot;effect&quot;:&quot;slide&quot;,&quot;speed&quot;:500}\" data-widget_type=\"image-carousel.default\">\n\t\t\t\t\t\t\t<div class=\"elementor-image-carousel-wrapper swiper\" role=\"region\" aria-roledescription=\"carousel\" aria-label=\"Content Carousel first\" dir=\"ltr\">\n\t\t\t<div class=\"elementor-image-carousel swiper-wrapper\" aria-live=\"polite\">\n\t\t\t\t\t\t\t\t<div class=\"swiper-slide\" role=\"group\" aria-roledescription=\"slide\" aria-label=\"1 von 1\"><figure class=\"swiper-slide-inner\"><img decoding=\"async\" class=\"swiper-slide-image\" src=\"https:\/\/labreva.com\/wp-content\/uploads\/2025\/12\/italy-gba5053539_1920-1024x627-2-768x470.jpg\" alt=\"italy-gba5053539_1920-1024x627\" \/><\/figure><\/div>\t\t\t<\/div>\n\t\t\t\t\t<\/div>\n\t\t\t\t\t\t<\/div>\n\t\t\t\t<\/div>\n\t\t<div class=\"elementor-element elementor-element-6454d5d e-con-full e-flex e-con e-child\" data-id=\"6454d5d\" data-element_type=\"container\" data-e-type=\"container\">\n\t\t\t\t<div class=\"elementor-element elementor-element-a75514d elementor-widget elementor-widget-heading\" data-id=\"a75514d\" data-element_type=\"widget\" data-e-type=\"widget\" data-widget_type=\"heading.default\">\n\t\t\t\t\t<h2 class=\"elementor-heading-title elementor-size-default\">Geheimtipps Comer See<\/h2>\t\t\t\t<\/div>\n\t\t\t\t<div class=\"elementor-element elementor-element-47ba410 elementor-widget elementor-widget-text-editor\" data-id=\"47ba410\" data-element_type=\"widget\" data-e-type=\"widget\" data-widget_type=\"text-editor.default\">\n\t\t\t\t\t\t\t\t\t<ul><li>Wenn es mal etwas Besonderes sein darf, empfehlen wir Ihnen, unbedingt mal ein\u00a0<a href=\"https:\/\/labreva.com\/de\/ausflugtipps\/schiffsausfluege-am-comer-see\/\">Boot<\/a>\u00a0am Comer See zu mieten oder sich mit einem Taxiboot von A nach B bringen zu lassen. Vom Boot aus erlebt und genie\u00dft man den See noch einmal ganz anders und zwischendurch in den See springen zur Erfrischung macht auch Spa\u00df oder mit dem Boot zu einem der zahlreichen Restaurants direkt am See zum Abendessen fahren, ein Erlebnis f\u00fcr sich.<\/li><li>Unser einfachster und doch wundersch\u00f6ner Geheimtipp f\u00fcr Ihren Urlaub am Comer See: Suchen Sie sich abends ein ruhiges Pl\u00e4tzchen am See, vielleicht mit einer Flasche Wein und lassen Sie die magische Atmosph\u00e4re auf sich wirken: Meist ein leichtes L\u00fcftchen, das Ger\u00e4usch der Wellen und das Lichtermeer durch die Berge sehen Sie Lichter der H\u00e4user und D\u00f6rfer bis hoch oben. Die Stimmung l\u00e4sst kurzzeitig alles vergessen. Denn ein ganz offensichtliches Highlight der\u00a0<strong>Comer See Sehensw\u00fcrdigkeiten<\/strong>\u00a0sind die gemeinsamen Momente in der malerischen Natur.<\/li><li>\u00a0<\/li><\/ul>\t\t\t\t\t\t\t\t<\/div>\n\t\t\t\t<\/div>\n\t\t\t\t\t<\/div>\n\t\t\t\t<\/div>\n\t\t<div class=\"elementor-element elementor-element-eec7389 e-flex e-con-boxed e-con e-parent\" data-id=\"eec7389\" data-element_type=\"container\" data-e-type=\"container\">\n\t\t\t\t\t<div class=\"e-con-inner\">\n\t\t\t\t<div class=\"elementor-element elementor-element-4fb7865 elementor-widget elementor-widget-spacer\" data-id=\"4fb7865\" data-element_type=\"widget\" data-e-type=\"widget\" data-widget_type=\"spacer.default\">\n\t\t\t\t\t\t\t<div class=\"elementor-spacer\">\n\t\t\t<div class=\"elementor-spacer-inner\"><\/div>\n\t\t<\/div>\n\t\t\t\t\t\t<\/div>\n\t\t\t\t\t<\/div>\n\t\t\t\t<\/div>\n\t\t<div class=\"elementor-element elementor-element-86983e6 e-flex e-con-boxed e-con e-parent\" data-id=\"86983e6\" data-element_type=\"container\" data-e-type=\"container\">\n\t\t\t\t\t<div class=\"e-con-inner\">\n\t\t<div class=\"elementor-element elementor-element-18a82f3 e-con-full beon-carousel-h-fix e-flex e-con e-child\" data-id=\"18a82f3\" data-element_type=\"container\" data-e-type=\"container\" data-settings=\"{&quot;background_background&quot;:&quot;classic&quot;}\">\n\t\t\t\t<div class=\"elementor-element elementor-element-95a5a01 elementor-pagination-position-inside elementor-widget elementor-widget-image-carousel\" data-id=\"95a5a01\" data-element_type=\"widget\" data-e-type=\"widget\" data-settings=\"{&quot;slides_to_show&quot;:&quot;1&quot;,&quot;navigation&quot;:&quot;dots&quot;,&quot;infinite&quot;:&quot;yes&quot;,&quot;effect&quot;:&quot;slide&quot;,&quot;speed&quot;:500}\" data-widget_type=\"image-carousel.default\">\n\t\t\t\t\t\t\t<div class=\"elementor-image-carousel-wrapper swiper\" role=\"region\" aria-roledescription=\"carousel\" aria-label=\"Content Carousel sec\" dir=\"ltr\">\n\t\t\t<div class=\"elementor-image-carousel swiper-wrapper\" aria-live=\"polite\">\n\t\t\t\t\t\t\t\t<div class=\"swiper-slide\" role=\"group\" aria-roledescription=\"slide\" aria-label=\"1 von 1\"><figure class=\"swiper-slide-inner\"><img decoding=\"async\" class=\"swiper-slide-image\" src=\"https:\/\/labreva.com\/wp-content\/uploads\/2025\/12\/K1600_Markt-Como-1024x683-1-768x512.jpg\" alt=\"Como, Lake Como, Italy - June 2019: People looking at goods on a jewellery stall in the outdoor market in Como on Lake Como. A &quot;Made in Como&quot; sign is hanging from the stall\" \/><\/figure><\/div>\t\t\t<\/div>\n\t\t\t\t\t<\/div>\n\t\t\t\t\t\t<\/div>\n\t\t\t\t<\/div>\n\t\t<div class=\"elementor-element elementor-element-0b527d0 e-con-full e-flex e-con e-child\" data-id=\"0b527d0\" data-element_type=\"container\" data-e-type=\"container\">\n\t\t\t\t<div class=\"elementor-element elementor-element-47e64fb elementor-widget elementor-widget-heading\" data-id=\"47e64fb\" data-element_type=\"widget\" data-e-type=\"widget\" data-widget_type=\"heading.default\">\n\t\t\t\t\t<h2 class=\"elementor-heading-title elementor-size-default\">Sch\u00f6nster Markt am Comer See<\/h2>\t\t\t\t<\/div>\n\t\t\t\t<div class=\"elementor-element elementor-element-c88b490 elementor-widget elementor-widget-text-editor\" data-id=\"c88b490\" data-element_type=\"widget\" data-e-type=\"widget\" data-widget_type=\"text-editor.default\">\n\t\t\t\t\t\t\t\t\t<ul><li><p>Die M\u00e4rkte und Wochenm\u00e4rkte am Comer See sind immer einen Besuch wert und z\u00e4hlen eindeutig zu den\u00a0<strong>Comer See Sehensw\u00fcrdigkeiten<\/strong>. Die Mischung aus frischem Obst und Gem\u00fcse und anderen Lebensmitteln, Kleidung, Lederwaren und Nippes ist sehr interessant und unterhaltsam und auch immer ein gesellschaftliches Ereignis, alle kommen zusammen und treffen sich.<\/p><p>In fast jedem gr\u00f6\u00dferen Ort findet ein bis zweimal die Woche ein\u00a0<a href=\"https:\/\/labreva.com\/de\/ausflugtipps\/wochenmarkte-fashion-am-comer-see\/\">Wochenmarkt<\/a>\u00a0statt.<\/p><p>Besonders sch\u00f6n und etwas \u00fcbersichtlicher sind die M\u00e4rkte in Menaggio, Gravedona und Dongo sowie M\u00e4rkte zu speziellen Anl\u00e4ssen, wie beispielsweise der traditionelle Ostermarkt im Como oder die sogenannten \u201eMercatini Estate\u201c, wundersch\u00f6ne Sommernacht-M\u00e4rkte mit besonderem Flair in der Abendstimmung. \u00a0<\/p><\/li><\/ul>\t\t\t\t\t\t\t\t<\/div>\n\t\t\t\t<\/div>\n\t\t\t\t\t<\/div>\n\t\t\t\t<\/div>\n\t\t<div class=\"elementor-element elementor-element-aca55c9 e-flex e-con-boxed e-con e-parent\" data-id=\"aca55c9\" data-element_type=\"container\" data-e-type=\"container\">\n\t\t\t\t\t<div class=\"e-con-inner\">\n\t\t\t\t<div class=\"elementor-element elementor-element-84f0fa5 elementor-widget elementor-widget-spacer\" data-id=\"84f0fa5\" data-element_type=\"widget\" data-e-type=\"widget\" data-widget_type=\"spacer.default\">\n\t\t\t\t\t\t\t<div class=\"elementor-spacer\">\n\t\t\t<div class=\"elementor-spacer-inner\"><\/div>\n\t\t<\/div>\n\t\t\t\t\t\t<\/div>\n\t\t\t\t\t<\/div>\n\t\t\t\t<\/div>\n\t\t<div class=\"elementor-element elementor-element-023202d e-flex e-con-boxed e-con e-parent\" data-id=\"023202d\" data-element_type=\"container\" data-e-type=\"container\">\n\t\t\t\t\t<div class=\"e-con-inner\">\n\t\t<div class=\"elementor-element elementor-element-a53c1e3 e-con-full beon-carousel-h-fix e-flex e-con e-child\" data-id=\"a53c1e3\" data-element_type=\"container\" data-e-type=\"container\" data-settings=\"{&quot;background_background&quot;:&quot;classic&quot;}\">\n\t\t\t\t<div class=\"elementor-element elementor-element-c2d49cc elementor-pagination-position-inside elementor-widget elementor-widget-image-carousel\" data-id=\"c2d49cc\" data-element_type=\"widget\" data-e-type=\"widget\" data-settings=\"{&quot;slides_to_show&quot;:&quot;1&quot;,&quot;navigation&quot;:&quot;dots&quot;,&quot;infinite&quot;:&quot;yes&quot;,&quot;effect&quot;:&quot;slide&quot;,&quot;speed&quot;:500}\" data-widget_type=\"image-carousel.default\">\n\t\t\t\t\t\t\t<div class=\"elementor-image-carousel-wrapper swiper\" role=\"region\" aria-roledescription=\"carousel\" aria-label=\"Content Carousel first\" dir=\"ltr\">\n\t\t\t<div class=\"elementor-image-carousel swiper-wrapper\" aria-live=\"polite\">\n\t\t\t\t\t\t\t\t<div class=\"swiper-slide\" role=\"group\" aria-roledescription=\"slide\" aria-label=\"1 von 1\"><figure class=\"swiper-slide-inner\"><img decoding=\"async\" class=\"swiper-slide-image\" src=\"https:\/\/labreva.com\/wp-content\/uploads\/2025\/12\/italy-gba5053539_1920-1024x627-2-768x470.jpg\" alt=\"italy-gba5053539_1920-1024x627\" \/><\/figure><\/div>\t\t\t<\/div>\n\t\t\t\t\t<\/div>\n\t\t\t\t\t\t<\/div>\n\t\t\t\t<\/div>\n\t\t<div class=\"elementor-element elementor-element-7082d82 e-con-full e-flex e-con e-child\" data-id=\"7082d82\" data-element_type=\"container\" data-e-type=\"container\">\n\t\t\t\t<div class=\"elementor-element elementor-element-d90208d elementor-widget elementor-widget-heading\" data-id=\"d90208d\" data-element_type=\"widget\" data-e-type=\"widget\" data-widget_type=\"heading.default\">\n\t\t\t\t\t<h2 class=\"elementor-heading-title elementor-size-default\">Sehensw\u00fcrdigkeiten f\u00fcr Kinder am Comer See<\/h2>\t\t\t\t<\/div>\n\t\t\t\t<div class=\"elementor-element elementor-element-e4b2ba9 elementor-widget elementor-widget-text-editor\" data-id=\"e4b2ba9\" data-element_type=\"widget\" data-e-type=\"widget\" data-widget_type=\"text-editor.default\">\n\t\t\t\t\t\t\t\t\t<ul><li>Castello di Vezio: Ideal f\u00fcr den\u00a0<a href=\"https:\/\/labreva.com\/de\/urlaub-mit-kindern.html\">Urlaub mit Kindern\u00a0<\/a>\u2013 ein Ausflug zum ber\u00fchmten Castello di Vezio bei Varenna. Die Kinder k\u00f6nnen hier \u00fcber die alte Festungsanlage, unterirdische G\u00e4nge und Falkenshows staunen.<\/li><li>Bootsmuseum in Pianello: Ebenfalls spannend und interessant, f\u00fcr Kinder wie Erwachsene, ist das \u201eMuseo della Barca Lariana\u201c Schiffsmuseum in Pianello del Lario. Hier werden historische Boote, alte Schnellmotorboote, sowie Zubeh\u00f6r und Ausr\u00fcstung gezeigt.<\/li><li>Motoguzzi Museum: Mandello del Lario ist seit 1921\u00a0<strong>Stammsitz der Moto-Guzzi-Werke<\/strong>, die hier seit\u00a0<strong>1921<\/strong>\u00a0ihre legend\u00e4ren Motorr\u00e4der produziert. Im zugeh\u00f6rigen Museum werden hier zahlreiche Serienmodelle und Renn-Motorr\u00e4der, sowie Prototypen und Motoren pr\u00e4sentiert.<\/li><li>Ebenfalls ein spannendes Erlebnis ist eine Fahrt mit einem gemieteten Boot in die bei Lezzeno gelegene blaue Grotta dei Bulberi. Die Grotte fasziniert mit bezaubernden Lichteffekten und der Sage, dass man hier das Seeungeheuer vom Lago di Como, den \u201eLariosaurus\u201c entdecken k\u00f6nnte.\u00a0\u00a0<\/li><\/ul>\t\t\t\t\t\t\t\t<\/div>\n\t\t\t\t<\/div>\n\t\t\t\t\t<\/div>\n\t\t\t\t<\/div>\n\t\t<div class=\"elementor-element elementor-element-a7222c6 e-flex e-con-boxed e-con e-parent\" data-id=\"a7222c6\" data-element_type=\"container\" data-e-type=\"container\">\n\t\t\t\t\t<div class=\"e-con-inner\">\n\t\t\t\t<div class=\"elementor-element elementor-element-ff651d7 elementor-widget elementor-widget-spacer\" data-id=\"ff651d7\" data-element_type=\"widget\" data-e-type=\"widget\" data-widget_type=\"spacer.default\">\n\t\t\t\t\t\t\t<div class=\"elementor-spacer\">\n\t\t\t<div class=\"elementor-spacer-inner\"><\/div>\n\t\t<\/div>\n\t\t\t\t\t\t<\/div>\n\t\t\t\t\t<\/div>\n\t\t\t\t<\/div>\n\t\t\t\t<\/div>\n\t\t","protected":false},"excerpt":{"rendered":"<p>Wir zeigen Ihnen die sch\u00f6nsten Sehensw\u00fcrdigkeiten am Comer See und die beliebtesten Ausflugsziele und Aktivit\u00e4ten. Lassen Sie sich von dieser traumhaften Urlaubskulisse begeistern.<\/p>\n","protected":false},"featured_media":77468,"template":"","meta":{"_acf_changed":false},"seitenart":[36],"class_list":["post-77466","content-ausflugtipp","type-content-ausflugtipp","status-publish","has-post-thumbnail","hentry","seitenart-content-page-with-slider"],"acf":[],"yoast_head":"<!-- This site is optimized with the Yoast SEO plugin v27.3 - https:\/\/yoast.com\/product\/yoast-seo-wordpress\/ -->\n<title>Sehensw\u00fcrdigkeiten am Comer See - LABREVA - Feriendomizile am Comer See<\/title>\n<meta name=\"description\" content=\"Wir zeigen Ihnen die sch\u00f6nsten Sehensw\u00fcrdigkeiten am Comer See und die beliebtesten Ausflugsziele und Aktivit\u00e4ten.\" \/>\n<meta name=\"robots\" content=\"index, follow, max-snippet:-1, max-image-preview:large, max-video-preview:-1\" \/>\n<link rel=\"canonical\" href=\"https:\/\/labreva.com\/de\/ausflugtipps\/sehenswuerdigkeiten-am-comer-see\/\" \/>\n<meta property=\"og:locale\" content=\"de_DE\" \/>\n<meta property=\"og:type\" content=\"article\" \/>\n<meta property=\"og:title\" content=\"Sehensw\u00fcrdigkeiten am Comer See - LABREVA - Feriendomizile am Comer See\" \/>\n<meta property=\"og:description\" content=\"Wir zeigen Ihnen die sch\u00f6nsten Sehensw\u00fcrdigkeiten am Comer See und die beliebtesten Ausflugsziele und Aktivit\u00e4ten.\" \/>\n<meta property=\"og:url\" content=\"https:\/\/labreva.com\/de\/ausflugtipps\/sehenswuerdigkeiten-am-comer-see\/\" \/>\n<meta property=\"og:site_name\" content=\"LABREVA - Feriendomizile am Comer See\" \/>\n<meta property=\"article:modified_time\" content=\"2026-01-29T08:46:14+00:00\" \/>\n<meta property=\"og:image\" content=\"https:\/\/labreva.com\/wp-content\/uploads\/2025\/12\/K640_shutterstock_1074264824-1024x683-1.jpg\" \/>\n\t<meta property=\"og:image:width\" content=\"720\" \/>\n\t<meta property=\"og:image:height\" content=\"480\" \/>\n\t<meta property=\"og:image:type\" content=\"image\/jpeg\" \/>\n<meta name=\"twitter:card\" content=\"summary_large_image\" \/>\n<meta name=\"twitter:label1\" content=\"Gesch\u00e4tzte Lesezeit\" \/>\n\t<meta name=\"twitter:data1\" content=\"10\u00a0Minuten\" \/>\n<script type=\"application\/ld+json\" class=\"yoast-schema-graph\">{\"@context\":\"https:\\\/\\\/schema.org\",\"@graph\":[{\"@type\":\"WebPage\",\"@id\":\"https:\\\/\\\/labreva.com\\\/de\\\/ausflugtipps\\\/sehenswuerdigkeiten-am-comer-see\\\/\",\"url\":\"https:\\\/\\\/labreva.com\\\/de\\\/ausflugtipps\\\/sehenswuerdigkeiten-am-comer-see\\\/\",\"name\":\"Sehensw\u00fcrdigkeiten am Comer See - LABREVA - Feriendomizile am Comer See\",\"isPartOf\":{\"@id\":\"https:\\\/\\\/labreva.com\\\/de\\\/#website\"},\"primaryImageOfPage\":{\"@id\":\"https:\\\/\\\/labreva.com\\\/de\\\/ausflugtipps\\\/sehenswuerdigkeiten-am-comer-see\\\/#primaryimage\"},\"image\":{\"@id\":\"https:\\\/\\\/labreva.com\\\/de\\\/ausflugtipps\\\/sehenswuerdigkeiten-am-comer-see\\\/#primaryimage\"},\"thumbnailUrl\":\"https:\\\/\\\/labreva.com\\\/wp-content\\\/uploads\\\/2025\\\/12\\\/K640_shutterstock_1074264824-1024x683-1.jpg\",\"datePublished\":\"2025-12-10T14:50:48+00:00\",\"dateModified\":\"2026-01-29T08:46:14+00:00\",\"description\":\"Wir zeigen Ihnen die sch\u00f6nsten Sehensw\u00fcrdigkeiten am Comer See und die beliebtesten Ausflugsziele und Aktivit\u00e4ten.\",\"breadcrumb\":{\"@id\":\"https:\\\/\\\/labreva.com\\\/de\\\/ausflugtipps\\\/sehenswuerdigkeiten-am-comer-see\\\/#breadcrumb\"},\"inLanguage\":\"de\",\"potentialAction\":[{\"@type\":\"ReadAction\",\"target\":[\"https:\\\/\\\/labreva.com\\\/de\\\/ausflugtipps\\\/sehenswuerdigkeiten-am-comer-see\\\/\"]}]},{\"@type\":\"ImageObject\",\"inLanguage\":\"de\",\"@id\":\"https:\\\/\\\/labreva.com\\\/de\\\/ausflugtipps\\\/sehenswuerdigkeiten-am-comer-see\\\/#primaryimage\",\"url\":\"https:\\\/\\\/labreva.com\\\/wp-content\\\/uploads\\\/2025\\\/12\\\/K640_shutterstock_1074264824-1024x683-1.jpg\",\"contentUrl\":\"https:\\\/\\\/labreva.com\\\/wp-content\\\/uploads\\\/2025\\\/12\\\/K640_shutterstock_1074264824-1024x683-1.jpg\",\"width\":720,\"height\":480},{\"@type\":\"BreadcrumbList\",\"@id\":\"https:\\\/\\\/labreva.com\\\/de\\\/ausflugtipps\\\/sehenswuerdigkeiten-am-comer-see\\\/#breadcrumb\",\"itemListElement\":[{\"@type\":\"ListItem\",\"position\":1,\"name\":\"Startseite\",\"item\":\"https:\\\/\\\/labreva.com\\\/de\\\/\"},{\"@type\":\"ListItem\",\"position\":2,\"name\":\"Sehensw\u00fcrdigkeiten am Comer See\"}]},{\"@type\":\"WebSite\",\"@id\":\"https:\\\/\\\/labreva.com\\\/de\\\/#website\",\"url\":\"https:\\\/\\\/labreva.com\\\/de\\\/\",\"name\":\"LABREVA - Feriendomizile am Comer See\",\"description\":\"\",\"publisher\":{\"@id\":\"https:\\\/\\\/labreva.com\\\/de\\\/#organization\"},\"potentialAction\":[{\"@type\":\"SearchAction\",\"target\":{\"@type\":\"EntryPoint\",\"urlTemplate\":\"https:\\\/\\\/labreva.com\\\/de\\\/?s={search_term_string}\"},\"query-input\":{\"@type\":\"PropertyValueSpecification\",\"valueRequired\":true,\"valueName\":\"search_term_string\"}}],\"inLanguage\":\"de\"},{\"@type\":\"Organization\",\"@id\":\"https:\\\/\\\/labreva.com\\\/de\\\/#organization\",\"name\":\"LABREVA - Feriendomizile am Comer See\",\"url\":\"https:\\\/\\\/labreva.com\\\/de\\\/\",\"logo\":{\"@type\":\"ImageObject\",\"inLanguage\":\"de\",\"@id\":\"https:\\\/\\\/labreva.com\\\/de\\\/#\\\/schema\\\/logo\\\/image\\\/\",\"url\":\"https:\\\/\\\/labreva.com\\\/wp-content\\\/uploads\\\/2025\\\/11\\\/Labreva_Logo_RGB_5.svg\",\"contentUrl\":\"https:\\\/\\\/labreva.com\\\/wp-content\\\/uploads\\\/2025\\\/11\\\/Labreva_Logo_RGB_5.svg\",\"caption\":\"LABREVA - Feriendomizile am Comer See\"},\"image\":{\"@id\":\"https:\\\/\\\/labreva.com\\\/de\\\/#\\\/schema\\\/logo\\\/image\\\/\"}}]}<\/script>\n<!-- \/ Yoast SEO plugin. -->","yoast_head_json":{"title":"Sehensw\u00fcrdigkeiten am Comer See - LABREVA - Feriendomizile am Comer See","description":"Wir zeigen Ihnen die sch\u00f6nsten Sehensw\u00fcrdigkeiten am Comer See und die beliebtesten Ausflugsziele und Aktivit\u00e4ten.","robots":{"index":"index","follow":"follow","max-snippet":"max-snippet:-1","max-image-preview":"max-image-preview:large","max-video-preview":"max-video-preview:-1"},"canonical":"https:\/\/labreva.com\/de\/ausflugtipps\/sehenswuerdigkeiten-am-comer-see\/","og_locale":"de_DE","og_type":"article","og_title":"Sehensw\u00fcrdigkeiten am Comer See - LABREVA - Feriendomizile am Comer See","og_description":"Wir zeigen Ihnen die sch\u00f6nsten Sehensw\u00fcrdigkeiten am Comer See und die beliebtesten Ausflugsziele und Aktivit\u00e4ten.","og_url":"https:\/\/labreva.com\/de\/ausflugtipps\/sehenswuerdigkeiten-am-comer-see\/","og_site_name":"LABREVA - Feriendomizile am Comer See","article_modified_time":"2026-01-29T08:46:14+00:00","og_image":[{"width":720,"height":480,"url":"https:\/\/labreva.com\/wp-content\/uploads\/2025\/12\/K640_shutterstock_1074264824-1024x683-1.jpg","type":"image\/jpeg"}],"twitter_card":"summary_large_image","twitter_misc":{"Gesch\u00e4tzte Lesezeit":"10\u00a0Minuten"},"schema":{"@context":"https:\/\/schema.org","@graph":[{"@type":"WebPage","@id":"https:\/\/labreva.com\/de\/ausflugtipps\/sehenswuerdigkeiten-am-comer-see\/","url":"https:\/\/labreva.com\/de\/ausflugtipps\/sehenswuerdigkeiten-am-comer-see\/","name":"Sehensw\u00fcrdigkeiten am Comer See - LABREVA - Feriendomizile am Comer See","isPartOf":{"@id":"https:\/\/labreva.com\/de\/#website"},"primaryImageOfPage":{"@id":"https:\/\/labreva.com\/de\/ausflugtipps\/sehenswuerdigkeiten-am-comer-see\/#primaryimage"},"image":{"@id":"https:\/\/labreva.com\/de\/ausflugtipps\/sehenswuerdigkeiten-am-comer-see\/#primaryimage"},"thumbnailUrl":"https:\/\/labreva.com\/wp-content\/uploads\/2025\/12\/K640_shutterstock_1074264824-1024x683-1.jpg","datePublished":"2025-12-10T14:50:48+00:00","dateModified":"2026-01-29T08:46:14+00:00","description":"Wir zeigen Ihnen die sch\u00f6nsten Sehensw\u00fcrdigkeiten am Comer See und die beliebtesten Ausflugsziele und Aktivit\u00e4ten.","breadcrumb":{"@id":"https:\/\/labreva.com\/de\/ausflugtipps\/sehenswuerdigkeiten-am-comer-see\/#breadcrumb"},"inLanguage":"de","potentialAction":[{"@type":"ReadAction","target":["https:\/\/labreva.com\/de\/ausflugtipps\/sehenswuerdigkeiten-am-comer-see\/"]}]},{"@type":"ImageObject","inLanguage":"de","@id":"https:\/\/labreva.com\/de\/ausflugtipps\/sehenswuerdigkeiten-am-comer-see\/#primaryimage","url":"https:\/\/labreva.com\/wp-content\/uploads\/2025\/12\/K640_shutterstock_1074264824-1024x683-1.jpg","contentUrl":"https:\/\/labreva.com\/wp-content\/uploads\/2025\/12\/K640_shutterstock_1074264824-1024x683-1.jpg","width":720,"height":480},{"@type":"BreadcrumbList","@id":"https:\/\/labreva.com\/de\/ausflugtipps\/sehenswuerdigkeiten-am-comer-see\/#breadcrumb","itemListElement":[{"@type":"ListItem","position":1,"name":"Startseite","item":"https:\/\/labreva.com\/de\/"},{"@type":"ListItem","position":2,"name":"Sehensw\u00fcrdigkeiten am Comer See"}]},{"@type":"WebSite","@id":"https:\/\/labreva.com\/de\/#website","url":"https:\/\/labreva.com\/de\/","name":"LABREVA - Feriendomizile am Comer See","description":"","publisher":{"@id":"https:\/\/labreva.com\/de\/#organization"},"potentialAction":[{"@type":"SearchAction","target":{"@type":"EntryPoint","urlTemplate":"https:\/\/labreva.com\/de\/?s={search_term_string}"},"query-input":{"@type":"PropertyValueSpecification","valueRequired":true,"valueName":"search_term_string"}}],"inLanguage":"de"},{"@type":"Organization","@id":"https:\/\/labreva.com\/de\/#organization","name":"LABREVA - Feriendomizile am Comer See","url":"https:\/\/labreva.com\/de\/","logo":{"@type":"ImageObject","inLanguage":"de","@id":"https:\/\/labreva.com\/de\/#\/schema\/logo\/image\/","url":"https:\/\/labreva.com\/wp-content\/uploads\/2025\/11\/Labreva_Logo_RGB_5.svg","contentUrl":"https:\/\/labreva.com\/wp-content\/uploads\/2025\/11\/Labreva_Logo_RGB_5.svg","caption":"LABREVA - Feriendomizile am Comer See"},"image":{"@id":"https:\/\/labreva.com\/de\/#\/schema\/logo\/image\/"}}]}},"_links":{"self":[{"href":"https:\/\/labreva.com\/de\/wp-json\/wp\/v2\/content-ausflugtipp\/77466","targetHints":{"allow":["GET"]}}],"collection":[{"href":"https:\/\/labreva.com\/de\/wp-json\/wp\/v2\/content-ausflugtipp"}],"about":[{"href":"https:\/\/labreva.com\/de\/wp-json\/wp\/v2\/types\/content-ausflugtipp"}],"version-history":[{"count":16,"href":"https:\/\/labreva.com\/de\/wp-json\/wp\/v2\/content-ausflugtipp\/77466\/revisions"}],"predecessor-version":[{"id":82821,"href":"https:\/\/labreva.com\/de\/wp-json\/wp\/v2\/content-ausflugtipp\/77466\/revisions\/82821"}],"wp:featuredmedia":[{"embeddable":true,"href":"https:\/\/labreva.com\/de\/wp-json\/wp\/v2\/media\/77468"}],"wp:attachment":[{"href":"https:\/\/labreva.com\/de\/wp-json\/wp\/v2\/media?parent=77466"}],"wp:term":[{"taxonomy":"seitenart","embeddable":true,"href":"https:\/\/labreva.com\/de\/wp-json\/wp\/v2\/seitenart?post=77466"}],"curies":[{"name":"wp","href":"https:\/\/api.w.org\/{rel}","templated":true}]}}